{"id":367,"date":"2014-07-21T15:59:54","date_gmt":"2014-07-21T15:59:54","guid":{"rendered":"http:\/\/192.168.1.104\/restaurant-op\/?page_id=367"},"modified":"2025-08-04T08:20:27","modified_gmt":"2025-08-04T07:20:27","slug":"frontpage","status":"publish","type":"page","link":"https:\/\/isupekuikui2.co.ao\/ao2\/","title":{"rendered":"Frontpage"},"content":{"rendered":"<div id='fullscreen_slider_1'  class='avia-fullscreen-slider main_color   avia-builder-el-0  el_before_av_section  avia-builder-el-first   container_wrap sidebar_right' style=' '  ><div   data-size='extra_large'  data-lightbox_size='large'  data-animation='fade'  data-conditional_play=''  data-ids='1739'  data-video_counter='0'  data-autoplay='true'  data-bg_slider='true'  data-slide_height='100'  data-handle='av_fullscreen'  data-interval='5'  data-class=' '  data-el_id=''  data-css_id='fullscreen_slider_1'  data-scroll_down=''  data-control_layout='av-control-hidden'  data-custom_markup=''  data-perma_caption=''  data-autoplay_stopper=''  data-image_attachment=''  data-min_height='0px'  data-lazy_loading='disabled'  data-stretch=''  data-default-height='100'  class='avia-slideshow avia-slideshow-1  av-control-hidden av-default-height-applied avia-slideshow-extra_large av_fullscreen   avia-fade-slider '  itemprop=\"image\" itemscope=\"itemscope\" itemtype=\"https:\/\/schema.org\/ImageObject\" ><ul class='avia-slideshow-inner ' style='padding-bottom: 53.933333333333%;' ><li style='background-position:top right;' data-img-url='https:\/\/isupekuikui2.co.ao\/ao2\/wp-content\/uploads\/2025\/03\/EKUIKUI-CAPA-1500x809.jpg' class=' av-single-slide slide-1 ' ><div data-rel='slideshow-1' class='avia-slide-wrap '   ><\/div><\/li><\/ul><\/div><\/div>\n<div id='sobre'  class='avia-section main_color avia-section-default avia-no-shadow  avia-bg-style-scroll  avia-builder-el-1  el_after_av_fullscreen  el_before_av_section   container_wrap sidebar_right' style=' '  ><div class='container' ><div class='template-page content  av-content-small alpha units'><div class='post-entry post-entry-type-page post-entry-367'><div class='entry-content-wrapper clearfix'>\n<div class=\"flex_column av_one_full  flex_column_div av-zero-column-padding first  avia-builder-el-2  el_before_av_hr  avia-builder-el-first  \" style='border-radius:0px; '><p><div  style='padding-bottom:20px; ' class='av-special-heading av-special-heading-h2  blockquote modern-quote  avia-builder-el-3  el_before_av_textblock  avia-builder-el-first  '><h2 class='av-special-heading-tag '  itemprop=\"headline\"  >Apresenta\u00e7\u00e3o<\/h2><div class='special-heading-border'><div class='special-heading-inner-border' ><\/div><\/div><\/div><br \/>\n<section class=\"av_textblock_section \"  itemscope=\"itemscope\" itemtype=\"https:\/\/schema.org\/CreativeWork\" ><div class='avia_textblock  '   itemprop=\"text\" ><h3>HIST\u00d3RIA<\/h3>\n<p>O projecto de cria\u00e7\u00e3o de uma institui\u00e7\u00e3o de ensino superior no Huambo surgiu aos seus promotores nos primeiros anos do s\u00e9culo XXI e foi concretizada junto do ent\u00e3o Minist\u00e9rio do Ensino Superior da Ci\u00eancia e Tecnologia, em 2009.<\/p>\n<p>O\u00a0<strong>Instituto Superior Polit\u00e9cnico de Humanidades e Tecnologias\u00a0\u2013<\/strong>\u00a0<strong> ISUPEKUIKUI II <\/strong>\u00e9, de acordo com a lei, titulado por uma sociedade denominada\u00a0<strong>SOLPREC \u2013\u00a0Sociedade Lus\u00f3fona de Promo\u00e7\u00e3o do Ensino e da Cultura, Limitada<\/strong>, entidade jur\u00eddica de direito angolano, legalmente constitu\u00edda a 2 de Mar\u00e7o de 2005,\u00a0matriculada no 3\u00ba Cart\u00f3rio\u00a0Notarial da Comarca de Luanda, com pacto social publicado no Di\u00e1rio da Rep\u00fablica n.\u00ba 57, III\u00aa S\u00e9rie, de 13 de Maio de 2005,\u00a0e sede na Av. Rei Ngeleo,\u00a0Bairro de F\u00e1tima \u2013 Huambo<\/p>\n<p>A\u00a0<strong>SOLPREC, Lda<\/strong>. \u00e9 uma sociedade, que integra capital angolano e portugu\u00eas, associada ao \u201cGrupo Lus\u00f3fona\u201d, maior grupo de ensino privado portugu\u00eas.<\/p>\n<p>O\u00a0<strong> ISUPEKUIKUI II<\/strong> \u00e9, assim, a \u00fanica institui\u00e7\u00e3o de ensino superior angolana com <strong>liga\u00e7\u00e3o directa e exclusiva<\/strong> a um grupo de ensino universit\u00e1rio portugu\u00eas \u2013 o Grupo Lus\u00f3fona.<\/p>\n<p>O<strong> ISUPEKUIKUI II<\/strong> foi a primeira institui\u00e7\u00e3o, no \u00e2mbito do ensino superior privado, a funcionar na prov\u00edncia do Huambo.<\/p>\n<p>Os diplomas legais, que autorizam o funcionamento do <strong> ISUPEKUIKUI II<\/strong> e de aprova\u00e7\u00e3o dos seus cursos s\u00e3o os seguintes:<\/p>\n<ul>\n<li>Decreto Presidencial n.\u00ba 47, de 4 de Julho de 2011,\u00a0Despacho n.\u00ba 82\/17, de 24 de Fevereiro;<\/li>\n<li>Decreto Executivo n.\u00ba 222\/17, de 17 de Abril.<\/li>\n<\/ul>\n<p>O<strong> ISUPEKUIKUI II<\/strong> come\u00e7ou por leccionar 6 (seis) cursos, tendo, em 2012, aumentado para 11 (onze), e, no ano seguinte, para 13 (treze) cursos, cujo n\u00famero e designa\u00e7\u00e3o se mant\u00e9m, sem preju\u00edzo de actualiza\u00e7\u00f5es efectuadas nos planos de estudos de alguns deles.<\/p>\n<p>Em mat\u00e9ria de graus acad\u00e9micos, onze cursos conferem o grau de licenciatura; dois cursos s\u00e3o bi-et\u00e1picos, conferindo o grau de bacharelato e licenciatura.<\/p>\n<p>Aguarda-se o deferimento de 2 (dois) cursos de mestrado, cujo in\u00edcio de funcionamento se prev\u00ea ocorra no pr\u00f3ximo ano lectivo de 2019.<\/p>\n<h3>MISS\u00c3O<\/h3>\n<p><strong>\u00a0<\/strong><\/p>\n<p>A miss\u00e3o do\u00a0<strong> ISUPEKUIKUI II <\/strong>\u00e9<strong>\u00a0<\/strong>investir num\u00a0processo de ensino e aprendizagem, que capacite os seus alunos, para responderem \u00e0s necessidades e expectativas do mercado de trabalho \u00a0e da sociedade em geral, com compet\u00eancias para\u00a0formular, sistematizar e socializar conhecimentos<strong>\u00a0<\/strong>nas \u00e1reas em que ser\u00e3o formados.<\/p>\n<p>O<strong> ISUPEKUIKUI II <\/strong>dedica-se \u00e0 cria\u00e7\u00e3o, transmiss\u00e3o e difus\u00e3o de ci\u00eancia, tecnologia e\u00a0cultura,\u00a0realizando-os pelo ensino, investiga\u00e7\u00e3o e presta\u00e7\u00e3o de servi\u00e7os nos seus v\u00e1rios dom\u00ednios cient\u00edficos e tecnol\u00f3gicos, sempre numa perspectiva interdisciplinar, em ordem ao desenvolvimento econ\u00f3mico e social da Rep\u00fablica de Angola, especialmente da\u00a0regi\u00e3o onde se insere \u2013 o Huambo.<\/p>\n<p>Os \u00f3rg\u00e3os do<strong> ISUPEKUIKUI II <\/strong>laboram\u00a0de forma continua no\u00a0processo de ensino e de aprendizagem, sobretudo ao n\u00edvel das iniciativas acad\u00e9micas, que desenvolve, para aumentar a qualidade do ensino, e, assim, dotar os alunos de um conjunto de ferramentas indispens\u00e1veis, para responderem \u00e0s necessidades e expectativas do mercado de trabalho.<\/p>\n<p>O <strong> ISUPEKUIKUI II, <\/strong>enquanto agente promotor de educa\u00e7\u00e3o, prossegue uma pol\u00edtica rigorosa, s\u00f3lida e organicamente articulada com o seu Projecto Educativo, pretendendo ser uma refer\u00eancia para o ensino superior na Prov\u00edncia do Huambo e no pa\u00eds.\u00a0E, nesta medida, as rela\u00e7\u00f5es din\u00e2micas que estabelece com a comunidade, em geral, e com o mercado de trabalho, em particular, s\u00e3o anunciadoras da import\u00e2ncia do papel social do <strong> ISUPEKUIKUI II, <\/strong>bem como do seu campo de actua\u00e7\u00e3o.<\/p>\n<p>A import\u00e2ncia da Educa\u00e7\u00e3o para o desenvolvimento de uma sociedade deixa ao\u00a0<strong> ISUPEKUIKUI II <\/strong>a dif\u00edcil tarefa de colmatar a crescente necessidade de profissionais qualificados na prov\u00edncia do Huambo, atrav\u00e9s de uma aposta forte no ensino superior, assente no equil\u00edbrio entre o desenvolvimento t\u00e9cnico e human\u00edstico e a vis\u00e3o sist\u00e9mica do estudante, mas que n\u00e3o descura a investiga\u00e7\u00e3o, nem a presta\u00e7\u00e3o de servi\u00e7os \u00e0 comunidade, com vista a agilizar a integra\u00e7\u00e3o dos futuros diplomados no mercado de trabalho.<\/p>\n<p>O processo formativo deve, pois, abranger uma s\u00e9rie de compromissos com a realidade social j\u00e1 que o formando, enquanto sujeito, participa na sua constru\u00e7\u00e3o qualitativa, ao mesmo tempo em que, assumindo o exerc\u00edcio profissional, acaba por contribuir para a resolu\u00e7\u00e3o dos problemas locais e regionais.<\/p>\n<p>Para realizar esta miss\u00e3o o\u00a0<strong> ISUPEKUIKUI II <\/strong>parte do pressuposto que, enquanto agente promotor de ensino superior, deve ser possuidor de uma pol\u00edtica de gradua\u00e7\u00e3o rigorosa, s\u00f3lida e articulada organicamente a um projeto de sociedade orientada para as m\u00faltiplas e redobradas exig\u00eancias do s\u00e9culo XXI.<\/p>\n<h3>VIS\u00c3O<\/h3>\n<p>A estrutura organizacional do<strong>\u00a0ISUPEKUIKUI II<\/strong> prop\u00f5e-se implementar, desenvolver e melhorar de forma permanente a qualidade e o rigor pedag\u00f3gico e cient\u00edfico do ensino ministrado, em liga\u00e7\u00e3o crescente entre o ensino, a investiga\u00e7\u00e3o e a extens\u00e3o, de modo a que a institui\u00e7\u00e3o venha a ser reconhecida pelos estudantes, pelas fam\u00edlias, pelas organiza\u00e7\u00f5es p\u00fablicas e privadas e pelo p\u00fablico em geral, como a melhor institui\u00e7\u00e3o de ensino superior polit\u00e9cnica privada da prov\u00edncia do Huambo, em mat\u00e9ria de rigor, transpar\u00eancia e qualidade de ensino e dos seus licenciados.<\/p>\n<h3>OBJECTIVOS<\/h3>\n<p><strong>\u00a0<\/strong><\/p>\n<p>A consolida\u00e7\u00e3o do Projecto Educativo do <strong> ISUPEKUIKUI II<\/strong>est\u00e1 patente quer na\u00a0qualidade do ensino que oferece, quer na excel\u00eancia do quadro de professores especializados, de forma constante preocupados com a atualiza\u00e7\u00e3o dos conte\u00fados program\u00e1ticos e das bibliografias, ao que se alia a forte aposta na melhoria e adapta\u00e7\u00e3o das infraestruturas do Institucional e na abertura para a discuss\u00e3o de propostas enquadradas no Plano de Desenvolvimento.<\/p>\n<p>O\u00a0<strong> ISUPEKUIKUI II <\/strong>rege-se pelos princ\u00edpios da constru\u00e7\u00e3o do saber, da flexibilidade curricular e da interdisciplinaridade, como pilares essenciais para a aquisi\u00e7\u00e3o de aprendizagens significativas, contribuindo para a autonomia intelectual e profissional. Desse modo, o\u00a0<strong> ISUPEKUIKUI II <\/strong>articula a qualifica\u00e7\u00e3o t\u00e9cnica com a qualifica\u00e7\u00e3o social e reafirma a sua miss\u00e3o na produ\u00e7\u00e3o e na difus\u00e3o do conhecimento, assim como o compromisso com o avan\u00e7o e as transforma\u00e7\u00f5es da realidade local e nacional.<\/p>\n<p>Para o efeito, o<strong> ISUPEKUIKUI II <\/strong>segue uma pol\u00edtica que aposta na valoriza\u00e7\u00e3o constante dos seus recursos humanos e materiais, consubstanciando este prop\u00f3sito na qualidade dos seus profissionais e dos seus formandos, bem como na excel\u00eancia das instala\u00e7\u00f5es que oferece, as quais t\u00eam a dignidade de um <em>campus universit\u00e1rio<\/em> compar\u00e1vel aos <em>campus<\/em> semelhantes existentes na Europa e nos E.U.A.<\/p>\n<p>O\u00a0<strong> ISUPEKUIKUI II <\/strong>pretende conquistar a excel\u00eancia na educa\u00e7\u00e3o, pelo que a comunidade acad\u00e9mica, especialmente os gestores da SOLPREC, tudo fazem no seu dia-a-dia para tornar poss\u00edvel a concretiza\u00e7\u00e3o destes ideais.<\/p>\n<p>Neste contexto, o\u00a0 <strong> ISUPEKUIKUI II<\/strong>, na prossecu\u00e7\u00e3o dos seus objectivos, tem os seguintes princ\u00edpios fundamentais:<\/p>\n<ol>\n<li>Assegurar uma forma\u00e7\u00e3o humana, cultural, profissional, cient\u00edfica e t\u00e9cnica, de acordo com os melhores padr\u00f5es internacionais;<\/li>\n<li>Organizar cursos conducentes \u00e0 obten\u00e7\u00e3o dos graus acad\u00e9micos de bacharelato, licenciatura, mestrado e doutoramento, nos termos da Lei;<\/li>\n<li>Desenvolver atividades de investiga\u00e7\u00e3o cient\u00edfica, tecnol\u00f3gica e de inova\u00e7\u00e3o;<\/li>\n<li>Promover atividades de ensino, extracurriculares e de forma\u00e7\u00e3o profissional;<\/li>\n<li>Promover a extens\u00e3o universit\u00e1ria, numa perspetiva de prestar servi\u00e7os \u00e0 comunidade e de valoriza\u00e7\u00e3o rec\u00edproca;<\/li>\n<li>Conservar e valorizar o seu patrim\u00f3nio cient\u00edfico, cultural, art\u00edstico e natural;<\/li>\n<li>Promover o interc\u00e2mbio cultural, cient\u00edfico e t\u00e9cnico com institui\u00e7\u00f5es cong\u00e9neres nacionais e estrangeiras e demais institui\u00e7\u00f5es vocacionadas para o desenvolvimento da ci\u00eancia e da tecnologia;<\/li>\n<li>Contribuir, no seu \u00e2mbito de atividade, para a coopera\u00e7\u00e3o internacional e aproxima\u00e7\u00e3o entre os povos;<\/li>\n<li>Manter a independ\u00eancia em rela\u00e7\u00e3o a qualquer for\u00e7a ou institui\u00e7\u00e3o pol\u00edtica, social, econ\u00f3mica ou religiosa;<\/li>\n<li>Atribuir graus e t\u00edtulos acad\u00e9micos;<\/li>\n<li>Conceder certificados e diplomas;<\/li>\n<li>Atribuir graus e t\u00edtulos honor\u00edficos;<\/li>\n<li>Conceder equival\u00eancias de estudos, para integra\u00e7\u00e3o curricular de candidatos provenientes de outras Institui\u00e7\u00f5es de Ensino Superior do Pa\u00eds e do exterior;<\/li>\n<li>Promover a mobilidade acad\u00e9mica dos docentes, investigadores, t\u00e9cnicos administrativos e discentes, a n\u00edvel nacional e internacional;<\/li>\n<li>Garantir a liberdade acad\u00e9mica, a\u00a0 cria\u00e7\u00e3o cient\u00edfica, cultural e tecnol\u00f3gica;<\/li>\n<li>Promover o esp\u00edrito empreendedor na estrutura\u00e7\u00e3o dos planos curriculares na forma\u00e7\u00e3o por si ministrada;<\/li>\n<li>Promover e acompanhar a inser\u00e7\u00e3o e a carreira dos diplomados no mercado de trabalho.<\/li>\n<\/ol>\n<h3>ORGANIZA\u00c7\u00c3O<\/h3>\n<p>A primeira respons\u00e1vel pela cria\u00e7\u00e3o, funcionamento e desenvolvimento do <strong>ISUPEKUIKUI II<\/strong> \u00e9 a sua entidade instituidora \u2013 a sociedade Solprec, Lda &#8211; associada ao grupo de Ensino Lus\u00f3fona.<\/p>\n<p>Os \u00f3rg\u00e3os executivos do<strong> ISUPEKUIKUI II<\/strong> s\u00e3o o Presidente, coadjuvado por por Vice-Presidente para a \u00e1rea cient\u00edfica e p\u00f3s-gradua\u00e7\u00e3o e Vice-Presidente para a \u00e1rea acad\u00e9mica.<\/p>\n<p>Os \u00f3rg\u00e3os colegiais do<strong> ISUPEKUIKUI II<\/strong> s\u00e3o os seguintes:<\/p>\n<p>\u00b7 Conselho de Direc\u00e7\u00e3o<\/p>\n<p>\u00b7 Conselho Cient\u00edfico<\/p>\n<p>\u00b7 Conselho Pedag\u00f3gico<\/p>\n<p>\u00b7 Comiss\u00e3o de Auto-avalia\u00e7\u00e3o<\/p>\n<p>\u00b7 Comiss\u00e3o Institucional Acesso ao Ensino Superior<\/p>\n<p>A unidade org\u00e2nica base da estrutura do<strong> ISUPEKUIKUI II<\/strong> \u00e9 o Departamento, o qual agrega os cursos em funcionamento, por \u00e1reas de conhecimento.<\/p>\n<p>S\u00e3o \u00f3rg\u00e3os de apoio \u00e0 atividade acad\u00e9mica:<\/p>\n<p>\u00b7 Centro de Investiga\u00e7\u00e3o e Inova\u00e7\u00e3o<\/p>\n<p>\u00b7 Departamento da Gest\u00e3o da Qualidade<\/p>\n<p>\u00b7 Departamento da Extens\u00e3o Universit\u00e1ria<\/p>\n<p>\u00b7 Revista Cient\u00edfica &#8211; REME<\/p>\n<p>\u00b7 Biblioteca<\/p>\n<p>\u00b7 Secret\u00e1rio-geral<\/p>\n<div id=\"simple-translate\" class=\"simple-translate-system-theme\">\n<div>\n<div class=\"simple-translate-button isShow\" style=\"background-image: url('moz-extension:\/\/fe567f3d-d7e3-4105-a395-b27465de1b1a\/icons\/512.png'); height: 22px; width: 22px; top: 22px; left: 16px;\"><\/div>\n<div class=\"simple-translate-panel \" style=\"width: 300px; height: 200px; top: 0px; left: 0px; font-size: 13px;\">\n<div class=\"simple-translate-result-wrapper\" style=\"overflow: hidden;\">\n<div class=\"simple-translate-move\" draggable=\"true\"><\/div>\n<div class=\"simple-translate-result-contents\">\n<p class=\"simple-translate-result\" dir=\"auto\">\n<p class=\"simple-translate-candidate\" dir=\"auto\">\n<\/div>\n<\/div>\n<\/div>\n<\/div>\n<\/div>\n<\/div><\/section><\/p><\/div><div  style='height:50px' class='hr hr-invisible   avia-builder-el-5  el_after_av_one_full  avia-builder-el-last '><span class='hr-inner ' ><span class='hr-inner-style'><\/span><\/span><\/div>\n\n<\/div><\/div><\/div><!-- close content main div --><\/div><\/div><div id='instalacoes'  class='avia-section main_color avia-section-large avia-no-border-styling  avia-full-stretch av-parallax-section avia-bg-style-parallax  avia-builder-el-6  el_after_av_section  el_before_av_section   container_wrap sidebar_right' style=' '  data-section-bg-repeat='stretch'><div class='av-parallax' data-avia-parallax-ratio='0.3' ><div class='av-parallax-inner main_color  avia-full-stretch' style = 'background-repeat: no-repeat; background-image: url(https:\/\/isupekuikui2.co.ao\/ao2\/wp-content\/uploads\/2018\/08\/Instalacoes-secretaria.jpg);background-attachment: scroll; background-position: center center; ' ><\/div><\/div><div class='container' ><div class='template-page content  av-content-small alpha units'><div class='post-entry post-entry-type-page post-entry-367'><div class='entry-content-wrapper clearfix'>\n<div  style='padding-bottom:0px; color:#ffffff;font-size:60px;' class='av-special-heading av-special-heading-h2 custom-color-heading blockquote modern-quote modern-centered  avia-builder-el-7  avia-builder-el-no-sibling  av-inherit-size '><h2 class='av-special-heading-tag '  itemprop=\"headline\"  >Instala\u00e7\u00f5es<\/h2><div class='special-heading-border'><div class='special-heading-inner-border' style='border-color:#ffffff'><\/div><\/div><\/div>\n\n<\/div><\/div><\/div><!-- close content main div --><\/div><\/div><div id='inst'  class='avia-section main_color avia-section-default avia-no-shadow  avia-bg-style-scroll  avia-builder-el-8  el_after_av_section  el_before_av_section   container_wrap sidebar_right' style=' '  ><div class='container' ><div class='template-page content  av-content-small alpha units'><div class='post-entry post-entry-type-page post-entry-367'><div class='entry-content-wrapper clearfix'>\n<div class=\"flex_column av_one_full  flex_column_div first  avia-builder-el-9  el_before_av_gallery  avia-builder-el-first  \" ><section class=\"av_textblock_section \"  itemscope=\"itemscope\" itemtype=\"https:\/\/schema.org\/CreativeWork\" ><div class='avia_textblock  '   itemprop=\"text\" ><p>O\u00a0<strong> ISUPEKUIKUI II <\/strong>funciona nas instala\u00e7\u00f5es do antigo Col\u00e9gio do Esp\u00edrito Santo, no Bairro de Nossa Senhora de F\u00e1tima, englobando um total aproximado de 40.000 m2 dedicados exclusivamente \u00e0 atividade acad\u00e9mica, com todas as val\u00eancias de um campus universit\u00e1rio.<\/p>\n<h3>SECTORES DE APOIO<\/h3>\n<ul>\n<li>Direc\u00e7\u00e3o<\/li>\n<li>Gabinetes Chefes Departamento<\/li>\n<li>Gabinetes de Coordenadores de curso<\/li>\n<li>Secretaria Geral<\/li>\n<li>Sala de Professores<\/li>\n<li>Secretaria de Alunos<\/li>\n<li>Biblioteca<\/li>\n<li>Salas de Inform\u00e1tica<\/li>\n<li>Laborat\u00f3rios de apoio aos cursos de Eng.\u00aa Civil, Eng.\u00aa Inform\u00e1tica, An\u00e1lises Cl\u00ednicas, Enfermagem e Farm\u00e1cia<\/li>\n<li>Gabinete de Orienta\u00e7\u00e3o e Voca\u00e7\u00e3o Profissional<\/li>\n<\/ul>\n<h3><strong>\u00a0<\/strong><\/h3>\n<h3>INFRA-ESTRUTURAS<\/h3>\n<ul>\n<li>Edif\u00edcio principal com 6500 m2 de uso exclusivo<\/li>\n<li>Biblioteca (com 230 m2 de \u00e1rea) com computadores e acesso a demais recursos<\/li>\n<li>Pavilh\u00e3o gimnodesportivo com 2270 m2 (a reabilitar futuramente)<\/li>\n<li>Campos desportivos exteriores (numa \u00e1rea total aproximada de 16.500 m2)<\/li>\n<li>Parque de estacionamento (numa \u00e1rea total aproximada de 8.500 m2)<\/li>\n<li>\u00c1rea exterior arborizada e com espa\u00e7os de lazer<\/li>\n<li>Bar\/Cantina<\/li>\n<li>Reprografia<\/li>\n<\/ul>\n<div id=\"simple-translate\" class=\"simple-translate-system-theme\">\n<div>\n<div class=\"simple-translate-button isShow\" style=\"background-image: url('moz-extension:\/\/fe567f3d-d7e3-4105-a395-b27465de1b1a\/icons\/512.png'); height: 22px; width: 22px; top: 35px; left: 37px;\"><\/div>\n<div class=\"simple-translate-panel \" style=\"width: 300px; height: 200px; top: 0px; left: 0px; font-size: 13px;\">\n<div class=\"simple-translate-result-wrapper\" style=\"overflow: hidden;\">\n<div class=\"simple-translate-move\" draggable=\"true\"><\/div>\n<div class=\"simple-translate-result-contents\">\n<p class=\"simple-translate-result\" dir=\"auto\">\n<p class=\"simple-translate-candidate\" dir=\"auto\">\n<\/div>\n<\/div>\n<\/div>\n<\/div>\n<\/div>\n<\/div><\/section><\/div><div  class='avia-gallery  avia-gallery-1 avia_lazyload avia-gallery-animate avia_animate_when_visible  avia-builder-el-11  el_after_av_one_full  el_before_av_hr '  itemprop=\"image\" itemscope=\"itemscope\" itemtype=\"https:\/\/schema.org\/ImageObject\" ><div class='avia-gallery-thumb'> <a href=\"https:\/\/isupekuikui2.co.ao\/ao2\/wp-content\/uploads\/2018\/08\/Instalacoes-secretaria3-1030x687.jpg\" href=\"1030\" href=\"687\" href=\"1\" href=\"https:\/\/isupekuikui2.co.ao\/ao2\/wp-content\/uploads\/2018\/08\/Instalacoes-secretaria3.jpg 1030w, https:\/\/isupekuikui2.co.ao\/ao2\/wp-content\/uploads\/2018\/08\/Instalacoes-secretaria3-300x200.jpg 300w, https:\/\/isupekuikui2.co.ao\/ao2\/wp-content\/uploads\/2018\/08\/Instalacoes-secretaria3-768x512.jpg 768w, https:\/\/isupekuikui2.co.ao\/ao2\/wp-content\/uploads\/2018\/08\/Instalacoes-secretaria3-705x470.jpg 705w, https:\/\/isupekuikui2.co.ao\/ao2\/wp-content\/uploads\/2018\/08\/Instalacoes-secretaria3-450x300.jpg 450w\" href=\"(max-width: 1030px) 100vw, 1030px\" data-rel='gallery-1' data-prev-img='https:\/\/isupekuikui2.co.ao\/ao2\/wp-content\/uploads\/2018\/08\/Instalacoes-secretaria3-495x400.jpg' class='first_thumb lightbox ' data-onclick='1' title='Instalacoes-secretaria3'  itemprop=\"thumbnailUrl\"  ><img class=\"wp-image-487 avia-img-lazy-loading-not-487\"   src=\"https:\/\/isupekuikui2.co.ao\/ao2\/wp-content\/uploads\/2018\/08\/Instalacoes-secretaria3-495x400.jpg\" width=\"495\" height=\"400\"  title='Instalacoes-secretaria3' alt='' srcset=\"https:\/\/isupekuikui2.co.ao\/ao2\/wp-content\/uploads\/2018\/08\/Instalacoes-secretaria3-495x400.jpg 495w, https:\/\/isupekuikui2.co.ao\/ao2\/wp-content\/uploads\/2018\/08\/Instalacoes-secretaria3-845x684.jpg 845w\" sizes=\"(max-width: 495px) 100vw, 495px\" \/><\/a> <a href=\"https:\/\/isupekuikui2.co.ao\/ao2\/wp-content\/uploads\/2018\/08\/Instalacoes-secretaria2-1030x687.jpg\" href=\"1030\" href=\"687\" href=\"1\" href=\"https:\/\/isupekuikui2.co.ao\/ao2\/wp-content\/uploads\/2018\/08\/Instalacoes-secretaria2.jpg 1030w, https:\/\/isupekuikui2.co.ao\/ao2\/wp-content\/uploads\/2018\/08\/Instalacoes-secretaria2-300x200.jpg 300w, https:\/\/isupekuikui2.co.ao\/ao2\/wp-content\/uploads\/2018\/08\/Instalacoes-secretaria2-768x512.jpg 768w, https:\/\/isupekuikui2.co.ao\/ao2\/wp-content\/uploads\/2018\/08\/Instalacoes-secretaria2-705x470.jpg 705w, https:\/\/isupekuikui2.co.ao\/ao2\/wp-content\/uploads\/2018\/08\/Instalacoes-secretaria2-450x300.jpg 450w\" href=\"(max-width: 1030px) 100vw, 1030px\" data-rel='gallery-1' data-prev-img='https:\/\/isupekuikui2.co.ao\/ao2\/wp-content\/uploads\/2018\/08\/Instalacoes-secretaria2-495x400.jpg' class='lightbox ' data-onclick='2' title='Instalacoes-secretaria2'  itemprop=\"thumbnailUrl\"  ><img class=\"wp-image-486 avia-img-lazy-loading-not-486\"   src=\"https:\/\/isupekuikui2.co.ao\/ao2\/wp-content\/uploads\/2018\/08\/Instalacoes-secretaria2-495x400.jpg\" width=\"495\" height=\"400\"  title='Instalacoes-secretaria2' alt='' srcset=\"https:\/\/isupekuikui2.co.ao\/ao2\/wp-content\/uploads\/2018\/08\/Instalacoes-secretaria2-495x400.jpg 495w, https:\/\/isupekuikui2.co.ao\/ao2\/wp-content\/uploads\/2018\/08\/Instalacoes-secretaria2-845x684.jpg 845w\" sizes=\"(max-width: 495px) 100vw, 495px\" \/><\/a> <a href=\"https:\/\/isupekuikui2.co.ao\/ao2\/wp-content\/uploads\/2018\/08\/Instalacoes-secretaria1-1030x687.jpg\" href=\"1030\" href=\"687\" href=\"1\" href=\"https:\/\/isupekuikui2.co.ao\/ao2\/wp-content\/uploads\/2018\/08\/Instalacoes-secretaria1.jpg 1030w, https:\/\/isupekuikui2.co.ao\/ao2\/wp-content\/uploads\/2018\/08\/Instalacoes-secretaria1-300x200.jpg 300w, https:\/\/isupekuikui2.co.ao\/ao2\/wp-content\/uploads\/2018\/08\/Instalacoes-secretaria1-768x512.jpg 768w, https:\/\/isupekuikui2.co.ao\/ao2\/wp-content\/uploads\/2018\/08\/Instalacoes-secretaria1-705x470.jpg 705w, https:\/\/isupekuikui2.co.ao\/ao2\/wp-content\/uploads\/2018\/08\/Instalacoes-secretaria1-450x300.jpg 450w\" href=\"(max-width: 1030px) 100vw, 1030px\" data-rel='gallery-1' data-prev-img='https:\/\/isupekuikui2.co.ao\/ao2\/wp-content\/uploads\/2018\/08\/Instalacoes-secretaria1-495x400.jpg' class='lightbox ' data-onclick='3' title='Instalacoes-secretaria1'  itemprop=\"thumbnailUrl\"  ><img class=\"wp-image-485 avia-img-lazy-loading-not-485\"   src=\"https:\/\/isupekuikui2.co.ao\/ao2\/wp-content\/uploads\/2018\/08\/Instalacoes-secretaria1-495x400.jpg\" width=\"495\" height=\"400\"  title='Instalacoes-secretaria1' alt='' srcset=\"https:\/\/isupekuikui2.co.ao\/ao2\/wp-content\/uploads\/2018\/08\/Instalacoes-secretaria1-495x400.jpg 495w, https:\/\/isupekuikui2.co.ao\/ao2\/wp-content\/uploads\/2018\/08\/Instalacoes-secretaria1-845x684.jpg 845w\" sizes=\"(max-width: 495px) 100vw, 495px\" \/><\/a> <a href=\"https:\/\/isupekuikui2.co.ao\/ao2\/wp-content\/uploads\/2018\/08\/Instalacoes-secretaria-1030x687.jpg\" href=\"1030\" href=\"687\" href=\"1\" href=\"https:\/\/isupekuikui2.co.ao\/ao2\/wp-content\/uploads\/2018\/08\/Instalacoes-secretaria.jpg 1030w, https:\/\/isupekuikui2.co.ao\/ao2\/wp-content\/uploads\/2018\/08\/Instalacoes-secretaria-300x200.jpg 300w, https:\/\/isupekuikui2.co.ao\/ao2\/wp-content\/uploads\/2018\/08\/Instalacoes-secretaria-768x512.jpg 768w, https:\/\/isupekuikui2.co.ao\/ao2\/wp-content\/uploads\/2018\/08\/Instalacoes-secretaria-705x470.jpg 705w, https:\/\/isupekuikui2.co.ao\/ao2\/wp-content\/uploads\/2018\/08\/Instalacoes-secretaria-450x300.jpg 450w\" href=\"(max-width: 1030px) 100vw, 1030px\" data-rel='gallery-1' data-prev-img='https:\/\/isupekuikui2.co.ao\/ao2\/wp-content\/uploads\/2018\/08\/Instalacoes-secretaria-495x400.jpg' class='lightbox ' data-onclick='4' title='Instalacoes-secretaria'  itemprop=\"thumbnailUrl\"  ><img class=\"wp-image-484 avia-img-lazy-loading-not-484\"   src=\"https:\/\/isupekuikui2.co.ao\/ao2\/wp-content\/uploads\/2018\/08\/Instalacoes-secretaria-495x400.jpg\" width=\"495\" height=\"400\"  title='Instalacoes-secretaria' alt='' srcset=\"https:\/\/isupekuikui2.co.ao\/ao2\/wp-content\/uploads\/2018\/08\/Instalacoes-secretaria-495x400.jpg 495w, https:\/\/isupekuikui2.co.ao\/ao2\/wp-content\/uploads\/2018\/08\/Instalacoes-secretaria-845x684.jpg 845w\" sizes=\"(max-width: 495px) 100vw, 495px\" \/><\/a> <a href=\"https:\/\/isupekuikui2.co.ao\/ao2\/wp-content\/uploads\/2018\/08\/Instalacoes-sala-reunio\u0303es-1030x687.jpg\" href=\"1030\" href=\"687\" href=\"1\" href=\"https:\/\/isupekuikui2.co.ao\/ao2\/wp-content\/uploads\/2018\/08\/Instalacoes-sala-reunio\u0303es.jpg 1030w, https:\/\/isupekuikui2.co.ao\/ao2\/wp-content\/uploads\/2018\/08\/Instalacoes-sala-reunio\u0303es-300x200.jpg 300w, https:\/\/isupekuikui2.co.ao\/ao2\/wp-content\/uploads\/2018\/08\/Instalacoes-sala-reunio\u0303es-768x512.jpg 768w, https:\/\/isupekuikui2.co.ao\/ao2\/wp-content\/uploads\/2018\/08\/Instalacoes-sala-reunio\u0303es-705x470.jpg 705w, https:\/\/isupekuikui2.co.ao\/ao2\/wp-content\/uploads\/2018\/08\/Instalacoes-sala-reunio\u0303es-450x300.jpg 450w\" href=\"(max-width: 1030px) 100vw, 1030px\" data-rel='gallery-1' data-prev-img='https:\/\/isupekuikui2.co.ao\/ao2\/wp-content\/uploads\/2018\/08\/Instalacoes-sala-reunio\u0303es-495x400.jpg' class='lightbox ' data-onclick='5' title='Instalacoes-sala reunio\u0303es'  itemprop=\"thumbnailUrl\"  ><img class=\"wp-image-483 avia-img-lazy-loading-not-483\"   src=\"https:\/\/isupekuikui2.co.ao\/ao2\/wp-content\/uploads\/2018\/08\/Instalacoes-sala-reunio\u0303es-495x400.jpg\" width=\"495\" height=\"400\"  title='Instalacoes-sala reunio\u0303es' alt='' srcset=\"https:\/\/isupekuikui2.co.ao\/ao2\/wp-content\/uploads\/2018\/08\/Instalacoes-sala-reunio\u0303es-495x400.jpg 495w, https:\/\/isupekuikui2.co.ao\/ao2\/wp-content\/uploads\/2018\/08\/Instalacoes-sala-reunio\u0303es-845x684.jpg 845w\" sizes=\"(max-width: 495px) 100vw, 495px\" \/><\/a> <a href=\"https:\/\/isupekuikui2.co.ao\/ao2\/wp-content\/uploads\/2018\/08\/Instalacoes-sala-inf5-1030x687.jpg\" href=\"1030\" href=\"687\" href=\"1\" href=\"https:\/\/isupekuikui2.co.ao\/ao2\/wp-content\/uploads\/2018\/08\/Instalacoes-sala-inf5.jpg 1030w, https:\/\/isupekuikui2.co.ao\/ao2\/wp-content\/uploads\/2018\/08\/Instalacoes-sala-inf5-300x200.jpg 300w, https:\/\/isupekuikui2.co.ao\/ao2\/wp-content\/uploads\/2018\/08\/Instalacoes-sala-inf5-768x512.jpg 768w, https:\/\/isupekuikui2.co.ao\/ao2\/wp-content\/uploads\/2018\/08\/Instalacoes-sala-inf5-705x470.jpg 705w, https:\/\/isupekuikui2.co.ao\/ao2\/wp-content\/uploads\/2018\/08\/Instalacoes-sala-inf5-450x300.jpg 450w\" href=\"(max-width: 1030px) 100vw, 1030px\" data-rel='gallery-1' data-prev-img='https:\/\/isupekuikui2.co.ao\/ao2\/wp-content\/uploads\/2018\/08\/Instalacoes-sala-inf5-495x400.jpg' class='first_thumb lightbox ' data-onclick='6' title='Instalacoes-sala inf5'  itemprop=\"thumbnailUrl\"  ><img class=\"wp-image-482 avia-img-lazy-loading-not-482\"   src=\"https:\/\/isupekuikui2.co.ao\/ao2\/wp-content\/uploads\/2018\/08\/Instalacoes-sala-inf5-495x400.jpg\" width=\"495\" height=\"400\"  title='Instalacoes-sala inf5' alt='' srcset=\"https:\/\/isupekuikui2.co.ao\/ao2\/wp-content\/uploads\/2018\/08\/Instalacoes-sala-inf5-495x400.jpg 495w, https:\/\/isupekuikui2.co.ao\/ao2\/wp-content\/uploads\/2018\/08\/Instalacoes-sala-inf5-845x684.jpg 845w\" sizes=\"(max-width: 495px) 100vw, 495px\" \/><\/a> <a href=\"https:\/\/isupekuikui2.co.ao\/ao2\/wp-content\/uploads\/2018\/08\/Instalacoes-sala-inf4-1030x687.jpg\" href=\"1030\" href=\"687\" href=\"1\" href=\"https:\/\/isupekuikui2.co.ao\/ao2\/wp-content\/uploads\/2018\/08\/Instalacoes-sala-inf4.jpg 1030w, https:\/\/isupekuikui2.co.ao\/ao2\/wp-content\/uploads\/2018\/08\/Instalacoes-sala-inf4-300x200.jpg 300w, https:\/\/isupekuikui2.co.ao\/ao2\/wp-content\/uploads\/2018\/08\/Instalacoes-sala-inf4-768x512.jpg 768w, https:\/\/isupekuikui2.co.ao\/ao2\/wp-content\/uploads\/2018\/08\/Instalacoes-sala-inf4-705x470.jpg 705w, https:\/\/isupekuikui2.co.ao\/ao2\/wp-content\/uploads\/2018\/08\/Instalacoes-sala-inf4-450x300.jpg 450w\" href=\"(max-width: 1030px) 100vw, 1030px\" data-rel='gallery-1' data-prev-img='https:\/\/isupekuikui2.co.ao\/ao2\/wp-content\/uploads\/2018\/08\/Instalacoes-sala-inf4-495x400.jpg' class='lightbox ' data-onclick='7' title='Instalacoes-sala inf4'  itemprop=\"thumbnailUrl\"  ><img class=\"wp-image-481 avia-img-lazy-loading-not-481\"   src=\"https:\/\/isupekuikui2.co.ao\/ao2\/wp-content\/uploads\/2018\/08\/Instalacoes-sala-inf4-495x400.jpg\" width=\"495\" height=\"400\"  title='Instalacoes-sala inf4' alt='' srcset=\"https:\/\/isupekuikui2.co.ao\/ao2\/wp-content\/uploads\/2018\/08\/Instalacoes-sala-inf4-495x400.jpg 495w, https:\/\/isupekuikui2.co.ao\/ao2\/wp-content\/uploads\/2018\/08\/Instalacoes-sala-inf4-845x684.jpg 845w\" sizes=\"(max-width: 495px) 100vw, 495px\" \/><\/a> <a href=\"https:\/\/isupekuikui2.co.ao\/ao2\/wp-content\/uploads\/2018\/08\/Instalacoes-sala-inf3-1030x687.jpg\" href=\"1030\" href=\"687\" href=\"1\" href=\"https:\/\/isupekuikui2.co.ao\/ao2\/wp-content\/uploads\/2018\/08\/Instalacoes-sala-inf3.jpg 1030w, https:\/\/isupekuikui2.co.ao\/ao2\/wp-content\/uploads\/2018\/08\/Instalacoes-sala-inf3-300x200.jpg 300w, https:\/\/isupekuikui2.co.ao\/ao2\/wp-content\/uploads\/2018\/08\/Instalacoes-sala-inf3-768x512.jpg 768w, https:\/\/isupekuikui2.co.ao\/ao2\/wp-content\/uploads\/2018\/08\/Instalacoes-sala-inf3-705x470.jpg 705w, https:\/\/isupekuikui2.co.ao\/ao2\/wp-content\/uploads\/2018\/08\/Instalacoes-sala-inf3-450x300.jpg 450w\" href=\"(max-width: 1030px) 100vw, 1030px\" data-rel='gallery-1' data-prev-img='https:\/\/isupekuikui2.co.ao\/ao2\/wp-content\/uploads\/2018\/08\/Instalacoes-sala-inf3-495x400.jpg' class='lightbox ' data-onclick='8' title='Instalacoes-sala inf3'  itemprop=\"thumbnailUrl\"  ><img class=\"wp-image-480 avia-img-lazy-loading-not-480\"   src=\"https:\/\/isupekuikui2.co.ao\/ao2\/wp-content\/uploads\/2018\/08\/Instalacoes-sala-inf3-495x400.jpg\" width=\"495\" height=\"400\"  title='Instalacoes-sala inf3' alt='' srcset=\"https:\/\/isupekuikui2.co.ao\/ao2\/wp-content\/uploads\/2018\/08\/Instalacoes-sala-inf3-495x400.jpg 495w, https:\/\/isupekuikui2.co.ao\/ao2\/wp-content\/uploads\/2018\/08\/Instalacoes-sala-inf3-845x684.jpg 845w\" sizes=\"(max-width: 495px) 100vw, 495px\" \/><\/a> <a href=\"https:\/\/isupekuikui2.co.ao\/ao2\/wp-content\/uploads\/2018\/08\/Instalacoes-sala-inf2-1030x773.jpg\" href=\"1030\" href=\"773\" href=\"1\" href=\"https:\/\/isupekuikui2.co.ao\/ao2\/wp-content\/uploads\/2018\/08\/Instalacoes-sala-inf2.jpg 1030w, https:\/\/isupekuikui2.co.ao\/ao2\/wp-content\/uploads\/2018\/08\/Instalacoes-sala-inf2-300x225.jpg 300w, https:\/\/isupekuikui2.co.ao\/ao2\/wp-content\/uploads\/2018\/08\/Instalacoes-sala-inf2-768x576.jpg 768w, https:\/\/isupekuikui2.co.ao\/ao2\/wp-content\/uploads\/2018\/08\/Instalacoes-sala-inf2-705x529.jpg 705w, https:\/\/isupekuikui2.co.ao\/ao2\/wp-content\/uploads\/2018\/08\/Instalacoes-sala-inf2-450x338.jpg 450w\" href=\"(max-width: 1030px) 100vw, 1030px\" data-rel='gallery-1' data-prev-img='https:\/\/isupekuikui2.co.ao\/ao2\/wp-content\/uploads\/2018\/08\/Instalacoes-sala-inf2-495x400.jpg' class='lightbox ' data-onclick='9' title='Instalacoes-sala inf2'  itemprop=\"thumbnailUrl\"  ><img class=\"wp-image-479 avia-img-lazy-loading-not-479\"   src=\"https:\/\/isupekuikui2.co.ao\/ao2\/wp-content\/uploads\/2018\/08\/Instalacoes-sala-inf2-495x400.jpg\" width=\"495\" height=\"400\"  title='Instalacoes-sala inf2' alt='' srcset=\"https:\/\/isupekuikui2.co.ao\/ao2\/wp-content\/uploads\/2018\/08\/Instalacoes-sala-inf2-495x400.jpg 495w, https:\/\/isupekuikui2.co.ao\/ao2\/wp-content\/uploads\/2018\/08\/Instalacoes-sala-inf2-845x684.jpg 845w\" sizes=\"(max-width: 495px) 100vw, 495px\" \/><\/a> <a href=\"https:\/\/isupekuikui2.co.ao\/ao2\/wp-content\/uploads\/2018\/08\/Instalacoes-sala-inf1-1030x773.jpg\" href=\"1030\" href=\"773\" href=\"1\" href=\"https:\/\/isupekuikui2.co.ao\/ao2\/wp-content\/uploads\/2018\/08\/Instalacoes-sala-inf1.jpg 1030w, https:\/\/isupekuikui2.co.ao\/ao2\/wp-content\/uploads\/2018\/08\/Instalacoes-sala-inf1-300x225.jpg 300w, https:\/\/isupekuikui2.co.ao\/ao2\/wp-content\/uploads\/2018\/08\/Instalacoes-sala-inf1-768x576.jpg 768w, https:\/\/isupekuikui2.co.ao\/ao2\/wp-content\/uploads\/2018\/08\/Instalacoes-sala-inf1-705x529.jpg 705w, https:\/\/isupekuikui2.co.ao\/ao2\/wp-content\/uploads\/2018\/08\/Instalacoes-sala-inf1-450x338.jpg 450w\" href=\"(max-width: 1030px) 100vw, 1030px\" data-rel='gallery-1' data-prev-img='https:\/\/isupekuikui2.co.ao\/ao2\/wp-content\/uploads\/2018\/08\/Instalacoes-sala-inf1-495x400.jpg' class='lightbox ' data-onclick='10' title='Instalacoes-sala inf1'  itemprop=\"thumbnailUrl\"  ><img class=\"wp-image-478 avia-img-lazy-loading-not-478\"   src=\"https:\/\/isupekuikui2.co.ao\/ao2\/wp-content\/uploads\/2018\/08\/Instalacoes-sala-inf1-495x400.jpg\" width=\"495\" height=\"400\"  title='Instalacoes-sala inf1' alt='' srcset=\"https:\/\/isupekuikui2.co.ao\/ao2\/wp-content\/uploads\/2018\/08\/Instalacoes-sala-inf1-495x400.jpg 495w, https:\/\/isupekuikui2.co.ao\/ao2\/wp-content\/uploads\/2018\/08\/Instalacoes-sala-inf1-845x684.jpg 845w\" sizes=\"(max-width: 495px) 100vw, 495px\" \/><\/a> <a href=\"https:\/\/isupekuikui2.co.ao\/ao2\/wp-content\/uploads\/2018\/08\/Instalacoes-sala-enfermagem2-1030x687.jpg\" href=\"1030\" href=\"687\" href=\"1\" href=\"https:\/\/isupekuikui2.co.ao\/ao2\/wp-content\/uploads\/2018\/08\/Instalacoes-sala-enfermagem2.jpg 1030w, https:\/\/isupekuikui2.co.ao\/ao2\/wp-content\/uploads\/2018\/08\/Instalacoes-sala-enfermagem2-300x200.jpg 300w, https:\/\/isupekuikui2.co.ao\/ao2\/wp-content\/uploads\/2018\/08\/Instalacoes-sala-enfermagem2-768x512.jpg 768w, https:\/\/isupekuikui2.co.ao\/ao2\/wp-content\/uploads\/2018\/08\/Instalacoes-sala-enfermagem2-705x470.jpg 705w, https:\/\/isupekuikui2.co.ao\/ao2\/wp-content\/uploads\/2018\/08\/Instalacoes-sala-enfermagem2-450x300.jpg 450w\" href=\"(max-width: 1030px) 100vw, 1030px\" data-rel='gallery-1' data-prev-img='https:\/\/isupekuikui2.co.ao\/ao2\/wp-content\/uploads\/2018\/08\/Instalacoes-sala-enfermagem2-495x400.jpg' class='first_thumb lightbox ' data-onclick='11' title='Instalacoes-sala enfermagem2'  itemprop=\"thumbnailUrl\"  ><img class=\"wp-image-477 avia-img-lazy-loading-not-477\"   src=\"https:\/\/isupekuikui2.co.ao\/ao2\/wp-content\/uploads\/2018\/08\/Instalacoes-sala-enfermagem2-495x400.jpg\" width=\"495\" height=\"400\"  title='Instalacoes-sala enfermagem2' alt='' srcset=\"https:\/\/isupekuikui2.co.ao\/ao2\/wp-content\/uploads\/2018\/08\/Instalacoes-sala-enfermagem2-495x400.jpg 495w, https:\/\/isupekuikui2.co.ao\/ao2\/wp-content\/uploads\/2018\/08\/Instalacoes-sala-enfermagem2-845x684.jpg 845w\" sizes=\"(max-width: 495px) 100vw, 495px\" \/><\/a> <a href=\"https:\/\/isupekuikui2.co.ao\/ao2\/wp-content\/uploads\/2018\/08\/Instalacoes-sala-enfermagem1-1030x687.jpg\" href=\"1030\" href=\"687\" href=\"1\" href=\"https:\/\/isupekuikui2.co.ao\/ao2\/wp-content\/uploads\/2018\/08\/Instalacoes-sala-enfermagem1.jpg 1030w, https:\/\/isupekuikui2.co.ao\/ao2\/wp-content\/uploads\/2018\/08\/Instalacoes-sala-enfermagem1-300x200.jpg 300w, https:\/\/isupekuikui2.co.ao\/ao2\/wp-content\/uploads\/2018\/08\/Instalacoes-sala-enfermagem1-768x512.jpg 768w, https:\/\/isupekuikui2.co.ao\/ao2\/wp-content\/uploads\/2018\/08\/Instalacoes-sala-enfermagem1-705x470.jpg 705w, https:\/\/isupekuikui2.co.ao\/ao2\/wp-content\/uploads\/2018\/08\/Instalacoes-sala-enfermagem1-450x300.jpg 450w\" href=\"(max-width: 1030px) 100vw, 1030px\" data-rel='gallery-1' data-prev-img='https:\/\/isupekuikui2.co.ao\/ao2\/wp-content\/uploads\/2018\/08\/Instalacoes-sala-enfermagem1-495x400.jpg' class='lightbox ' data-onclick='12' title='Instalacoes-sala enfermagem1'  itemprop=\"thumbnailUrl\"  ><img class=\"wp-image-476 avia-img-lazy-loading-not-476\"   src=\"https:\/\/isupekuikui2.co.ao\/ao2\/wp-content\/uploads\/2018\/08\/Instalacoes-sala-enfermagem1-495x400.jpg\" width=\"495\" height=\"400\"  title='Instalacoes-sala enfermagem1' alt='' srcset=\"https:\/\/isupekuikui2.co.ao\/ao2\/wp-content\/uploads\/2018\/08\/Instalacoes-sala-enfermagem1-495x400.jpg 495w, https:\/\/isupekuikui2.co.ao\/ao2\/wp-content\/uploads\/2018\/08\/Instalacoes-sala-enfermagem1-845x684.jpg 845w\" sizes=\"(max-width: 495px) 100vw, 495px\" \/><\/a> <a href=\"https:\/\/isupekuikui2.co.ao\/ao2\/wp-content\/uploads\/2018\/08\/Instalacoes-sala-aula4-1030x687.jpg\" href=\"1030\" href=\"687\" href=\"1\" href=\"https:\/\/isupekuikui2.co.ao\/ao2\/wp-content\/uploads\/2018\/08\/Instalacoes-sala-aula4.jpg 1030w, https:\/\/isupekuikui2.co.ao\/ao2\/wp-content\/uploads\/2018\/08\/Instalacoes-sala-aula4-300x200.jpg 300w, https:\/\/isupekuikui2.co.ao\/ao2\/wp-content\/uploads\/2018\/08\/Instalacoes-sala-aula4-768x512.jpg 768w, https:\/\/isupekuikui2.co.ao\/ao2\/wp-content\/uploads\/2018\/08\/Instalacoes-sala-aula4-705x470.jpg 705w, https:\/\/isupekuikui2.co.ao\/ao2\/wp-content\/uploads\/2018\/08\/Instalacoes-sala-aula4-450x300.jpg 450w\" href=\"(max-width: 1030px) 100vw, 1030px\" data-rel='gallery-1' data-prev-img='https:\/\/isupekuikui2.co.ao\/ao2\/wp-content\/uploads\/2018\/08\/Instalacoes-sala-aula4-495x400.jpg' class='lightbox ' data-onclick='13' title='Instalacoes-sala aula4'  itemprop=\"thumbnailUrl\"  ><img class=\"wp-image-475 avia-img-lazy-loading-not-475\"   src=\"https:\/\/isupekuikui2.co.ao\/ao2\/wp-content\/uploads\/2018\/08\/Instalacoes-sala-aula4-495x400.jpg\" width=\"495\" height=\"400\"  title='Instalacoes-sala aula4' alt='' srcset=\"https:\/\/isupekuikui2.co.ao\/ao2\/wp-content\/uploads\/2018\/08\/Instalacoes-sala-aula4-495x400.jpg 495w, https:\/\/isupekuikui2.co.ao\/ao2\/wp-content\/uploads\/2018\/08\/Instalacoes-sala-aula4-845x684.jpg 845w\" sizes=\"(max-width: 495px) 100vw, 495px\" \/><\/a> <a href=\"https:\/\/isupekuikui2.co.ao\/ao2\/wp-content\/uploads\/2018\/08\/Instalacoes-sala-aula3-1030x687.jpg\" href=\"1030\" href=\"687\" href=\"1\" href=\"https:\/\/isupekuikui2.co.ao\/ao2\/wp-content\/uploads\/2018\/08\/Instalacoes-sala-aula3.jpg 1030w, https:\/\/isupekuikui2.co.ao\/ao2\/wp-content\/uploads\/2018\/08\/Instalacoes-sala-aula3-300x200.jpg 300w, https:\/\/isupekuikui2.co.ao\/ao2\/wp-content\/uploads\/2018\/08\/Instalacoes-sala-aula3-768x512.jpg 768w, https:\/\/isupekuikui2.co.ao\/ao2\/wp-content\/uploads\/2018\/08\/Instalacoes-sala-aula3-705x470.jpg 705w, https:\/\/isupekuikui2.co.ao\/ao2\/wp-content\/uploads\/2018\/08\/Instalacoes-sala-aula3-450x300.jpg 450w\" href=\"(max-width: 1030px) 100vw, 1030px\" data-rel='gallery-1' data-prev-img='https:\/\/isupekuikui2.co.ao\/ao2\/wp-content\/uploads\/2018\/08\/Instalacoes-sala-aula3-495x400.jpg' class='lightbox ' data-onclick='14' title='Instalacoes-sala aula3'  itemprop=\"thumbnailUrl\"  ><img class=\"wp-image-474 avia-img-lazy-loading-not-474\"   src=\"https:\/\/isupekuikui2.co.ao\/ao2\/wp-content\/uploads\/2018\/08\/Instalacoes-sala-aula3-495x400.jpg\" width=\"495\" height=\"400\"  title='Instalacoes-sala aula3' alt='' srcset=\"https:\/\/isupekuikui2.co.ao\/ao2\/wp-content\/uploads\/2018\/08\/Instalacoes-sala-aula3-495x400.jpg 495w, https:\/\/isupekuikui2.co.ao\/ao2\/wp-content\/uploads\/2018\/08\/Instalacoes-sala-aula3-845x684.jpg 845w\" sizes=\"(max-width: 495px) 100vw, 495px\" \/><\/a> <a href=\"https:\/\/isupekuikui2.co.ao\/ao2\/wp-content\/uploads\/2018\/08\/Instalacoes-sala-aula2-1030x687.jpg\" href=\"1030\" href=\"687\" href=\"1\" href=\"https:\/\/isupekuikui2.co.ao\/ao2\/wp-content\/uploads\/2018\/08\/Instalacoes-sala-aula2.jpg 1030w, https:\/\/isupekuikui2.co.ao\/ao2\/wp-content\/uploads\/2018\/08\/Instalacoes-sala-aula2-300x200.jpg 300w, https:\/\/isupekuikui2.co.ao\/ao2\/wp-content\/uploads\/2018\/08\/Instalacoes-sala-aula2-768x512.jpg 768w, https:\/\/isupekuikui2.co.ao\/ao2\/wp-content\/uploads\/2018\/08\/Instalacoes-sala-aula2-705x470.jpg 705w, https:\/\/isupekuikui2.co.ao\/ao2\/wp-content\/uploads\/2018\/08\/Instalacoes-sala-aula2-450x300.jpg 450w\" href=\"(max-width: 1030px) 100vw, 1030px\" data-rel='gallery-1' data-prev-img='https:\/\/isupekuikui2.co.ao\/ao2\/wp-content\/uploads\/2018\/08\/Instalacoes-sala-aula2-495x400.jpg' class='lightbox ' data-onclick='15' title='Instalacoes-sala aula2'  itemprop=\"thumbnailUrl\"  ><img class=\"wp-image-473 avia-img-lazy-loading-not-473\"   src=\"https:\/\/isupekuikui2.co.ao\/ao2\/wp-content\/uploads\/2018\/08\/Instalacoes-sala-aula2-495x400.jpg\" width=\"495\" height=\"400\"  title='Instalacoes-sala aula2' alt='' srcset=\"https:\/\/isupekuikui2.co.ao\/ao2\/wp-content\/uploads\/2018\/08\/Instalacoes-sala-aula2-495x400.jpg 495w, https:\/\/isupekuikui2.co.ao\/ao2\/wp-content\/uploads\/2018\/08\/Instalacoes-sala-aula2-845x684.jpg 845w\" sizes=\"(max-width: 495px) 100vw, 495px\" \/><\/a> <a href=\"https:\/\/isupekuikui2.co.ao\/ao2\/wp-content\/uploads\/2018\/08\/Instalacoes-sala-aula1-1030x687.jpg\" href=\"1030\" href=\"687\" href=\"1\" href=\"https:\/\/isupekuikui2.co.ao\/ao2\/wp-content\/uploads\/2018\/08\/Instalacoes-sala-aula1.jpg 1030w, https:\/\/isupekuikui2.co.ao\/ao2\/wp-content\/uploads\/2018\/08\/Instalacoes-sala-aula1-300x200.jpg 300w, https:\/\/isupekuikui2.co.ao\/ao2\/wp-content\/uploads\/2018\/08\/Instalacoes-sala-aula1-768x512.jpg 768w, https:\/\/isupekuikui2.co.ao\/ao2\/wp-content\/uploads\/2018\/08\/Instalacoes-sala-aula1-705x470.jpg 705w, https:\/\/isupekuikui2.co.ao\/ao2\/wp-content\/uploads\/2018\/08\/Instalacoes-sala-aula1-450x300.jpg 450w\" href=\"(max-width: 1030px) 100vw, 1030px\" data-rel='gallery-1' data-prev-img='https:\/\/isupekuikui2.co.ao\/ao2\/wp-content\/uploads\/2018\/08\/Instalacoes-sala-aula1-495x400.jpg' class='first_thumb lightbox ' data-onclick='16' title='Instalacoes-sala aula1'  itemprop=\"thumbnailUrl\"  ><img class=\"wp-image-472 avia-img-lazy-loading-not-472\"   src=\"https:\/\/isupekuikui2.co.ao\/ao2\/wp-content\/uploads\/2018\/08\/Instalacoes-sala-aula1-495x400.jpg\" width=\"495\" height=\"400\"  title='Instalacoes-sala aula1' alt='' srcset=\"https:\/\/isupekuikui2.co.ao\/ao2\/wp-content\/uploads\/2018\/08\/Instalacoes-sala-aula1-495x400.jpg 495w, https:\/\/isupekuikui2.co.ao\/ao2\/wp-content\/uploads\/2018\/08\/Instalacoes-sala-aula1-845x684.jpg 845w\" sizes=\"(max-width: 495px) 100vw, 495px\" \/><\/a> <a href=\"https:\/\/isupekuikui2.co.ao\/ao2\/wp-content\/uploads\/2018\/08\/Instalacoes-reprografia-1030x687.jpg\" href=\"1030\" href=\"687\" href=\"1\" href=\"https:\/\/isupekuikui2.co.ao\/ao2\/wp-content\/uploads\/2018\/08\/Instalacoes-reprografia.jpg 1030w, https:\/\/isupekuikui2.co.ao\/ao2\/wp-content\/uploads\/2018\/08\/Instalacoes-reprografia-300x200.jpg 300w, https:\/\/isupekuikui2.co.ao\/ao2\/wp-content\/uploads\/2018\/08\/Instalacoes-reprografia-768x512.jpg 768w, https:\/\/isupekuikui2.co.ao\/ao2\/wp-content\/uploads\/2018\/08\/Instalacoes-reprografia-705x470.jpg 705w, https:\/\/isupekuikui2.co.ao\/ao2\/wp-content\/uploads\/2018\/08\/Instalacoes-reprografia-450x300.jpg 450w\" href=\"(max-width: 1030px) 100vw, 1030px\" data-rel='gallery-1' data-prev-img='https:\/\/isupekuikui2.co.ao\/ao2\/wp-content\/uploads\/2018\/08\/Instalacoes-reprografia-495x400.jpg' class='lightbox ' data-onclick='17' title='Instalacoes-reprografia'  itemprop=\"thumbnailUrl\"  ><img class=\"wp-image-471 avia-img-lazy-loading-not-471\"   src=\"https:\/\/isupekuikui2.co.ao\/ao2\/wp-content\/uploads\/2018\/08\/Instalacoes-reprografia-495x400.jpg\" width=\"495\" height=\"400\"  title='Instalacoes-reprografia' alt='' srcset=\"https:\/\/isupekuikui2.co.ao\/ao2\/wp-content\/uploads\/2018\/08\/Instalacoes-reprografia-495x400.jpg 495w, https:\/\/isupekuikui2.co.ao\/ao2\/wp-content\/uploads\/2018\/08\/Instalacoes-reprografia-845x684.jpg 845w\" sizes=\"(max-width: 495px) 100vw, 495px\" \/><\/a> <a href=\"https:\/\/isupekuikui2.co.ao\/ao2\/wp-content\/uploads\/2018\/08\/instalacoes-Fachada5_a\u0300-noite-1030x579.jpg\" href=\"1030\" href=\"579\" href=\"1\" href=\"https:\/\/isupekuikui2.co.ao\/ao2\/wp-content\/uploads\/2018\/08\/instalacoes-Fachada5_a\u0300-noite.jpg 1030w, https:\/\/isupekuikui2.co.ao\/ao2\/wp-content\/uploads\/2018\/08\/instalacoes-Fachada5_a\u0300-noite-300x169.jpg 300w, https:\/\/isupekuikui2.co.ao\/ao2\/wp-content\/uploads\/2018\/08\/instalacoes-Fachada5_a\u0300-noite-768x432.jpg 768w, https:\/\/isupekuikui2.co.ao\/ao2\/wp-content\/uploads\/2018\/08\/instalacoes-Fachada5_a\u0300-noite-705x396.jpg 705w, https:\/\/isupekuikui2.co.ao\/ao2\/wp-content\/uploads\/2018\/08\/instalacoes-Fachada5_a\u0300-noite-450x253.jpg 450w\" href=\"(max-width: 1030px) 100vw, 1030px\" data-rel='gallery-1' data-prev-img='https:\/\/isupekuikui2.co.ao\/ao2\/wp-content\/uploads\/2018\/08\/instalacoes-Fachada5_a\u0300-noite-495x400.jpg' class='lightbox ' data-onclick='18' title='instalacoes-Fachada5_a\u0300 noite'  itemprop=\"thumbnailUrl\"  ><img class=\"wp-image-470 avia-img-lazy-loading-not-470\"   src=\"https:\/\/isupekuikui2.co.ao\/ao2\/wp-content\/uploads\/2018\/08\/instalacoes-Fachada5_a\u0300-noite-495x400.jpg\" width=\"495\" height=\"400\"  title='instalacoes-Fachada5_a\u0300 noite' alt='' \/><\/a> <a href=\"https:\/\/isupekuikui2.co.ao\/ao2\/wp-content\/uploads\/2018\/08\/instalacoes-Fachada4-769x1030.jpg\" href=\"769\" href=\"1030\" href=\"1\" href=\"https:\/\/isupekuikui2.co.ao\/ao2\/wp-content\/uploads\/2018\/08\/instalacoes-Fachada4-769x1030.jpg 769w, https:\/\/isupekuikui2.co.ao\/ao2\/wp-content\/uploads\/2018\/08\/instalacoes-Fachada4-224x300.jpg 224w, https:\/\/isupekuikui2.co.ao\/ao2\/wp-content\/uploads\/2018\/08\/instalacoes-Fachada4-768x1028.jpg 768w, https:\/\/isupekuikui2.co.ao\/ao2\/wp-content\/uploads\/2018\/08\/instalacoes-Fachada4-527x705.jpg 527w, https:\/\/isupekuikui2.co.ao\/ao2\/wp-content\/uploads\/2018\/08\/instalacoes-Fachada4-450x602.jpg 450w, https:\/\/isupekuikui2.co.ao\/ao2\/wp-content\/uploads\/2018\/08\/instalacoes-Fachada4.jpg 1030w\" href=\"(max-width: 769px) 100vw, 769px\" data-rel='gallery-1' data-prev-img='https:\/\/isupekuikui2.co.ao\/ao2\/wp-content\/uploads\/2018\/08\/instalacoes-Fachada4-495x400.jpg' class='lightbox ' data-onclick='19' title='instalacoes-Fachada4'  itemprop=\"thumbnailUrl\"  ><img class=\"wp-image-469 avia-img-lazy-loading-not-469\"   src=\"https:\/\/isupekuikui2.co.ao\/ao2\/wp-content\/uploads\/2018\/08\/instalacoes-Fachada4-495x400.jpg\" width=\"495\" height=\"400\"  title='instalacoes-Fachada4' alt='' srcset=\"https:\/\/isupekuikui2.co.ao\/ao2\/wp-content\/uploads\/2018\/08\/instalacoes-Fachada4-495x400.jpg 495w, https:\/\/isupekuikui2.co.ao\/ao2\/wp-content\/uploads\/2018\/08\/instalacoes-Fachada4-845x684.jpg 845w\" sizes=\"(max-width: 495px) 100vw, 495px\" \/><\/a> <a href=\"https:\/\/isupekuikui2.co.ao\/ao2\/wp-content\/uploads\/2018\/08\/instalacoes-Fachada3-1030x769.jpg\" href=\"1030\" href=\"769\" href=\"1\" href=\"https:\/\/isupekuikui2.co.ao\/ao2\/wp-content\/uploads\/2018\/08\/instalacoes-Fachada3.jpg 1030w, https:\/\/isupekuikui2.co.ao\/ao2\/wp-content\/uploads\/2018\/08\/instalacoes-Fachada3-300x224.jpg 300w, https:\/\/isupekuikui2.co.ao\/ao2\/wp-content\/uploads\/2018\/08\/instalacoes-Fachada3-768x573.jpg 768w, https:\/\/isupekuikui2.co.ao\/ao2\/wp-content\/uploads\/2018\/08\/instalacoes-Fachada3-705x526.jpg 705w, https:\/\/isupekuikui2.co.ao\/ao2\/wp-content\/uploads\/2018\/08\/instalacoes-Fachada3-450x336.jpg 450w\" href=\"(max-width: 1030px) 100vw, 1030px\" data-rel='gallery-1' data-prev-img='https:\/\/isupekuikui2.co.ao\/ao2\/wp-content\/uploads\/2018\/08\/instalacoes-Fachada3-495x400.jpg' class='lightbox ' data-onclick='20' title='instalacoes-Fachada3'  itemprop=\"thumbnailUrl\"  ><img class=\"wp-image-468 avia-img-lazy-loading-not-468\"   src=\"https:\/\/isupekuikui2.co.ao\/ao2\/wp-content\/uploads\/2018\/08\/instalacoes-Fachada3-495x400.jpg\" width=\"495\" height=\"400\"  title='instalacoes-Fachada3' alt='' srcset=\"https:\/\/isupekuikui2.co.ao\/ao2\/wp-content\/uploads\/2018\/08\/instalacoes-Fachada3-495x400.jpg 495w, https:\/\/isupekuikui2.co.ao\/ao2\/wp-content\/uploads\/2018\/08\/instalacoes-Fachada3-845x684.jpg 845w\" sizes=\"(max-width: 495px) 100vw, 495px\" \/><\/a> <a href=\"https:\/\/isupekuikui2.co.ao\/ao2\/wp-content\/uploads\/2018\/08\/instalacoes-Fachada2-1030x769.jpg\" href=\"1030\" href=\"769\" href=\"1\" href=\"https:\/\/isupekuikui2.co.ao\/ao2\/wp-content\/uploads\/2018\/08\/instalacoes-Fachada2.jpg 1030w, https:\/\/isupekuikui2.co.ao\/ao2\/wp-content\/uploads\/2018\/08\/instalacoes-Fachada2-300x224.jpg 300w, https:\/\/isupekuikui2.co.ao\/ao2\/wp-content\/uploads\/2018\/08\/instalacoes-Fachada2-768x573.jpg 768w, https:\/\/isupekuikui2.co.ao\/ao2\/wp-content\/uploads\/2018\/08\/instalacoes-Fachada2-705x526.jpg 705w, https:\/\/isupekuikui2.co.ao\/ao2\/wp-content\/uploads\/2018\/08\/instalacoes-Fachada2-450x336.jpg 450w\" href=\"(max-width: 1030px) 100vw, 1030px\" data-rel='gallery-1' data-prev-img='https:\/\/isupekuikui2.co.ao\/ao2\/wp-content\/uploads\/2018\/08\/instalacoes-Fachada2-495x400.jpg' class='first_thumb lightbox ' data-onclick='21' title='instalacoes-Fachada2'  itemprop=\"thumbnailUrl\"  ><img class=\"wp-image-467 avia-img-lazy-loading-not-467\"   src=\"https:\/\/isupekuikui2.co.ao\/ao2\/wp-content\/uploads\/2018\/08\/instalacoes-Fachada2-495x400.jpg\" width=\"495\" height=\"400\"  title='instalacoes-Fachada2' alt='' srcset=\"https:\/\/isupekuikui2.co.ao\/ao2\/wp-content\/uploads\/2018\/08\/instalacoes-Fachada2-495x400.jpg 495w, https:\/\/isupekuikui2.co.ao\/ao2\/wp-content\/uploads\/2018\/08\/instalacoes-Fachada2-845x684.jpg 845w\" sizes=\"(max-width: 495px) 100vw, 495px\" \/><\/a> <a href=\"https:\/\/isupekuikui2.co.ao\/ao2\/wp-content\/uploads\/2018\/08\/instalacoes-Fachada1-1030x769.jpg\" href=\"1030\" href=\"769\" href=\"1\" href=\"https:\/\/isupekuikui2.co.ao\/ao2\/wp-content\/uploads\/2018\/08\/instalacoes-Fachada1.jpg 1030w, https:\/\/isupekuikui2.co.ao\/ao2\/wp-content\/uploads\/2018\/08\/instalacoes-Fachada1-300x224.jpg 300w, https:\/\/isupekuikui2.co.ao\/ao2\/wp-content\/uploads\/2018\/08\/instalacoes-Fachada1-768x573.jpg 768w, https:\/\/isupekuikui2.co.ao\/ao2\/wp-content\/uploads\/2018\/08\/instalacoes-Fachada1-705x526.jpg 705w, https:\/\/isupekuikui2.co.ao\/ao2\/wp-content\/uploads\/2018\/08\/instalacoes-Fachada1-450x336.jpg 450w\" href=\"(max-width: 1030px) 100vw, 1030px\" data-rel='gallery-1' data-prev-img='https:\/\/isupekuikui2.co.ao\/ao2\/wp-content\/uploads\/2018\/08\/instalacoes-Fachada1-495x400.jpg' class='lightbox ' data-onclick='22' title='instalacoes-Fachada1'  itemprop=\"thumbnailUrl\"  ><img class=\"wp-image-466 avia-img-lazy-loading-not-466\"   src=\"https:\/\/isupekuikui2.co.ao\/ao2\/wp-content\/uploads\/2018\/08\/instalacoes-Fachada1-495x400.jpg\" width=\"495\" height=\"400\"  title='instalacoes-Fachada1' alt='' srcset=\"https:\/\/isupekuikui2.co.ao\/ao2\/wp-content\/uploads\/2018\/08\/instalacoes-Fachada1-495x400.jpg 495w, https:\/\/isupekuikui2.co.ao\/ao2\/wp-content\/uploads\/2018\/08\/instalacoes-Fachada1-845x684.jpg 845w\" sizes=\"(max-width: 495px) 100vw, 495px\" \/><\/a> <a href=\"https:\/\/isupekuikui2.co.ao\/ao2\/wp-content\/uploads\/2018\/08\/Instalacoes-campos-1030x687.jpg\" href=\"1030\" href=\"687\" href=\"1\" href=\"https:\/\/isupekuikui2.co.ao\/ao2\/wp-content\/uploads\/2018\/08\/Instalacoes-campos.jpg 1030w, https:\/\/isupekuikui2.co.ao\/ao2\/wp-content\/uploads\/2018\/08\/Instalacoes-campos-300x200.jpg 300w, https:\/\/isupekuikui2.co.ao\/ao2\/wp-content\/uploads\/2018\/08\/Instalacoes-campos-768x512.jpg 768w, https:\/\/isupekuikui2.co.ao\/ao2\/wp-content\/uploads\/2018\/08\/Instalacoes-campos-705x470.jpg 705w, https:\/\/isupekuikui2.co.ao\/ao2\/wp-content\/uploads\/2018\/08\/Instalacoes-campos-450x300.jpg 450w\" href=\"(max-width: 1030px) 100vw, 1030px\" data-rel='gallery-1' data-prev-img='https:\/\/isupekuikui2.co.ao\/ao2\/wp-content\/uploads\/2018\/08\/Instalacoes-campos-495x400.jpg' class='lightbox ' data-onclick='23' title='Instalacoes-campos'  itemprop=\"thumbnailUrl\"  ><img class=\"wp-image-465 avia-img-lazy-loading-not-465\"   src=\"https:\/\/isupekuikui2.co.ao\/ao2\/wp-content\/uploads\/2018\/08\/Instalacoes-campos-495x400.jpg\" width=\"495\" height=\"400\"  title='Instalacoes-campos' alt='' srcset=\"https:\/\/isupekuikui2.co.ao\/ao2\/wp-content\/uploads\/2018\/08\/Instalacoes-campos-495x400.jpg 495w, https:\/\/isupekuikui2.co.ao\/ao2\/wp-content\/uploads\/2018\/08\/Instalacoes-campos-845x684.jpg 845w\" sizes=\"(max-width: 495px) 100vw, 495px\" \/><\/a> <a href=\"https:\/\/isupekuikui2.co.ao\/ao2\/wp-content\/uploads\/2018\/08\/Instalacoes-biblioteca-1030x687.jpg\" href=\"1030\" href=\"687\" href=\"1\" href=\"https:\/\/isupekuikui2.co.ao\/ao2\/wp-content\/uploads\/2018\/08\/Instalacoes-biblioteca.jpg 1030w, https:\/\/isupekuikui2.co.ao\/ao2\/wp-content\/uploads\/2018\/08\/Instalacoes-biblioteca-300x200.jpg 300w, https:\/\/isupekuikui2.co.ao\/ao2\/wp-content\/uploads\/2018\/08\/Instalacoes-biblioteca-768x512.jpg 768w, https:\/\/isupekuikui2.co.ao\/ao2\/wp-content\/uploads\/2018\/08\/Instalacoes-biblioteca-705x470.jpg 705w, https:\/\/isupekuikui2.co.ao\/ao2\/wp-content\/uploads\/2018\/08\/Instalacoes-biblioteca-450x300.jpg 450w\" href=\"(max-width: 1030px) 100vw, 1030px\" data-rel='gallery-1' data-prev-img='https:\/\/isupekuikui2.co.ao\/ao2\/wp-content\/uploads\/2018\/08\/Instalacoes-biblioteca-495x400.jpg' class='lightbox ' data-onclick='24' title='Instalacoes-biblioteca'  itemprop=\"thumbnailUrl\"  ><img class=\"wp-image-464 avia-img-lazy-loading-not-464\"   src=\"https:\/\/isupekuikui2.co.ao\/ao2\/wp-content\/uploads\/2018\/08\/Instalacoes-biblioteca-495x400.jpg\" width=\"495\" height=\"400\"  title='Instalacoes-biblioteca' alt='' srcset=\"https:\/\/isupekuikui2.co.ao\/ao2\/wp-content\/uploads\/2018\/08\/Instalacoes-biblioteca-495x400.jpg 495w, https:\/\/isupekuikui2.co.ao\/ao2\/wp-content\/uploads\/2018\/08\/Instalacoes-biblioteca-845x684.jpg 845w\" sizes=\"(max-width: 495px) 100vw, 495px\" \/><\/a> <a href=\"https:\/\/isupekuikui2.co.ao\/ao2\/wp-content\/uploads\/2018\/08\/Instalacoes-bar3-1030x687.jpg\" href=\"1030\" href=\"687\" href=\"1\" href=\"https:\/\/isupekuikui2.co.ao\/ao2\/wp-content\/uploads\/2018\/08\/Instalacoes-bar3.jpg 1030w, https:\/\/isupekuikui2.co.ao\/ao2\/wp-content\/uploads\/2018\/08\/Instalacoes-bar3-300x200.jpg 300w, https:\/\/isupekuikui2.co.ao\/ao2\/wp-content\/uploads\/2018\/08\/Instalacoes-bar3-768x512.jpg 768w, https:\/\/isupekuikui2.co.ao\/ao2\/wp-content\/uploads\/2018\/08\/Instalacoes-bar3-705x470.jpg 705w, https:\/\/isupekuikui2.co.ao\/ao2\/wp-content\/uploads\/2018\/08\/Instalacoes-bar3-450x300.jpg 450w\" href=\"(max-width: 1030px) 100vw, 1030px\" data-rel='gallery-1' data-prev-img='https:\/\/isupekuikui2.co.ao\/ao2\/wp-content\/uploads\/2018\/08\/Instalacoes-bar3-495x400.jpg' class='lightbox ' data-onclick='25' title='Instalacoes-bar3'  itemprop=\"thumbnailUrl\"  ><img class=\"wp-image-463 avia-img-lazy-loading-not-463\"   src=\"https:\/\/isupekuikui2.co.ao\/ao2\/wp-content\/uploads\/2018\/08\/Instalacoes-bar3-495x400.jpg\" width=\"495\" height=\"400\"  title='Instalacoes-bar3' alt='' srcset=\"https:\/\/isupekuikui2.co.ao\/ao2\/wp-content\/uploads\/2018\/08\/Instalacoes-bar3-495x400.jpg 495w, https:\/\/isupekuikui2.co.ao\/ao2\/wp-content\/uploads\/2018\/08\/Instalacoes-bar3-845x684.jpg 845w\" sizes=\"(max-width: 495px) 100vw, 495px\" \/><\/a> <a href=\"https:\/\/isupekuikui2.co.ao\/ao2\/wp-content\/uploads\/2018\/08\/Instalacoes-bar2-1030x687.jpg\" href=\"1030\" href=\"687\" href=\"1\" href=\"https:\/\/isupekuikui2.co.ao\/ao2\/wp-content\/uploads\/2018\/08\/Instalacoes-bar2.jpg 1030w, https:\/\/isupekuikui2.co.ao\/ao2\/wp-content\/uploads\/2018\/08\/Instalacoes-bar2-300x200.jpg 300w, https:\/\/isupekuikui2.co.ao\/ao2\/wp-content\/uploads\/2018\/08\/Instalacoes-bar2-768x512.jpg 768w, https:\/\/isupekuikui2.co.ao\/ao2\/wp-content\/uploads\/2018\/08\/Instalacoes-bar2-705x470.jpg 705w, https:\/\/isupekuikui2.co.ao\/ao2\/wp-content\/uploads\/2018\/08\/Instalacoes-bar2-450x300.jpg 450w\" href=\"(max-width: 1030px) 100vw, 1030px\" data-rel='gallery-1' data-prev-img='https:\/\/isupekuikui2.co.ao\/ao2\/wp-content\/uploads\/2018\/08\/Instalacoes-bar2-495x400.jpg' class='first_thumb lightbox ' data-onclick='26' title='Instalacoes-bar2'  itemprop=\"thumbnailUrl\"  ><img class=\"wp-image-462 avia-img-lazy-loading-not-462\"   src=\"https:\/\/isupekuikui2.co.ao\/ao2\/wp-content\/uploads\/2018\/08\/Instalacoes-bar2-495x400.jpg\" width=\"495\" height=\"400\"  title='Instalacoes-bar2' alt='' srcset=\"https:\/\/isupekuikui2.co.ao\/ao2\/wp-content\/uploads\/2018\/08\/Instalacoes-bar2-495x400.jpg 495w, https:\/\/isupekuikui2.co.ao\/ao2\/wp-content\/uploads\/2018\/08\/Instalacoes-bar2-845x684.jpg 845w\" sizes=\"(max-width: 495px) 100vw, 495px\" \/><\/a> <a href=\"https:\/\/isupekuikui2.co.ao\/ao2\/wp-content\/uploads\/2018\/08\/Instalacoes-bar1-1030x687.jpg\" href=\"1030\" href=\"687\" href=\"1\" href=\"https:\/\/isupekuikui2.co.ao\/ao2\/wp-content\/uploads\/2018\/08\/Instalacoes-bar1.jpg 1030w, https:\/\/isupekuikui2.co.ao\/ao2\/wp-content\/uploads\/2018\/08\/Instalacoes-bar1-300x200.jpg 300w, https:\/\/isupekuikui2.co.ao\/ao2\/wp-content\/uploads\/2018\/08\/Instalacoes-bar1-768x512.jpg 768w, https:\/\/isupekuikui2.co.ao\/ao2\/wp-content\/uploads\/2018\/08\/Instalacoes-bar1-705x470.jpg 705w, https:\/\/isupekuikui2.co.ao\/ao2\/wp-content\/uploads\/2018\/08\/Instalacoes-bar1-450x300.jpg 450w\" href=\"(max-width: 1030px) 100vw, 1030px\" data-rel='gallery-1' data-prev-img='https:\/\/isupekuikui2.co.ao\/ao2\/wp-content\/uploads\/2018\/08\/Instalacoes-bar1-495x400.jpg' class='lightbox ' data-onclick='27' title='Instalacoes-bar1'  itemprop=\"thumbnailUrl\"  ><img class=\"wp-image-461 avia-img-lazy-loading-not-461\"   src=\"https:\/\/isupekuikui2.co.ao\/ao2\/wp-content\/uploads\/2018\/08\/Instalacoes-bar1-495x400.jpg\" width=\"495\" height=\"400\"  title='Instalacoes-bar1' alt='' srcset=\"https:\/\/isupekuikui2.co.ao\/ao2\/wp-content\/uploads\/2018\/08\/Instalacoes-bar1-495x400.jpg 495w, https:\/\/isupekuikui2.co.ao\/ao2\/wp-content\/uploads\/2018\/08\/Instalacoes-bar1-845x684.jpg 845w\" sizes=\"(max-width: 495px) 100vw, 495px\" \/><\/a> <a href=\"https:\/\/isupekuikui2.co.ao\/ao2\/wp-content\/uploads\/2018\/08\/Instalacoes-balneario-1030x687.jpg\" href=\"1030\" href=\"687\" href=\"1\" href=\"https:\/\/isupekuikui2.co.ao\/ao2\/wp-content\/uploads\/2018\/08\/Instalacoes-balneario.jpg 1030w, https:\/\/isupekuikui2.co.ao\/ao2\/wp-content\/uploads\/2018\/08\/Instalacoes-balneario-300x200.jpg 300w, https:\/\/isupekuikui2.co.ao\/ao2\/wp-content\/uploads\/2018\/08\/Instalacoes-balneario-768x512.jpg 768w, https:\/\/isupekuikui2.co.ao\/ao2\/wp-content\/uploads\/2018\/08\/Instalacoes-balneario-705x470.jpg 705w, https:\/\/isupekuikui2.co.ao\/ao2\/wp-content\/uploads\/2018\/08\/Instalacoes-balneario-450x300.jpg 450w\" href=\"(max-width: 1030px) 100vw, 1030px\" data-rel='gallery-1' data-prev-img='https:\/\/isupekuikui2.co.ao\/ao2\/wp-content\/uploads\/2018\/08\/Instalacoes-balneario-495x400.jpg' class='lightbox ' data-onclick='28' title='Instalacoes-balneario'  itemprop=\"thumbnailUrl\"  ><img class=\"wp-image-460 avia-img-lazy-loading-not-460\"   src=\"https:\/\/isupekuikui2.co.ao\/ao2\/wp-content\/uploads\/2018\/08\/Instalacoes-balneario-495x400.jpg\" width=\"495\" height=\"400\"  title='Instalacoes-balneario' alt='' srcset=\"https:\/\/isupekuikui2.co.ao\/ao2\/wp-content\/uploads\/2018\/08\/Instalacoes-balneario-495x400.jpg 495w, https:\/\/isupekuikui2.co.ao\/ao2\/wp-content\/uploads\/2018\/08\/Instalacoes-balneario-845x684.jpg 845w\" sizes=\"(max-width: 495px) 100vw, 495px\" \/><\/a> <a href=\"https:\/\/isupekuikui2.co.ao\/ao2\/wp-content\/uploads\/2018\/11\/DSC_8485-1030x690.jpg\" href=\"1030\" href=\"690\" href=\"1\" href=\"https:\/\/isupekuikui2.co.ao\/ao2\/wp-content\/uploads\/2018\/11\/DSC_8485-1030x690.jpg 1030w, https:\/\/isupekuikui2.co.ao\/ao2\/wp-content\/uploads\/2018\/11\/DSC_8485-300x201.jpg 300w, https:\/\/isupekuikui2.co.ao\/ao2\/wp-content\/uploads\/2018\/11\/DSC_8485-768x514.jpg 768w, https:\/\/isupekuikui2.co.ao\/ao2\/wp-content\/uploads\/2018\/11\/DSC_8485-1500x1004.jpg 1500w, https:\/\/isupekuikui2.co.ao\/ao2\/wp-content\/uploads\/2018\/11\/DSC_8485-705x472.jpg 705w, https:\/\/isupekuikui2.co.ao\/ao2\/wp-content\/uploads\/2018\/11\/DSC_8485-450x301.jpg 450w\" href=\"(max-width: 1030px) 100vw, 1030px\" data-rel='gallery-1' data-prev-img='https:\/\/isupekuikui2.co.ao\/ao2\/wp-content\/uploads\/2018\/11\/DSC_8485-495x400.jpg' class='lightbox ' data-onclick='29' title='DSC_8485'  itemprop=\"thumbnailUrl\"  ><img class=\"wp-image-797 avia-img-lazy-loading-not-797\"   src=\"https:\/\/isupekuikui2.co.ao\/ao2\/wp-content\/uploads\/2018\/11\/DSC_8485-495x400.jpg\" width=\"495\" height=\"400\"  title='DSC_8485' alt='' srcset=\"https:\/\/isupekuikui2.co.ao\/ao2\/wp-content\/uploads\/2018\/11\/DSC_8485-495x400.jpg 495w, https:\/\/isupekuikui2.co.ao\/ao2\/wp-content\/uploads\/2018\/11\/DSC_8485-845x684.jpg 845w\" sizes=\"(max-width: 495px) 100vw, 495px\" \/><\/a> <a href=\"https:\/\/isupekuikui2.co.ao\/ao2\/wp-content\/uploads\/2018\/11\/IMG_6639-687x1030.jpg\" href=\"687\" href=\"1030\" href=\"1\" href=\"https:\/\/isupekuikui2.co.ao\/ao2\/wp-content\/uploads\/2018\/11\/IMG_6639-687x1030.jpg 687w, https:\/\/isupekuikui2.co.ao\/ao2\/wp-content\/uploads\/2018\/11\/IMG_6639-200x300.jpg 200w, https:\/\/isupekuikui2.co.ao\/ao2\/wp-content\/uploads\/2018\/11\/IMG_6639-768x1152.jpg 768w, https:\/\/isupekuikui2.co.ao\/ao2\/wp-content\/uploads\/2018\/11\/IMG_6639-1000x1500.jpg 1000w, https:\/\/isupekuikui2.co.ao\/ao2\/wp-content\/uploads\/2018\/11\/IMG_6639-470x705.jpg 470w, https:\/\/isupekuikui2.co.ao\/ao2\/wp-content\/uploads\/2018\/11\/IMG_6639-450x675.jpg 450w, https:\/\/isupekuikui2.co.ao\/ao2\/wp-content\/uploads\/2018\/11\/IMG_6639.jpg 2048w\" href=\"(max-width: 687px) 100vw, 687px\" data-rel='gallery-1' data-prev-img='https:\/\/isupekuikui2.co.ao\/ao2\/wp-content\/uploads\/2018\/11\/IMG_6639-495x400.jpg' class='lightbox ' data-onclick='30' title='IMG_6639'  itemprop=\"thumbnailUrl\"  ><img class=\"wp-image-799 avia-img-lazy-loading-not-799\"   src=\"https:\/\/isupekuikui2.co.ao\/ao2\/wp-content\/uploads\/2018\/11\/IMG_6639-495x400.jpg\" width=\"495\" height=\"400\"  title='IMG_6639' alt='' srcset=\"https:\/\/isupekuikui2.co.ao\/ao2\/wp-content\/uploads\/2018\/11\/IMG_6639-495x400.jpg 495w, https:\/\/isupekuikui2.co.ao\/ao2\/wp-content\/uploads\/2018\/11\/IMG_6639-845x684.jpg 845w\" sizes=\"(max-width: 495px) 100vw, 495px\" \/><\/a> <a href=\"https:\/\/isupekuikui2.co.ao\/ao2\/wp-content\/uploads\/2018\/11\/IMG_0040-1030x773.jpg\" href=\"1030\" href=\"773\" href=\"1\" href=\"https:\/\/isupekuikui2.co.ao\/ao2\/wp-content\/uploads\/2018\/11\/IMG_0040-1030x773.jpg 1030w, https:\/\/isupekuikui2.co.ao\/ao2\/wp-content\/uploads\/2018\/11\/IMG_0040-300x225.jpg 300w, https:\/\/isupekuikui2.co.ao\/ao2\/wp-content\/uploads\/2018\/11\/IMG_0040-768x576.jpg 768w, https:\/\/isupekuikui2.co.ao\/ao2\/wp-content\/uploads\/2018\/11\/IMG_0040-1500x1125.jpg 1500w, https:\/\/isupekuikui2.co.ao\/ao2\/wp-content\/uploads\/2018\/11\/IMG_0040-705x529.jpg 705w, https:\/\/isupekuikui2.co.ao\/ao2\/wp-content\/uploads\/2018\/11\/IMG_0040-450x338.jpg 450w\" href=\"(max-width: 1030px) 100vw, 1030px\" data-rel='gallery-1' data-prev-img='https:\/\/isupekuikui2.co.ao\/ao2\/wp-content\/uploads\/2018\/11\/IMG_0040-495x400.jpg' class='first_thumb lightbox ' data-onclick='31' title='IMG_0040'  itemprop=\"thumbnailUrl\"  ><img class=\"wp-image-800 avia-img-lazy-loading-not-800\"   src=\"https:\/\/isupekuikui2.co.ao\/ao2\/wp-content\/uploads\/2018\/11\/IMG_0040-495x400.jpg\" width=\"495\" height=\"400\"  title='IMG_0040' alt='' srcset=\"https:\/\/isupekuikui2.co.ao\/ao2\/wp-content\/uploads\/2018\/11\/IMG_0040-495x400.jpg 495w, https:\/\/isupekuikui2.co.ao\/ao2\/wp-content\/uploads\/2018\/11\/IMG_0040-845x684.jpg 845w\" sizes=\"(max-width: 495px) 100vw, 495px\" \/><\/a> <a href=\"https:\/\/isupekuikui2.co.ao\/ao2\/wp-content\/uploads\/2018\/11\/IMG_0896-1030x687.jpg\" href=\"1030\" href=\"687\" href=\"1\" href=\"https:\/\/isupekuikui2.co.ao\/ao2\/wp-content\/uploads\/2018\/11\/IMG_0896-1030x687.jpg 1030w, https:\/\/isupekuikui2.co.ao\/ao2\/wp-content\/uploads\/2018\/11\/IMG_0896-300x200.jpg 300w, https:\/\/isupekuikui2.co.ao\/ao2\/wp-content\/uploads\/2018\/11\/IMG_0896-768x512.jpg 768w, https:\/\/isupekuikui2.co.ao\/ao2\/wp-content\/uploads\/2018\/11\/IMG_0896-1500x1000.jpg 1500w, https:\/\/isupekuikui2.co.ao\/ao2\/wp-content\/uploads\/2018\/11\/IMG_0896-705x470.jpg 705w, https:\/\/isupekuikui2.co.ao\/ao2\/wp-content\/uploads\/2018\/11\/IMG_0896-450x300.jpg 450w\" href=\"(max-width: 1030px) 100vw, 1030px\" data-rel='gallery-1' data-prev-img='https:\/\/isupekuikui2.co.ao\/ao2\/wp-content\/uploads\/2018\/11\/IMG_0896-495x400.jpg' class='lightbox ' data-onclick='32' title='IMG_0896'  itemprop=\"thumbnailUrl\"  ><img class=\"wp-image-801 avia-img-lazy-loading-not-801\"   src=\"https:\/\/isupekuikui2.co.ao\/ao2\/wp-content\/uploads\/2018\/11\/IMG_0896-495x400.jpg\" width=\"495\" height=\"400\"  title='IMG_0896' alt='' srcset=\"https:\/\/isupekuikui2.co.ao\/ao2\/wp-content\/uploads\/2018\/11\/IMG_0896-495x400.jpg 495w, https:\/\/isupekuikui2.co.ao\/ao2\/wp-content\/uploads\/2018\/11\/IMG_0896-845x684.jpg 845w\" sizes=\"(max-width: 495px) 100vw, 495px\" \/><\/a> <a href=\"https:\/\/isupekuikui2.co.ao\/ao2\/wp-content\/uploads\/2018\/11\/IMG_0909-1030x687.jpg\" href=\"1030\" href=\"687\" href=\"1\" href=\"https:\/\/isupekuikui2.co.ao\/ao2\/wp-content\/uploads\/2018\/11\/IMG_0909-1030x687.jpg 1030w, https:\/\/isupekuikui2.co.ao\/ao2\/wp-content\/uploads\/2018\/11\/IMG_0909-300x200.jpg 300w, https:\/\/isupekuikui2.co.ao\/ao2\/wp-content\/uploads\/2018\/11\/IMG_0909-768x512.jpg 768w, https:\/\/isupekuikui2.co.ao\/ao2\/wp-content\/uploads\/2018\/11\/IMG_0909-1500x1000.jpg 1500w, https:\/\/isupekuikui2.co.ao\/ao2\/wp-content\/uploads\/2018\/11\/IMG_0909-705x470.jpg 705w, https:\/\/isupekuikui2.co.ao\/ao2\/wp-content\/uploads\/2018\/11\/IMG_0909-450x300.jpg 450w\" href=\"(max-width: 1030px) 100vw, 1030px\" data-rel='gallery-1' data-prev-img='https:\/\/isupekuikui2.co.ao\/ao2\/wp-content\/uploads\/2018\/11\/IMG_0909-495x400.jpg' class='lightbox ' data-onclick='33' title='IMG_0909'  itemprop=\"thumbnailUrl\"  ><img class=\"wp-image-802 avia-img-lazy-loading-not-802\"   src=\"https:\/\/isupekuikui2.co.ao\/ao2\/wp-content\/uploads\/2018\/11\/IMG_0909-495x400.jpg\" width=\"495\" height=\"400\"  title='IMG_0909' alt='' srcset=\"https:\/\/isupekuikui2.co.ao\/ao2\/wp-content\/uploads\/2018\/11\/IMG_0909-495x400.jpg 495w, https:\/\/isupekuikui2.co.ao\/ao2\/wp-content\/uploads\/2018\/11\/IMG_0909-845x684.jpg 845w\" sizes=\"(max-width: 495px) 100vw, 495px\" \/><\/a> <a href=\"https:\/\/isupekuikui2.co.ao\/ao2\/wp-content\/uploads\/2018\/11\/IMG_0910-1030x687.jpg\" href=\"1030\" href=\"687\" href=\"1\" href=\"https:\/\/isupekuikui2.co.ao\/ao2\/wp-content\/uploads\/2018\/11\/IMG_0910-1030x687.jpg 1030w, https:\/\/isupekuikui2.co.ao\/ao2\/wp-content\/uploads\/2018\/11\/IMG_0910-300x200.jpg 300w, https:\/\/isupekuikui2.co.ao\/ao2\/wp-content\/uploads\/2018\/11\/IMG_0910-768x512.jpg 768w, https:\/\/isupekuikui2.co.ao\/ao2\/wp-content\/uploads\/2018\/11\/IMG_0910-1500x1000.jpg 1500w, https:\/\/isupekuikui2.co.ao\/ao2\/wp-content\/uploads\/2018\/11\/IMG_0910-705x470.jpg 705w, https:\/\/isupekuikui2.co.ao\/ao2\/wp-content\/uploads\/2018\/11\/IMG_0910-450x300.jpg 450w\" href=\"(max-width: 1030px) 100vw, 1030px\" data-rel='gallery-1' data-prev-img='https:\/\/isupekuikui2.co.ao\/ao2\/wp-content\/uploads\/2018\/11\/IMG_0910-495x400.jpg' class='lightbox ' data-onclick='34' title='IMG_0910'  itemprop=\"thumbnailUrl\"  ><img class=\"wp-image-803 avia-img-lazy-loading-not-803\"   src=\"https:\/\/isupekuikui2.co.ao\/ao2\/wp-content\/uploads\/2018\/11\/IMG_0910-495x400.jpg\" width=\"495\" height=\"400\"  title='IMG_0910' alt='' srcset=\"https:\/\/isupekuikui2.co.ao\/ao2\/wp-content\/uploads\/2018\/11\/IMG_0910-495x400.jpg 495w, https:\/\/isupekuikui2.co.ao\/ao2\/wp-content\/uploads\/2018\/11\/IMG_0910-845x684.jpg 845w\" sizes=\"(max-width: 495px) 100vw, 495px\" \/><\/a> <a href=\"https:\/\/isupekuikui2.co.ao\/ao2\/wp-content\/uploads\/2018\/11\/IMG_0912-1030x687.jpg\" href=\"1030\" href=\"687\" href=\"1\" href=\"https:\/\/isupekuikui2.co.ao\/ao2\/wp-content\/uploads\/2018\/11\/IMG_0912-1030x687.jpg 1030w, https:\/\/isupekuikui2.co.ao\/ao2\/wp-content\/uploads\/2018\/11\/IMG_0912-300x200.jpg 300w, https:\/\/isupekuikui2.co.ao\/ao2\/wp-content\/uploads\/2018\/11\/IMG_0912-768x512.jpg 768w, https:\/\/isupekuikui2.co.ao\/ao2\/wp-content\/uploads\/2018\/11\/IMG_0912-1500x1000.jpg 1500w, https:\/\/isupekuikui2.co.ao\/ao2\/wp-content\/uploads\/2018\/11\/IMG_0912-705x470.jpg 705w, https:\/\/isupekuikui2.co.ao\/ao2\/wp-content\/uploads\/2018\/11\/IMG_0912-450x300.jpg 450w\" href=\"(max-width: 1030px) 100vw, 1030px\" data-rel='gallery-1' data-prev-img='https:\/\/isupekuikui2.co.ao\/ao2\/wp-content\/uploads\/2018\/11\/IMG_0912-495x400.jpg' class='lightbox ' data-onclick='35' title='IMG_0912'  itemprop=\"thumbnailUrl\"  ><img class=\"wp-image-804 avia-img-lazy-loading-not-804\"   src=\"https:\/\/isupekuikui2.co.ao\/ao2\/wp-content\/uploads\/2018\/11\/IMG_0912-495x400.jpg\" width=\"495\" height=\"400\"  title='IMG_0912' alt='' srcset=\"https:\/\/isupekuikui2.co.ao\/ao2\/wp-content\/uploads\/2018\/11\/IMG_0912-495x400.jpg 495w, https:\/\/isupekuikui2.co.ao\/ao2\/wp-content\/uploads\/2018\/11\/IMG_0912-845x684.jpg 845w\" sizes=\"(max-width: 495px) 100vw, 495px\" \/><\/a> <a href=\"https:\/\/isupekuikui2.co.ao\/ao2\/wp-content\/uploads\/2018\/11\/IMG_0917-1030x687.jpg\" href=\"1030\" href=\"687\" href=\"1\" href=\"https:\/\/isupekuikui2.co.ao\/ao2\/wp-content\/uploads\/2018\/11\/IMG_0917-1030x687.jpg 1030w, https:\/\/isupekuikui2.co.ao\/ao2\/wp-content\/uploads\/2018\/11\/IMG_0917-300x200.jpg 300w, https:\/\/isupekuikui2.co.ao\/ao2\/wp-content\/uploads\/2018\/11\/IMG_0917-768x512.jpg 768w, https:\/\/isupekuikui2.co.ao\/ao2\/wp-content\/uploads\/2018\/11\/IMG_0917-1500x1000.jpg 1500w, https:\/\/isupekuikui2.co.ao\/ao2\/wp-content\/uploads\/2018\/11\/IMG_0917-705x470.jpg 705w, https:\/\/isupekuikui2.co.ao\/ao2\/wp-content\/uploads\/2018\/11\/IMG_0917-450x300.jpg 450w\" href=\"(max-width: 1030px) 100vw, 1030px\" data-rel='gallery-1' data-prev-img='https:\/\/isupekuikui2.co.ao\/ao2\/wp-content\/uploads\/2018\/11\/IMG_0917-495x400.jpg' class='first_thumb lightbox ' data-onclick='36' title='IMG_0917'  itemprop=\"thumbnailUrl\"  ><img class=\"wp-image-805 avia-img-lazy-loading-not-805\"   src=\"https:\/\/isupekuikui2.co.ao\/ao2\/wp-content\/uploads\/2018\/11\/IMG_0917-495x400.jpg\" width=\"495\" height=\"400\"  title='IMG_0917' alt='' srcset=\"https:\/\/isupekuikui2.co.ao\/ao2\/wp-content\/uploads\/2018\/11\/IMG_0917-495x400.jpg 495w, https:\/\/isupekuikui2.co.ao\/ao2\/wp-content\/uploads\/2018\/11\/IMG_0917-845x684.jpg 845w\" sizes=\"(max-width: 495px) 100vw, 495px\" \/><\/a> <a href=\"https:\/\/isupekuikui2.co.ao\/ao2\/wp-content\/uploads\/2018\/11\/IMG_0919-1030x687.jpg\" href=\"1030\" href=\"687\" href=\"1\" href=\"https:\/\/isupekuikui2.co.ao\/ao2\/wp-content\/uploads\/2018\/11\/IMG_0919-1030x687.jpg 1030w, https:\/\/isupekuikui2.co.ao\/ao2\/wp-content\/uploads\/2018\/11\/IMG_0919-300x200.jpg 300w, https:\/\/isupekuikui2.co.ao\/ao2\/wp-content\/uploads\/2018\/11\/IMG_0919-768x512.jpg 768w, https:\/\/isupekuikui2.co.ao\/ao2\/wp-content\/uploads\/2018\/11\/IMG_0919-1500x1000.jpg 1500w, https:\/\/isupekuikui2.co.ao\/ao2\/wp-content\/uploads\/2018\/11\/IMG_0919-705x470.jpg 705w, https:\/\/isupekuikui2.co.ao\/ao2\/wp-content\/uploads\/2018\/11\/IMG_0919-450x300.jpg 450w\" href=\"(max-width: 1030px) 100vw, 1030px\" data-rel='gallery-1' data-prev-img='https:\/\/isupekuikui2.co.ao\/ao2\/wp-content\/uploads\/2018\/11\/IMG_0919-495x400.jpg' class='lightbox ' data-onclick='37' title='IMG_0919'  itemprop=\"thumbnailUrl\"  ><img class=\"wp-image-806 avia-img-lazy-loading-not-806\"   src=\"https:\/\/isupekuikui2.co.ao\/ao2\/wp-content\/uploads\/2018\/11\/IMG_0919-495x400.jpg\" width=\"495\" height=\"400\"  title='IMG_0919' alt='' srcset=\"https:\/\/isupekuikui2.co.ao\/ao2\/wp-content\/uploads\/2018\/11\/IMG_0919-495x400.jpg 495w, https:\/\/isupekuikui2.co.ao\/ao2\/wp-content\/uploads\/2018\/11\/IMG_0919-845x684.jpg 845w\" sizes=\"(max-width: 495px) 100vw, 495px\" \/><\/a> <a href=\"https:\/\/isupekuikui2.co.ao\/ao2\/wp-content\/uploads\/2018\/11\/IMG_0927-1030x687.jpg\" href=\"1030\" href=\"687\" href=\"1\" href=\"https:\/\/isupekuikui2.co.ao\/ao2\/wp-content\/uploads\/2018\/11\/IMG_0927-1030x687.jpg 1030w, https:\/\/isupekuikui2.co.ao\/ao2\/wp-content\/uploads\/2018\/11\/IMG_0927-300x200.jpg 300w, https:\/\/isupekuikui2.co.ao\/ao2\/wp-content\/uploads\/2018\/11\/IMG_0927-768x512.jpg 768w, https:\/\/isupekuikui2.co.ao\/ao2\/wp-content\/uploads\/2018\/11\/IMG_0927-1500x1000.jpg 1500w, https:\/\/isupekuikui2.co.ao\/ao2\/wp-content\/uploads\/2018\/11\/IMG_0927-705x470.jpg 705w, https:\/\/isupekuikui2.co.ao\/ao2\/wp-content\/uploads\/2018\/11\/IMG_0927-450x300.jpg 450w\" href=\"(max-width: 1030px) 100vw, 1030px\" data-rel='gallery-1' data-prev-img='https:\/\/isupekuikui2.co.ao\/ao2\/wp-content\/uploads\/2018\/11\/IMG_0927-495x400.jpg' class='lightbox ' data-onclick='38' title='IMG_0927'  itemprop=\"thumbnailUrl\"  ><img class=\"wp-image-807 avia-img-lazy-loading-not-807\"   src=\"https:\/\/isupekuikui2.co.ao\/ao2\/wp-content\/uploads\/2018\/11\/IMG_0927-495x400.jpg\" width=\"495\" height=\"400\"  title='IMG_0927' alt='' srcset=\"https:\/\/isupekuikui2.co.ao\/ao2\/wp-content\/uploads\/2018\/11\/IMG_0927-495x400.jpg 495w, https:\/\/isupekuikui2.co.ao\/ao2\/wp-content\/uploads\/2018\/11\/IMG_0927-845x684.jpg 845w\" sizes=\"(max-width: 495px) 100vw, 495px\" \/><\/a> <a href=\"https:\/\/isupekuikui2.co.ao\/ao2\/wp-content\/uploads\/2018\/11\/IMG_0939-1030x687.jpg\" href=\"1030\" href=\"687\" href=\"1\" href=\"https:\/\/isupekuikui2.co.ao\/ao2\/wp-content\/uploads\/2018\/11\/IMG_0939-1030x687.jpg 1030w, https:\/\/isupekuikui2.co.ao\/ao2\/wp-content\/uploads\/2018\/11\/IMG_0939-300x200.jpg 300w, https:\/\/isupekuikui2.co.ao\/ao2\/wp-content\/uploads\/2018\/11\/IMG_0939-768x512.jpg 768w, https:\/\/isupekuikui2.co.ao\/ao2\/wp-content\/uploads\/2018\/11\/IMG_0939-1500x1000.jpg 1500w, https:\/\/isupekuikui2.co.ao\/ao2\/wp-content\/uploads\/2018\/11\/IMG_0939-705x470.jpg 705w, https:\/\/isupekuikui2.co.ao\/ao2\/wp-content\/uploads\/2018\/11\/IMG_0939-450x300.jpg 450w\" href=\"(max-width: 1030px) 100vw, 1030px\" data-rel='gallery-1' data-prev-img='https:\/\/isupekuikui2.co.ao\/ao2\/wp-content\/uploads\/2018\/11\/IMG_0939-495x400.jpg' class='lightbox ' data-onclick='39' title='IMG_0939'  itemprop=\"thumbnailUrl\"  ><img class=\"wp-image-808 avia-img-lazy-loading-not-808\"   src=\"https:\/\/isupekuikui2.co.ao\/ao2\/wp-content\/uploads\/2018\/11\/IMG_0939-495x400.jpg\" width=\"495\" height=\"400\"  title='IMG_0939' alt='' srcset=\"https:\/\/isupekuikui2.co.ao\/ao2\/wp-content\/uploads\/2018\/11\/IMG_0939-495x400.jpg 495w, https:\/\/isupekuikui2.co.ao\/ao2\/wp-content\/uploads\/2018\/11\/IMG_0939-845x684.jpg 845w\" sizes=\"(max-width: 495px) 100vw, 495px\" \/><\/a> <a href=\"https:\/\/isupekuikui2.co.ao\/ao2\/wp-content\/uploads\/2018\/11\/IMG_0940-1030x687.jpg\" href=\"1030\" href=\"687\" href=\"1\" href=\"https:\/\/isupekuikui2.co.ao\/ao2\/wp-content\/uploads\/2018\/11\/IMG_0940-1030x687.jpg 1030w, https:\/\/isupekuikui2.co.ao\/ao2\/wp-content\/uploads\/2018\/11\/IMG_0940-300x200.jpg 300w, https:\/\/isupekuikui2.co.ao\/ao2\/wp-content\/uploads\/2018\/11\/IMG_0940-768x512.jpg 768w, https:\/\/isupekuikui2.co.ao\/ao2\/wp-content\/uploads\/2018\/11\/IMG_0940-1500x1000.jpg 1500w, https:\/\/isupekuikui2.co.ao\/ao2\/wp-content\/uploads\/2018\/11\/IMG_0940-705x470.jpg 705w, https:\/\/isupekuikui2.co.ao\/ao2\/wp-content\/uploads\/2018\/11\/IMG_0940-450x300.jpg 450w\" href=\"(max-width: 1030px) 100vw, 1030px\" data-rel='gallery-1' data-prev-img='https:\/\/isupekuikui2.co.ao\/ao2\/wp-content\/uploads\/2018\/11\/IMG_0940-495x400.jpg' class='lightbox ' data-onclick='40' title='IMG_0940'  itemprop=\"thumbnailUrl\"  ><img class=\"wp-image-809 avia-img-lazy-loading-not-809\"   src=\"https:\/\/isupekuikui2.co.ao\/ao2\/wp-content\/uploads\/2018\/11\/IMG_0940-495x400.jpg\" width=\"495\" height=\"400\"  title='IMG_0940' alt='' srcset=\"https:\/\/isupekuikui2.co.ao\/ao2\/wp-content\/uploads\/2018\/11\/IMG_0940-495x400.jpg 495w, https:\/\/isupekuikui2.co.ao\/ao2\/wp-content\/uploads\/2018\/11\/IMG_0940-845x684.jpg 845w\" sizes=\"(max-width: 495px) 100vw, 495px\" \/><\/a> <a href=\"https:\/\/isupekuikui2.co.ao\/ao2\/wp-content\/uploads\/2018\/11\/IMG_0940-1-1030x687.jpg\" href=\"1030\" href=\"687\" href=\"1\" href=\"https:\/\/isupekuikui2.co.ao\/ao2\/wp-content\/uploads\/2018\/11\/IMG_0940-1-1030x687.jpg 1030w, https:\/\/isupekuikui2.co.ao\/ao2\/wp-content\/uploads\/2018\/11\/IMG_0940-1-300x200.jpg 300w, https:\/\/isupekuikui2.co.ao\/ao2\/wp-content\/uploads\/2018\/11\/IMG_0940-1-768x512.jpg 768w, https:\/\/isupekuikui2.co.ao\/ao2\/wp-content\/uploads\/2018\/11\/IMG_0940-1-1500x1000.jpg 1500w, https:\/\/isupekuikui2.co.ao\/ao2\/wp-content\/uploads\/2018\/11\/IMG_0940-1-705x470.jpg 705w, https:\/\/isupekuikui2.co.ao\/ao2\/wp-content\/uploads\/2018\/11\/IMG_0940-1-450x300.jpg 450w\" href=\"(max-width: 1030px) 100vw, 1030px\" data-rel='gallery-1' data-prev-img='https:\/\/isupekuikui2.co.ao\/ao2\/wp-content\/uploads\/2018\/11\/IMG_0940-1-495x400.jpg' class='first_thumb lightbox ' data-onclick='41' title='IMG_0940'  itemprop=\"thumbnailUrl\"  ><img class=\"wp-image-810 avia-img-lazy-loading-not-810\"   src=\"https:\/\/isupekuikui2.co.ao\/ao2\/wp-content\/uploads\/2018\/11\/IMG_0940-1-495x400.jpg\" width=\"495\" height=\"400\"  title='IMG_0940' alt='' srcset=\"https:\/\/isupekuikui2.co.ao\/ao2\/wp-content\/uploads\/2018\/11\/IMG_0940-1-495x400.jpg 495w, https:\/\/isupekuikui2.co.ao\/ao2\/wp-content\/uploads\/2018\/11\/IMG_0940-1-845x684.jpg 845w\" sizes=\"(max-width: 495px) 100vw, 495px\" \/><\/a> <a href=\"https:\/\/isupekuikui2.co.ao\/ao2\/wp-content\/uploads\/2018\/11\/IMG_0944-1030x687.jpg\" href=\"1030\" href=\"687\" href=\"1\" href=\"https:\/\/isupekuikui2.co.ao\/ao2\/wp-content\/uploads\/2018\/11\/IMG_0944-1030x687.jpg 1030w, https:\/\/isupekuikui2.co.ao\/ao2\/wp-content\/uploads\/2018\/11\/IMG_0944-300x200.jpg 300w, https:\/\/isupekuikui2.co.ao\/ao2\/wp-content\/uploads\/2018\/11\/IMG_0944-768x512.jpg 768w, https:\/\/isupekuikui2.co.ao\/ao2\/wp-content\/uploads\/2018\/11\/IMG_0944-1500x1000.jpg 1500w, https:\/\/isupekuikui2.co.ao\/ao2\/wp-content\/uploads\/2018\/11\/IMG_0944-705x470.jpg 705w, https:\/\/isupekuikui2.co.ao\/ao2\/wp-content\/uploads\/2018\/11\/IMG_0944-450x300.jpg 450w\" href=\"(max-width: 1030px) 100vw, 1030px\" data-rel='gallery-1' data-prev-img='https:\/\/isupekuikui2.co.ao\/ao2\/wp-content\/uploads\/2018\/11\/IMG_0944-495x400.jpg' class='lightbox ' data-onclick='42' title='IMG_0944'  itemprop=\"thumbnailUrl\"  ><img class=\"wp-image-811 avia-img-lazy-loading-not-811\"   src=\"https:\/\/isupekuikui2.co.ao\/ao2\/wp-content\/uploads\/2018\/11\/IMG_0944-495x400.jpg\" width=\"495\" height=\"400\"  title='IMG_0944' alt='' srcset=\"https:\/\/isupekuikui2.co.ao\/ao2\/wp-content\/uploads\/2018\/11\/IMG_0944-495x400.jpg 495w, https:\/\/isupekuikui2.co.ao\/ao2\/wp-content\/uploads\/2018\/11\/IMG_0944-845x684.jpg 845w\" sizes=\"(max-width: 495px) 100vw, 495px\" \/><\/a> <a href=\"https:\/\/isupekuikui2.co.ao\/ao2\/wp-content\/uploads\/2018\/11\/IMG_0946-1030x687.jpg\" href=\"1030\" href=\"687\" href=\"1\" href=\"https:\/\/isupekuikui2.co.ao\/ao2\/wp-content\/uploads\/2018\/11\/IMG_0946-1030x687.jpg 1030w, https:\/\/isupekuikui2.co.ao\/ao2\/wp-content\/uploads\/2018\/11\/IMG_0946-300x200.jpg 300w, https:\/\/isupekuikui2.co.ao\/ao2\/wp-content\/uploads\/2018\/11\/IMG_0946-768x512.jpg 768w, https:\/\/isupekuikui2.co.ao\/ao2\/wp-content\/uploads\/2018\/11\/IMG_0946-1500x1000.jpg 1500w, https:\/\/isupekuikui2.co.ao\/ao2\/wp-content\/uploads\/2018\/11\/IMG_0946-705x470.jpg 705w, https:\/\/isupekuikui2.co.ao\/ao2\/wp-content\/uploads\/2018\/11\/IMG_0946-450x300.jpg 450w\" href=\"(max-width: 1030px) 100vw, 1030px\" data-rel='gallery-1' data-prev-img='https:\/\/isupekuikui2.co.ao\/ao2\/wp-content\/uploads\/2018\/11\/IMG_0946-495x400.jpg' class='lightbox ' data-onclick='43' title='IMG_0946'  itemprop=\"thumbnailUrl\"  ><img class=\"wp-image-812 avia-img-lazy-loading-not-812\"   src=\"https:\/\/isupekuikui2.co.ao\/ao2\/wp-content\/uploads\/2018\/11\/IMG_0946-495x400.jpg\" width=\"495\" height=\"400\"  title='IMG_0946' alt='' srcset=\"https:\/\/isupekuikui2.co.ao\/ao2\/wp-content\/uploads\/2018\/11\/IMG_0946-495x400.jpg 495w, https:\/\/isupekuikui2.co.ao\/ao2\/wp-content\/uploads\/2018\/11\/IMG_0946-845x684.jpg 845w\" sizes=\"(max-width: 495px) 100vw, 495px\" \/><\/a> <a href=\"https:\/\/isupekuikui2.co.ao\/ao2\/wp-content\/uploads\/2018\/11\/IMG_0948-1030x687.jpg\" href=\"1030\" href=\"687\" href=\"1\" href=\"https:\/\/isupekuikui2.co.ao\/ao2\/wp-content\/uploads\/2018\/11\/IMG_0948-1030x687.jpg 1030w, https:\/\/isupekuikui2.co.ao\/ao2\/wp-content\/uploads\/2018\/11\/IMG_0948-300x200.jpg 300w, https:\/\/isupekuikui2.co.ao\/ao2\/wp-content\/uploads\/2018\/11\/IMG_0948-768x512.jpg 768w, https:\/\/isupekuikui2.co.ao\/ao2\/wp-content\/uploads\/2018\/11\/IMG_0948-1500x1000.jpg 1500w, https:\/\/isupekuikui2.co.ao\/ao2\/wp-content\/uploads\/2018\/11\/IMG_0948-705x470.jpg 705w, https:\/\/isupekuikui2.co.ao\/ao2\/wp-content\/uploads\/2018\/11\/IMG_0948-450x300.jpg 450w\" href=\"(max-width: 1030px) 100vw, 1030px\" data-rel='gallery-1' data-prev-img='https:\/\/isupekuikui2.co.ao\/ao2\/wp-content\/uploads\/2018\/11\/IMG_0948-495x400.jpg' class='lightbox ' data-onclick='44' title='IMG_0948'  itemprop=\"thumbnailUrl\"  ><img class=\"wp-image-813 avia-img-lazy-loading-not-813\"   src=\"https:\/\/isupekuikui2.co.ao\/ao2\/wp-content\/uploads\/2018\/11\/IMG_0948-495x400.jpg\" width=\"495\" height=\"400\"  title='IMG_0948' alt='' srcset=\"https:\/\/isupekuikui2.co.ao\/ao2\/wp-content\/uploads\/2018\/11\/IMG_0948-495x400.jpg 495w, https:\/\/isupekuikui2.co.ao\/ao2\/wp-content\/uploads\/2018\/11\/IMG_0948-845x684.jpg 845w\" sizes=\"(max-width: 495px) 100vw, 495px\" \/><\/a> <a href=\"https:\/\/isupekuikui2.co.ao\/ao2\/wp-content\/uploads\/2018\/11\/IMG_0950-1030x687.jpg\" href=\"1030\" href=\"687\" href=\"1\" href=\"https:\/\/isupekuikui2.co.ao\/ao2\/wp-content\/uploads\/2018\/11\/IMG_0950-1030x687.jpg 1030w, https:\/\/isupekuikui2.co.ao\/ao2\/wp-content\/uploads\/2018\/11\/IMG_0950-300x200.jpg 300w, https:\/\/isupekuikui2.co.ao\/ao2\/wp-content\/uploads\/2018\/11\/IMG_0950-768x512.jpg 768w, https:\/\/isupekuikui2.co.ao\/ao2\/wp-content\/uploads\/2018\/11\/IMG_0950-1500x1000.jpg 1500w, https:\/\/isupekuikui2.co.ao\/ao2\/wp-content\/uploads\/2018\/11\/IMG_0950-705x470.jpg 705w, https:\/\/isupekuikui2.co.ao\/ao2\/wp-content\/uploads\/2018\/11\/IMG_0950-450x300.jpg 450w\" href=\"(max-width: 1030px) 100vw, 1030px\" data-rel='gallery-1' data-prev-img='https:\/\/isupekuikui2.co.ao\/ao2\/wp-content\/uploads\/2018\/11\/IMG_0950-495x400.jpg' class='lightbox ' data-onclick='45' title='IMG_0950'  itemprop=\"thumbnailUrl\"  ><img class=\"wp-image-814 avia-img-lazy-loading-not-814\"   src=\"https:\/\/isupekuikui2.co.ao\/ao2\/wp-content\/uploads\/2018\/11\/IMG_0950-495x400.jpg\" width=\"495\" height=\"400\"  title='IMG_0950' alt='' srcset=\"https:\/\/isupekuikui2.co.ao\/ao2\/wp-content\/uploads\/2018\/11\/IMG_0950-495x400.jpg 495w, https:\/\/isupekuikui2.co.ao\/ao2\/wp-content\/uploads\/2018\/11\/IMG_0950-845x684.jpg 845w\" sizes=\"(max-width: 495px) 100vw, 495px\" \/><\/a> <a href=\"https:\/\/isupekuikui2.co.ao\/ao2\/wp-content\/uploads\/2018\/11\/IMG_0961-1030x687.jpg\" href=\"1030\" href=\"687\" href=\"1\" href=\"https:\/\/isupekuikui2.co.ao\/ao2\/wp-content\/uploads\/2018\/11\/IMG_0961-1030x687.jpg 1030w, https:\/\/isupekuikui2.co.ao\/ao2\/wp-content\/uploads\/2018\/11\/IMG_0961-300x200.jpg 300w, https:\/\/isupekuikui2.co.ao\/ao2\/wp-content\/uploads\/2018\/11\/IMG_0961-768x512.jpg 768w, https:\/\/isupekuikui2.co.ao\/ao2\/wp-content\/uploads\/2018\/11\/IMG_0961-1500x1000.jpg 1500w, https:\/\/isupekuikui2.co.ao\/ao2\/wp-content\/uploads\/2018\/11\/IMG_0961-705x470.jpg 705w, https:\/\/isupekuikui2.co.ao\/ao2\/wp-content\/uploads\/2018\/11\/IMG_0961-450x300.jpg 450w\" href=\"(max-width: 1030px) 100vw, 1030px\" data-rel='gallery-1' data-prev-img='https:\/\/isupekuikui2.co.ao\/ao2\/wp-content\/uploads\/2018\/11\/IMG_0961-495x400.jpg' class='first_thumb lightbox ' data-onclick='46' title='IMG_0961'  itemprop=\"thumbnailUrl\"  ><img class=\"wp-image-815 avia-img-lazy-loading-not-815\"   src=\"https:\/\/isupekuikui2.co.ao\/ao2\/wp-content\/uploads\/2018\/11\/IMG_0961-495x400.jpg\" width=\"495\" height=\"400\"  title='IMG_0961' alt='' srcset=\"https:\/\/isupekuikui2.co.ao\/ao2\/wp-content\/uploads\/2018\/11\/IMG_0961-495x400.jpg 495w, https:\/\/isupekuikui2.co.ao\/ao2\/wp-content\/uploads\/2018\/11\/IMG_0961-845x684.jpg 845w\" sizes=\"(max-width: 495px) 100vw, 495px\" \/><\/a> <a href=\"https:\/\/isupekuikui2.co.ao\/ao2\/wp-content\/uploads\/2018\/11\/IMG_0962-1030x687.jpg\" href=\"1030\" href=\"687\" href=\"1\" href=\"https:\/\/isupekuikui2.co.ao\/ao2\/wp-content\/uploads\/2018\/11\/IMG_0962-1030x687.jpg 1030w, https:\/\/isupekuikui2.co.ao\/ao2\/wp-content\/uploads\/2018\/11\/IMG_0962-300x200.jpg 300w, https:\/\/isupekuikui2.co.ao\/ao2\/wp-content\/uploads\/2018\/11\/IMG_0962-768x512.jpg 768w, https:\/\/isupekuikui2.co.ao\/ao2\/wp-content\/uploads\/2018\/11\/IMG_0962-1500x1000.jpg 1500w, https:\/\/isupekuikui2.co.ao\/ao2\/wp-content\/uploads\/2018\/11\/IMG_0962-705x470.jpg 705w, https:\/\/isupekuikui2.co.ao\/ao2\/wp-content\/uploads\/2018\/11\/IMG_0962-450x300.jpg 450w\" href=\"(max-width: 1030px) 100vw, 1030px\" data-rel='gallery-1' data-prev-img='https:\/\/isupekuikui2.co.ao\/ao2\/wp-content\/uploads\/2018\/11\/IMG_0962-495x400.jpg' class='lightbox ' data-onclick='47' title='IMG_0962'  itemprop=\"thumbnailUrl\"  ><img class=\"wp-image-816 avia-img-lazy-loading-not-816\"   src=\"https:\/\/isupekuikui2.co.ao\/ao2\/wp-content\/uploads\/2018\/11\/IMG_0962-495x400.jpg\" width=\"495\" height=\"400\"  title='IMG_0962' alt='' srcset=\"https:\/\/isupekuikui2.co.ao\/ao2\/wp-content\/uploads\/2018\/11\/IMG_0962-495x400.jpg 495w, https:\/\/isupekuikui2.co.ao\/ao2\/wp-content\/uploads\/2018\/11\/IMG_0962-845x684.jpg 845w\" sizes=\"(max-width: 495px) 100vw, 495px\" \/><\/a><\/div><\/div>\n<div  style='height:50px' class='hr hr-invisible   avia-builder-el-12  el_after_av_gallery  avia-builder-el-last '><span class='hr-inner ' ><span class='hr-inner-style'><\/span><\/span><\/div>\n\n<\/div><\/div><\/div><!-- close content main div --><\/div><\/div><div id='cursos'  class='avia-section main_color avia-section-large avia-no-border-styling  avia-full-stretch av-parallax-section avia-bg-style-parallax  avia-builder-el-13  el_after_av_section  el_before_av_section   container_wrap sidebar_right' style=' '  data-section-bg-repeat='stretch'><div class='av-parallax' data-avia-parallax-ratio='0.3' ><div class='av-parallax-inner main_color  avia-full-stretch' style = 'background-repeat: no-repeat; background-image: url(https:\/\/isupekuikui2.co.ao\/ao2\/wp-content\/uploads\/2018\/08\/foto5.jpg);background-attachment: scroll; background-position: center center; ' ><\/div><\/div><div class='container' ><div class='template-page content  av-content-small alpha units'><div class='post-entry post-entry-type-page post-entry-367'><div class='entry-content-wrapper clearfix'>\n<div  style='padding-bottom:0px; color:#ffffff;font-size:60px;' class='av-special-heading av-special-heading-h2 custom-color-heading blockquote modern-quote modern-centered  avia-builder-el-14  avia-builder-el-no-sibling  av-inherit-size '><h2 class='av-special-heading-tag '  itemprop=\"headline\"  >Cursos<\/h2><div class='special-heading-border'><div class='special-heading-inner-border' style='border-color:#ffffff'><\/div><\/div><\/div>\n\n<\/div><\/div><\/div><!-- close content main div --><\/div><\/div><div id='av_section_5'  class='avia-section main_color avia-section-default avia-no-border-styling  avia-bg-style-scroll  avia-builder-el-15  el_after_av_section  el_before_av_section   container_wrap sidebar_right' style=' '  ><div class='container' ><div class='template-page content  av-content-small alpha units'><div class='post-entry post-entry-type-page post-entry-367'><div class='entry-content-wrapper clearfix'>\n<div  style='padding-bottom:25px; ' class='av-special-heading av-special-heading-h2  blockquote modern-quote modern-centered  avia-builder-el-16  el_before_av_one_fourth  avia-builder-el-first  '><h2 class='av-special-heading-tag '  itemprop=\"headline\"  >Escolha o curso para ver informa\u00e7\u00f5es<\/h2><div class='special-heading-border'><div class='special-heading-inner-border' ><\/div><\/div><\/div>\n<div class=\"flex_column av_one_fourth  flex_column_div av-zero-column-padding first  avia-builder-el-17  el_after_av_heading  el_before_av_one_fourth  \" style='border-radius:0px; '><div  class='avia-button-wrap avia-button-center  avia-builder-el-18  avia-builder-el-no-sibling ' ><a href='#tab-id-1' class='avia-button avia-button-fullwidth   avia-icon_select-no avia-color-theme-color '  style='color:#ffffff; ' ><span class='avia_iconbox_title' >An\u00e1lises Cl\u00ednicas e Sa\u00fade P\u00fablica<\/span><span class='avia_button_background avia-button avia-button-fullwidth avia-color-orange' ><\/span><\/a><\/div><\/div><div class=\"flex_column av_one_fourth  flex_column_div av-zero-column-padding   avia-builder-el-19  el_after_av_one_fourth  el_before_av_one_fifth  \" style='border-radius:0px; '><div  class='avia-button-wrap avia-button-center  avia-builder-el-20  avia-builder-el-no-sibling ' ><a href='#tab-id-2' class='avia-button avia-button-fullwidth   avia-icon_select-no avia-color-theme-color '  style='color:#ffffff; ' ><span class='avia_iconbox_title' >Ci\u00eancias da Comunica\u00e7\u00e3o<\/span><span class='avia_button_background avia-button avia-button-fullwidth avia-color-orange' ><\/span><\/a><\/div><\/div><div class=\"flex_column av_one_fifth  flex_column_div av-zero-column-padding   avia-builder-el-21  el_after_av_one_fourth  el_before_av_one_fifth  \" style='border-radius:0px; '><div  class='avia-button-wrap avia-button-center  avia-builder-el-22  avia-builder-el-no-sibling ' ><a href='#tab-id-3' class='avia-button avia-button-fullwidth  avia-font-color-theme-color avia-icon_select-no avia-color-theme-color '   ><span class='avia_iconbox_title' >Contabilidade, Fiscalidade e Auditoria<\/span><span class='avia_button_background avia-button avia-button-fullwidth avia-color-orange' ><\/span><\/a><\/div><\/div><div class=\"flex_column av_one_fifth  flex_column_div av-zero-column-padding   avia-builder-el-23  el_after_av_one_fifth  el_before_av_one_fifth  \" style='border-radius:0px; '><div  class='avia-button-wrap avia-button-center  avia-builder-el-24  avia-builder-el-no-sibling ' ><a href='#tab-id-4' class='avia-button avia-button-fullwidth  avia-font-color-theme-color avia-icon_select-no avia-color-theme-color '   ><span class='avia_iconbox_title' >Direito<\/span><span class='avia_button_background avia-button avia-button-fullwidth avia-color-orange' ><\/span><\/a><\/div><\/div><div class=\"flex_column av_one_fifth  flex_column_div av-zero-column-padding first  avia-builder-el-25  el_after_av_one_fifth  el_before_av_one_fifth  column-top-margin\" style='border-radius:0px; '><div  class='avia-button-wrap avia-button-center  avia-builder-el-26  avia-builder-el-no-sibling ' ><a href='#tab-id-5' class='avia-button avia-button-fullwidth  avia-font-color-theme-color avia-icon_select-no avia-color-theme-color '   ><span class='avia_iconbox_title' >Economia e Gest\u00e3o<\/span><span class='avia_button_background avia-button avia-button-fullwidth avia-color-orange' ><\/span><\/a><\/div><\/div><div class=\"flex_column av_one_fifth  flex_column_div av-zero-column-padding   avia-builder-el-27  el_after_av_one_fifth  el_before_av_one_fifth  column-top-margin\" style='border-radius:0px; '><div  class='avia-button-wrap avia-button-center  avia-builder-el-28  avia-builder-el-no-sibling ' ><a href='#tab-id-6' class='avia-button avia-button-fullwidth  avia-font-color-theme-color avia-icon_select-no avia-color-theme-color '   ><span class='avia_iconbox_title' >Engenharia Civil<\/span><span class='avia_button_background avia-button avia-button-fullwidth avia-color-orange' ><\/span><\/a><\/div><\/div><div class=\"flex_column av_one_fifth  flex_column_div av-zero-column-padding   avia-builder-el-29  el_after_av_one_fifth  el_before_av_one_fifth  column-top-margin\" style='border-radius:0px; '><div  class='avia-button-wrap avia-button-center  avia-builder-el-30  avia-builder-el-no-sibling ' ><a href='#tab-id-9' class='avia-button avia-button-fullwidth  avia-font-color-theme-color avia-icon_select-no avia-color-theme-color '   ><span class='avia_iconbox_title' >Engenharia Inform\u00e1tica<\/span><span class='avia_button_background avia-button avia-button-fullwidth avia-color-orange' ><\/span><\/a><\/div><\/div><div class=\"flex_column av_one_fifth  flex_column_div av-zero-column-padding   avia-builder-el-31  el_after_av_one_fifth  el_before_av_one_fifth  column-top-margin\" style='border-radius:0px; '><div  class='avia-button-wrap avia-button-center  avia-builder-el-32  avia-builder-el-no-sibling ' ><a href='#tab-id-7' class='avia-button avia-button-fullwidth  avia-font-color-theme-color avia-icon_select-no avia-color-theme-color '   ><span class='avia_iconbox_title' >Educa\u00e7\u00e3o Fisica e Desporto<\/span><span class='avia_button_background avia-button avia-button-fullwidth avia-color-orange' ><\/span><\/a><\/div><\/div><div class=\"flex_column av_one_fifth  flex_column_div av-zero-column-padding   avia-builder-el-33  el_after_av_one_fifth  el_before_av_one_fifth  column-top-margin\" style='border-radius:0px; '><div  class='avia-button-wrap avia-button-center  avia-builder-el-34  avia-builder-el-no-sibling ' ><a href='#tab-id-8' class='avia-button avia-button-fullwidth  avia-font-color-theme-color avia-icon_select-no avia-color-theme-color '   ><span class='avia_iconbox_title' >Enfermagem<\/span><span class='avia_button_background avia-button avia-button-fullwidth avia-color-orange' ><\/span><\/a><\/div><\/div><div class=\"flex_column av_one_fifth  flex_column_div av-zero-column-padding first  avia-builder-el-35  el_after_av_one_fifth  el_before_av_one_fifth  column-top-margin\" style='border-radius:0px; '><div  class='avia-button-wrap avia-button-center  avia-builder-el-36  avia-builder-el-no-sibling ' ><a href='#tab-id-10' class='avia-button avia-button-fullwidth  avia-font-color-theme-color avia-icon_select-no avia-color-theme-color '   ><span class='avia_iconbox_title' >Farm\u00e1cia<\/span><span class='avia_button_background avia-button avia-button-fullwidth avia-color-orange' ><\/span><\/a><\/div><\/div><div class=\"flex_column av_one_fifth  flex_column_div av-zero-column-padding   avia-builder-el-37  el_after_av_one_fifth  el_before_av_one_fifth  column-top-margin\" style='border-radius:0px; '><div  class='avia-button-wrap avia-button-center  avia-builder-el-38  avia-builder-el-no-sibling ' ><a href='#tab-id-11' class='avia-button avia-button-fullwidth  avia-font-color-theme-color avia-icon_select-no avia-color-theme-color '   ><span class='avia_iconbox_title' >Psicologia<\/span><span class='avia_button_background avia-button avia-button-fullwidth avia-color-orange' ><\/span><\/a><\/div><\/div><div class=\"flex_column av_one_fifth  flex_column_div av-zero-column-padding   avia-builder-el-39  el_after_av_one_fifth  el_before_av_one_fifth  column-top-margin\" style='border-radius:0px; '><div  class='avia-button-wrap avia-button-center  avia-builder-el-40  avia-builder-el-no-sibling ' ><a href='#tab-id-12' class='avia-button avia-button-fullwidth  avia-font-color-theme-color avia-icon_select-no avia-color-theme-color '   ><span class='avia_iconbox_title' >ENSINO PRIM\u00c1RIO<\/span><span class='avia_button_background avia-button avia-button-fullwidth avia-color-orange' ><\/span><\/a><\/div><\/div><div class=\"flex_column av_one_fifth  flex_column_div av-zero-column-padding   avia-builder-el-41  el_after_av_one_fifth  el_before_av_one_fifth  column-top-margin\" style='border-radius:0px; '><div  class='avia-button-wrap avia-button-center  avia-builder-el-42  avia-builder-el-no-sibling ' ><a href='#tab-id-13' class='avia-button avia-button-fullwidth  avia-font-color-theme-color avia-icon_select-no avia-color-theme-color '   ><span class='avia_iconbox_title' >ENSINO DA L\u00cdNGUA PORTUGUESA<\/span><span class='avia_button_background avia-button avia-button-fullwidth avia-color-orange' ><\/span><\/a><\/div><\/div><div class=\"flex_column av_one_fifth  flex_column_div av-zero-column-padding   avia-builder-el-43  el_after_av_one_fifth  el_before_av_hr  column-top-margin\" style='border-radius:0px; '><div  class='avia-button-wrap avia-button-center  avia-builder-el-44  avia-builder-el-no-sibling ' ><a href='#tab-id-14' class='avia-button avia-button-fullwidth  avia-font-color-theme-color avia-icon_select-no avia-color-theme-color '   ><span class='avia_iconbox_title' >ENSINO DA MATEM\u00c1TICA<\/span><span class='avia_button_background avia-button avia-button-fullwidth avia-color-orange' ><\/span><\/a><\/div><\/div><div  style='height:50px' class='hr hr-invisible   avia-builder-el-45  el_after_av_one_fifth  el_before_av_tab_container '><span class='hr-inner ' ><span class='hr-inner-style'><\/span><\/span><\/div>\n<div  class=\"tabcontainer   top_tab   avia-builder-el-46  el_after_av_hr  el_before_av_hr \" role=\"tablist\">\n\n<section class=\"av_tab_section\"  itemscope=\"itemscope\" itemtype=\"https:\/\/schema.org\/CreativeWork\" ><div aria-controls=\"tab-id-1-content\" role=\"tab\" tabindex=\"0\" data-fake-id=\"#tab-id-1\" class=\"tab active_tab\"  itemprop=\"headline\" >ACS<\/div>\n<div id=\"tab-id-1-content\" class=\"tab_content active_tab_content\" aria-hidden=\"false\">\n<div class=\"tab_inner_content invers-color\"  itemprop=\"text\" >\n<h2>Licenciatura em An\u00e1lises Cl\u00ednicas e Sa\u00fade P\u00fablica<\/h2>\n<h3>\u00a0Apresenta\u00e7\u00e3o:<\/h3>\n<p>O licenciado em An\u00e1lises Cl\u00ednicas e Sa\u00fade P\u00fablica desempenha um importante papel nos cuidados de sa\u00fade atuais, ajudando a preservar a sa\u00fade e prevenir e\/ou combater a doen\u00e7a no indiv\u00edduo e na comunidade. Trabalha em equipas multidisciplinares no rastreio e diagn\u00f3stico da doen\u00e7a, na avalia\u00e7\u00e3o da efetividade do tratamento, na monotoriza\u00e7\u00e3o e controlo de terap\u00eauticas\/drogas e alimentos, na pesquisa das causas e curas da doen\u00e7a no \u00e2mbito da Patologia Clinica, Hamtologia Clinica, Imunohematologia, Gen\u00e9tica, Biologia Molecular, Sa\u00fade Publica, Imunologia e Microbiologia.<\/p>\n<p>Atendendo ao elevado custo envolvidos na presta\u00e7\u00e3o destes servi\u00e7os, o licenciado em An\u00e1lises Cl\u00ednicas e Sa\u00fade P\u00fablica deve estar preparado para assegurar, de forma racional, a gest\u00e3o, o aprovisionamento, a manuten\u00e7\u00e3o e o controlo do material e do equipamento com que trabalha \u2013 porque as t\u00e9cnicas utilizadas em laborat\u00f3rios requerem a utiliza\u00e7\u00e3o de aparelhagem e equipamentos<\/p>\n<h3>Objetivos:<\/h3>\n<p>A forma\u00e7\u00e3o do licenciado em An\u00e1lises Cl\u00ednicas e Sa\u00fade P\u00fablica centra-se na abordagem multidisciplinar ao estudo da condi\u00e7\u00e3o humana, na sa\u00fade e na doen\u00e7a, com o objetivo da aquisi\u00e7\u00e3o de conhecimentos e compet\u00eancias sobre a forma como as doen\u00e7as se desenvolvem e de que modo afetam as fun\u00e7\u00f5es normais do corpo humano.<\/p>\n<h3><strong>Compet\u00eancias:<\/strong><\/h3>\n<p>O licenciado em An\u00e1lises Cl\u00ednicas e Sa\u00fade P\u00fablica \u00e9 um profissional qualificado com prepara\u00e7\u00e3o acad\u00e9mica de n\u00edvel superior apto para:<\/p>\n<ul>\n<li>Conceber, planear, realizar, avaliar e controlar o processo do seu trabalho para o validar, ou seja, dever\u00e1 possuir os conhecimentos e compet\u00eancias necess\u00e1rios \u00e0 presta\u00e7\u00e3o de um servi\u00e7o de diagn\u00f3stico efetivo;<\/li>\n<li>Avaliar e interpretar tecnicamente os resultados, integrar dados e resolver problemas;<\/li>\n<li>Recolher, processar e analisar as esp\u00e9cimes biol\u00f3gicas;<\/li>\n<li>Controlar e garantir a qualidade e desenvolvimento de novos m\u00e9todos de an\u00e1lise e procedimentos diretamente associados com a investiga\u00e7\u00e3o laboratorial;<\/li>\n<li>Realizar procedimentos laboratoriais complexos.<\/li>\n<\/ul>\n<h3><strong>Sa\u00eddas Profissionais<\/strong><\/h3>\n<p>Os licenciados em An\u00e1lises Cl\u00ednicas e Sa\u00fade P\u00fablica t\u00eam acesso \u00e0 carreira de T\u00e9cnicos de Diagn\u00f3stico e Terap\u00eautica &#8211; An\u00e1lises Cl\u00ednicas e Sa\u00fade P\u00fablica, podendo exercer a sua atividade profissional em institui\u00e7\u00f5es p\u00fablico e privadas como:<\/p>\n<ul>\n<li>Unidades Hospitalares p\u00fablicas e privadas;<\/li>\n<li>Laborat\u00f3rios de An\u00e1lises Cl\u00ednicas e Servi\u00e7os de Patologia Cl\u00ednica;<\/li>\n<li>Laborat\u00f3rios de ensino universit\u00e1rio \u2013 professores ou investigadores;<\/li>\n<li>Laborat\u00f3rio de an\u00e1lise de alimentos e \u00e1guas;<\/li>\n<li>Laborat\u00f3rio de controlo de qualidade (Ind\u00fastria qu\u00edmica e agroalimentar);<\/li>\n<li>Centros de sa\u00fade;<\/li>\n<li>Centros de diagn\u00f3stico;<\/li>\n<li>Centros de toxicologia\/reabilita\u00e7\u00e3o;<\/li>\n<li>Delegados comerciais;<\/li>\n<li>Todo e qualquer servi\u00e7o cuja atividade esteja directamente relacionada com a Sa\u00fade P\u00fablica.<\/li>\n<\/ul>\n<h3><strong>Planos de estudos<\/strong><\/h3>\n<table width=\"100%\">\n<tbody>\n<tr>\n<td width=\"50%\"><strong>1\u00ba Ano<\/strong><\/td>\n<td width=\"50%\"><strong>1\u00ba Ano<\/strong><\/td>\n<\/tr>\n<tr>\n<td width=\"50%\"><strong>1\u00ba Semestre<\/strong><\/td>\n<td width=\"50%\"><strong>2\u00ba Semestre<\/strong><\/td>\n<\/tr>\n<tr>\n<td width=\"50%\">Biologia Celular<\/td>\n<td width=\"50%\">Anatomia Funcional e Histologia Elementar<\/td>\n<\/tr>\n<tr>\n<td width=\"50%\">F\u00edsica e Elementos de Biof\u00edsica<\/td>\n<td width=\"50%\">Biomatem\u00e1tica e Estat\u00edstica<\/td>\n<\/tr>\n<tr>\n<td width=\"50%\">Introdu\u00e7\u00e3o ao Pensamento Contempor\u00e2neo<\/td>\n<td width=\"50%\">\u00c9tica e Deontologia (Introdu\u00e7\u00e3o \u00e0 Profiss\u00e3o)<\/td>\n<\/tr>\n<tr>\n<td width=\"50%\">Matem\u00e1tica<\/td>\n<td width=\"50%\">Int. \u00e0 Hist\u00f3ria da Sa\u00fade e da Cultura Contempor\u00e2nea<\/td>\n<\/tr>\n<tr>\n<td width=\"50%\">Qu\u00edmica Anal\u00edtica<\/td>\n<td width=\"50%\">M\u00e9todos Anal\u00edticos I<\/td>\n<\/tr>\n<tr>\n<td width=\"50%\">Qu\u00edmica Org\u00e2nica<\/td>\n<td width=\"50%\">Microbiologia Geral<\/td>\n<\/tr>\n<tr>\n<td width=\"50%\">T\u00e9cnicas de Laborat\u00f3rio<\/td>\n<td width=\"50%\"><\/td>\n<\/tr>\n<tr>\n<td width=\"50%\"><strong>2\u00ba Ano<\/strong><\/td>\n<td width=\"50%\"><strong>2\u00ba Ano<\/strong><\/td>\n<\/tr>\n<tr>\n<td width=\"50%\"><strong>1\u00ba Semestre<\/strong><\/td>\n<td width=\"50%\"><strong>2\u00ba Semestre<\/strong><\/td>\n<\/tr>\n<tr>\n<td width=\"50%\">Bioqu\u00edmica Geral<\/td>\n<td width=\"50%\">Bioqu\u00edmica Cl\u00ednica I<\/td>\n<\/tr>\n<tr>\n<td width=\"50%\">Biologia Molecular<\/td>\n<td width=\"50%\">Bromatologia<\/td>\n<\/tr>\n<tr>\n<td width=\"50%\">Fisiologia Humana<\/td>\n<td width=\"50%\">Hidrologia<\/td>\n<\/tr>\n<tr>\n<td width=\"50%\">Inform\u00e1tica I<\/td>\n<td width=\"50%\">Inform\u00e1tica II<\/td>\n<\/tr>\n<tr>\n<td width=\"50%\">M\u00e9todos Anal\u00edticos II<\/td>\n<td width=\"50%\">Introdu\u00e7\u00e3o \u00e0 Psicologia e Comunica\u00e7\u00e3o<\/td>\n<\/tr>\n<tr>\n<td width=\"50%\">Sa\u00fade P\u00fablica<\/td>\n<td width=\"50%\">Imunologia<\/td>\n<\/tr>\n<tr>\n<td width=\"50%\">Sociologia da Sa\u00fade<\/td>\n<td width=\"50%\">Parasitologia<\/td>\n<\/tr>\n<tr>\n<td width=\"50%\"><\/td>\n<td width=\"50%\">Virologia<\/td>\n<\/tr>\n<tr>\n<td width=\"50%\"><strong>3\u00ba Ano<\/strong><\/td>\n<td width=\"50%\"><strong>3\u00ba Ano<\/strong><\/td>\n<\/tr>\n<tr>\n<td width=\"50%\"><strong>1\u00ba Semestre<\/strong><\/td>\n<td width=\"50%\"><strong>2\u00ba Semestre<\/strong><\/td>\n<\/tr>\n<tr>\n<td width=\"50%\">Bioqu\u00edmica Cl\u00ednica II<\/td>\n<td width=\"50%\">Boas Pr\u00e1ticas Laboratoriais<\/td>\n<\/tr>\n<tr>\n<td width=\"50%\">Est\u00e1gio<\/td>\n<td width=\"50%\">Est\u00e1gio<\/td>\n<\/tr>\n<tr>\n<td width=\"50%\">Fisiopatologia<\/td>\n<td width=\"50%\">Higiene e Seguran\u00e7a<\/td>\n<\/tr>\n<tr>\n<td width=\"50%\">Hematologia<\/td>\n<td width=\"50%\">M\u00e9todos Anal\u00edticos III<\/td>\n<\/tr>\n<tr>\n<td width=\"50%\">Microbiologia Aplicada<\/td>\n<td width=\"50%\">Micologia<\/td>\n<\/tr>\n<tr>\n<td width=\"50%\"><strong>4\u00ba Ano<\/strong><\/td>\n<td width=\"50%\"><strong>4\u00ba Ano <\/strong><\/td>\n<\/tr>\n<tr>\n<td width=\"50%\"><strong>1\u00ba Semestre<\/strong><\/td>\n<td width=\"50%\"><strong>2\u00ba Semestre<\/strong><\/td>\n<\/tr>\n<tr>\n<td width=\"50%\">Metodologia Estat\u00edstica e Epidemiol\u00f3gica<\/td>\n<td width=\"50%\">An\u00e1lises de Aplica\u00e7\u00e3o Veterin\u00e1ria<\/td>\n<\/tr>\n<tr>\n<td width=\"50%\">Toxicologia Geral<\/td>\n<td width=\"50%\">Biotecnologia Industrial<\/td>\n<\/tr>\n<tr>\n<td width=\"50%\">Semiologia Laboratorial<\/td>\n<td width=\"50%\">Garantia da Qualidade<\/td>\n<\/tr>\n<tr>\n<td width=\"50%\">Sa\u00fade Animal<\/td>\n<td width=\"50%\">Gen\u00e9tica Humana<\/td>\n<\/tr>\n<tr>\n<td width=\"50%\">T\u00e9cnicas Avan\u00e7adas de Citologia e Histologia<\/td>\n<td width=\"50%\">Hemoterapia<\/td>\n<\/tr>\n<tr>\n<td width=\"50%\">An\u00e1lise de Medicamentos<\/td>\n<td width=\"50%\">Investiga\u00e7\u00e3o Aplicada II<\/td>\n<\/tr>\n<tr>\n<td width=\"50%\">Investiga\u00e7\u00e3o Aplicada I<\/td>\n<td width=\"50%\">Organiza\u00e7\u00e3o e Gest\u00e3o de Dados e Informa\u00e7\u00e3o<\/td>\n<\/tr>\n<\/tbody>\n<\/table>\n<h3><\/h3>\n\n<\/div>\n<\/div>\n<\/section>\n\n<section class=\"av_tab_section\"  itemscope=\"itemscope\" itemtype=\"https:\/\/schema.org\/CreativeWork\" ><div aria-controls=\"tab-id-2-content\" role=\"tab\" tabindex=\"0\" data-fake-id=\"#tab-id-2\" class=\"tab \"  itemprop=\"headline\" >CCM<\/div>\n<div id=\"tab-id-2-content\" class=\"tab_content \" aria-hidden=\"true\">\n<div class=\"tab_inner_content invers-color\"  itemprop=\"text\" >\n<h3>Licenciatura em Ci\u00eancias da Comunica\u00e7\u00e3o<\/h3>\n<h3>A) Ramo de Marketing, Publicidade e Rela\u00e7\u00f5es P\u00fablicas e B) Ramo de Jornalismo<\/h3>\n<h3>Apresenta\u00e7\u00e3o<\/h3>\n<p>A licenciatura em Ci\u00eancias da Comunica\u00e7\u00e3o est\u00e1 organizada de modo a permitir aos alunos, ap\u00f3s a aquisi\u00e7\u00e3o de uma forma\u00e7\u00e3o de base s\u00f3lida, escolham no 4\u00ba ano um dos ramos de especializa\u00e7\u00e3o, \u201cComunica\u00e7\u00e3o Aplicada, Marketing Publicidade e Rela\u00e7\u00f5es P\u00fablicas\u201d ou \u201cJornalismo\u201d oferecendo-se uma forte componente pr\u00e1tica orientada para a aquisi\u00e7\u00e3o de compet\u00eancias espec\u00edficas.<\/p>\n<h3>Objetivos<\/h3>\n<p>A licenciatura em Ci\u00eancias da Comunica\u00e7\u00e3o tem como principal objetivo formar especialistas aptos a apresentar e analisar informa\u00e7\u00e3o, nomeadamente em ordem ao suporte \u00e0 tomada de decis\u00e3o, \u00e0 promo\u00e7\u00e3o e ao desenvolvimento de atividades de marketing e comunica\u00e7\u00e3o, ao n\u00edvel conceptual e abstrato, no contexto de atividades de gest\u00e3o da comunica\u00e7\u00e3o, quer em organiza\u00e7\u00f5es p\u00fablicas quer em organiza\u00e7\u00f5es privadas, e jornalistas, reportes e assessores de imprensa.<\/p>\n<p><strong>\u00a0<\/strong><\/p>\n<p><strong>Compet\u00eancias<\/strong><\/p>\n<table width=\"100%\">\n<tbody>\n<tr>\n<td width=\"50%\"><strong>a)\u00a0\u00a0 <\/strong><strong>Ramo de Comunica\u00e7\u00e3o Aplicada, Marketing Publicidade e Rela\u00e7\u00f5es P\u00fablicas<\/strong><\/td>\n<td width=\"50%\"><strong>b)\u00a0\u00a0\u00a0\u00a0 <\/strong><strong>Ramo de Jornalismo<\/strong><\/td>\n<\/tr>\n<tr>\n<td width=\"50%\">\u00b7\u00a0\u00a0\u00a0\u00a0\u00a0\u00a0 Conceber a estrat\u00e9gica de campanhas de marketing para empresas, organiza\u00e7\u00f5es p\u00fablicas ou privadas e institui\u00e7\u00f5es sem fins lucrativos;<\/p>\n<p>\u00b7\u00a0\u00a0\u00a0\u00a0\u00a0\u00a0 Conceber, desenvolver, implementar e controlar as estrat\u00e9gias comunicacionais das organiza\u00e7\u00f5es;<\/p>\n<p>\u00b7\u00a0\u00a0\u00a0\u00a0\u00a0\u00a0 Gerir recursos humanos, t\u00e9cnicos e financeiros envolvidos nas a\u00e7\u00f5es de comunica\u00e7\u00e3o e marketing;<\/p>\n<p>\u00b7\u00a0\u00a0\u00a0\u00a0\u00a0\u00a0 Desenvolver processos criativos aplicados ao mundo empresarial;<\/p>\n<p>\u00b7\u00a0\u00a0\u00a0\u00a0\u00a0\u00a0 Organizar e promover eventos relacionados com os produtos ou servi\u00e7os da organiza\u00e7\u00e3o.<\/td>\n<td width=\"50%\">\u00b7\u00a0\u00a0\u00a0\u00a0\u00a0\u00a0 Adquirir os principais conte\u00fados te\u00f3ricos e pr\u00e1ticos em Jornalismo e Comunica\u00e7\u00e3o;<\/p>\n<p>\u00b7\u00a0\u00a0\u00a0\u00a0\u00a0\u00a0 Conhecer as \u00e1reas fundamentais de interven\u00e7\u00e3o do Jornalismo e as suas especializa\u00e7\u00f5es;<\/p>\n<p>\u00b7\u00a0\u00a0\u00a0\u00a0\u00a0\u00a0 Ser capaz de selecionar literatura apropriada, demonstrando compreens\u00e3o completa e cr\u00edtica relativamente a conte\u00fados, contexto, objetivos, qualidade de informa\u00e7\u00e3o, bem como a sua interpreta\u00e7\u00e3o e aplica\u00e7\u00e3o;<\/p>\n<p>\u00b7\u00a0\u00a0\u00a0\u00a0\u00a0\u00a0 Ser capaz de empregar metodologias de estudo pr\u00f3prias da sua \u00e1rea de forma\u00e7\u00e3o, no registo e na an\u00e1lise de factos;<\/p>\n<p>\u00b7\u00a0\u00a0\u00a0\u00a0\u00a0\u00a0 Ser capaz de pensar autonomamente, desempenhar tarefas e propor solu\u00e7\u00f5es na resolu\u00e7\u00e3o de problemas no \u00e2mbito da sua \u00e1rea de forma\u00e7\u00e3o.<\/td>\n<\/tr>\n<\/tbody>\n<\/table>\n<h3>Sa\u00eddas Profissionais<\/h3>\n<ul>\n<li>Diretor de comunica\u00e7\u00e3o e imagem<\/li>\n<li>Diretor de marketing, publicidade e rela\u00e7\u00f5es p\u00fablicas<\/li>\n<li>Fun\u00e7\u00f5es em ag\u00eancias de publicidade e em gabinetes de rela\u00e7\u00f5es p\u00fablicas; Fun\u00e7\u00f5es de consultadoria em comunica\u00e7\u00e3o e imagem; Fun\u00e7\u00f5es em projetos dos departamentos de comunica\u00e7\u00e3o e imagem na administra\u00e7\u00e3o p\u00fablica central e local.<\/li>\n<li>\u00a0Planeador de meios e audi\u00eancias<\/li>\n<li>Publicit\u00e1rio\/Rela\u00e7\u00f5es p\u00fablicas<\/li>\n<li>Consultor em comunica\u00e7\u00e3o empresarial<\/li>\n<li>\u00a0Assessor de comunica\u00e7\u00e3o p\u00fablica, pol\u00edtica e institucional<\/li>\n<li>\u00a0Editor e Jornalista (imprensa, r\u00e1dio, televis\u00e3o e digital)<\/li>\n<li>\u00a0Realizador\/produtor de televis\u00e3o, r\u00e1dio e multim\u00e9dia.<\/li>\n<\/ul>\n<h3><strong>Planos de estudos<\/strong><\/h3>\n<table width=\"100%\">\n<tbody>\n<tr>\n<td colspan=\"2\" width=\"480\"><strong>1\u00ba Ano<\/strong><\/td>\n<\/tr>\n<tr>\n<td width=\"50%\"><strong>1\u00ba Semestre<\/strong><\/td>\n<td width=\"50%\"><strong>2\u00ba Semestre<\/strong><\/td>\n<\/tr>\n<tr>\n<td width=\"50%\">Hist\u00f3ria dos Meios de Comunica\u00e7\u00e3o<\/td>\n<td width=\"50%\">Arte Cultura e Comunica\u00e7\u00e3o<\/td>\n<\/tr>\n<tr>\n<td width=\"50%\">Introdu\u00e7\u00e3o \u00e0 Computa\u00e7\u00e3o<\/td>\n<td width=\"50%\">T\u00e9cnicas de Express\u00e3o Escrita II<\/td>\n<\/tr>\n<tr>\n<td width=\"50%\">Metodologias de An\u00e1lise da Imagem<\/td>\n<td width=\"50%\">Hist\u00f3ria do Jornalismo<\/td>\n<\/tr>\n<tr>\n<td width=\"50%\">Reda\u00e7\u00e3o Jornal\u00edstica<\/td>\n<td width=\"50%\">Introdu\u00e7\u00e3o ao Marketing<\/td>\n<\/tr>\n<tr>\n<td width=\"50%\">Sociologia dos Meios de Comunica\u00e7\u00e3o<\/td>\n<td width=\"50%\">Metodologias de An\u00e1lise do Discurso e do Texto<\/td>\n<\/tr>\n<tr>\n<td width=\"50%\">T\u00e9cnicas de Express\u00e3o Escrita I<\/td>\n<td width=\"50%\">Teorias e Modelos de Comunica\u00e7\u00e3o<\/td>\n<\/tr>\n<tr>\n<td colspan=\"2\" width=\"480\"><strong>2\u00ba Ano<\/strong><\/td>\n<\/tr>\n<tr>\n<td width=\"50%\"><strong>1\u00ba Semestre<\/strong><\/td>\n<td width=\"50%\"><strong>2\u00ba Semestre<\/strong><\/td>\n<\/tr>\n<tr>\n<td width=\"50%\">Computa\u00e7\u00e3o da Imagem Digital<\/td>\n<td width=\"50%\">Cibercultura<\/td>\n<\/tr>\n<tr>\n<td width=\"50%\">G\u00e9neros Jornal\u00edsticos<\/td>\n<td width=\"50%\">Computa\u00e7\u00e3o Multim\u00e9dia e Interactvidade<\/td>\n<\/tr>\n<tr>\n<td width=\"50%\">Escrita Criativa<\/td>\n<td width=\"50%\">Comunica\u00e7\u00e3o Interna<\/td>\n<\/tr>\n<tr>\n<td width=\"50%\">Gest\u00e3o da Comunica\u00e7\u00e3o<\/td>\n<td width=\"50%\">Cultura, Redes e Globaliza\u00e7\u00e3o<\/td>\n<\/tr>\n<tr>\n<td width=\"50%\">Pol\u00edtica e Comunica\u00e7\u00e3o<\/td>\n<td width=\"50%\">Responsabilidade Social dos Media<\/td>\n<\/tr>\n<tr>\n<td width=\"50%\">Teoria dos Media<\/td>\n<td width=\"50%\">Ret\u00f3rica e Argumenta\u00e7\u00e3o nas Organiza\u00e7\u00f5es<\/td>\n<\/tr>\n<tr>\n<td colspan=\"2\" width=\"480\"><strong>3\u00ba Ano<\/strong><\/td>\n<\/tr>\n<tr>\n<td width=\"50%\"><strong>1\u00ba Semestre<\/strong><\/td>\n<td width=\"50%\"><strong>2\u00ba Semestre<\/strong><\/td>\n<\/tr>\n<tr>\n<td width=\"50%\">Design<\/td>\n<td width=\"50%\">Cultura Visual<\/td>\n<\/tr>\n<tr>\n<td width=\"50%\">Ingl\u00eas para a Comunica\u00e7\u00e3o I<\/td>\n<td width=\"50%\">Direito e \u00c9tica da Comunica\u00e7\u00e3o<\/td>\n<\/tr>\n<tr>\n<td width=\"50%\">Introdu\u00e7\u00e3o ao Pensamento Contempor\u00e2neo<\/td>\n<td width=\"50%\">Ingl\u00eas para a Comunica\u00e7\u00e3o II<\/td>\n<\/tr>\n<tr>\n<td width=\"50%\">Marketing Operacional<\/td>\n<td width=\"50%\">Macro Economia<\/td>\n<\/tr>\n<tr>\n<td width=\"50%\">Planeamento de Meios<\/td>\n<td width=\"50%\">Marketing Internacional<\/td>\n<\/tr>\n<tr>\n<td width=\"50%\">Processos Criativos<\/td>\n<td width=\"50%\">Teoria do Marketing<\/td>\n<\/tr>\n<tr>\n<td colspan=\"2\" width=\"480\"><strong>4\u00ba Ano<\/strong><\/td>\n<\/tr>\n<tr>\n<td colspan=\"2\" width=\"480\"><strong>TRONCO COMUM<\/strong><\/td>\n<\/tr>\n<tr>\n<td width=\"50%\"><strong>1\u00ba Semestre<\/strong><\/td>\n<td width=\"50%\"><strong>2\u00ba Semestre<\/strong><\/td>\n<\/tr>\n<tr>\n<td width=\"50%\">Atelier de Rela\u00e7\u00f5es Publicas<\/td>\n<td width=\"50%\">Semi\u00f3tica<\/td>\n<\/tr>\n<tr>\n<td width=\"50%\"><\/td>\n<td width=\"50%\">M\u00e9todos de Pesquisa e Investiga\u00e7\u00e3o<\/td>\n<\/tr>\n<tr>\n<td colspan=\"2\" width=\"480\"><strong>RAMO DE MARKETING, PUBLICIDADE E RELA\u00c7\u00d5ES P\u00daBLICAS<\/strong><\/td>\n<\/tr>\n<tr>\n<td width=\"50%\"><strong>7\u00ba Semestre<\/strong><\/td>\n<td width=\"50%\"><strong>8\u00ba Semestre<\/strong><\/td>\n<\/tr>\n<tr>\n<td width=\"50%\">Estudos de Mercado (I e II)<\/td>\n<td width=\"50%\">Atelier de Publicidade<\/td>\n<\/tr>\n<tr>\n<td width=\"50%\">Marketing Estrat\u00e9gico<\/td>\n<td width=\"50%\">Atelier de Marketing<\/td>\n<\/tr>\n<tr>\n<td width=\"50%\">Marketing e Comunica\u00e7\u00e3o Web<\/td>\n<td width=\"50%\"><\/td>\n<\/tr>\n<tr>\n<td width=\"50%\">Teoria da Publicidade<\/td>\n<td width=\"50%\"><\/td>\n<\/tr>\n<tr>\n<td width=\"50%\">Teoria das Rela\u00e7\u00f5es Publicas<\/td>\n<td width=\"50%\"><\/td>\n<\/tr>\n<tr>\n<td colspan=\"2\" width=\"480\"><strong>RAMO JORNALISMO<\/strong><\/td>\n<\/tr>\n<tr>\n<td width=\"50%\"><strong>1\u00ba Semestre<\/strong><\/td>\n<td width=\"50%\"><strong>2\u00ba Semestre<\/strong><\/td>\n<\/tr>\n<tr>\n<td width=\"50%\">Jornalismo Digital<\/td>\n<td width=\"50%\">Jornalismo Televisivo<\/td>\n<\/tr>\n<tr>\n<td width=\"50%\">Jornalismo Econ\u00f3mico<\/td>\n<td width=\"50%\">Jornalismo e Institui\u00e7\u00f5es Mundiais<\/td>\n<\/tr>\n<tr>\n<td width=\"50%\">Jornalismo Pol\u00edtico<\/td>\n<td width=\"50%\">Semin\u00e1rio de Jornalismo<\/td>\n<\/tr>\n<tr>\n<td width=\"50%\">Jornalismo Radiof\u00f3nico<\/td>\n<td width=\"50%\"><\/td>\n<\/tr>\n<tr>\n<td width=\"50%\">Jornalismo de Investiga\u00e7\u00e3o<\/td>\n<td width=\"50%\"><\/td>\n<\/tr>\n<tr>\n<td width=\"50%\">Teorias do Jornalismo<\/td>\n<td width=\"50%\"><\/td>\n<\/tr>\n<\/tbody>\n<\/table>\n\n<\/div>\n<\/div>\n<\/section>\n\n<section class=\"av_tab_section\"  itemscope=\"itemscope\" itemtype=\"https:\/\/schema.org\/CreativeWork\" ><div aria-controls=\"tab-id-3-content\" role=\"tab\" tabindex=\"0\" data-fake-id=\"#tab-id-3\" class=\"tab \"  itemprop=\"headline\" >CFA<\/div>\n<div id=\"tab-id-3-content\" class=\"tab_content \" aria-hidden=\"true\">\n<div class=\"tab_inner_content invers-color\"  itemprop=\"text\" >\n<h3>Licenciatura em Contabilidade, Fiscalidade e Auditoria<\/h3>\n<h3>Apresenta\u00e7\u00e3o<\/h3>\n<p>A <strong><em>Contabilidade<\/em><\/strong> \u00e9 actualmente uma forma de identificar, mensurar e comunicar informa\u00e7\u00e3o patrimonial para que sejam tomadas decis\u00f5es pelos decisores bem como de todos os interessados.<\/p>\n<p>A <strong><em>Fiscalidade<\/em><\/strong> \u00e9 um instrumento de realiza\u00e7\u00e3o de receitas e concretiza\u00e7\u00e3o de pol\u00edticas econ\u00f3micas, sociais e pol\u00edtica e \u00e9 uma \u00e1rea de grande interesse e actualidade, por vezes bastante complexo. Uma gest\u00e3o eficaz \u00e9 um elemento importante para a cria\u00e7\u00e3o de valor.<\/p>\n<p>A <strong><em>Auditoria<\/em><\/strong> como fun\u00e7\u00e3o de certifica\u00e7\u00e3o, tem por objectivo estabelecer e manter a integridade da informa\u00e7\u00e3o financeira. Para ser especialista de auditoria \u00e9 necess\u00e1rio uma boa prepara\u00e7\u00e3o em teoria e pr\u00e1tica contabil\u00edstica e, acessoriamente, em mat\u00e9rias afins, das quais uma delas \u00e9 a fiscalidade, o direito das sociedades e outras.<\/p>\n<h3>Objetivos<\/h3>\n<p>O objectivo principal da licenciatura em Contabilidade, Fiscalidade e Auditoria \u00e9 a prepara\u00e7\u00e3o espec\u00edfica de recursos humanos nestas tr\u00eas \u00e1reas de saber, sem olvidar outras mat\u00e9rias que lhe sejam \u00fateis colmatando assim a aus\u00eancia de especializa\u00e7\u00e3o das licenciaturas gerais de gest\u00e3o.<\/p>\n<h3>Compet\u00eancias<\/h3>\n<p>A licenciatura em Contabilidade, Fiscalidade e Auditoria forma indiv\u00edduos aptos a exercerem atividade profissional no dom\u00ednio da contabilidade, fiscalidade e auditoria, com particular destaque para as fun\u00e7\u00f5es em contexto empresarial inerentes a estes dom\u00ednios implicando isso:<\/p>\n<ul>\n<li>Saber aplicar os conhecimentos em ambientes pr\u00e1ticos;<\/li>\n<li>Ser capaz de relacionar os m\u00e9todos com as pr\u00e1ticas;<\/li>\n<li>Ser capaz de entender os modelos te\u00f3ricos subjacentes \u00e0s pr\u00e1ticas e op\u00e7\u00f5es das normas contabil\u00edsticas e regras fiscais.<\/li>\n<\/ul>\n<h3>Sa\u00eddas Profissionais<\/h3>\n<p>Os licenciados em Contabilidade, Fiscalidade e Auditoria est\u00e3o aptos a desenvolver actividade profissional como:<\/p>\n<ul>\n<li>\u00a0Gestores de empresas e outras entidades;<\/li>\n<li>\u00a0Directores financeiros;<\/li>\n<li>\u00a0Chefes de contabilidade;<\/li>\n<li>\u00a0Respons\u00e1veis pela gest\u00e3o fiscal de empresas;<\/li>\n<li>\u00a0Auditores, revisores oficiais de contas;<\/li>\n<li>\u00a0Quadros na Administra\u00e7\u00e3o Fiscal;<\/li>\n<li>\u00a0Consultores nas \u00e1reas da contabilidade e fiscalidade;<\/li>\n<li>\u00a0Empres\u00e1rios por conta pr\u00f3pria;<\/li>\n<li>T\u00e9cnicas contas;<\/li>\n<li>\u00a0Docentes;<\/li>\n<li>Investigadores.<\/li>\n<\/ul>\n<table width=\"100%\">\n<tbody>\n<tr>\n<td colspan=\"2\" width=\"100%\">\n<h3><strong>PLANO DE ESTUDOS <\/strong><\/h3>\n<\/td>\n<\/tr>\n<tr>\n<td colspan=\"2\" width=\"100%\"><strong>1\u00ba Ano<\/strong><\/td>\n<\/tr>\n<tr>\n<td width=\"50%\"><strong>1\u00ba Semestre<\/strong><\/td>\n<td width=\"50%\"><strong> 2\u00ba Semestre <\/strong><\/td>\n<\/tr>\n<tr>\n<td width=\"50%\">Contabilidade Geral e Financeira I<\/td>\n<td width=\"50%\">Contabilidade Geral e Financeira II<\/td>\n<\/tr>\n<tr>\n<td width=\"50%\">Hist\u00f3ria Econ\u00f3mica de Angola<\/td>\n<td width=\"50%\">Introdu\u00e7\u00e3o \u00e0 Gest\u00e3o II<\/td>\n<\/tr>\n<tr>\n<td width=\"50%\">Introdu\u00e7\u00e3o \u00e0 Gest\u00e3o I<\/td>\n<td width=\"50%\">Matem\u00e1tica II<\/td>\n<\/tr>\n<tr>\n<td width=\"50%\">Matem\u00e1tica I<\/td>\n<td width=\"50%\">Organiza\u00e7\u00e3o e Estrutura da Empresa<\/td>\n<\/tr>\n<tr>\n<td width=\"50%\">T\u00e9cnicas de Express\u00e3o Escrita I<\/td>\n<td width=\"50%\">T\u00e9cnicas de Express\u00e3o Escrita II<\/td>\n<\/tr>\n<tr>\n<td colspan=\"2\" width=\"100%\"><strong>2\u00ba Ano<\/strong><\/td>\n<\/tr>\n<tr>\n<td width=\"50%\"><strong>1\u00ba Semestre<\/strong><\/td>\n<td width=\"50%\"><strong> 2\u00ba Semestre <\/strong><\/td>\n<\/tr>\n<tr>\n<td width=\"50%\">C\u00e1lculo Financeiro<\/td>\n<td width=\"50%\">Contabilidade Geral e Financeira IV<\/td>\n<\/tr>\n<tr>\n<td width=\"50%\">Contabilidade Geral e Financeira III<\/td>\n<td width=\"50%\">Direito Comercial e das Sociedades<\/td>\n<\/tr>\n<tr>\n<td width=\"50%\">Estat\u00edstica I<\/td>\n<td width=\"50%\">Estat\u00edstica II<\/td>\n<\/tr>\n<tr>\n<td width=\"50%\">Fiscalidade I<\/td>\n<td width=\"50%\">Fiscalidade II<\/td>\n<\/tr>\n<tr>\n<td width=\"50%\">Introdu\u00e7\u00e3o ao Direito<\/td>\n<td width=\"50%\">Introdu\u00e7\u00e3o ao Pensamento Contempor\u00e2neo<\/td>\n<\/tr>\n<tr>\n<td colspan=\"2\" width=\"100%\"><strong>3\u00ba Ano<\/strong><\/td>\n<\/tr>\n<tr>\n<td width=\"50%\"><strong>1\u00ba Semestre<\/strong><\/td>\n<td width=\"50%\"><strong> 2\u00ba Semestre <\/strong><\/td>\n<\/tr>\n<tr>\n<td width=\"50%\">Contabilidade Bancos e Seguros<\/td>\n<td width=\"50%\">\u00c9tica e Deontologia<\/td>\n<\/tr>\n<tr>\n<td width=\"50%\">Contabilidade de Gest\u00e3o I<\/td>\n<td width=\"50%\">Auditoria Financeira I<\/td>\n<\/tr>\n<tr>\n<td width=\"50%\">Contabilidade Geral e Financeira V<\/td>\n<td width=\"50%\">Contabilidade de Gest\u00e3o II<\/td>\n<\/tr>\n<tr>\n<td width=\"50%\">Direito Trabalho<\/td>\n<td width=\"50%\">Contabilidade Geral e Financeira VI<\/td>\n<\/tr>\n<tr>\n<td width=\"50%\">Fiscalidade III<\/td>\n<td width=\"50%\">Inform\u00e1tica II<\/td>\n<\/tr>\n<tr>\n<td width=\"50%\">Inform\u00e1tica I<\/td>\n<td width=\"50%\">T\u00e9cnicas e Gest\u00e3o de Risco<\/td>\n<\/tr>\n<tr>\n<td colspan=\"2\" width=\"100%\"><strong>4\u00ba Ano<\/strong><\/td>\n<\/tr>\n<tr>\n<td width=\"50%\"><strong>1\u00ba Semestre<\/strong><\/td>\n<td width=\"50%\"><strong> 2\u00ba Semestre <\/strong><\/td>\n<\/tr>\n<tr>\n<td width=\"50%\">Auditoria Financeira II<\/td>\n<td width=\"50%\">An\u00e1lise de Investimentos<\/td>\n<\/tr>\n<tr>\n<td width=\"50%\">Contabilidade P\u00fablica I<\/td>\n<td width=\"50%\">Auditoria Financeira III<\/td>\n<\/tr>\n<tr>\n<td width=\"50%\">Controlo de Gest\u00e3o<\/td>\n<td width=\"50%\">Contabilidade P\u00fablica II<\/td>\n<\/tr>\n<tr>\n<td width=\"50%\">Projeto I<\/td>\n<td width=\"50%\">Projeto II<\/td>\n<\/tr>\n<\/tbody>\n<\/table>\n\n<\/div>\n<\/div>\n<\/section>\n\n<section class=\"av_tab_section\"  itemscope=\"itemscope\" itemtype=\"https:\/\/schema.org\/CreativeWork\" ><div aria-controls=\"tab-id-4-content\" role=\"tab\" tabindex=\"0\" data-fake-id=\"#tab-id-4\" class=\"tab \"  itemprop=\"headline\" >DTO<\/div>\n<div id=\"tab-id-4-content\" class=\"tab_content \" aria-hidden=\"true\">\n<div class=\"tab_inner_content invers-color\"  itemprop=\"text\" >\n<h3>Licenciatura em Direito<\/h3>\n<h3>Apresenta\u00e7\u00e3o<\/h3>\n<p>O Curso de licenciatura em Direito constitui para todos os que o frequentarem uma garantia de edifica\u00e7\u00e3o e progressivo amadurecimento cient\u00edfico-pr\u00e1tico, sobrelevando o ineg\u00e1vel m\u00e9rito de se encontrar vocacionado para a forma\u00e7\u00e3o nos mais diversos campos profissionais.<\/p>\n<p><strong>Objetivos<\/strong><\/p>\n<p>Os objetivos da licenciatura em Direito s\u00e3o propiciar educa\u00e7\u00e3o jur\u00eddica assente nas disciplinas proped\u00eauticas dos saberes orientados para a Justi\u00e7a, designadamente com in\u00edcio nas disciplinas formativas de dimens\u00e3o cultural necess\u00e1rias para uma compreens\u00e3o integral dos contextos em que \u00e9 criado e aplicado o Direito, requerendo assim uma aprendizagem te\u00f3rica e doutrin\u00e1ria s\u00f3 depois concretizada em especialidades e casos concretos.<\/p>\n<p>Nesta medida, o plano de estudos da licenciatura em Direito cobre \u00e1reas estrat\u00e9gicas consideradas fundamentais para formar profissionais habilitados para o exerc\u00edcio das variadas profiss\u00f5es jur\u00eddicas.<\/p>\n<p><strong>Compet\u00eancias<\/strong><\/p>\n<p>A licenciatura em Direito tem como compet\u00eancias gerais, designadamente:<\/p>\n<ul>\n<li>Capacidade heur\u00edstica de an\u00e1lise de textos e pe\u00e7as legislativas;<\/li>\n<li>Capacidade de interpreta\u00e7\u00e3o e escrita de pe\u00e7as de natureza jur\u00eddica;<\/li>\n<li>Capacidade de articula\u00e7\u00e3o entre o saber e informa\u00e7\u00e3o espec\u00edfica do campo do direito e os saberes de outros dom\u00ednios como, por exemplo, o econ\u00f3mico;<\/li>\n<li>Capacidade de pesquisar e interpretar informa\u00e7\u00e3o dispon\u00edvel em bases de dados electr\u00f3nicas;<\/li>\n<li>Capacidade de apresentar e submeter informa\u00e7\u00e3o de forma oral;<\/li>\n<li>Capacidade argumentativa e discursiva;<\/li>\n<li>Compet\u00eancias formais de an\u00e1lise e generaliza\u00e7\u00e3o da informa\u00e7\u00e3o recebida.<\/li>\n<\/ul>\n<p>Este conjunto de compet\u00eancias visa introduzir grandes quadros de pensamento e racioc\u00ednio, do \u201csaber fazer\u201d, para efeitos de, no mercado de trabalho, os estudantes poderem reconhecer um facto social carecido de interven\u00e7\u00e3o jur\u00eddica e determinar a ou as vias de solu\u00e7\u00e3o que se abrem para a sua resolu\u00e7\u00e3o e a atua\u00e7\u00e3o em conformidade.<\/p>\n<h3>Sa\u00eddas Profissionais<\/h3>\n<p>O curso de Direito confere as seguintes sa\u00eddas profissionais<\/p>\n<ul>\n<li>Advocacia, regida pela Ordem dos Advogados;<\/li>\n<li>Registos e Notariado;<\/li>\n<li>\u00a0\u00a0Magistratura (magistrados, Minist\u00e9rio P\u00fablico, Ju\u00edzes);<\/li>\n<li>\u00a0\u00a0Diplomacia;<\/li>\n<li>\u00a0 \u00a0Servi\u00e7o de Estrangeiros e Fronteiras;<\/li>\n<li>\u00a0\u00a0Departamento de Investiga\u00e7\u00e3o Criminal;<\/li>\n<li>T\u00e9cnico Superior da Administra\u00e7\u00e3o P\u00fablica;<\/li>\n<li>\u00a0Jurisconsulto;<\/li>\n<li>Organiza\u00e7\u00f5es Internacionais;<\/li>\n<li>\u00a0Carreira universit\u00e1ria.<\/li>\n<\/ul>\n<h3><strong>PLANO DE ESTUDOS<\/strong><\/h3>\n<table width=\"100%\">\n<tbody>\n<tr>\n<td colspan=\"2\" width=\"100%\"><strong>1\u00ba Ano<\/strong><\/td>\n<\/tr>\n<tr>\n<td width=\"50%\"><strong>1\u00ba Semestre<\/strong><\/td>\n<td width=\"50%\"><strong> 2\u00ba Semestre <\/strong><\/td>\n<\/tr>\n<tr>\n<td width=\"50%\">Ci\u00eancia Pol\u00edtica e Direito Constitucional I<\/td>\n<td width=\"50%\">Ci\u00eancia Pol\u00edtica e Direito Constitucional II<\/td>\n<\/tr>\n<tr>\n<td width=\"50%\">Economia Pol\u00edtica I<\/td>\n<td width=\"50%\">Economia Pol\u00edtica II<\/td>\n<\/tr>\n<tr>\n<td width=\"50%\">Filosofia do Direito e Metodologia Jur\u00eddica I<\/td>\n<td width=\"50%\">Filosofia do Direito e Metodologia Jur\u00eddica II<\/td>\n<\/tr>\n<tr>\n<td width=\"50%\">Hist\u00f3ria do Direito I<\/td>\n<td width=\"50%\">Hist\u00f3ria do Direito II<\/td>\n<\/tr>\n<tr>\n<td width=\"50%\">Introdu\u00e7\u00e3o ao Direito I<\/td>\n<td width=\"50%\">Introdu\u00e7\u00e3o ao Direito II<\/td>\n<\/tr>\n<tr>\n<td width=\"50%\">No\u00e7\u00f5es Elementares Latim Jur\u00eddico<\/td>\n<td width=\"50%\">L\u00edngua Portuguesa I<\/td>\n<\/tr>\n<tr>\n<td colspan=\"2\" width=\"100%\"><strong>2\u00ba Ano<\/strong><\/td>\n<\/tr>\n<tr>\n<td width=\"50%\"><strong>1\u00ba Semestre<\/strong><\/td>\n<td width=\"50%\"><strong> 2\u00ba Semestre <\/strong><\/td>\n<\/tr>\n<tr>\n<td width=\"50%\">Direito Administrativo I<\/td>\n<td width=\"50%\">Direito Administrativo II<\/td>\n<\/tr>\n<tr>\n<td width=\"50%\">Direito Comercial e das Sociedades I<\/td>\n<td width=\"50%\">Direito Comercial e das Sociedades II<\/td>\n<\/tr>\n<tr>\n<td width=\"50%\">Direito do Trabalho I<\/td>\n<td width=\"50%\">Direito da Fam\u00edlia<\/td>\n<\/tr>\n<tr>\n<td width=\"50%\">Direito Penal I<\/td>\n<td width=\"50%\">Direito do Trabalho II<\/td>\n<\/tr>\n<tr>\n<td width=\"50%\">Finan\u00e7as P\u00fablicas e Direito Financeiro<\/td>\n<td width=\"50%\">Direito Penal II<\/td>\n<\/tr>\n<tr>\n<td width=\"50%\">L\u00edngua Portuguesa II<\/td>\n<td width=\"50%\">L\u00edngua Portuguesa III<\/td>\n<\/tr>\n<tr>\n<td width=\"50%\">Teoria Geral do Direito Civil I<\/td>\n<td width=\"50%\">Teoria Geral do Direito Civil II<\/td>\n<\/tr>\n<tr>\n<td colspan=\"2\" width=\"100%\"><strong>3\u00ba Ano<\/strong><\/td>\n<\/tr>\n<tr>\n<td width=\"50%\"><strong>1\u00ba Semestre<\/strong><\/td>\n<td width=\"50%\"><strong> 2\u00ba Semestre <\/strong><\/td>\n<\/tr>\n<tr>\n<td width=\"50%\">Contencioso Administrativo<\/td>\n<td width=\"50%\">Direito das Obriga\u00e7\u00f5es II<\/td>\n<\/tr>\n<tr>\n<td width=\"50%\">Direito das Obriga\u00e7\u00f5es I<\/td>\n<td width=\"50%\">Direito Internacional P\u00fablico II<\/td>\n<\/tr>\n<tr>\n<td width=\"50%\">Direito Internacional P\u00fablico I<\/td>\n<td width=\"50%\">Direito Processual Civil II<\/td>\n<\/tr>\n<tr>\n<td width=\"50%\">Direito Penal III<\/td>\n<td width=\"50%\">Direito Processual Penal I<\/td>\n<\/tr>\n<tr>\n<td width=\"50%\">Direito Processual Civil I<\/td>\n<td width=\"50%\">Ret\u00f3rica e Hermen\u00eautica do Texto Jur\u00eddico<\/td>\n<\/tr>\n<tr>\n<td width=\"50%\">L\u00edngua Portuguesa IV<\/td>\n<td width=\"50%\">Direito Fiscal<\/td>\n<\/tr>\n<tr>\n<td colspan=\"2\" width=\"100%\"><strong>4\u00ba Ano<\/strong><\/td>\n<\/tr>\n<tr>\n<td width=\"50%\"><strong>1\u00ba Semestre<\/strong><\/td>\n<td width=\"50%\"><strong> 2\u00ba Semestre <\/strong><\/td>\n<\/tr>\n<tr>\n<td width=\"50%\">Direito das Sucess\u00f5es-I<\/td>\n<td width=\"50%\">Direito das Sucess\u00f5es-II<\/td>\n<\/tr>\n<tr>\n<td width=\"50%\">Direito Internacional Privado I<\/td>\n<td width=\"50%\">Direito Internacional Privado II<\/td>\n<\/tr>\n<tr>\n<td width=\"50%\">Direito Processual Civill III<\/td>\n<td width=\"50%\">Direito Reais II<\/td>\n<\/tr>\n<tr>\n<td width=\"50%\">Direito Processual Penal II<\/td>\n<td width=\"50%\">Medicina Legal<\/td>\n<\/tr>\n<tr>\n<td width=\"50%\">Direito Reais I<\/td>\n<td width=\"50%\">Metodologia de Investiga\u00e7\u00e3o Cient\u00edfica<\/td>\n<\/tr>\n<tr>\n<td width=\"50%\">Registos e Notariado<\/td>\n<td width=\"50%\">Pr\u00e1ticas Forenses<\/td>\n<\/tr>\n<tr>\n<td colspan=\"2\" width=\"100%\"><strong>5\u00ba Ano<\/strong><\/td>\n<\/tr>\n<tr>\n<td colspan=\"2\" width=\"100%\"><strong>TRONCO COMUM<\/strong><\/td>\n<\/tr>\n<tr>\n<td width=\"50%\"><strong>1\u00ba Semestre<\/strong><\/td>\n<td width=\"50%\"><strong> 2\u00ba Semestre <\/strong><\/td>\n<\/tr>\n<tr>\n<td width=\"50%\">\u00c9tica e Deontologia I<\/td>\n<td width=\"50%\">\u00c9tica e Deontologia I<\/td>\n<\/tr>\n<tr>\n<td colspan=\"2\" width=\"100%\"><strong>RAMO PRIVADO-EMPRESARIAL<\/strong><\/td>\n<\/tr>\n<tr>\n<td width=\"50%\">Direito Banc\u00e1rio e dos Seguros I<\/td>\n<td width=\"50%\">Direito Banc\u00e1rio e dos Seguros II<\/td>\n<\/tr>\n<tr>\n<td width=\"50%\">Direito do Com\u00e9rcio Internacional I<\/td>\n<td width=\"50%\">Direito do Com\u00e9rcio Internacional II<\/td>\n<\/tr>\n<tr>\n<td width=\"50%\">Direito dos Contratos I<\/td>\n<td width=\"50%\">Direito dos Contratos II<\/td>\n<\/tr>\n<tr>\n<td width=\"50%\">Direito Fiscal e Contencioso Tribut\u00e1rio I<\/td>\n<td width=\"50%\">Direito Fiscal e Contencioso Tribut\u00e1rio II<\/td>\n<\/tr>\n<tr>\n<td width=\"50%\">Princ\u00edpios Gerais de Contabilidade I<\/td>\n<td width=\"50%\">Princ\u00edpios Gerais de Contabilidade II<\/td>\n<\/tr>\n<tr>\n<td colspan=\"2\" width=\"100%\"><strong>RAMO P\u00daBLICO-ADMINISTRATRIVO<\/strong><\/td>\n<\/tr>\n<tr>\n<td width=\"50%\">Criminologia I<\/td>\n<td width=\"50%\">Criminologia II<\/td>\n<\/tr>\n<tr>\n<td width=\"50%\">Direito Aut\u00e1rquico e Contencioso Administrativo e Tribut\u00e1rio I<\/td>\n<td width=\"50%\">Direito Aut\u00e1rquico e Contencioso Administrativo e Tribut\u00e1rio II<\/td>\n<\/tr>\n<tr>\n<td width=\"50%\">Direito do Ambiente I<\/td>\n<td width=\"50%\">Direito do Ambiente II<\/td>\n<\/tr>\n<tr>\n<td width=\"50%\">Direito do Ordenamento do Territ\u00f3rio e Urbanismo I<\/td>\n<td width=\"50%\">Direito do Ordenamento do Territ\u00f3rio e Urbanismo II<\/td>\n<\/tr>\n<tr>\n<td width=\"50%\">Finan\u00e7as P\u00fablicas I<\/td>\n<td width=\"50%\">Finan\u00e7as P\u00fablicas II<\/td>\n<\/tr>\n<\/tbody>\n<\/table>\n\n<\/div>\n<\/div>\n<\/section>\n\n<section class=\"av_tab_section\"  itemscope=\"itemscope\" itemtype=\"https:\/\/schema.org\/CreativeWork\" ><div aria-controls=\"tab-id-5-content\" role=\"tab\" tabindex=\"0\" data-fake-id=\"#tab-id-5\" class=\"tab \"  itemprop=\"headline\" >ECG<\/div>\n<div id=\"tab-id-5-content\" class=\"tab_content \" aria-hidden=\"true\">\n<div class=\"tab_inner_content invers-color\"  itemprop=\"text\" >\n<h3>Licenciatura em Economia e Gest\u00e3o<\/h3>\n<h3>Apresenta\u00e7\u00e3o<\/h3>\n<p>A licenciatura em Economia e Gest\u00e3o introduz um car\u00e1cter inovador no ensino tradicional com a sua vertente multidisciplinar garantindo assim a forma\u00e7\u00e3o de gestores de empresas dotados de uma excelente capacidade de inser\u00e7\u00e3o no mercado de trabalho.<\/p>\n<h3>Objetivos<\/h3>\n<p>A licenciatura em Economia e Gest\u00e3o pretende oferecer uma forma\u00e7\u00e3o interdisciplinar e pluridisciplinar destinando-se a todos os que queiram desenvolver uma forma\u00e7\u00e3o, que aliando uma excelente combina\u00e7\u00e3o de compet\u00eancias t\u00e9cnicas em diferentes \u00e1reas cient\u00edficas da economia e da gest\u00e3o, que os prepara as mais diversas carreiras profissionais ligadas \u00e0s diferentes vertentes da inova\u00e7\u00e3o em empresas e outras organiza\u00e7\u00f5es e, especialmente, para atuarem como agentes de mudan\u00e7a no \u00e2mbito das suas atividades.<\/p>\n<h3>Compet\u00eancias<\/h3>\n<p>O licenciado em Economia e Gest\u00e3o est\u00e1 apto, entre outras, nos organismos p\u00fablicos ou nas empresas privadas, a:<\/p>\n<ul>\n<li>Gerir ou administrar qualquer ramo de neg\u00f3cio que exija um cargo de dire\u00e7\u00e3o nas vertentes, entre outras de mercado, recursos humanos e econ\u00f3mico-financiera;<\/li>\n<li>Analisar e interpretar de modo cr\u00edtico e sist\u00e9mico os problemas do dia-a-dia;<\/li>\n<li>Analisar com preocupa\u00e7\u00e3o, rigor e qualidade, e ter iniciativa na resolu\u00e7\u00e3o de problemas;<\/li>\n<li>Apresentar e comunicar informa\u00e7\u00f5es, ideias, problemas e solu\u00e7\u00f5es aos interessados;<\/li>\n<\/ul>\n<p><strong>\u00a0<\/strong><\/p>\n<p><strong>Sa\u00eddas Profissionais<\/strong><\/p>\n<p>Os licenciados em Economia e Gest\u00e3o est\u00e3o aptos serem:<\/p>\n<ul>\n<li>Economistas;<\/li>\n<li>Gestores de Empresas em diversas \u00e1reas de atividade, nomeadamente: Banca e Seguros;<\/li>\n<li>Consultoria em Institui\u00e7\u00f5es Econ\u00f3micas e Financeiras Internacionais;<\/li>\n<li>Directores da \u00e1rea financeira \/ comercial \/ Recursos Humanos<\/li>\n<li>Empresas privadas na ind\u00fastria e nos servi\u00e7os;<\/li>\n<li>Empresas P\u00fablicas; Ensino e pesquisa.<\/li>\n<li>Investigadores<\/li>\n<\/ul>\n<h3><strong>PLANO DE ESTUDOS<\/strong><\/h3>\n<table width=\"100%\">\n<tbody>\n<tr>\n<td colspan=\"2\" width=\"100%\"><strong>1\u00ba Ano<\/strong><\/td>\n<\/tr>\n<tr>\n<td width=\"50%\"><strong>1\u00ba Semestre<\/strong><\/td>\n<td width=\"50%\"><strong> 2\u00ba Semestre <\/strong><\/td>\n<\/tr>\n<tr>\n<td width=\"50%\">Fundamentos de Gest\u00e3o<\/td>\n<td width=\"50%\">Contabilidade e Consolida\u00e7\u00e3o de Contas<\/td>\n<\/tr>\n<tr>\n<td width=\"50%\">Contabilidade Geral<\/td>\n<td width=\"50%\">An\u00e1lise Matem\u00e1tica<\/td>\n<\/tr>\n<tr>\n<td width=\"50%\">\u00c1lgebra e Programa\u00e7\u00e3o Linear<\/td>\n<td width=\"50%\">Estat\u00edstica Descritiva<\/td>\n<\/tr>\n<tr>\n<td width=\"50%\">Microeconomia<\/td>\n<td width=\"50%\">Macroeconomia<\/td>\n<\/tr>\n<tr>\n<td width=\"50%\">Tecnologias e Sistemas de Informa\u00e7\u00e3o<\/td>\n<td width=\"50%\">Hist\u00f3ria e Economia Social<\/td>\n<\/tr>\n<tr>\n<td width=\"50%\">Metodologias de Investiga\u00e7\u00e3o Cient\u00edfica<\/td>\n<td width=\"50%\"><\/td>\n<\/tr>\n<tr>\n<td colspan=\"2\" width=\"100%\"><strong>2\u00ba Ano<\/strong><\/td>\n<\/tr>\n<tr>\n<td width=\"50%\"><strong>3\u00ba Semestre<\/strong><\/td>\n<td width=\"50%\"><strong> 4\u00ba Semestre <\/strong><\/td>\n<\/tr>\n<tr>\n<td width=\"50%\">C\u00e1lculo Financeiro<\/td>\n<td width=\"50%\">Econometria<\/td>\n<\/tr>\n<tr>\n<td width=\"50%\">Infer\u00eancia Estat\u00edstica<\/td>\n<td width=\"50%\">Direito Econ\u00f3mico<\/td>\n<\/tr>\n<tr>\n<td width=\"50%\">Marketing<\/td>\n<td width=\"50%\">Sociologia<\/td>\n<\/tr>\n<tr>\n<td width=\"50%\">\u00c9tica, Responsabilidade Social e Cidadania<\/td>\n<td width=\"50%\">Gest\u00e3o Estrat\u00e9gica<\/td>\n<\/tr>\n<tr>\n<td width=\"50%\">Contabilidade Anal\u00edtica<\/td>\n<td width=\"50%\">Direito do Trabalho<\/td>\n<\/tr>\n<tr>\n<td width=\"50%\">Lideran\u00e7a e Negocia\u00e7\u00e3o<\/td>\n<td width=\"50%\">Introdu\u00e7\u00e3o ao Pensamento Contempor\u00e2neo<\/td>\n<\/tr>\n<tr>\n<td colspan=\"2\" width=\"100%\"><strong>3\u00ba Ano<\/strong><\/td>\n<\/tr>\n<tr>\n<td width=\"50%\"><strong>5\u00ba Semestre<\/strong><\/td>\n<td width=\"50%\"><strong>6\u00ba Semestre<\/strong><\/td>\n<\/tr>\n<tr>\n<td width=\"50%\">Economia e Finan\u00e7as P\u00fablicas<\/td>\n<td width=\"50%\">Planeamento e Controlo de Gest\u00e3o<\/td>\n<\/tr>\n<tr>\n<td width=\"50%\">Gest\u00e3o Recursos Humanos<\/td>\n<td width=\"50%\">Gest\u00e3o das Opera\u00e7\u00f5es e da Produ\u00e7\u00e3o<\/td>\n<\/tr>\n<tr>\n<td width=\"50%\">Gest\u00e3o Financeira<\/td>\n<td width=\"50%\">Economia Industrial<\/td>\n<\/tr>\n<tr>\n<td width=\"50%\">Economia da Energia e dos Recursos Naturais<\/td>\n<td width=\"50%\">Economia Angolana e Europeia<\/td>\n<\/tr>\n<tr>\n<td width=\"50%\">Economia Monet\u00e1ria<\/td>\n<td width=\"50%\">Pol\u00edtica Econ\u00f3mica<\/td>\n<\/tr>\n<tr>\n<td colspan=\"2\" width=\"100%\"><strong>4\u00ba Ano<\/strong><\/td>\n<\/tr>\n<tr>\n<td width=\"50%\"><strong>7\u00ba Semestre<\/strong><\/td>\n<td width=\"50%\"><strong> 8\u00ba Semestre <\/strong><\/td>\n<\/tr>\n<tr>\n<td width=\"50%\">Gest\u00e3o da Qualidade<\/td>\n<td width=\"50%\">Fiscalidade<\/td>\n<\/tr>\n<tr>\n<td width=\"50%\">Auditoria de Gest\u00e3o<\/td>\n<td width=\"50%\">An\u00e1lise de Investimentos<\/td>\n<\/tr>\n<tr>\n<td width=\"50%\">Economia do Desenvolvimento<\/td>\n<td width=\"50%\">Instrumentos e Mercados Financeiros<\/td>\n<\/tr>\n<tr>\n<td width=\"50%\">Economia Social<\/td>\n<td width=\"50%\">Economia e Com\u00e9rcio Internacional<\/td>\n<\/tr>\n<tr>\n<td width=\"50%\">Direito da Empresa<\/td>\n<td width=\"50%\">Projecto Empresarial e Empreend.\/Est\u00e1gio<\/td>\n<\/tr>\n<\/tbody>\n<\/table>\n\n<\/div>\n<\/div>\n<\/section>\n\n<section class=\"av_tab_section\"  itemscope=\"itemscope\" itemtype=\"https:\/\/schema.org\/CreativeWork\" ><div aria-controls=\"tab-id-6-content\" role=\"tab\" tabindex=\"0\" data-fake-id=\"#tab-id-6\" class=\"tab \"  itemprop=\"headline\" >ECV<\/div>\n<div id=\"tab-id-6-content\" class=\"tab_content \" aria-hidden=\"true\">\n<div class=\"tab_inner_content invers-color\"  itemprop=\"text\" >\n<h3><strong>Licenciatura em Engenharia Civil<\/strong><\/h3>\n<h3>Apresenta\u00e7\u00e3o<\/h3>\n<p>A Licenciatura em Engenharia Civil apresenta um estilo cl\u00e1ssico de ensino abrangente, considerando como base o ensino das mat\u00e9rias obrigat\u00f3rias nesta \u00e1rea da Ci\u00eancia e Tecnologia, e dando maior destaque \u00e0s disciplinas da Constru\u00e7\u00e3o e Gest\u00e3o da Constru\u00e7\u00e3o, com o objetivo de direcionar os licenciados para esta \u00e1rea de atividade.<\/p>\n<h3><\/h3>\n<h3>Objetivos<\/h3>\n<p>A Licenciatura em Engenharia Civil pretende oferecer uma s\u00f3lida forma\u00e7\u00e3o em ci\u00eancias b\u00e1sicas e em ci\u00eancias de engenharia bem como uma forma\u00e7\u00e3o preparat\u00f3ria em ci\u00eancias de engenharia civil que permita formalizar, analisar e resolver, de uma forma integrada uma grande variedade de problemas b\u00e1sicos nos diversos dom\u00ednios da Engenharia Civil &#8211; estruturas; hidr\u00e1ulica; constru\u00e7\u00f5es civis, geotecnia, vias de comunica\u00e7\u00e3o e planeamento territorial.<\/p>\n<h3>Compet\u00eancias<\/h3>\n<p>A Licenciatura em Engenharia Civil oferece um conjunto de compet\u00eancias transversais no dom\u00ednio da comunica\u00e7\u00e3o, da aprendizagem, da investiga\u00e7\u00e3o e do trabalho em equipa. Estas compet\u00eancias\u00a0 permitir\u00e3o desenvolver trabalho em equipas multidisciplinares, com elevado sentido de responsabilidade e respeito pelos princ\u00edpios da \u00e9tica e deontologia profissional e comunicar de um modo eficiente o conte\u00fado e a import\u00e2ncia do seu trabalho a uma grande variedade de audi\u00eancias e atrav\u00e9s de diversos meios de comunica\u00e7\u00e3o. Naturalmente incluindo a aplica\u00e7\u00e3o pr\u00e1tica dos conhecimentos na resolu\u00e7\u00e3o de problemas, bem como a capacidade de colaborar na gest\u00e3o de projetos no dom\u00ednio gen\u00e9rico da Engenharia Civil.<\/p>\n<h3>Sa\u00eddas Profissionais<\/h3>\n<p>O licenciado em engenharia civil tem uma s\u00f3lida forma\u00e7\u00e3o e re\u00fane um conjunto de compet\u00eancias que lhe\u00a0 permitem exercer a sua actividade em:<\/p>\n<p>\u00b7 Empresas de constru\u00e7\u00e3o civil e obras p\u00fablicas;<\/p>\n<p>\u00b7 Gabinetes de projecto de grandes infraestruturas (rodovi\u00e1rias, ferrovi\u00e1rias, pontes e edif\u00edcios);<\/p>\n<p>\u00b7 Empresas de fiscaliza\u00e7\u00e3o e certifica\u00e7\u00e3o (\u00e1gua, saneamento, eletricidade, g\u00e1s e redes vi\u00e1rias);<\/p>\n<p>\u00b7 Empresas de consultoria e servi\u00e7os de engenharia;<\/p>\n<p>\u00b7 Entidade da administra\u00e7\u00e3o central, regional e local;<\/p>\n<p>\u00b7 Institui\u00e7\u00f5es de Ensino e de Investiga\u00e7\u00e3o e Desenvolvimento Tecnol\u00f3gico, sendo de salientar as \u00e1reas emergentes da reabilita\u00e7\u00e3o, constru\u00e7\u00e3o sustent\u00e1vel, gest\u00e3o da \u00e1gua e energias renov\u00e1veis.<\/p>\n<table width=\"100%\">\n<tbody>\n<tr>\n<td colspan=\"2\" width=\"100%\">\n<h3><strong>PLANO DE ESTUDOS <\/strong><\/h3>\n<\/td>\n<\/tr>\n<tr>\n<td colspan=\"2\" width=\"100%\"><strong>1\u00ba Ano<\/strong><\/td>\n<\/tr>\n<tr>\n<td width=\"50%\"><strong>1\u00ba Semestre<\/strong><\/td>\n<td width=\"50%\"><strong>2\u00ba Semestre<\/strong><\/td>\n<\/tr>\n<tr>\n<td width=\"50%\">\u00c1lgebra Linear e Geometria Anal\u00edtica<\/td>\n<td width=\"50%\">Aplica\u00e7\u00f5es Inform\u00e1ticas<\/td>\n<\/tr>\n<tr>\n<td width=\"50%\">Desenho T\u00e9cnico<\/td>\n<td width=\"50%\">Desenho de Constru\u00e7\u00f5es Assistido por Computador I<\/td>\n<\/tr>\n<tr>\n<td width=\"50%\">Inform\u00e1tica e Micro-Inform\u00e1tica<\/td>\n<td width=\"50%\">F\u00edsica I<\/td>\n<\/tr>\n<tr>\n<td width=\"50%\">Ing\u00eas T\u00e9cnico I<\/td>\n<td width=\"50%\">Ingl\u00eas T\u00e9cnico II<\/td>\n<\/tr>\n<tr>\n<td width=\"50%\">Matem\u00e1tica I<\/td>\n<td width=\"50%\">Introdu\u00e7\u00e3o ao Pensamento Contempor\u00e2neo<\/td>\n<\/tr>\n<tr>\n<td width=\"50%\">Qu\u00edmica Geral<\/td>\n<td width=\"50%\">Matem\u00e1tica II<\/td>\n<\/tr>\n<tr>\n<td colspan=\"2\" width=\"100%\"><strong>2\u00ba Ano<\/strong><\/td>\n<\/tr>\n<tr>\n<td width=\"50%\"><strong>1\u00ba Semestre<\/strong><\/td>\n<td width=\"50%\"><strong>2\u00ba Semestre<\/strong><\/td>\n<\/tr>\n<tr>\n<td width=\"50%\">Desenho de Constru\u00e7\u00f5es Assistido por Computador II<\/td>\n<td width=\"50%\">Arquitetura I<\/td>\n<\/tr>\n<tr>\n<td width=\"50%\">F\u00edsica II<\/td>\n<td width=\"50%\">Hidr\u00e1ulica Geral I<\/td>\n<\/tr>\n<tr>\n<td width=\"50%\">Geologia Geral e Aplicada<\/td>\n<td width=\"50%\">Introdu\u00e7\u00e3o aos Estudos Africanos II<\/td>\n<\/tr>\n<tr>\n<td width=\"50%\">Introdu\u00e7\u00e3o aos Estudos Africanos I<\/td>\n<td width=\"50%\">Investiga\u00e7\u00e3o Operacional<\/td>\n<\/tr>\n<tr>\n<td width=\"50%\">Matem\u00e1tica III<\/td>\n<td width=\"50%\">Resist\u00eancia dos Materiais I<\/td>\n<\/tr>\n<tr>\n<td width=\"50%\">Mec\u00e2nica Aplicada<\/td>\n<td width=\"50%\">Sistema de Informa\u00e7\u00e3o na Constru\u00e7\u00e3o<\/td>\n<\/tr>\n<tr>\n<td width=\"50%\">Probabilidade e Estat\u00edstica<\/td>\n<td width=\"50%\">Topografia<\/td>\n<\/tr>\n<tr>\n<td colspan=\"2\" width=\"100%\"><strong>3\u00ba Ano<\/strong><\/td>\n<\/tr>\n<tr>\n<td width=\"50%\"><strong>1\u00ba Semestre<\/strong><\/td>\n<td width=\"50%\"><strong>2\u00ba Semestre<\/strong><\/td>\n<\/tr>\n<tr>\n<td width=\"50%\">Arquitetura II<\/td>\n<td width=\"50%\">Equipamentos de Constru\u00e7\u00e3o<\/td>\n<\/tr>\n<tr>\n<td width=\"50%\">Economia e Avalia\u00e7\u00e3o Imobili\u00e1ria<\/td>\n<td width=\"50%\">Estruturas I<\/td>\n<\/tr>\n<tr>\n<td width=\"50%\">F\u00edsica das Constru\u00e7\u00f5es I<\/td>\n<td width=\"50%\">F\u00edsica das Constru\u00e7\u00f5es II<\/td>\n<\/tr>\n<tr>\n<td width=\"50%\">Hidr\u00e1ulica Geral II<\/td>\n<td width=\"50%\">Hidrologia<\/td>\n<\/tr>\n<tr>\n<td width=\"50%\">Mec\u00e2nica dos Solos I<\/td>\n<td width=\"50%\">Materiais de Constru\u00e7\u00e3o I<\/td>\n<\/tr>\n<tr>\n<td width=\"50%\">Resist\u00eancia dos Materiais II<\/td>\n<td width=\"50%\">Mec\u00e2nica dos Solos II<\/td>\n<\/tr>\n<tr>\n<td width=\"50%\"><\/td>\n<td width=\"50%\">Socioeconomia Pol\u00edtica do Espa\u00e7o Lus\u00f3fono<\/td>\n<\/tr>\n<tr>\n<td colspan=\"2\" width=\"100%\"><strong>4\u00ba Ano<\/strong><\/td>\n<\/tr>\n<tr>\n<td width=\"50%\"><strong>1\u00ba Semestre<\/strong><\/td>\n<td width=\"50%\"><strong>2\u00ba Semestre<\/strong><\/td>\n<\/tr>\n<tr>\n<td width=\"50%\">Bet\u00e3o Armado I<\/td>\n<td width=\"50%\">Bet\u00e3o Armado II<\/td>\n<\/tr>\n<tr>\n<td width=\"50%\">Economia da Constru\u00e7\u00e3o I<\/td>\n<td width=\"50%\">Economia da Constru\u00e7\u00e3o I<\/td>\n<\/tr>\n<tr>\n<td width=\"50%\">Estruturas II<\/td>\n<td width=\"50%\">Estruturas Met\u00e1licas<\/td>\n<\/tr>\n<tr>\n<td width=\"50%\">Hidr\u00e1ulica Sanit\u00e1ria<\/td>\n<td width=\"50%\">Geologia e Engenharia do Ambiente<\/td>\n<\/tr>\n<tr>\n<td width=\"50%\">Infra-Estruturas Rodovi\u00e1rias I<\/td>\n<td width=\"50%\">Infra-Estruturas Rodovi\u00e1rias II<\/td>\n<\/tr>\n<tr>\n<td width=\"50%\">Materiais de Constru\u00e7\u00e3o II<\/td>\n<td width=\"50%\">Projectos Assistidos por computador<\/td>\n<\/tr>\n<tr>\n<td width=\"50%\">Organiza\u00e7\u00e3o e Gest\u00e3o de Projectos<\/td>\n<td width=\"50%\">Qualidade da Constru\u00e7\u00e3o I<\/td>\n<\/tr>\n<tr>\n<td colspan=\"2\" width=\"100%\"><strong>5\u00ba Ano<\/strong><\/td>\n<\/tr>\n<tr>\n<td width=\"50%\"><strong>1\u00ba Semestre<\/strong><\/td>\n<td width=\"50%\"><strong>2\u00ba Semestre<\/strong><\/td>\n<\/tr>\n<tr>\n<td width=\"50%\">Bet\u00e3o Armado e Pr\u00e9-Esfor\u00e7ado<\/td>\n<td width=\"50%\">Din\u00e2mica e Engenharia S\u00edsmica<\/td>\n<\/tr>\n<tr>\n<td width=\"50%\">Dimensionamento de Estruturas<\/td>\n<td width=\"50%\">Direito do Urbanismo e da Constru\u00e7\u00e3o Civil<\/td>\n<\/tr>\n<tr>\n<td width=\"50%\">Planeamento e Gest\u00e3o da Constru\u00e7\u00e3o<\/td>\n<td width=\"50%\">Organiza\u00e7\u00e3o e Gest\u00e3o de Obras<\/td>\n<\/tr>\n<tr>\n<td width=\"50%\">Qualidade da Constru\u00e7\u00e3o II<\/td>\n<td width=\"50%\">Planeamento Regional e Urbano<\/td>\n<\/tr>\n<tr>\n<td width=\"50%\">Soci. Industrial das Org. e do Trabalho<\/td>\n<td width=\"50%\">Reabilita\u00e7\u00e3o e Constru\u00e7\u00e3o de Edif\u00edcios<\/td>\n<\/tr>\n<tr>\n<td width=\"50%\">Tecnologias de Constru\u00e7\u00e3o I<\/td>\n<td width=\"50%\">Seguran\u00e7a no trabalho da Constru\u00e7\u00e3o<\/td>\n<\/tr>\n<tr>\n<td width=\"50%\"><\/td>\n<td width=\"50%\">Tecnologias de Constru\u00e7\u00e3o II<\/td>\n<\/tr>\n<tr>\n<td width=\"50%\"><\/td>\n<td width=\"50%\">Transportes<\/td>\n<\/tr>\n<\/tbody>\n<\/table>\n\n<\/div>\n<\/div>\n<\/section>\n\n<section class=\"av_tab_section\"  itemscope=\"itemscope\" itemtype=\"https:\/\/schema.org\/CreativeWork\" ><div aria-controls=\"tab-id-7-content\" role=\"tab\" tabindex=\"0\" data-fake-id=\"#tab-id-7\" class=\"tab \"  itemprop=\"headline\" >EFD<\/div>\n<div id=\"tab-id-7-content\" class=\"tab_content \" aria-hidden=\"true\">\n<div class=\"tab_inner_content invers-color\"  itemprop=\"text\" >\n<h3>Licenciatura em Educa\u00e7\u00e3o F\u00edsica e Desporto<\/h3>\n<h3>Apresenta\u00e7\u00e3o<\/h3>\n<p>A Licenciatura em Educa\u00e7\u00e3o F\u00edsica e Desporto pretende formar profissionais habilitados a intervir nas \u00e1reas da Educa\u00e7\u00e3o F\u00edsica, do Desporto e do Lazer, respondendo \u00e0s necessidades dos munic\u00edpios, dos clubes, das associa\u00e7\u00f5es, dos gin\u00e1sios e das academias de <em>fitness<\/em>, de empresas ligadas \u00e0s actividades f\u00edsicas, \u00e0 aventura e \u00e0 natureza.<\/p>\n<p><strong>Objectivos:<\/strong><\/p>\n<p>Procura-se proporcionar aos estudantes uma s\u00f3lida forma\u00e7\u00e3o global (fundamentos hist\u00f3ricos, cient\u00edficos e pedag\u00f3gicos), aliada \u00e0 indispens\u00e1vel aquisi\u00e7\u00e3o de compet\u00eancias espec\u00edficas fundamentais ao bom desempenho profissional.<\/p>\n<h3>Compet\u00eancias:<\/h3>\n<table style=\"vertical-align: top;\" width=\"100%\">\n<tbody>\n<tr>\n<td style=\"vertical-align: top;\" width=\"50%\"><strong>Gerais<\/strong><\/p>\n<p>\u00b7 Utiliza, adequada e criteriosamente, como meio fundamental de interven\u00e7\u00e3o o exerc\u00edcio f\u00edsico e o Desporto;<\/p>\n<p>\u00b7 Utiliza na atividade profissional, de forma integrada, os saberes da sua especialidade no quadro do conhecimento cient\u00edfico, pedag\u00f3gico e did\u00e1tico;<\/p>\n<p>\u00b7 Reflete e avalia as suas pr\u00e1ticas, apoiando-se no conhecimento adquirido, na experi\u00eancia e na pesquisa;<\/p>\n<p>\u00b7 Comunica utilizando as TIC\u2019s.<\/p>\n<p>\u00b7 Atua no \u00e2mbito da sua a\u00e7\u00e3o profissional, valorizando as dimens\u00f5es sociocultural e de cidadania.<\/td>\n<td width=\"50%\"><strong>Espec\u00edficas<\/strong><\/p>\n<p>\u00b7 Domina, interpreta e executa as mat\u00e9rias que integram os Programas Nacionais de Educa\u00e7\u00e3o F\u00edsica;<\/p>\n<p>\u00b7 Planeia e avalia o ensino e promove aprendizagens no quadro do conhecimento cient\u00edfico e pedag\u00f3gico da Educa\u00e7\u00e3o F\u00edsica e Desporto Escolar;<\/p>\n<p>\u00b7 Promove o processo de educa\u00e7\u00e3o da aptid\u00e3o f\u00edsica e melhoria das capacidades motoras;<\/p>\n<p>\u00b7 Utiliza linguagens e t\u00e9cnicas de informa\u00e7\u00e3o, pr\u00f3prios e adequados \u00e0s diferentes situa\u00e7\u00f5es;<\/p>\n<p>\u00b7 Conhece e domina a avalia\u00e7\u00e3o, como elemento regulador e promotor da qualidade do ensino e da aprendizagem.<\/p>\n<p>\u00b7 Utiliza o exerc\u00edcio f\u00edsico como meio de promo\u00e7\u00e3o e conserva\u00e7\u00e3o da sa\u00fade;<\/p>\n<p>\u00b7 Organiza e prescreve programas de treino, aplicando saberes pr\u00f3prios da sua especialidade e saberes transversais multidisciplinares e interdisciplinares;<\/p>\n<p>\u00b7 Planeia, gere, avalia e controla programas de exercita\u00e7\u00e3o, e melhoria do bem-estar;<\/p>\n<p>\u00b7 Pratica a avalia\u00e7\u00e3o, como elemento regulador e promotor da qualidade da prescri\u00e7\u00e3o do exerc\u00edcio e da sa\u00fade;<\/p>\n<p>\u00b7 Dirige e coopera na constru\u00e7\u00e3o, desenvolvimento e avalia\u00e7\u00e3o do projeto do clube, gin\u00e1sio ou outra entidade empregadora.<\/p>\n<p>\u00b7 Domina e relaciona os conte\u00fados de Teoria do Treino e da sua modalidade nos planos hist\u00f3rico, t\u00e9cnico, t\u00e1ctico e organizativo;<\/p>\n<p>\u00b7 Organiza o processo de treino e prescreve programas de treino, aplicando cr\u00edtica e adequadamente, saberes pr\u00f3prios da sua especialidade e saberes transversais multidisciplinares e interdisciplinares;- Planeia, gere e controla e avalia o processo de treino e compet\u00eancia;<\/p>\n<p>\u00b7 Promove o processo de treino e competi\u00e7\u00e3o;<\/p>\n<p>\u00b7 Coopera na constru\u00e7\u00e3o, desenvolvimento e avalia\u00e7\u00e3o do projeto desportivo do atleta, clube, Associa\u00e7\u00e3o ou Federa\u00e7\u00e3o.<\/td>\n<\/tr>\n<\/tbody>\n<\/table>\n<h3>Sa\u00eddas Profissionais<\/h3>\n<p>O licenciado em Educa\u00e7\u00e3o F\u00edsica e Desporto pode exercer a sua actividade profissional enquanto treinador desportivo (Clubes, Associa\u00e7\u00f5es, Federa\u00e7\u00f5es, escolas, etc.), na prescri\u00e7\u00e3o de exerc\u00edcio na \u00e1rea do fitness, desporto aventura, atividades aqu\u00e1ticas, director instala\u00e7\u00f5es, gestor de eventos desportivos, quer no \u00e2mbito da administra\u00e7\u00e3o p\u00fablica ou da iniciativa privada<\/p>\n<table width=\"100%\">\n<tbody>\n<tr>\n<td colspan=\"2\">\n<h3><strong>PLANO DE ESTUDOS <\/strong><\/h3>\n<\/td>\n<\/tr>\n<tr>\n<td colspan=\"2\"><strong>1\u00ba Ano<\/strong><\/td>\n<\/tr>\n<tr>\n<td><strong>1\u00ba Semestre<\/strong><\/td>\n<td><strong>\u00a02\u00ba Semestre <\/strong><\/td>\n<\/tr>\n<tr>\n<td>Anatomofisiologia I<\/td>\n<td>Anatomofisiologia II<\/td>\n<\/tr>\n<tr>\n<td>Bioqu\u00edmica<\/td>\n<td>Desenvolvimento e Adapta\u00e7\u00e3o Motora II<\/td>\n<\/tr>\n<tr>\n<td>Desenvolvimento e Adapta\u00e7\u00e3o Motora I<\/td>\n<td>Hist\u00f3ria da Educa\u00e7\u00e3o F\u00edsica e Desporto II<\/td>\n<\/tr>\n<tr>\n<td>Estat\u00edstica<\/td>\n<td>Teoria e Pr\u00e1tica dos Desportos II<\/td>\n<\/tr>\n<tr>\n<td>Hist\u00f3ria da Educa\u00e7\u00e3o F\u00edsica e Desporto I<\/td>\n<td>Introdu\u00e7\u00e3o ao Pensamento Contempor\u00e2neo<\/td>\n<\/tr>\n<tr>\n<td>Teoria e Pr\u00e1tica dos Desportos I<\/td>\n<td><\/td>\n<\/tr>\n<tr>\n<td colspan=\"2\"><strong>2\u00ba Ano<\/strong><\/td>\n<\/tr>\n<tr>\n<td><strong>1\u00ba Semestre<\/strong><\/td>\n<td><strong>\u00a02\u00ba Semestre <\/strong><\/td>\n<\/tr>\n<tr>\n<td>Biomec\u00e2nica I<\/td>\n<td>Biomec\u00e2nica II<\/td>\n<\/tr>\n<tr>\n<td>Fisiologia do Esfor\u00e7o I<\/td>\n<td>Fisiologia do Esfor\u00e7o II<\/td>\n<\/tr>\n<tr>\n<td>Introdu\u00e7\u00e3o \u00e0 Inform\u00e1tica I<\/td>\n<td>Introdu\u00e7\u00e3o \u00e0 Inform\u00e1tica II<\/td>\n<\/tr>\n<tr>\n<td>Introdu\u00e7\u00e3o aos Estudos Africanos I<\/td>\n<td>Introdu\u00e7\u00e3o aos Estudos Africanos II<\/td>\n<\/tr>\n<tr>\n<td>Sociologia do Desporto I<\/td>\n<td>Sociologia do Desporto II<\/td>\n<\/tr>\n<tr>\n<td>T\u00e9cnicas e Estrat\u00e9gias de Ensino I<\/td>\n<td>T\u00e9cnicas e Estrat\u00e9gias de Ensino II<\/td>\n<\/tr>\n<tr>\n<td>Teoria e Pr\u00e1tica dos Desportos III<\/td>\n<td>Teoria e Pr\u00e1tica dos Desportos IV<\/td>\n<\/tr>\n<tr>\n<td colspan=\"2\"><strong>3\u00ba Ano<\/strong><\/td>\n<\/tr>\n<tr>\n<td><strong>1\u00ba Semestre<\/strong><\/td>\n<td><strong>\u00a02\u00ba Semestre <\/strong><\/td>\n<\/tr>\n<tr>\n<td>Express\u00e3o Art\u00edstica\/Dan\u00e7a I<\/td>\n<td>Espress\u00e3o Art\u00edstica\/dan\u00e7a II<\/td>\n<\/tr>\n<tr>\n<td>Higiene e Traumatologia do Desporto I<\/td>\n<td>Higiene e Traumatologia do Desporto II<\/td>\n<\/tr>\n<tr>\n<td>Pedagogia do Desporto I<\/td>\n<td>Pedagogia do Desporto II<\/td>\n<\/tr>\n<tr>\n<td>Planeamento e T\u00e9cnicas Avalia\u00e7\u00e3o Ed. F\u00edsica I<\/td>\n<td>Planeamento e T\u00e9cnicas Avalia\u00e7\u00e3o Ed. F\u00edsica II<\/td>\n<\/tr>\n<tr>\n<td>Psicofisiologia I<\/td>\n<td>Psicofisiologia II<\/td>\n<\/tr>\n<tr>\n<td>Psicologia do Desporto I<\/td>\n<td>Psicologia do Desporto II<\/td>\n<\/tr>\n<tr>\n<td>Teoria e Pr\u00e1tica dos Desportos V<\/td>\n<td>Socieconomologia do Espa\u00e7o Lus\u00f3fono<\/td>\n<\/tr>\n<tr>\n<td><\/td>\n<td>Teoria e Pr\u00e1tica dos Desportos VI<\/td>\n<\/tr>\n<tr>\n<td colspan=\"2\"><strong>4\u00ba Ano<\/strong><\/td>\n<\/tr>\n<tr>\n<td><strong>1\u00ba Semestre<\/strong><\/td>\n<td><strong>\u00a02\u00ba Semestre <\/strong><\/td>\n<\/tr>\n<tr>\n<td>An\u00e1lise e Gest\u00e3o da Institui\u00e7\u00e3o Escolar I<\/td>\n<td>An\u00e1lise e Gest\u00e3o da Institui\u00e7\u00e3o Escolar II<\/td>\n<\/tr>\n<tr>\n<td>Anima\u00e7\u00e3o Desportiva, Lazer e Recrea\u00e7\u00e3o I<\/td>\n<td>Anima\u00e7\u00e3o Desportiva, Lazer e Recrea\u00e7\u00e3o II<\/td>\n<\/tr>\n<tr>\n<td>Educa\u00e7\u00e3o Especial I<\/td>\n<td>Educa\u00e7\u00e3o Especial II<\/td>\n<\/tr>\n<tr>\n<td>Epistemologia da Motricidade Humana I<\/td>\n<td>Epistemologia da Motricidade Humana II<\/td>\n<\/tr>\n<tr>\n<td>Org. e Desenvolvimento do Desporto I<\/td>\n<td>Org. e Desenvolvimento do Desporto II<\/td>\n<\/tr>\n<tr>\n<td>Sa\u00fade e Condi\u00e7\u00e3o F\u00edsica I<\/td>\n<td>Sa\u00fade e Condi\u00e7\u00e3o F\u00edsica II<\/td>\n<\/tr>\n<tr>\n<td>Teoria e Metodologia do Treino I<\/td>\n<td>Teoria e Metodologia do Treino II<\/td>\n<\/tr>\n<tr>\n<td><\/td>\n<td>Semin\u00e1rio<\/td>\n<\/tr>\n<\/tbody>\n<\/table>\n\n<\/div>\n<\/div>\n<\/section>\n\n<section class=\"av_tab_section\"  itemscope=\"itemscope\" itemtype=\"https:\/\/schema.org\/CreativeWork\" ><div aria-controls=\"tab-id-8-content\" role=\"tab\" tabindex=\"0\" data-fake-id=\"#tab-id-8\" class=\"tab \"  itemprop=\"headline\" >EFM<\/div>\n<div id=\"tab-id-8-content\" class=\"tab_content \" aria-hidden=\"true\">\n<div class=\"tab_inner_content invers-color\"  itemprop=\"text\" >\n<h3>Licenciatura em Enfermagem<\/h3>\n<h3>Apresenta\u00e7\u00e3o<\/h3>\n<p>A Licenciatura em Enfermagem visa conferir uma forma\u00e7\u00e3o cient\u00edfica, t\u00e9cnica, humana e cultural de excel\u00eancia, no \u00e2mbito da presta\u00e7\u00e3o, da gest\u00e3o e da investiga\u00e7\u00e3o em cuidados de enfermagem \u00e0 pessoa, fam\u00edlia, grupo e comunidade, no decurso do seu ciclo vital, atendendo aos diferentes n\u00edveis de preven\u00e7\u00e3o.<\/p>\n<h3>Objetivos<\/h3>\n<p>A Licenciatura em Enfermagem tem como miss\u00e3o \u201cassegurar<em> a forma\u00e7\u00e3o cient\u00edfica, t\u00e9cnica, humana e cultural para a presta\u00e7\u00e3o e gest\u00e3o de cuidados de enfermagem gerais \u00e0 pessoa ao longo do ciclo vital, \u00e0 fam\u00edlia, grupos e comunidade, nos diferentes n\u00edveis de preven\u00e7\u00e3o<\/em>\u201d.<\/p>\n<p>As diferentes disciplinas gerais e espec\u00edficas, fundamentais ao entendimento e integra\u00e7\u00e3o da globalidade da Licenciatura em Enfermagem, encontram-se distribu\u00eddas ao longo dos oito semestres lectivos fornecendo aos alunos um conjunto de compet\u00eancias instrumentais, sist\u00e9micas e interpessoais, necess\u00e1rias ao exerc\u00edcio da profiss\u00e3o.<\/p>\n<p><strong>\u00a0<\/strong><\/p>\n<p><strong>Compet\u00eancias<\/strong><\/p>\n<p>O licenciado em enfermagem tem\u00a0 compet\u00eancias instrumentais, sist\u00e9micas e interpessoais que se podem esquematizar da seguinte forma:<\/p>\n<ul>\n<li>Transmitir conhecimentos cient\u00edficos e t\u00e9cnicos que permitam planear ac\u00e7\u00f5es de educa\u00e7\u00e3o para a sa\u00fade possibilitando ao indiv\u00edduo\/fam\u00edlia a adop\u00e7\u00e3o de estrat\u00e9gias adequadas ao seu problema; prestar cuidados de enfermagem ao cliente\/fam\u00edlia, em diversos contextos, numa perspectiva hol\u00edstica, segundo o ciclo de vida em que se encontra;<\/li>\n<li>Desenvolver compet\u00eancias para participar na gest\u00e3o dos servi\u00e7os, controlo e garantia da qualidade nos cuidados de enfermagem, sabendo avaliar os resultados dos indicadores de sa\u00fade e determinar as solu\u00e7\u00f5es poss\u00edveis;<\/li>\n<li>Criar compet\u00eancias comunicacionais, de forma a desenvolver rela\u00e7\u00f5es terap\u00eauticas com o cliente\/fam\u00edlia, em rela\u00e7\u00e3o com o ambiente e em contexto comunit\u00e1rio; comunicar com consist\u00eancia a informa\u00e7\u00e3o relevante; comunicar eficazmente na equipa multidisciplinar.<\/li>\n<\/ul>\n<h3>Sa\u00eddas Profissionais<\/h3>\n<p>ter\u00e3o a possibilidade de exercer as suas fun\u00e7\u00f5es em meio hospitalar, p\u00fablico ou privado, em diferentes servi\u00e7os, na \u00e1rea da sa\u00fade p\u00fablica e ainda em diferentes organiza\u00e7\u00f5es no \u00e2mbito da enfermagem do trabalho.<\/p>\n<p>Os futuros profissionais em Enfermagem exercem atividade profissional liberal ou em institui\u00e7\u00f5es p\u00fablicas ou privadas, nomeadamente:<\/p>\n<ul>\n<li>Hospitais gerais; hospitais especializados (pediatria, psiquiatria, medicina f\u00edsica e reabilita\u00e7\u00e3o, maternidades, etc);<\/li>\n<li>Centros de sa\u00fade;<\/li>\n<li>Casas de repouso;<\/li>\n<li>Creches, jardins-de-inf\u00e2ncia e escolas;<\/li>\n<li>Centros de idosos;<\/li>\n<li>Cl\u00ednicas m\u00e9dicas e de enfermagem;<\/li>\n<li>N\u00facleos e organiza\u00e7\u00f5es desportivas.<\/li>\n<\/ul>\n<table width=\"100%\">\n<tbody>\n<tr>\n<td colspan=\"2\" width=\"100%\">\n<h3><strong>PLANO DE ESTUDOS<\/strong><\/h3>\n<\/td>\n<\/tr>\n<tr>\n<td colspan=\"2\" width=\"100%\"><strong>1\u00ba Ano<\/strong><\/td>\n<\/tr>\n<tr>\n<td width=\"50%\"><strong>1\u00ba Semestre<\/strong><\/td>\n<td width=\"50%\"><strong> 2\u00ba Semestre <\/strong><\/td>\n<\/tr>\n<tr>\n<td width=\"50%\">Anatomia Humana I<\/td>\n<td width=\"50%\">Anatomia Humana II<\/td>\n<\/tr>\n<tr>\n<td width=\"50%\">Biologia Celular<\/td>\n<td width=\"50%\">Bioqu\u00edmica Geral<\/td>\n<\/tr>\n<tr>\n<td width=\"50%\">Fisiologia Humana I<\/td>\n<td width=\"50%\">Fisiologia Humana II<\/td>\n<\/tr>\n<tr>\n<td width=\"50%\">Biomatem\u00e1tica<\/td>\n<td width=\"50%\">Fundamentos de Enfermagem II<\/td>\n<\/tr>\n<tr>\n<td width=\"50%\">Fundamentos de Enfermagem I<\/td>\n<td width=\"50%\">Int. \u00e0 Hist\u00f3ria da Sa\u00fade e da Cultura Contempor\u00e2neas<\/td>\n<\/tr>\n<tr>\n<td width=\"50%\">Inform\u00e1tica I<\/td>\n<td width=\"50%\">Fundamentos de F\u00edsica e Qu\u00edmica<\/td>\n<\/tr>\n<tr>\n<td width=\"50%\">Introdu\u00e7\u00e3o \u00e0 profiss\u00e3o (\u00c9tica e Deontologia)<\/td>\n<td width=\"50%\">Psicologia \u00e0 Sa\u00fade<\/td>\n<\/tr>\n<tr>\n<td colspan=\"2\" width=\"100%\"><strong>2\u00ba Ano<\/strong><\/td>\n<\/tr>\n<tr>\n<td width=\"50%\"><strong>3\u00ba Semestre<\/strong><\/td>\n<td width=\"50%\"><strong> 4\u00ba Semestre <\/strong><\/td>\n<\/tr>\n<tr>\n<td width=\"50%\">Enfermagem de Sa\u00fade Mental e Psiqui\u00e1trica<\/td>\n<td width=\"50%\">Enfermagem do Adulto<\/td>\n<\/tr>\n<tr>\n<td width=\"50%\">Interven\u00e7\u00f5es e Procedimentos em Enfermagem<\/td>\n<td width=\"50%\">Enfermagem do Idoso<\/td>\n<\/tr>\n<tr>\n<td width=\"50%\">Terap\u00eautica Farmacol\u00f3gica<\/td>\n<td width=\"50%\">UFC III &#8211; Enfermagem do Adulto e do Idoso<\/td>\n<\/tr>\n<tr>\n<td width=\"50%\">Microbiologia Geral<\/td>\n<td width=\"50%\"><\/td>\n<\/tr>\n<tr>\n<td width=\"50%\">Fisiopatologia e Patologia Geral<\/td>\n<td width=\"50%\"><\/td>\n<\/tr>\n<tr>\n<td width=\"50%\">UFC II &#8211; Enfermagem da Sa\u00fade Mental e Psiqui\u00e1trica<\/td>\n<td width=\"50%\"><\/td>\n<\/tr>\n<tr>\n<td colspan=\"2\" width=\"100%\"><strong>3\u00ba Ano<\/strong><\/td>\n<\/tr>\n<tr>\n<td width=\"50%\"><strong>5\u00ba Semestre<\/strong><\/td>\n<td width=\"50%\"><strong>6\u00ba Semestre<\/strong><\/td>\n<\/tr>\n<tr>\n<td width=\"50%\">Enfermagem da Mulher<\/td>\n<td width=\"50%\">Enfermagem da Fam\u00edlia e da Comunidade<\/td>\n<\/tr>\n<tr>\n<td width=\"50%\">Enfermagem da Crian\u00e7a e do Jovem<\/td>\n<td width=\"50%\">Antropologia\/Sociologia<\/td>\n<\/tr>\n<tr>\n<td width=\"50%\">UFC IV &#8211; Enfermagem da Mulher da Crian\u00e7a e do Jovem<\/td>\n<td width=\"50%\">Inform\u00e1tica II<\/td>\n<\/tr>\n<tr>\n<td width=\"50%\"><\/td>\n<td width=\"50%\">Enfermagem em Cuidados Continuados<\/td>\n<\/tr>\n<tr>\n<td width=\"50%\"><\/td>\n<td width=\"50%\">UFC V \u2013 Enfermagem Comunit\u00e1ria<\/td>\n<\/tr>\n<tr>\n<td colspan=\"2\" width=\"100%\"><strong>4\u00ba Ano<\/strong><\/td>\n<\/tr>\n<tr>\n<td width=\"50%\"><strong>7\u00ba Semestre<\/strong><\/td>\n<td width=\"50%\"><strong> 8\u00ba Semestre <\/strong><\/td>\n<\/tr>\n<tr>\n<td width=\"50%\">Enfermagem na Pessoa em Situa\u00e7\u00e3o Cr\u00edtica<\/td>\n<td width=\"50%\">Qualidade em Sa\u00fade<\/td>\n<\/tr>\n<tr>\n<td width=\"50%\">Ingl\u00eas I<\/td>\n<td width=\"50%\">Ingl\u00eas II<\/td>\n<\/tr>\n<tr>\n<td width=\"50%\">Andragogia em Enfermagem<\/td>\n<td width=\"50%\">Sociologia da Sa\u00fade<\/td>\n<\/tr>\n<tr>\n<td width=\"50%\">Gest\u00e3o em Enfermagem<\/td>\n<td width=\"50%\">UFC VII \u2013 Pr\u00e1tica Cl\u00ednica e Integra\u00e7\u00e3o \u00e0 Vida Profissional<\/td>\n<\/tr>\n<tr>\n<td width=\"50%\">UFC VI \u2013 Enfermagem na Pessoa em Situa\u00e7\u00e3o Cr\u00edtica<\/td>\n<td width=\"50%\"><\/td>\n<\/tr>\n<\/tbody>\n<\/table>\n\n<\/div>\n<\/div>\n<\/section>\n\n<section class=\"av_tab_section\"  itemscope=\"itemscope\" itemtype=\"https:\/\/schema.org\/CreativeWork\" ><div aria-controls=\"tab-id-9-content\" role=\"tab\" tabindex=\"0\" data-fake-id=\"#tab-id-9\" class=\"tab \"  itemprop=\"headline\" >EIF<\/div>\n<div id=\"tab-id-9-content\" class=\"tab_content \" aria-hidden=\"true\">\n<div class=\"tab_inner_content invers-color\"  itemprop=\"text\" >\n<h3><strong>Licenciatura em Engenharia Inform\u00e1tica<br \/>\n<\/strong><\/h3>\n<h3><\/h3>\n<h3>Apresenta\u00e7\u00e3o<\/h3>\n<p>A Licenciatura em Engenharia Inform\u00e1tica forma profissionais capazes de responder com agilidade aos desafios organizacionais em que a tecnologia possa valorizar as componentes do conhecimento e da inova\u00e7\u00e3o, n\u00e3o se limitando a uma interven\u00e7\u00e3o ao n\u00edvel da efici\u00eancia e informatiza\u00e7\u00e3o dos processos. A \u00e1rea cient\u00edfica predominante \u00e9 a das Ci\u00eancias e Tecnologias de Informa\u00e7\u00e3o.<\/p>\n<h3>Objetivos<\/h3>\n<p>A licenciatura em Engenharia Inform\u00e1tica visa formar profissionais aptos a assumirem posi\u00e7\u00f5es de lideran\u00e7a em projetos de engenharia, integrarem equipas envolvidas em atividades inovadoras de base tecnol\u00f3gica e promoverem investiga\u00e7\u00e3o socialmente v\u00e1lida e inovadora, assim respondendo aos enormes desafios de imagina\u00e7\u00e3o, criatividade e inova\u00e7\u00e3o tecnol\u00f3gica impostos pela sociedade e pelo mercado de emprego.<\/p>\n<p>O curso oferece uma forma\u00e7\u00e3o de base em dom\u00ednios cient\u00edficos gerais na \u00e1rea cient\u00edfica da Engenharia Inform\u00e1tica. Os licenciados adquirem uma forma\u00e7\u00e3o s\u00f3lida que os habilita a fazer face a um ambiente profissional competitivo e din\u00e2mico. A forma\u00e7\u00e3o assenta numa forte componente te\u00f3rica e experimental que garante as capacidades para lidar com os desafios da Engenharia Inform\u00e1tica, e em simult\u00e2neo responder aos desafios da gest\u00e3o empresarial.<\/p>\n<p><strong>\u00a0<\/strong><\/p>\n<p><strong>Compet\u00eancias<\/strong><\/p>\n<p>Os licenciados em engenharia inform\u00e1ticas tem as seguintes compet\u00eancias:<\/p>\n<ul>\n<li>Capacidade para conceber, desenhar, desenvolver, operar e gerir sistemas inform\u00e1ticos e suas componentes: sistemas operativos, sistemas de informa\u00e7\u00e3o, sistemas inteligentes e redes de computadores, assim como \u00e0 compreens\u00e3o e resolu\u00e7\u00e3o dos problemas associados;<\/li>\n<li>Capacidade para desenvolver e aplicar solu\u00e7\u00f5es de engenharia de software, multim\u00e9dia, computa\u00e7\u00e3o gr\u00e1fica, seguran\u00e7a inform\u00e1tica, intera\u00e7\u00e3o pessoa-m\u00e1quina e rob\u00f3tica em todos os dom\u00ednios da atividade econ\u00f3mica e social.<\/li>\n<\/ul>\n<h3>Sa\u00eddas Profissionais<\/h3>\n<p>A Licenciatura em Engenharia Inform\u00e1tica pretende produzir um perfil profissional do engenheiro de software \u2013 com s\u00f3lida forma\u00e7\u00e3o na \u00e1rea das tecnologias de informa\u00e7\u00e3o \u2013 caracterizado por uma capacidade mais abrangente de compreens\u00e3o e concep\u00e7\u00e3o de grandes projetos de engenharia inform\u00e1tica, por liderar equipas de desenvolvimento de projetos em inform\u00e1tica e gerir e manter sistemas de informa\u00e7\u00e3o. Por isso, o licenciado em Engenharia Inform\u00e1tica est\u00e1 apto a:<\/p>\n<ul>\n<li>exercer a sua atividade quer em empresas vocacionadas para o desenvolvimento e comercializa\u00e7\u00e3o de solu\u00e7\u00f5es baseadas em inform\u00e1tica quer em institui\u00e7\u00f5es ligadas ao setor p\u00fablico estatal ou privado, em particular na \u00e1rea dos servi\u00e7os;<\/li>\n<li>chefiar equipas inform\u00e1ticas em grandes empresas dos setores comerciais, industriais ou dos servi\u00e7os;<\/li>\n<li>Exercer a sua actividade em empresas de:\n<ul>\n<li>Consultoria;<\/li>\n<li>\u00e1rea financeira e servi\u00e7os;<\/li>\n<li>desenvolvimento de software e\/ou conte\u00fados;<\/li>\n<\/ul>\n<\/li>\n<li>Exercer a sua actividade na administra\u00e7\u00e3o p\u00fablica central e local.<\/li>\n<\/ul>\n<table width=\"100%\">\n<tbody>\n<tr>\n<td colspan=\"2\" width=\"100%\">\n<h3><strong>PLANO DE ESTUDOS <\/strong><\/h3>\n<\/td>\n<\/tr>\n<tr>\n<td colspan=\"2\" width=\"100%\"><strong>1\u00ba Ano<\/strong><\/td>\n<\/tr>\n<tr>\n<td width=\"50%\"><strong>1\u00ba Semestre<\/strong><\/td>\n<td width=\"50%\"><strong>2\u00ba Semestre<\/strong><\/td>\n<\/tr>\n<tr>\n<td width=\"50%\">Matem\u00e1tica I<\/td>\n<td width=\"50%\">Matem\u00e1tica II<\/td>\n<\/tr>\n<tr>\n<td width=\"50%\">Matem\u00e1tica Discreta<\/td>\n<td width=\"50%\">Arquitetura dos Computadores<\/td>\n<\/tr>\n<tr>\n<td width=\"50%\">Introdu\u00e7\u00e3o \u00e0 Programa\u00e7\u00e3o<\/td>\n<td width=\"50%\">Estrutura de Dados e Algoritmos I<\/td>\n<\/tr>\n<tr>\n<td width=\"50%\">T\u00e9cnicas de Comunica\u00e7\u00e3o<\/td>\n<td width=\"50%\">Psicossociologia das Organiza\u00e7\u00f5es<\/td>\n<\/tr>\n<tr>\n<td width=\"50%\">Introdu\u00e7\u00e3o ao Pensamento Contempor\u00e2neo<\/td>\n<td width=\"50%\">Introdu\u00e7\u00e3o \u00e0s Ci\u00eancias Sociais<\/td>\n<\/tr>\n<tr>\n<td colspan=\"2\" width=\"100%\"><strong>2\u00ba Ano<\/strong><\/td>\n<\/tr>\n<tr>\n<td width=\"50%\"><strong>3\u00ba Semestre<\/strong><\/td>\n<td width=\"50%\"><strong>4\u00ba Semestre<\/strong><\/td>\n<\/tr>\n<tr>\n<td width=\"50%\">Matem\u00e1tica III<\/td>\n<td width=\"50%\">Matem\u00e1tica IV<\/td>\n<\/tr>\n<tr>\n<td width=\"50%\">An\u00e1lise Explorat\u00f3ria de Dados<\/td>\n<td width=\"50%\">Redes de Computadores<\/td>\n<\/tr>\n<tr>\n<td width=\"50%\">Estrutura de Dados e Algoritmos II<\/td>\n<td width=\"50%\">Linguagens de Programa\u00e7\u00e3o II<\/td>\n<\/tr>\n<tr>\n<td width=\"50%\">Linguagens de Programa\u00e7\u00e3o I<\/td>\n<td width=\"50%\">Programa\u00e7\u00e3o de Sistemas<\/td>\n<\/tr>\n<tr>\n<td width=\"50%\">Instrumentos B\u00e1sicos de Gest\u00e3o<\/td>\n<td width=\"50%\">Contabilidade<\/td>\n<\/tr>\n<tr>\n<td width=\"50%\">Bases de Dados<\/td>\n<td width=\"50%\">Introdu\u00e7\u00e3o aos Estudos Africanos II<\/td>\n<\/tr>\n<tr>\n<td width=\"50%\">Introdu\u00e7\u00e3o aos Estudos Africanos I<\/td>\n<td width=\"50%\"><\/td>\n<\/tr>\n<tr>\n<td colspan=\"2\" width=\"100%\"><strong>3\u00ba Ano <\/strong><\/td>\n<\/tr>\n<tr>\n<td width=\"50%\"><strong>5\u00ba Semestre<\/strong><\/td>\n<td width=\"50%\"><strong>6\u00ba Semestre<\/strong><\/td>\n<\/tr>\n<tr>\n<td width=\"50%\">Sistemas Digitais<\/td>\n<td width=\"50%\">Socioeconomologia Pol\u00edtica do Espa\u00e7o Lus\u00f3fono<\/td>\n<\/tr>\n<tr>\n<td width=\"50%\">F\u00edsica<\/td>\n<td width=\"50%\">Programa\u00e7\u00e3o com Objetos<\/td>\n<\/tr>\n<tr>\n<td width=\"50%\">Tipos Abstractos de Informa\u00e7\u00e3o<\/td>\n<td width=\"50%\">Intelig\u00eancia Artificial I<\/td>\n<\/tr>\n<tr>\n<td width=\"50%\">Teoria da Computa\u00e7\u00e3o<\/td>\n<td width=\"50%\">Arquitetura de Sistemas Computacionais<\/td>\n<\/tr>\n<tr>\n<td width=\"50%\">Programa\u00e7\u00e3o em L\u00f3gica<\/td>\n<td width=\"50%\">Op\u00e7\u00e3o *<\/td>\n<\/tr>\n<tr>\n<td width=\"50%\">Op\u00e7\u00e3o *<\/td>\n<td width=\"50%\"><\/td>\n<\/tr>\n<tr>\n<td colspan=\"2\" width=\"100%\"><strong>4\u00ba Ano &#8211; Ramo de Sistemas<\/strong><\/td>\n<\/tr>\n<tr>\n<td width=\"50%\"><strong>7\u00ba Semestre<\/strong><\/td>\n<td width=\"50%\"><strong>8\u00ba Semestre<\/strong><\/td>\n<\/tr>\n<tr>\n<td width=\"50%\">Engenharia de Programa\u00e7\u00e3o<\/td>\n<td width=\"50%\">Ambiente de Desenvolvimento<\/td>\n<\/tr>\n<tr>\n<td width=\"50%\">Intelig\u00eancia Artificial II<\/td>\n<td width=\"50%\">Op\u00e7\u00e3o SIS 3<\/td>\n<\/tr>\n<tr>\n<td width=\"50%\">Computa\u00e7\u00e3o Gr\u00e1fica<\/td>\n<td width=\"50%\">Op\u00e7\u00e3o SIS 4<\/td>\n<\/tr>\n<tr>\n<td width=\"50%\">Investiga\u00e7\u00e3o Operacional<\/td>\n<td width=\"50%\">Op\u00e7\u00e3o SIS 5<\/td>\n<\/tr>\n<tr>\n<td colspan=\"2\" width=\"100%\"><strong>4\u00ba Ano &#8211; Ramo de Inform\u00e1tica de Gest\u00e3o<\/strong><\/td>\n<\/tr>\n<tr>\n<td width=\"50%\"><strong>7\u00ba Semestre<\/strong><\/td>\n<td width=\"50%\"><strong>8\u00ba Semestre<\/strong><\/td>\n<\/tr>\n<tr>\n<td width=\"50%\">Auditoria Inform\u00e1tica<\/td>\n<td width=\"50%\">Gest\u00e3o de Recursos Inform\u00e1ticos<\/td>\n<\/tr>\n<tr>\n<td width=\"50%\">Concep\u00e7\u00e3o de Sistemas de Informa\u00e7\u00e3o<\/td>\n<td width=\"50%\">Op\u00e7\u00e3o GES 3<\/td>\n<\/tr>\n<tr>\n<td width=\"50%\">Intelig\u00eancia Artificial II<\/td>\n<td width=\"50%\">Op\u00e7\u00e3o GES 4<\/td>\n<\/tr>\n<tr>\n<td width=\"50%\">Investiga\u00e7\u00e3o Operacional<\/td>\n<td width=\"50%\">Op\u00e7\u00e3o GES 5<\/td>\n<\/tr>\n<\/tbody>\n<\/table>\n\n<\/div>\n<\/div>\n<\/section>\n\n<section class=\"av_tab_section\"  itemscope=\"itemscope\" itemtype=\"https:\/\/schema.org\/CreativeWork\" ><div aria-controls=\"tab-id-10-content\" role=\"tab\" tabindex=\"0\" data-fake-id=\"#tab-id-10\" class=\"tab \"  itemprop=\"headline\" >FMC<\/div>\n<div id=\"tab-id-10-content\" class=\"tab_content \" aria-hidden=\"true\">\n<div class=\"tab_inner_content invers-color\"  itemprop=\"text\" >\n<h3>Licenciatura em Farm\u00e1cia<\/h3>\n<h3>Apresenta\u00e7\u00e3o<\/h3>\n<p>A licenciatura em Farm\u00e1cia assenta na forma\u00e7\u00e3o de farmac\u00eauticos generalistas, qualificados para o exerc\u00edcio das Ci\u00eancias Farmac\u00eauticas, atrav\u00e9s de uma perspectiva human\u00edstica, cr\u00edtica e reflexiva. Esses profissionais dever\u00e3o ser capazes de reconhecer e intervir sobre os problemas\/situa\u00e7\u00f5es associadas \u00e0s an\u00e1lises cl\u00ednicas, aos alimentos e aos medicamentos, sendo capacitados a atuar com senso de responsabilidade social e compromisso com a cidadania, agindo como promotores da sa\u00fade.<\/p>\n<h3>Objetivos<\/h3>\n<p>A licenciatura em Farm\u00e1cia visa formar profissionais que ser\u00e3o absolutamente essenciais no circuito de assist\u00eancia (na sa\u00fade e na doen\u00e7a) \u00e0s popula\u00e7\u00f5es, tendo em considera\u00e7\u00e3o a abrang\u00eancia s\u00f3cio-geogr\u00e1fica dos servi\u00e7os de natureza farmac\u00eautica a n\u00edvel de todo o territ\u00f3rio nacional. O T\u00e9cnico de Farm\u00e1cia interv\u00e9m ao n\u00edvel da produ\u00e7\u00e3o e distribui\u00e7\u00e3o de medicamentos e outros produtos de sa\u00fade segundo f\u00f3rmulas gal\u00e9nicas e prescri\u00e7\u00e3o m\u00e9dica ou venda de medicamentos n\u00e3o sujeitos a receita m\u00e9dica sendo a sua principal \u00e1rea de interven\u00e7\u00e3o a terap\u00eautica, apesar disso, podem tamb\u00e9m intervir na preven\u00e7\u00e3o e promo\u00e7\u00e3o da sa\u00fade, na investiga\u00e7\u00e3o, no ensino e na gest\u00e3o.<\/p>\n<h3>Compet\u00eancias<\/h3>\n<p>\u00c9 objetivo da licenciatura de Farm\u00e1cia preparar t\u00e9cnicos que respondam qualificadamente, \u00e0s necessidades das estruturas prestadoras de servi\u00e7os de sa\u00fade em geral, designadamente que sejam capazes de:<\/p>\n<ul>\n<li>Intervir nas diferentes etapas do circuito do medicamento, desde a produ\u00e7\u00e3o, aquisi\u00e7\u00e3o e distribui\u00e7\u00e3o de medicamentos, passando pela gest\u00e3o, controlo de qualidade e marketing, actuando autonomamente conforme a legisla\u00e7\u00e3o que regulamenta a profiss\u00e3o;<\/li>\n<li>Participar em ac\u00e7\u00f5es de informa\u00e7\u00e3o\/forma\u00e7\u00e3o junto do utente, de outros t\u00e9cnicos de sa\u00fade e da comunidade em geral;<\/li>\n<li>Exercer a sua actividade profissional no circuito do medicamento, concretamente em estabelecimentos de sa\u00fade, como farm\u00e1cias comunit\u00e1rias e hospitalares;<\/li>\n<li>Exercer a sua actividade profissional em outras institui\u00e7\u00f5es de produ\u00e7\u00e3o\/comercializa\u00e7\u00e3o de medicamentos e de presta\u00e7\u00e3o de cuidados de sa\u00fade podem tamb\u00e9m acolher t\u00e9cnicos para o desempenho das suas fun\u00e7\u00f5es.<\/li>\n<\/ul>\n<h3>Sa\u00eddas Profissionais<\/h3>\n<p>Os futuros profissionais ter\u00e3o a possibilidade de exercer as suas fun\u00e7\u00f5es em:<\/p>\n<ul>\n<li>Farm\u00e1cia hospitalar;<\/li>\n<li>Farm\u00e1cia comunit\u00e1ria;<\/li>\n<li>Respons\u00e1veis T\u00e9cnicos dos locais de venda<\/li>\n<li>Ind\u00fastria Farmac\u00eautica, em diversas vertentes, nomeadamente produ\u00e7\u00e3o e controlo de qualidade de medicamentos;<\/li>\n<li>Ind\u00fastria Alimentar e Ind\u00fastria Qu\u00edmica.<\/li>\n<\/ul>\n<table width=\"100%\">\n<tbody>\n<tr>\n<td colspan=\"2\" width=\"100%\">\n<h3><strong>PLANO DE ESTUDOS <\/strong><\/h3>\n<\/td>\n<\/tr>\n<tr>\n<td colspan=\"2\" width=\"100%\"><strong>1\u00ba Ano<\/strong><\/td>\n<\/tr>\n<tr>\n<td width=\"50%\"><strong>1\u00ba Semestre<\/strong><\/td>\n<td width=\"50%\"><strong>2\u00ba Semestre<\/strong><\/td>\n<\/tr>\n<tr>\n<td width=\"50%\">Anatomia Funcional e Histologia Elementar<\/td>\n<td width=\"50%\">Biomatem\u00e1tica e Estat\u00edstica<\/td>\n<\/tr>\n<tr>\n<td width=\"50%\">Biologia Celular I<\/td>\n<td width=\"50%\">Biologia Celular II<\/td>\n<\/tr>\n<tr>\n<td width=\"50%\">Farm\u00e1cia Gal\u00e9nica<\/td>\n<td width=\"50%\">Introdu\u00e7\u00e3o \u00e0 Hist\u00f3ria da Sa\u00fade e Cultura Contempor\u00e2nea<\/td>\n<\/tr>\n<tr>\n<td width=\"50%\">Matem\u00e1tica<\/td>\n<td width=\"50%\">Bioqu\u00edmica Geral<\/td>\n<\/tr>\n<tr>\n<td width=\"50%\">F\u00edsica e Elementos de Biof\u00edsica<\/td>\n<td width=\"50%\">Tecnologia Farmac\u00eautica I<\/td>\n<\/tr>\n<tr>\n<td width=\"50%\">Introdu\u00e7\u00e3o \u00e0 Profiss\u00e3o<\/td>\n<td width=\"50%\">Fundamentos de Qu\u00edmica Anal\u00edtica<\/td>\n<\/tr>\n<tr>\n<td width=\"50%\">T\u00e9cnicas de Laborat\u00f3rio<\/td>\n<td width=\"50%\">Inform\u00e1tica<\/td>\n<\/tr>\n<tr>\n<td colspan=\"2\" width=\"100%\"><strong>2\u00ba Ano<\/strong><\/td>\n<\/tr>\n<tr>\n<td width=\"50%\"><strong>3\u00ba Semestre<\/strong><\/td>\n<td width=\"50%\"><strong>4\u00ba Semestre<\/strong><\/td>\n<\/tr>\n<tr>\n<td width=\"50%\">Fisiologia Humana<\/td>\n<td width=\"50%\">Farmacognosia<\/td>\n<\/tr>\n<tr>\n<td width=\"50%\">M\u00e9todos Anal\u00edticos I<\/td>\n<td width=\"50%\">Farmacologia Geral<\/td>\n<\/tr>\n<tr>\n<td width=\"50%\">Sa\u00fade P\u00fablica<\/td>\n<td width=\"50%\">M\u00e9todos Anal\u00edticos II<\/td>\n<\/tr>\n<tr>\n<td width=\"50%\">Boas Pr\u00e1ticas de Produ\u00e7\u00e3o e Labora\u00e7\u00e3o<\/td>\n<td width=\"50%\">Biofarm\u00e1cia<\/td>\n<\/tr>\n<tr>\n<td width=\"50%\">Microbiologia Geral<\/td>\n<td width=\"50%\">Biologia Molecular e Biotecnologia Farmac\u00eautica<\/td>\n<\/tr>\n<tr>\n<td width=\"50%\">Sociologia da Sa\u00fade<\/td>\n<td width=\"50%\">Dispositivos M\u00e9dicos e Outro Material M\u00e9dico-Farmac\u00eautico<\/td>\n<\/tr>\n<tr>\n<td width=\"50%\">Tecnologia Farmac\u00eautica II<\/td>\n<td width=\"50%\">\u00c9tica, Deontologia e Legisla\u00e7\u00e3o<\/td>\n<\/tr>\n<tr>\n<td colspan=\"2\" width=\"100%\"><strong>3\u00ba Ano<\/strong><\/td>\n<\/tr>\n<tr>\n<td width=\"50%\"><strong>5\u00ba Semestre<\/strong><\/td>\n<td width=\"50%\"><strong>6\u00ba Semestre<\/strong><\/td>\n<\/tr>\n<tr>\n<td width=\"50%\">Boas Pr\u00e1ticas Farm\u00e1cia Hospitalar<\/td>\n<td width=\"50%\">Est\u00e1gio I<\/td>\n<\/tr>\n<tr>\n<td width=\"50%\">Farmacocin\u00e9tica<\/td>\n<td width=\"50%\">Nutri\u00e7\u00e3o Artificial<\/td>\n<\/tr>\n<tr>\n<td width=\"50%\">Farmacoterapia Hospitalar<\/td>\n<td width=\"50%\"><\/td>\n<\/tr>\n<tr>\n<td width=\"50%\">Fisiopatologia<\/td>\n<td width=\"50%\"><\/td>\n<\/tr>\n<tr>\n<td width=\"50%\">Pr\u00e1tica Farmac\u00eautica<\/td>\n<td width=\"50%\"><\/td>\n<\/tr>\n<tr>\n<td width=\"50%\">T\u00e9cnicas de Assepsia<\/td>\n<td width=\"50%\"><\/td>\n<\/tr>\n<tr>\n<td colspan=\"2\" width=\"100%\"><strong>4\u00ba Ano<\/strong><\/td>\n<\/tr>\n<tr>\n<td width=\"50%\"><strong>7\u00ba Semestre<\/strong><\/td>\n<td width=\"50%\"><strong>8\u00ba Semestre<\/strong><\/td>\n<\/tr>\n<tr>\n<td width=\"50%\">Farmacoterapia<\/td>\n<td width=\"50%\">Est\u00e1gio II<\/td>\n<\/tr>\n<tr>\n<td width=\"50%\">Procedimentos Pr\u00e1ticos em Cosm\u00e9tica e Est\u00e9tica<\/td>\n<td width=\"50%\">Investiga\u00e7\u00e3o Aplicada<\/td>\n<\/tr>\n<tr>\n<td width=\"50%\">Medicamentos \u00e0 Base de Plantas<\/td>\n<td width=\"50%\">Gest\u00e3o de Stocks<\/td>\n<\/tr>\n<tr>\n<td width=\"50%\">Meios Avan\u00e7ados em Tecnologia Farmac\u00eautica<\/td>\n<td width=\"50%\"><\/td>\n<\/tr>\n<tr>\n<td width=\"50%\">Psicologia da Comunica\u00e7\u00e3o em Sa\u00fade<\/td>\n<td width=\"50%\"><\/td>\n<\/tr>\n<tr>\n<td width=\"50%\">Toxicologia Farmac\u00eautica<\/td>\n<td width=\"50%\"><\/td>\n<\/tr>\n<\/tbody>\n<\/table>\n\n<\/div>\n<\/div>\n<\/section>\n\n<section class=\"av_tab_section\"  itemscope=\"itemscope\" itemtype=\"https:\/\/schema.org\/CreativeWork\" ><div aria-controls=\"tab-id-11-content\" role=\"tab\" tabindex=\"0\" data-fake-id=\"#tab-id-11\" class=\"tab \"  itemprop=\"headline\" >PSI<\/div>\n<div id=\"tab-id-11-content\" class=\"tab_content \" aria-hidden=\"true\">\n<div class=\"tab_inner_content invers-color\"  itemprop=\"text\" >\n<h3><strong>Licenciatura em <\/strong><strong>Psicologia<\/strong><\/h3>\n<h3><strong>Apresenta\u00e7\u00e3o<\/strong><\/h3>\n<p>A Licenciatura em Psicologia forma profissionais capazes de compreenderem o comportamento humano, ao desenvolver compet\u00eancias gerais em Psicologia e conhecimentos te\u00f3ricos e metodol\u00f3gicos b\u00e1sicos nas v\u00e1rias \u00e1reas desta disciplina.<\/p>\n<h3>Objetivos<\/h3>\n<p>A licenciatura em Psicologia pretende proporcionar uma base s\u00f3lida de conhecimentos e compet\u00eancias no dom\u00ednio desta \u00e1rea cient\u00edfica numa perspetiva interdisciplinaridade com outras dom\u00ednios das ci\u00eancias naturais, exatas e sociais, bem como uma s\u00f3lida prepara\u00e7\u00e3o te\u00f3rica e em investiga\u00e7\u00e3o laboratorial e de campo. Nessa medida, tem como objectivo geral proporcionar conhecimentos, aptid\u00f5es e compet\u00eancias, ao n\u00edvel te\u00f3rico e metodol\u00f3gico b\u00e1sicos, nas v\u00e1rias \u00e1reas da Psicologia dotando os alunos de conhecimentos dos modelos te\u00f3ricos b\u00e1sicos assim como dos modelos t\u00e9cnicos de aptid\u00e3o cient\u00edfico-pedag\u00f3gica para o exerc\u00edcio da leciona\u00e7\u00e3o da cadeira de Psicologia.<\/p>\n<h3><strong>Compet\u00eancias<\/strong><\/h3>\n<p>O profissional de Psicologia tem de possuir, o dom\u00ednio cient\u00edfico, em \u00e1reas aplicadas ou de investiga\u00e7\u00e3o e conseguir:<\/p>\n<ul>\n<li>Descrever, diferenciar e integrar os principais conceitos, teorias, abordagens e contextos de aplica\u00e7\u00e3o no dom\u00ednio da Psicologia;<\/li>\n<li>Aplicar os conhecimentos, aptid\u00f5es e compet\u00eancias b\u00e1sicos a diferentes contextos, atrav\u00e9s da constru\u00e7\u00e3o de uma argumenta\u00e7\u00e3o baseada em modelos te\u00f3ricos e emp\u00edricos;<\/li>\n<li>Identificar os principais instrumentos de recolha de informa\u00e7\u00e3o em Psicologia e interpretar os seus resultados;<\/li>\n<li>Apresentar e divulgar informa\u00e7\u00e3o precisa e resultados de estudos e interven\u00e7\u00f5es Psicol\u00f3gicas;<\/li>\n<li>Pesquisar e estruturar com elevado grau de autonomia, o conhecimento cient\u00edfico produzido na Psicologia sobre um tema.<\/li>\n<\/ul>\n<h3><strong>Sa\u00eddas Profissionais<\/strong><\/h3>\n<p>A conclus\u00e3o da licenciatura em Psicologia permite aos alunos;<\/p>\n<ul>\n<li>ingressar no mercado de trabalho em fun\u00e7\u00f5es que exijam as compet\u00eancias gerais obtidas a este n\u00edvel;<\/li>\n<li>doc\u00eancia.<\/li>\n<\/ul>\n<table width=\"100%\">\n<tbody>\n<tr>\n<td colspan=\"2\" width=\"100%\">\n<h3><strong>PLANO DE ESTUDOS<\/strong><\/h3>\n<\/td>\n<\/tr>\n<tr>\n<td colspan=\"2\" width=\"100%\"><strong>1\u00ba Ano<\/strong><\/td>\n<\/tr>\n<tr>\n<td width=\"50%\"><strong>1\u00ba Semestre<\/strong><\/td>\n<td width=\"50%\"><strong> 2\u00ba Semestre <\/strong><\/td>\n<\/tr>\n<tr>\n<td width=\"50%\">Biologia<\/td>\n<td width=\"50%\">Anatomia<\/td>\n<\/tr>\n<tr>\n<td width=\"50%\">Hist\u00f3ria e Sistemas da Psicologia<\/td>\n<td width=\"50%\">Antropologia<\/td>\n<\/tr>\n<tr>\n<td width=\"50%\">Introdu\u00e7\u00e3o \u00e0 Psicologia<\/td>\n<td width=\"50%\">Aplica\u00e7\u00f5es Inform\u00e1ticas em Psicologia<\/td>\n<\/tr>\n<tr>\n<td width=\"50%\">Introdu\u00e7\u00e3o ao Pensamento Contempor\u00e2neo<\/td>\n<td width=\"50%\">Epistemologia<\/td>\n<\/tr>\n<tr>\n<td width=\"50%\">L\u00edngua Portuguesa I<\/td>\n<td width=\"50%\">Estat\u00edstica I<\/td>\n<\/tr>\n<tr>\n<td width=\"50%\">Matem\u00e1tica das Ci\u00eancias Humanas<\/td>\n<td width=\"50%\">L\u00edngua Portuguesa II<\/td>\n<\/tr>\n<tr>\n<td colspan=\"2\" width=\"100%\"><strong>2\u00ba Ano<\/strong><\/td>\n<\/tr>\n<tr>\n<td width=\"50%\"><strong>1\u00ba Semestre<\/strong><\/td>\n<td width=\"50%\"><strong> 2\u00ba Semestre <\/strong><\/td>\n<\/tr>\n<tr>\n<td width=\"50%\">Etologia<\/td>\n<td width=\"50%\">L\u00edngua portuguesa IV<\/td>\n<\/tr>\n<tr>\n<td width=\"50%\">Psicologia Geral<\/td>\n<td width=\"50%\">Neuroci\u00eancias<\/td>\n<\/tr>\n<tr>\n<td width=\"50%\">Processos Biol\u00f3gicos da Mente e do Comportamento<\/td>\n<td width=\"50%\">Processos Biol\u00f3gicos B\u00e1sicos: Aten\u00e7\u00e3o e Mem\u00f3ria<\/td>\n<\/tr>\n<tr>\n<td width=\"50%\">Psicologia das Emo\u00e7\u00f5es e da Motiva\u00e7\u00e3o<\/td>\n<td width=\"50%\">Psicologia do Desenvolvimento<\/td>\n<\/tr>\n<tr>\n<td width=\"50%\">Psicologia Evolutiva<\/td>\n<td width=\"50%\">Psicologia do G\u00e9nero e da Sexualidade<\/td>\n<\/tr>\n<tr>\n<td width=\"50%\">L\u00edngua portuguesa III<\/td>\n<td width=\"50%\">Psicologia Social<\/td>\n<\/tr>\n<tr>\n<td colspan=\"2\" width=\"100%\"><strong>3\u00ba Ano<\/strong><\/td>\n<\/tr>\n<tr>\n<td width=\"50%\"><strong>1\u00ba Semestre<\/strong><\/td>\n<td width=\"50%\"><strong> 2\u00ba Semestre <\/strong><\/td>\n<\/tr>\n<tr>\n<td width=\"50%\">Avalia\u00e7\u00e3o da Personalidade<\/td>\n<td width=\"50%\">Avalia\u00e7\u00e3o Psicol\u00f3gica \u2013 m\u00e9todos qualitativos<\/td>\n<\/tr>\n<tr>\n<td width=\"50%\">Criatividade e Din\u00e2micas de Grupo<\/td>\n<td width=\"50%\">Avalia\u00e7\u00e3o Psicol\u00f3gica \u2013 m\u00e9todos quantitativos<\/td>\n<\/tr>\n<tr>\n<td width=\"50%\">L\u00edngua portuguesa V<\/td>\n<td width=\"50%\">Gen\u00e9tica Comportamental<\/td>\n<\/tr>\n<tr>\n<td width=\"50%\">Psicologia da Aprendizagem<\/td>\n<td width=\"50%\">L\u00edngua portuguesa VI<\/td>\n<\/tr>\n<tr>\n<td width=\"50%\">Psicologia Educacional<\/td>\n<td width=\"50%\">Psicologia da Linguagem<\/td>\n<\/tr>\n<tr>\n<td width=\"50%\">Teorias da Personalidade<\/td>\n<td width=\"50%\">Psicopatologia<\/td>\n<\/tr>\n<tr>\n<td colspan=\"2\" width=\"100%\"><strong>4\u00ba <\/strong><\/td>\n<\/tr>\n<tr>\n<td colspan=\"2\" width=\"100%\"><strong>TRONCO COMUM<\/strong><\/td>\n<\/tr>\n<tr>\n<td width=\"50%\"><strong>1\u00ba Semestre<\/strong><\/td>\n<td width=\"50%\"><strong> 2\u00ba Semestre <\/strong><\/td>\n<\/tr>\n<tr>\n<td width=\"50%\">Metododologias de Investiga\u00e7\u00e3o Cient\u00edfica<\/td>\n<td width=\"50%\">Psicopatologia da Crian\u00e7a e do Adolescente<\/td>\n<\/tr>\n<tr>\n<td width=\"50%\"><\/td>\n<td width=\"50%\">Rela\u00e7\u00f5es Intergrupais<\/td>\n<\/tr>\n<tr>\n<td colspan=\"2\" width=\"100%\"><strong>RAMO DE PSICOLOGIA EDUCACIONAL<\/strong><\/td>\n<\/tr>\n<tr>\n<td width=\"50%\">Avalia\u00e7\u00e3o e Aprendizagem<\/td>\n<td width=\"50%\">Interven\u00e7\u00e3o Educativa e Necessidades Especiais de Educa\u00e7\u00e3o<\/td>\n<\/tr>\n<tr>\n<td width=\"50%\">Desenvolvimento e Orienta\u00e7\u00e3o Vocacional<\/td>\n<td width=\"50%\">Interven\u00e7\u00e3o Precoce<\/td>\n<\/tr>\n<tr>\n<td width=\"50%\">Interven\u00e7\u00e3o Socio-Educativa e Comunit\u00e1ria<\/td>\n<td width=\"50%\">Problem\u00e1tica do Comportamento em Contextro Educativo<\/td>\n<\/tr>\n<tr>\n<td width=\"50%\">Modelos de Avalia\u00e7\u00e3o e Interven\u00e7\u00e3o em Reabilita\u00e7\u00e3o e Inser\u00e7\u00e3o Social<\/td>\n<td width=\"50%\">Teorias e Modelos de Reabilita\u00e7\u00e3o e Inser\u00e7\u00e3o Social<\/td>\n<\/tr>\n<tr>\n<td width=\"50%\">Psicologia e Psicopatologia dos Comportamentos Violentos<\/td>\n<td width=\"50%\"><\/td>\n<\/tr>\n<tr>\n<td colspan=\"2\" width=\"100%\"><strong>RAMO DE PSICOLOGIA CL\u00cdNICA<\/strong><\/td>\n<\/tr>\n<tr>\n<td width=\"50%\">Avalia\u00e7\u00e3o em Psicologia Cl\u00ednica: M\u00e9todos, Objectivos, Projectivos e Intersubjectivos<\/td>\n<td width=\"50%\">Avalia\u00e7\u00e3o em Psicologia Cl\u00ednica: Estudo de Caso<\/td>\n<\/tr>\n<tr>\n<td width=\"50%\">Estudos de Casos Cl\u00ednicos numa Perspectiva Psicanal\u00edtica<\/td>\n<td width=\"50%\">Desenvolvimento S\u00f3cio Emocional na Crian\u00e7a e no Adolescente<\/td>\n<\/tr>\n<tr>\n<td width=\"50%\">Interven\u00e7\u00e3o em Psicologia Clinica I<\/td>\n<td width=\"50%\">Interven\u00e7\u00e3o em Psicologia Clinica II<\/td>\n<\/tr>\n<tr>\n<td width=\"50%\">Modelos de Avalia\u00e7\u00e3o e Interven\u00e7\u00e3o numa Perpectiva Psicanal\u00edtica<\/td>\n<td width=\"50%\">Psicopatologia do Adulto<\/td>\n<\/tr>\n<tr>\n<td width=\"50%\">Teoria e Cl\u00ednica Psicanal\u00edtica<\/td>\n<td width=\"50%\">Teoria e T\u00e9cnica de Aconselhamento<\/td>\n<\/tr>\n<\/tbody>\n<\/table>\n\n<\/div>\n<\/div>\n<\/section>\n\n<section class=\"av_tab_section\"  itemscope=\"itemscope\" itemtype=\"https:\/\/schema.org\/CreativeWork\" ><div aria-controls=\"tab-id-12-content\" role=\"tab\" tabindex=\"0\" data-fake-id=\"#tab-id-12\" class=\"tab \"  itemprop=\"headline\" >EPM<\/div>\n<div id=\"tab-id-12-content\" class=\"tab_content \" aria-hidden=\"true\">\n<div class=\"tab_inner_content invers-color\"  itemprop=\"text\" >\n<h3><strong>Licenciatura em <\/strong><strong>ENSINO PRIM\u00c1RIO<\/strong><\/h3>\n<h3><strong>Apresenta\u00e7\u00e3o<\/strong><\/h3>\n<p>Esta Licenciatura tem por objectivo a forma\u00e7\u00e3o de professores de ensino prim\u00e1rio, numa perspetiva de elevada qualidade, especialmente no que concerne \u00e0s suas linhas orientadoras, as quais assentam no ensino, na investiga\u00e7\u00e3o, transfer\u00eancia de conhecimento, recursos, transdisciplinaridade e multidisciplinaridade, com enfoque especial na \u00e1rea disciplinar para que habilita.<\/p>\n<h3>Objetivos<\/h3>\n<p>Constituem objectivos principais a qualifica\u00e7\u00e3o de compet\u00eancias cient\u00edficas, nomeadamente na \u00e1rea do ensino prim\u00e1rio, nas \u00e1reas das metodologias, did\u00e1ticas e pr\u00e1ticas pedag\u00f3gicas, introdu\u00e7\u00e3o \u00e0 \u00e1rea da investiga\u00e7\u00e3o educacional e outras vertentes da componente educacional geral, e Pr\u00e1tica de Ensino Supervisionada atrav\u00e9s de Est\u00e1gios Profissionais.<\/p>\n<h3><strong>Compet\u00eancias<\/strong><\/h3>\n<p>\u2022 Criar e manter ambientes relacionais e de aprendizagem seguros e estimulantes para as crianc\u0327as;<br \/>\n\u2022 Organizar a sala de aula, para que os alunos possam trabalhar em grupo, aos pares e individualmente;<br \/>\n\u2022 Organizar o ensino e promover as aprendizagens de forma individual e colectiva e na turma;<br \/>\n\u2022 Envolver os alunos activamente nos processos de aprendizagem, que estimulem a autonomia, a curiosidade e o gosto pelo saber;<br \/>\n\u2022 Desenvolver estrat\u00e9gias pedago\u0301gicas diferenciadas, mobilizando os conhecimentos, valores e percursos pessoais, culturais, lingui\u0301sticos e socias dos alunos;<br \/>\n\u2022 Cooperar na identificac\u0327a\u0303o, acompanhamento e ensino de alunos com necessidades educativas especiais;<br \/>\n\u2022 Usar de forma integrada sabres disciplinares transversais e multidisciplinares adequados ao n\u00edvel da classe e da turma;<br \/>\n\u2022 Utilizar diversos suportes e meios de ensino, nomeadamente as tecnologias de informac\u0327a\u0303o e de comunicac\u0327a\u0303o (TIC)<br \/>\n\u2022 Gerir a disciplina, promover a conviv\u00eancia entre os alunos e resolver situac\u0327o\u0303es problema\u0301ticas e conflituais de natureza diversa.<\/p>\n<h3><strong>Sa\u00eddas Profissionais<\/strong><\/h3>\n<p>Principal sa\u00edda profissional para a qual o curso de Licenciatura em Ensino da Prim\u00e1rio qualifica e habilita profissionalmente:<br \/>\n\u2022 Professor do Ensino Prim\u00e1rio.<br \/>\nContudo, tendo em considera\u00e7\u00e3o a forma\u00e7\u00e3o t\u00e9cnica, a forma\u00e7\u00e3o cient\u00edfica, pedag\u00f3gico e did\u00e1ctica dos professores de ensino prim\u00e1rio, \u00e9 previs\u00edvel que tamb\u00e9m possam vir a exercer outras atividades como as que se discriminam:<br \/>\n\u2022 Formador e Mediador Educativo<br \/>\n\u2022 Professor de TIC (Tecnologias da Educa\u00e7\u00e3o e da Comunica\u00e7\u00e3o), no ensino b\u00e1sico e secund\u00e1rio<br \/>\n\u2022 Setor Educativo e Ensino da Administra\u00e7\u00e3o P\u00fablica, Autarquias e Desenvolvimento Local<br \/>\n\u2022 Forma\u00e7\u00e3o de Professores- Forma\u00e7\u00e3o de Formadores<br \/>\n\u2022 Apoio Psicopedag\u00f3gico Individual e em Organiza\u00e7\u00f5es Educativas<br \/>\n\u2022 Interven\u00e7\u00e3o Socioeducativa relacionada com o ensino prim\u00e1rio<\/p>\n<p>\u2022 Emprego e Forma\u00e7\u00e3o Profissional relacionado com Ensino Prim\u00e1rio<br \/>\n\u2022 Doc\u00eancia e Investiga\u00e7\u00e3o Cient\u00edfica no Ensino Superior, (ap\u00f3s obten\u00e7\u00e3o de graus de mestre e\/ou doutor)<br \/>\n\u2022 Profiss\u00e3o Liberal relacionada com Ensino Prim\u00e1rio.<\/p>\n<table class=\"c4\">\n<tr class=\"c9\">\n<td class=\"c6\" colspan=\"2\" rowspan=\"1\">\n<p class=\"c0\"><span class=\"c2\">1&ordm; ANO<\/span><\/p>\n<\/td>\n<\/tr>\n<tr class=\"c11\">\n<td class=\"c1\" colspan=\"1\" rowspan=\"1\">\n<p class=\"c0\"><span class=\"c2\">1&ordm; Semestre (15 semanas)<\/span><\/p>\n<\/td>\n<td class=\"c5\" colspan=\"1\" rowspan=\"1\">\n<p class=\"c0\"><span class=\"c2\">2&ordm; Semestre (15 semanas)<\/span><\/p>\n<\/td>\n<\/tr>\n<tr class=\"c3\">\n<td class=\"c1\" colspan=\"1\" rowspan=\"1\">\n<p class=\"c0\"><span class=\"c2\">Unidade Curricular<\/span><\/p>\n<\/td>\n<td class=\"c5\" colspan=\"1\" rowspan=\"1\">\n<p class=\"c0\"><span class=\"c2\">Unidade Curricular<\/span><\/p>\n<\/td>\n<\/tr>\n<tr class=\"c7\">\n<td class=\"c1\" colspan=\"1\" rowspan=\"1\">\n<p class=\"c0\"><span class=\"c2\">Pedagogia Geral<\/span><\/p>\n<\/td>\n<td class=\"c5\" colspan=\"1\" rowspan=\"1\">\n<p class=\"c0\"><span class=\"c2\">Did&aacute;ctica Geral<\/span><\/p>\n<\/td>\n<\/tr>\n<tr class=\"c3\">\n<td class=\"c1\" colspan=\"1\" rowspan=\"1\">\n<p class=\"c0\"><span class=\"c2\">Psicologia Geral<\/span><\/p>\n<\/td>\n<td class=\"c5\" colspan=\"1\" rowspan=\"1\">\n<p class=\"c0\"><span class=\"c2\">Psicologia do Desenvolvimento e da Aprendizagem<\/span><\/p>\n<\/td>\n<\/tr>\n<tr class=\"c7\">\n<td class=\"c1\" colspan=\"1\" rowspan=\"1\">\n<p class=\"c0\"><span class=\"c2\">Educa&ccedil;&atilde;o F&iacute;sica<\/span><\/p>\n<\/td>\n<td class=\"c5\" colspan=\"1\" rowspan=\"1\">\n<p class=\"c0\"><span class=\"c2\">Hist&oacute;ria e Cultura Angolanas<\/span><\/p>\n<\/td>\n<\/tr>\n<tr class=\"c7\">\n<td class=\"c1\" colspan=\"1\" rowspan=\"1\">\n<p class=\"c0\"><span class=\"c2\">Matem&aacute;tica I<\/span><\/p>\n<\/td>\n<td class=\"c5\" colspan=\"1\" rowspan=\"1\">\n<p class=\"c0\"><span class=\"c2\">Matem&aacute;tica II<\/span><\/p>\n<\/td>\n<\/tr>\n<tr class=\"c7\">\n<td class=\"c1\" colspan=\"1\" rowspan=\"1\">\n<p class=\"c0\"><span class=\"c2\">TIC Aplicadas &agrave; Educa&ccedil;&atilde;o<\/span><\/p>\n<\/td>\n<td class=\"c5\" colspan=\"1\" rowspan=\"1\">\n<p class=\"c0\"><span class=\"c2\">Psicologia da Educa&ccedil;&atilde;o<\/span><\/p>\n<\/td>\n<\/tr>\n<tr class=\"c3\">\n<td class=\"c1\" colspan=\"1\" rowspan=\"1\">\n<p class=\"c0\"><span class=\"c2\">Educa&ccedil;&atilde;o para os Direitos Humanos<\/span><\/p>\n<\/td>\n<td class=\"c5\" colspan=\"1\" rowspan=\"1\">\n<p class=\"c0\"><span class=\"c2\">Metodologia da Investiga&ccedil;&atilde;o Cient&iacute;fica<\/span><\/p>\n<\/td>\n<\/tr>\n<tr class=\"c7\">\n<td class=\"c1\" colspan=\"1\" rowspan=\"1\">\n<p class=\"c0\"><span class=\"c2\">L&iacute;ngua Portuguesa I<\/span><\/p>\n<\/td>\n<td class=\"c5\" colspan=\"1\" rowspan=\"1\">\n<p class=\"c0\"><span class=\"c2\">L&iacute;ngua Portuguesa II<\/span><\/p>\n<\/td>\n<\/tr>\n<tr class=\"c7\">\n<td class=\"c1\" colspan=\"1\" rowspan=\"1\">\n<p class=\"c0\"><span class=\"c2\">L&iacute;ngua Estrangeira I<\/span><\/p>\n<\/td>\n<td class=\"c5\" colspan=\"1\" rowspan=\"1\">\n<p class=\"c0\"><span class=\"c2\">L&iacute;ngua Estrangeira II<\/span><\/p>\n<\/td>\n<\/tr>\n<tr class=\"c3\">\n<td class=\"c6\" colspan=\"2\" rowspan=\"1\">\n<p class=\"c0\"><span class=\"c2\">2&ordm; ANO<\/span><\/p>\n<\/td>\n<\/tr>\n<tr class=\"c3\">\n<td class=\"c1\" colspan=\"1\" rowspan=\"1\">\n<p class=\"c0\"><span class=\"c2\">3&ordm; Semestre (15 semanas)<\/span><\/p>\n<\/td>\n<td class=\"c5\" colspan=\"1\" rowspan=\"1\">\n<p class=\"c0\"><span class=\"c2\">4&ordm; Semestre (15 semanas)<\/span><\/p>\n<\/td>\n<\/tr>\n<tr class=\"c3\">\n<td class=\"c1\" colspan=\"1\" rowspan=\"1\">\n<p class=\"c0\"><span class=\"c2\">Unidade Curricular<\/span><\/p>\n<\/td>\n<td class=\"c5\" colspan=\"1\" rowspan=\"1\">\n<p class=\"c0\"><span class=\"c2\">Unidade Curricular<\/span><\/p>\n<\/td>\n<\/tr>\n<tr class=\"c3\">\n<td class=\"c1\" colspan=\"1\" rowspan=\"1\">\n<p class=\"c0\"><span class=\"c2\">L&iacute;ngua Portuguesa III<\/span><\/p>\n<\/td>\n<td class=\"c5\" colspan=\"1\" rowspan=\"1\">\n<p class=\"c0\"><span class=\"c2\">L&iacute;ngua Portuguesa IV<\/span><\/p>\n<\/td>\n<\/tr>\n<tr class=\"c3\">\n<td class=\"c1\" colspan=\"1\" rowspan=\"1\">\n<p class=\"c0\"><span class=\"c2\">Concep&ccedil;&atilde;o, Gest&atilde;o e Avalia&ccedil;&atilde;o de Projectos Curriculares e Educativos<\/span><\/p>\n<\/td>\n<td class=\"c5\" colspan=\"1\" rowspan=\"1\">\n<p class=\"c0\"><span class=\"c2\">Educa&ccedil;&atilde;o para o Empreendedorismo<\/span><\/p>\n<\/td>\n<\/tr>\n<tr class=\"c3\">\n<td class=\"c1\" colspan=\"1\" rowspan=\"1\">\n<p class=\"c0\"><span class=\"c2\">Sociologia da Educa&ccedil;&atilde;o<\/span><\/p>\n<\/td>\n<td class=\"c5\" colspan=\"1\" rowspan=\"1\">\n<p class=\"c0\"><span class=\"c2\">Desenvolvimento Pessoal e Social<\/span><\/p>\n<\/td>\n<\/tr>\n<tr class=\"c3\">\n<td class=\"c1\" colspan=\"1\" rowspan=\"1\">\n<p class=\"c0\"><span class=\"c2\">Estat&iacute;stica Aplicada &agrave; Educa&ccedil;&atilde;o<\/span><\/p>\n<\/td>\n<td class=\"c5\" colspan=\"1\" rowspan=\"1\">\n<p class=\"c0\"><span class=\"c2\">Organiza&ccedil;&atilde;o e Gest&atilde;o Escolar<\/span><\/p>\n<\/td>\n<\/tr>\n<tr class=\"c3\">\n<td class=\"c1\" colspan=\"1\" rowspan=\"1\">\n<p class=\"c0\"><span class=\"c2\">Teoria e Desenvolvimento Curricular<\/span><\/p>\n<\/td>\n<td class=\"c5\" colspan=\"1\" rowspan=\"1\">\n<p class=\"c0\"><span class=\"c2\">Literatura Infantil<\/span><\/p>\n<\/td>\n<\/tr>\n<tr class=\"c3\">\n<td class=\"c1\" colspan=\"1\" rowspan=\"1\">\n<p class=\"c0\"><span class=\"c2\">Necessidades Educativas Especiais e Inclus&atilde;o<\/span><\/p>\n<\/td>\n<td class=\"c5\" colspan=\"1\" rowspan=\"1\">\n<p class=\"c0\"><span class=\"c2\">T&eacute;cnicas Comunica&ccedil;&atilde;o Oral e Escrita<\/span><\/p>\n<\/td>\n<\/tr>\n<tr class=\"c3\">\n<td class=\"c1\" colspan=\"1\" rowspan=\"1\">\n<p class=\"c0\"><span class=\"c2\">Pr&aacute;tica Pedag&oacute;gica I<\/span><\/p>\n<\/td>\n<td class=\"c5\" colspan=\"1\" rowspan=\"1\">\n<p class=\"c0\"><span class=\"c2\">Pr&aacute;tica Pedag&oacute;gica II<\/span><\/p>\n<\/td>\n<\/tr>\n<tr class=\"c3\">\n<td class=\"c1\" colspan=\"1\" rowspan=\"1\">\n<p class=\"c0\"><span class=\"c2\">Educa&ccedil;&atilde;o Ambiental e Sustentabilidade<\/span><\/p>\n<\/td>\n<td class=\"c5\" colspan=\"1\" rowspan=\"1\">\n<p class=\"c0\"><span class=\"c2\">Avalia&ccedil;&atilde;o das Aprendizagens<\/span><\/p>\n<\/td>\n<\/tr>\n<tr class=\"c3\">\n<td class=\"c6\" colspan=\"2\" rowspan=\"1\">\n<p class=\"c0\"><span class=\"c2\">3&ordm; ANO<\/span><\/p>\n<\/td>\n<\/tr>\n<tr class=\"c3\">\n<td class=\"c1\" colspan=\"1\" rowspan=\"1\">\n<p class=\"c0\"><span class=\"c2\">5&ordm; Semestre (15 semanas)<\/span><\/p>\n<\/td>\n<td class=\"c5\" colspan=\"1\" rowspan=\"1\">\n<p class=\"c0\"><span class=\"c2\">6&ordm; Semestre (15 semanas)<\/span><\/p>\n<\/td>\n<\/tr>\n<tr class=\"c3\">\n<td class=\"c1\" colspan=\"1\" rowspan=\"1\">\n<p class=\"c0\"><span class=\"c2\">Unidade Curricular<\/span><\/p>\n<\/td>\n<td class=\"c5\" colspan=\"1\" rowspan=\"1\">\n<p class=\"c0\"><span class=\"c2\">Unidade Curricular<\/span><\/p>\n<\/td>\n<\/tr>\n<tr class=\"c3\">\n<td class=\"c1\" colspan=\"1\" rowspan=\"1\">\n<p class=\"c0\"><span class=\"c2\">Metodologia do Ensino da L&iacute;ngua Portuguesa<\/span><\/p>\n<\/td>\n<td class=\"c5\" colspan=\"1\" rowspan=\"1\">\n<p class=\"c0\"><span class=\"c2\">Educa&ccedil;&atilde;o Manual e Pl&aacute;stica e sua Metodologia de Ensino<\/span><\/p>\n<\/td>\n<\/tr>\n<tr class=\"c3\">\n<td class=\"c1\" colspan=\"1\" rowspan=\"1\">\n<p class=\"c0\"><span class=\"c2\">Metodologia do Ensino da Matem&aacute;tica<\/span><\/p>\n<\/td>\n<td class=\"c5\" colspan=\"1\" rowspan=\"1\">\n<p class=\"c0\"><span class=\"c2\">Metodologia de Ensino da Geografia<\/span><\/p>\n<\/td>\n<\/tr>\n<tr class=\"c3\">\n<td class=\"c1\" colspan=\"1\" rowspan=\"1\">\n<p class=\"c0\"><span class=\"c2\">Metodologia do Ensino da Educa&ccedil;&atilde;o F&iacute;sica<\/span><\/p>\n<\/td>\n<td class=\"c5\" colspan=\"1\" rowspan=\"1\">\n<p class=\"c0\"><span class=\"c2\">Metodologia do Ensino da Hist&oacute;ria<\/span><\/p>\n<\/td>\n<\/tr>\n<tr class=\"c3\">\n<td class=\"c1\" colspan=\"1\" rowspan=\"1\">\n<p class=\"c0\"><span class=\"c2\">Metodologia do Ensino da M&uacute;sica, Express&atilde;o Corporal e Motora<\/span><\/p>\n<\/td>\n<td class=\"c5\" colspan=\"1\" rowspan=\"1\">\n<p class=\"c0\"><span class=\"c2\">Metodologia do Ensino da Educa&ccedil;&atilde;o Moral e C&iacute;vica<\/span><\/p>\n<\/td>\n<\/tr>\n<tr class=\"c3\">\n<td class=\"c1\" colspan=\"1\" rowspan=\"1\">\n<p class=\"c0\"><span class=\"c2\">Metodologia de Ensino das Ci&ecirc;ncias da Natureza e Estudo do Meio<\/span><\/p>\n<\/td>\n<td class=\"c5\" colspan=\"1\" rowspan=\"1\">\n<p class=\"c0\"><span class=\"c2\">&Eacute;tica e Deontologia Profissional<\/span><\/p>\n<\/td>\n<\/tr>\n<tr class=\"c3\">\n<td class=\"c1\" colspan=\"1\" rowspan=\"1\">\n<p class=\"c0\"><span class=\"c2\">Pr&aacute;tica Pedag&oacute;gica III<\/span><\/p>\n<\/td>\n<td class=\"c5\" colspan=\"1\" rowspan=\"1\">\n<p class=\"c0\"><span class=\"c2\">Pr&aacute;tica Pedag&oacute;gica IV<\/span><\/p>\n<\/td>\n<\/tr>\n<tr class=\"c3\">\n<td class=\"c1\" colspan=\"1\" rowspan=\"1\">\n<p class=\"c0\"><span class=\"c2\">Pedagogia do L&uacute;dico e do Lazer<\/span><\/p>\n<\/td>\n<td class=\"c5\" colspan=\"1\" rowspan=\"1\">\n<p class=\"c0\"><span class=\"c2\">Supervis&atilde;o e Coordena&ccedil;&atilde;o Pedag&oacute;gica<\/span><\/p>\n<\/td>\n<\/tr>\n<tr class=\"c3\">\n<td class=\"c6\" colspan=\"2\" rowspan=\"1\">\n<p class=\"c0\"><span class=\"c2\">4&ordm; ANO<\/span><\/p>\n<\/td>\n<\/tr>\n<tr class=\"c3\">\n<td class=\"c1\" colspan=\"1\" rowspan=\"1\">\n<p class=\"c0\"><span class=\"c2\">7&ordm; Semestre (15 semanas)<\/span><\/p>\n<\/td>\n<td class=\"c5\" colspan=\"1\" rowspan=\"1\">\n<p class=\"c0\"><span class=\"c2\">8&ordm; Semestre (15 semanas)<\/span><\/p>\n<\/td>\n<\/tr>\n<tr class=\"c3\">\n<td class=\"c1\" colspan=\"1\" rowspan=\"1\">\n<p class=\"c0\"><span class=\"c2\">Unidade Curricular<\/span><\/p>\n<\/td>\n<td class=\"c5\" colspan=\"1\" rowspan=\"1\">\n<p class=\"c0\"><span class=\"c2\">Unidade Curricular<\/span><\/p>\n<\/td>\n<\/tr>\n<tr class=\"c3\">\n<td class=\"c1\" colspan=\"1\" rowspan=\"1\">\n<p class=\"c0\"><span class=\"c2\">Est&aacute;gio Supervisionado<\/span><\/p>\n<\/td>\n<td class=\"c5\" colspan=\"1\" rowspan=\"1\">\n<p class=\"c0\"><span class=\"c2\">Est&aacute;gio Supervisionado<\/span><\/p>\n<\/td>\n<\/tr>\n<tr class=\"c3\">\n<td class=\"c1\" colspan=\"1\" rowspan=\"1\">\n<p class=\"c0\"><span class=\"c2\">&nbsp;<\/span><\/p>\n<\/td>\n<td class=\"c5\" colspan=\"1\" rowspan=\"1\">\n<p class=\"c0\"><span class=\"c2\">Semin&aacute;rio de Orienta&ccedil;&atilde;o de Trabalho Final de Curso &#8211; Relat&oacute;rio de Est&aacute;gio<\/span><\/p>\n<\/td>\n<\/tr>\n<\/table>\n\n<\/div>\n<\/div>\n<\/section>\n\n<section class=\"av_tab_section\"  itemscope=\"itemscope\" itemtype=\"https:\/\/schema.org\/CreativeWork\" ><div aria-controls=\"tab-id-13-content\" role=\"tab\" tabindex=\"0\" data-fake-id=\"#tab-id-13\" class=\"tab \"  itemprop=\"headline\" >ELP<\/div>\n<div id=\"tab-id-13-content\" class=\"tab_content \" aria-hidden=\"true\">\n<div class=\"tab_inner_content invers-color\"  itemprop=\"text\" >\n<h3><strong>Licenciatura em <\/strong>ENSINO L\u00cdNGUA PORTUGUESA<\/h3>\n<h3><strong>Apresenta\u00e7\u00e3o<\/strong><\/h3>\n<p>Esta Licenciatura assenta na forma\u00e7\u00e3o de professores de L\u00edngua Portuguesa do ensino secund\u00e1rio numa perspetiva de elevada qualidade especialmente no que concerne \u00e0s suas linhas orientadoras que assentam na investiga\u00e7\u00e3o, ensino, transfer\u00eancia de conhecimento, recursos, transdisciplinaridade e multidisciplinaridade, com enfoque especial na \u00e1rea disciplinar para que habilita.<\/p>\n<h3>Objetivos<\/h3>\n<p>Constituem objectivos principais a qualifica\u00e7\u00e3o de compet\u00eancias cient\u00edficas, nomeadamente na \u00e1rea da L\u00edngua Portuguesa, nas \u00e1reas das metodologias, did\u00e1ticas e pr\u00e1ticas pedag\u00f3gicas, introdu\u00e7\u00e3o \u00e0 \u00e1rea da investiga\u00e7\u00e3o educacional e outras vertentes da componente educacional geral, e Pr\u00e1tica de Ensino Supervisionada atrav\u00e9s de Est\u00e1gios Profissionais.<\/p>\n<h3><strong>Compet\u00eancias<\/strong><\/h3>\n<p>\u2022 Conhecer os conte\u00fados program\u00e1ticos e orienta\u00e7\u00f5es curriculares, vigentes, das disciplinas de L\u00edngua Portuguesa do ensino secund\u00e1rio, e de metodologias de ensino e aprendizagem;<br \/>\n\u2022 Capacidade e conhecimentos para Ensinar L\u00edngua Portuguesa a adolescentes e jovens adultos do Ensino Secund\u00e1rio, eficientemente, com qualidade cient\u00edfica e pedag\u00f3gica.<br \/>\n\u2022 Capacidade para utilizar na pr\u00e1tica pedag\u00f3gica os conhecimentos adquiridos nas \u00e1reas de estudo, incluindo a planifica\u00e7\u00e3o de aulas, elabora\u00e7\u00e3o e desenvolvimento de materiais e recursos did\u00e1ticos, de acordo com modelos de ensino apropriados;<br \/>\n\u2022 Capacidade de adapta\u00e7\u00e3o a variadas situa\u00e7\u00f5es, designadamente de aprendizagem e desenvolvimento humano, tanto em termos de ensino a alunos de diversos n\u00edveis et\u00e1rios, como de disponibilidade para aprender, de altera\u00e7\u00f5es curriculares e desenvolvimento de projetos interdisciplinares;<br \/>\n\u2022 Conhecer as boas pr\u00e1ticas de ensino, aprendizagem e avalia\u00e7\u00e3o;<br \/>\n\u2022 Capacidade para desempenhar cargos de gest\u00e3o e coordena\u00e7\u00e3o escolar;<br \/>\n\u2022 Conhecer a realidade escolar, incluindo o enquadramento legislativo da organiza\u00e7\u00e3o das escolas;<br \/>\n\u2022 Cooperar com os \u00f3rg\u00e3os diretivos das escolas e, em geral, com a comunidade escolar.<\/p>\n<h3><strong>Sa\u00eddas Profissionais<\/strong><\/h3>\n<p>Principal sa\u00edda profissional para que o curso de Licenciatura em Ensino da L\u00edngua Portuguesa que qualifica e habilita profissionalmente:<br \/>\n\u2022 Professor da Disciplina de L\u00edngua Portuguesa do Ensino Secund\u00e1rio.<br \/>\nContudo, tendo em considera\u00e7\u00e3o a forma\u00e7\u00e3o t\u00e9cnica, a forma\u00e7\u00e3o cient\u00edfica, pedag\u00f3gico e did\u00e1tica dos professores de L\u00edngua Portuguesa, \u00e9 previs\u00edvel que tamb\u00e9m possam vir a exercer outras atividades como as que se descriminam:<br \/>\n\u2022 Professor de L\u00edngua Portuguesa no Ensino T\u00e9cnico-profissional<br \/>\n\u2022 Formador e Mediador Educativo<br \/>\n\u2022 Setor Educativo e Ensino da Administra\u00e7\u00e3o P\u00fablica, Autarquias e Desenvolvimento Local<br \/>\n\u2022 Forma\u00e7\u00e3o de Professores- Forma\u00e7\u00e3o de Formadores<br \/>\n\u2022 Tradutor e int\u00e9rprete (entre a l\u00edngua estrageira estudada no curso e a l\u00edngua Portuguesa<br \/>\n\u2022 Redator e editor de livros e revistas<br \/>\n\u2022 Apoio Psicopedag\u00f3gico Individual e em Organiza\u00e7\u00f5es Educativas<br \/>\n\u2022 Interven\u00e7\u00e3o Socioeducativa relacionada com o ensino da literatura e da L\u00edngua Portuguesa<br \/>\n\u2022 Interven\u00e7\u00e3o Educacional e Forma\u00e7\u00e3o de Jovens e de Adultos (Associa\u00e7\u00f5es culturais e recreativas; Escolas profissionais, Gabinetes de apoio a alunos, etc.)<br \/>\n\u2022 Emprego e Forma\u00e7\u00e3o Profissional relacionado com Literatura e L\u00edngua Portuguesa<br \/>\n\u2022 Doc\u00eancia e Investiga\u00e7\u00e3o Cient\u00edfica no Ensino Superior nas \u00e1reas das Literaturas, e das L\u00ednguas (ap\u00f3s obten\u00e7\u00e3o de graus de mestre e\/ou doutor)<br \/>\n\u2022 Profiss\u00e3o Liberal relacionada com compet\u00eancias espec\u00edficas da l\u00edngua e literatura Portuguesa, como por exemplo autor\/escritor.<\/p>\n<p class=\"c2 c4\"><span class=\"c3\"><\/span><\/p>\n<table class=\"c18\">\n<tr class=\"c0\">\n<td class=\"c14\" colspan=\"2\" rowspan=\"1\">\n<p class=\"c2\"><span class=\"c3\">1\u00ba Ano<\/span><\/p>\n<\/td>\n<\/tr>\n<tr class=\"c20\">\n<td class=\"c7\" colspan=\"1\" rowspan=\"1\">\n<p class=\"c2\"><span class=\"c3\">1\u00ba Semestre (15 semanas)<\/span><\/p>\n<\/td>\n<td class=\"c1\" colspan=\"1\" rowspan=\"1\">\n<p class=\"c2\"><span class=\"c3\">2\u00ba Semestre (15 semanas)<\/span><\/p>\n<\/td>\n<\/tr>\n<tr class=\"c16\">\n<td class=\"c17\" colspan=\"1\" rowspan=\"2\">\n<p class=\"c2\"><span class=\"c3\">Unidade Curricular<\/span><\/p>\n<\/td>\n<td class=\"c19\" colspan=\"1\" rowspan=\"2\">\n<p class=\"c2\"><span class=\"c3\">Unidade Curricular<\/span><\/p>\n<\/td>\n<\/tr>\n<tr class=\"c22\"><\/tr>\n<tr class=\"c12\">\n<td class=\"c6\" colspan=\"1\" rowspan=\"1\">\n<p class=\"c2\"><span class=\"c3\">Introdu\u00e7\u00e3o aos Estudos Lingu\u00edsticos<\/span><\/p>\n<\/td>\n<td class=\"c13\" colspan=\"1\" rowspan=\"1\">\n<p class=\"c2\"><span class=\"c3\">Did\u00e1ctica Geral<\/span><\/p>\n<\/td>\n<\/tr>\n<tr class=\"c21\">\n<td class=\"c7\" colspan=\"1\" rowspan=\"1\">\n<p class=\"c2\"><span class=\"c3\">Introdu\u00e7\u00e3o aos Estudos Liter\u00e1rios<\/span><\/p>\n<\/td>\n<td class=\"c1\" colspan=\"1\" rowspan=\"1\">\n<p class=\"c2\"><span class=\"c3\">Psicologia do Desenvolvimento e das Aprendizagens<\/span><\/p>\n<\/td>\n<\/tr>\n<tr class=\"c25\">\n<td class=\"c7\" colspan=\"1\" rowspan=\"1\">\n<p class=\"c2\"><span class=\"c3\">L\u00edngua Estrangeira I<\/span><\/p>\n<\/td>\n<td class=\"c1\" colspan=\"1\" rowspan=\"1\">\n<p class=\"c2\"><span class=\"c3\">Teoria da Literatura<\/span><\/p>\n<\/td>\n<\/tr>\n<tr class=\"c11\">\n<td class=\"c7\" colspan=\"1\" rowspan=\"1\">\n<p class=\"c2\"><span class=\"c3\">Metodologias de Investiga\u00e7\u00e3o Cient\u00edfica<\/span><\/p>\n<\/td>\n<td class=\"c1\" colspan=\"1\" rowspan=\"1\">\n<p class=\"c2\"><span class=\"c3\">Hist\u00f3ria da L\u00edngua Portuguesa<\/span><\/p>\n<\/td>\n<\/tr>\n<tr class=\"c16\">\n<td class=\"c7\" colspan=\"1\" rowspan=\"1\">\n<p class=\"c2\"><span class=\"c3\">Pedagogia Geral<\/span><\/p>\n<\/td>\n<td class=\"c1\" colspan=\"1\" rowspan=\"1\">\n<p class=\"c2\"><span class=\"c3\">Metodologias de Investiga\u00e7\u00e3o em Educa\u00e7\u00e3o<\/span><\/p>\n<\/td>\n<\/tr>\n<tr class=\"c24\">\n<td class=\"c7\" colspan=\"1\" rowspan=\"1\">\n<p class=\"c2\"><span class=\"c3\">Psicologia Geral<\/span><\/p>\n<\/td>\n<td class=\"c1\" colspan=\"1\" rowspan=\"1\">\n<p class=\"c2\"><span class=\"c3\">T\u00e9cnicas de Comunica\u00e7\u00e3o e Express\u00e3o em L\u00edngua Portuguesa II<\/span><\/p>\n<\/td>\n<\/tr>\n<tr class=\"c10\">\n<td class=\"c7\" colspan=\"1\" rowspan=\"1\">\n<p class=\"c2\"><span class=\"c3\">T\u00e9cnicas de Comunica\u00e7\u00e3o e<\/span><\/p>\n<p class=\"c2\"><span class=\"c3\">Express\u00e3o em L\u00edngua Portuguesa I<\/span><\/p>\n<\/td>\n<td class=\"c1\" colspan=\"1\" rowspan=\"1\">\n<p class=\"c2\"><span class=\"c3\">L\u00edngua Estrangeira II<\/span><\/p>\n<\/td>\n<\/tr>\n<tr class=\"c10\">\n<td class=\"c7\" colspan=\"1\" rowspan=\"1\">\n<p class=\"c2\"><span class=\"c3\">TIC Aplicadas \u00e0 Educa\u00e7\u00e3o<\/span><\/p>\n<\/td>\n<td class=\"c1\" colspan=\"1\" rowspan=\"1\">\n<p class=\"c2\"><span class=\"c3\">Literaturas Africana em L\u00edngua<\/span><\/p>\n<p class=\"c2\"><span class=\"c3\">Portuguesa<\/span><\/p>\n<\/td>\n<\/tr>\n<tr class=\"c0\">\n<td class=\"c14\" colspan=\"2\" rowspan=\"1\">\n<p class=\"c2\"><span class=\"c3\">2\u00ba Ano<\/span><\/p>\n<\/td>\n<\/tr>\n<tr class=\"c0\">\n<td class=\"c7\" colspan=\"1\" rowspan=\"1\">\n<p class=\"c2\"><span class=\"c3\">3\u00ba Semestre (15 semanas)<\/span><\/p>\n<\/td>\n<td class=\"c1\" colspan=\"1\" rowspan=\"1\">\n<p class=\"c2\"><span class=\"c3\">4\u00ba Semestre (15 semanas)<\/span><\/p>\n<\/td>\n<\/tr>\n<tr class=\"c15\">\n<td class=\"c17\" colspan=\"1\" rowspan=\"2\">\n<p class=\"c2\"><span class=\"c3\">Unidade Curricular<\/span><\/p>\n<\/td>\n<td class=\"c19\" colspan=\"1\" rowspan=\"2\">\n<p class=\"c2\"><span class=\"c3\">Unidade Curricular<\/span><\/p>\n<\/td>\n<\/tr>\n<tr class=\"c22\"><\/tr>\n<tr class=\"c5\">\n<td class=\"c6\" colspan=\"1\" rowspan=\"1\">\n<p class=\"c2\"><span class=\"c3\">Did\u00e1ctica da Lingua Portuguesa<\/span><\/p>\n<\/td>\n<td class=\"c13\" colspan=\"1\" rowspan=\"1\">\n<p class=\"c2\"><span class=\"c3\">Estudos Contrastivos: L\u00edngua Portuguesa uma l\u00edngua local<\/span><\/p>\n<\/td>\n<\/tr>\n<tr class=\"c5\">\n<td class=\"c7\" colspan=\"1\" rowspan=\"1\">\n<p class=\"c2\"><span class=\"c3\">Estat\u00edstica Aplicadas ao Ensino<\/span><\/p>\n<\/td>\n<td class=\"c1\" colspan=\"1\" rowspan=\"1\">\n<p class=\"c2\"><span class=\"c3\">Fonologia e Morfologia da L\u00edngua Portuguesa II<\/span><\/p>\n<\/td>\n<\/tr>\n<tr class=\"c5\">\n<td class=\"c7\" colspan=\"1\" rowspan=\"1\">\n<p class=\"c2\"><span class=\"c3\">Fonologia e Morfologia da L\u00edngua<\/span><\/p>\n<p class=\"c2\"><span class=\"c3\">Portuguesa I<\/span><\/p>\n<\/td>\n<td class=\"c1\" colspan=\"1\" rowspan=\"1\">\n<p class=\"c2\"><span class=\"c3\">Introdu\u00e7\u00e3o ao Estudos Africanos<\/span><\/p>\n<\/td>\n<\/tr>\n<tr class=\"c5\">\n<td class=\"c7\" colspan=\"1\" rowspan=\"1\">\n<p class=\"c2\"><span class=\"c3\">Lingu\u00edstica Bantu<\/span><\/p>\n<\/td>\n<td class=\"c1\" colspan=\"1\" rowspan=\"1\">\n<p class=\"c2\"><span class=\"c3\">Introdu\u00e7\u00e3o ao Pensamento Contempor\u00e2neo<\/span><\/p>\n<\/td>\n<\/tr>\n<tr class=\"c0\">\n<td class=\"c7\" colspan=\"1\" rowspan=\"1\">\n<p class=\"c2\"><span class=\"c3\">Literatura Angolana<\/span><\/p>\n<\/td>\n<td class=\"c1\" colspan=\"1\" rowspan=\"1\">\n<p class=\"c2\"><span class=\"c3\">Literatura Portuguesa<\/span><\/p>\n<\/td>\n<\/tr>\n<tr class=\"c5\">\n<td class=\"c7\" colspan=\"1\" rowspan=\"1\">\n<p class=\"c2\"><span class=\"c3\">Necessidades Educativas Especiais<\/span><\/p>\n<p class=\"c2\"><span class=\"c3\">e Inclus\u00e3o<\/span><\/p>\n<\/td>\n<td class=\"c1\" colspan=\"1\" rowspan=\"1\">\n<p class=\"c2\"><span class=\"c3\">Metodologia de Ensino da<\/span><\/p>\n<p class=\"c2\"><span class=\"c3\">Gram\u00e1tica<\/span><\/p>\n<\/td>\n<\/tr>\n<tr class=\"c5\">\n<td class=\"c7\" colspan=\"1\" rowspan=\"1\">\n<p class=\"c2\"><span class=\"c3\">Psicolingu\u00edstica e Aprendizagem da L\u00edngua Portuguesa<\/span><\/p>\n<\/td>\n<td class=\"c1\" colspan=\"1\" rowspan=\"1\">\n<p class=\"c2\"><span class=\"c3\">Sociolingu\u00edstica e Aprendizagem da L\u00edngua Portuguesa<\/span><\/p>\n<\/td>\n<\/tr>\n<tr class=\"c0\">\n<td class=\"c7\" colspan=\"1\" rowspan=\"1\">\n<p class=\"c2\"><span class=\"c3\">Psicologia da Educa\u00e7\u00e3o<\/span><\/p>\n<\/td>\n<td class=\"c1\" colspan=\"1\" rowspan=\"1\">\n<p class=\"c2\"><span class=\"c3\">Teoria e Desenvolvimento Curricular<\/span><\/p>\n<\/td>\n<\/tr>\n<tr class=\"c0\">\n<td class=\"c14\" colspan=\"2\" rowspan=\"1\">\n<p class=\"c2\"><span class=\"c3\">3\u00ba Ano<\/span><\/p>\n<\/td>\n<\/tr>\n<tr class=\"c0\">\n<td class=\"c7\" colspan=\"1\" rowspan=\"1\">\n<p class=\"c2\"><span class=\"c3\">5\u00ba Semestre (15 semanas)<\/span><\/p>\n<\/td>\n<td class=\"c1\" colspan=\"1\" rowspan=\"1\">\n<p class=\"c2\"><span class=\"c3\">6\u00ba Semestre (15 semanas)<\/span><\/p>\n<\/td>\n<\/tr>\n<tr class=\"c15\">\n<td class=\"c17\" colspan=\"1\" rowspan=\"2\">\n<p class=\"c2\"><span class=\"c3\">Unidade Curricular<\/span><\/p>\n<\/td>\n<td class=\"c19\" colspan=\"1\" rowspan=\"2\">\n<p class=\"c2\"><span class=\"c3\">Unidade Curricular<\/span><\/p>\n<\/td>\n<\/tr>\n<tr class=\"c22\"><\/tr>\n<tr class=\"c5\">\n<td class=\"c6\" colspan=\"1\" rowspan=\"1\">\n<p class=\"c2\"><span class=\"c3\">Avalia\u00e7\u00e3o das Aprendizagens<\/span><\/p>\n<\/td>\n<td class=\"c13\" colspan=\"1\" rowspan=\"1\">\n<p class=\"c2\"><span class=\"c3\">Concep\u00e7\u00e3o, Gest\u00e3o e Avalia\u00e7\u00e3o de Projectos<\/span><\/p>\n<\/td>\n<\/tr>\n<tr class=\"c0\">\n<td class=\"c7\" colspan=\"1\" rowspan=\"1\">\n<p class=\"c2\"><span class=\"c3\">Did\u00e1ctica e Pr\u00e1tica Pedag\u00f3gica I<\/span><\/p>\n<\/td>\n<td class=\"c1\" colspan=\"1\" rowspan=\"1\">\n<p class=\"c2\"><span class=\"c3\">Did\u00e1ctica e Pr\u00e1tica Pedag\u00f3gica II<\/span><\/p>\n<\/td>\n<\/tr>\n<tr class=\"c5\">\n<td class=\"c7\" colspan=\"1\" rowspan=\"1\">\n<p class=\"c2\"><span class=\"c3\">Educa\u00e7\u00e3o para os Direitos Humanos<\/span><\/p>\n<\/td>\n<td class=\"c1\" colspan=\"1\" rowspan=\"1\">\n<p class=\"c2\"><span class=\"c3\">Educa\u00e7\u00e3o Ambiental e<\/span><\/p>\n<p class=\"c2\"><span class=\"c3\">Sustentabilidade<\/span><\/p>\n<\/td>\n<\/tr>\n<tr class=\"c5\">\n<td class=\"c7\" colspan=\"1\" rowspan=\"1\">\n<p class=\"c2\"><span class=\"c3\">Educa\u00e7\u00e3o para o<\/span><\/p>\n<p class=\"c2\"><span class=\"c3\">Empreendedorismo<\/span><\/p>\n<\/td>\n<td class=\"c1\" colspan=\"1\" rowspan=\"1\">\n<p class=\"c2\"><span class=\"c3\">\u00c9tica e Deontologia Profissional<\/span><\/p>\n<\/td>\n<\/tr>\n<tr class=\"c5\">\n<td class=\"c7\" colspan=\"1\" rowspan=\"1\">\n<p class=\"c2\"><span class=\"c3\">Metodologia de Ensino da Leitura<\/span><\/p>\n<\/td>\n<td class=\"c1\" colspan=\"1\" rowspan=\"1\">\n<p class=\"c2\"><span class=\"c3\">Lexicologia e Lexicografia da L\u00edngua Portuguesa<\/span><\/p>\n<\/td>\n<\/tr>\n<tr class=\"c0\">\n<td class=\"c7\" colspan=\"1\" rowspan=\"1\">\n<p class=\"c2\"><span class=\"c3\">Organiza\u00e7\u00e3o e Gest\u00e3o Escolar<\/span><\/p>\n<\/td>\n<td class=\"c1\" colspan=\"1\" rowspan=\"1\">\n<p class=\"c2\"><span class=\"c3\">Metodologias de Ensino da Escrita<\/span><\/p>\n<\/td>\n<\/tr>\n<tr class=\"c5\">\n<td class=\"c7\" colspan=\"1\" rowspan=\"1\">\n<p class=\"c2\"><span class=\"c3\">Sintaxe e Sem\u00e2ntica da L\u00edngua<\/span><\/p>\n<p class=\"c2\"><span class=\"c3\">Portuguesa I<\/span><\/p>\n<\/td>\n<td class=\"c1\" colspan=\"1\" rowspan=\"1\">\n<p class=\"c2\"><span class=\"c3\">Supervis\u00e3o e Coordena\u00e7\u00e3o<\/span><\/p>\n<p class=\"c2\"><span class=\"c3\">Pedad\u00f3gica<\/span><\/p>\n<\/td>\n<\/tr>\n<tr class=\"c5\">\n<td class=\"c7\" colspan=\"1\" rowspan=\"1\">\n<p class=\"c2\"><span class=\"c3\">Tecnologia de Investiga\u00e7\u00e3o Lingu\u00edstica da L\u00edngua Portuguesa<\/span><\/p>\n<\/td>\n<td class=\"c1\" colspan=\"1\" rowspan=\"1\">\n<p class=\"c2\"><span class=\"c3\">Sintaxe e Sem\u00e2ntica da L\u00edngua Portuguesa II<\/span><\/p>\n<\/td>\n<\/tr>\n<tr class=\"c0\">\n<td class=\"c14\" colspan=\"2\" rowspan=\"1\">\n<p class=\"c2\"><span class=\"c3\">3\u00ba Ano<\/span><\/p>\n<\/td>\n<\/tr>\n<tr class=\"c0\">\n<td class=\"c7\" colspan=\"1\" rowspan=\"1\">\n<p class=\"c2\"><span class=\"c3\">7\u00ba Semestre (15 semanas)<\/span><\/p>\n<\/td>\n<td class=\"c1\" colspan=\"1\" rowspan=\"1\">\n<p class=\"c2\"><span class=\"c3\">8\u00ba Semestre (15 semanas)<\/span><\/p>\n<\/td>\n<\/tr>\n<tr class=\"c0\">\n<td class=\"c17\" colspan=\"1\" rowspan=\"2\">\n<p class=\"c2\"><span class=\"c3\">Unidade Curricular<\/span><\/p>\n<\/td>\n<td class=\"c1\" colspan=\"1\" rowspan=\"1\">\n<p class=\"c2\"><span class=\"c3\">Unidade Curricular<\/span><\/p>\n<\/td>\n<\/tr>\n<tr class=\"c0\">\n<td class=\"c1\" colspan=\"1\" rowspan=\"1\">\n<p class=\"c2\"><span class=\"c3\">\u00a0<\/span><\/p>\n<\/td>\n<\/tr>\n<tr class=\"c5\">\n<td class=\"c6\" colspan=\"1\" rowspan=\"1\">\n<p class=\"c2\"><span class=\"c3\">Est\u00e1gio Profissional Supervisionado<\/span><\/p>\n<p class=\"c2\"><span class=\"c3\">I<\/span><\/p>\n<\/td>\n<td class=\"c1\" colspan=\"1\" rowspan=\"1\">\n<p class=\"c2\"><span class=\"c3\">Est\u00e1gio Profissional<\/span><\/p>\n<p class=\"c2\"><span class=\"c3\">Supervisionado II<\/span><\/p>\n<\/td>\n<\/tr>\n<tr class=\"c0\">\n<td class=\"c7\" colspan=\"1\" rowspan=\"1\">\n<p class=\"c2\"><span class=\"c3\">\u00a0<\/span><\/p>\n<\/td>\n<td class=\"c1\" colspan=\"1\" rowspan=\"1\">\n<p class=\"c2\"><span class=\"c3\">Relat\u00f3rio do Est\u00e1gio<\/span><\/p>\n<\/td>\n<\/tr>\n<\/table>\n\n<\/div>\n<\/div>\n<\/section>\n\n<section class=\"av_tab_section\"  itemscope=\"itemscope\" itemtype=\"https:\/\/schema.org\/CreativeWork\" ><div aria-controls=\"tab-id-14-content\" role=\"tab\" tabindex=\"0\" data-fake-id=\"#tab-id-14\" class=\"tab \"  itemprop=\"headline\" >EMT<\/div>\n<div id=\"tab-id-14-content\" class=\"tab_content \" aria-hidden=\"true\">\n<div class=\"tab_inner_content invers-color\"  itemprop=\"text\" >\n<h3><strong>Licenciatura em <\/strong>ENSINO MATEM\u00c1TICA<\/h3>\n<h3><strong>Apresenta\u00e7\u00e3o<\/strong><\/h3>\n<p>Esta Licenciatura assenta na forma\u00e7\u00e3o de professores de matem\u00e1tica do ensino secund\u00e1rio numa perspetiva de elevada qualidade especialmente no que concerne \u00e0s suas linhas orientadoras que assentam na investiga\u00e7\u00e3o, ensino, transfer\u00eancia de conhecimento, recursos, transdisciplinaridade e multidisciplinaridade, com enfoque especial na \u00e1rea disciplinar para que habilita.<\/p>\n<h3>Objetivos<\/h3>\n<p>Constituem objectivos principais a qualifica\u00e7\u00e3o de compet\u00eancias cient\u00edficas, nomeadamente na \u00e1rea da matem\u00e1tica, nas \u00e1reas das metodologias, did\u00e1ticas e pr\u00e1ticas pedag\u00f3gicas, introdu\u00e7\u00e3o \u00e0 \u00e1rea da investiga\u00e7\u00e3o educacional e outras vertentes da componente educacional geral, e Pr\u00e1tica de Ensino Supervisionada atrav\u00e9s de Est\u00e1gios Profissionais.<\/p>\n<h3><strong>Compet\u00eancias<\/strong><\/h3>\n<p>As compet\u00eancias profissionais representam uma combina\u00e7\u00e3o din\u00e2mica de conhecimentos, compreens\u00e3o e capacidades que permitem transformar o \u201cconhecer\u201d em \u201cser e saber fazer\u201d as quais devem ser expressas nos conte\u00fados program\u00e1ticos das disciplinas do curso de licenciatura em Ensino da Matem\u00e1tica. \u2022 Conhecer a organiza\u00e7\u00e3o do sistema educativo angolano.<br \/>\n\u2022 Conhecer a organiza\u00e7\u00e3o do curr\u00edculo do ensino secund\u00e1rio e dos programas de ensino da Matem\u00e1tica.<br \/>\n\u2022 Conhecer as caracter\u00edsticas do processo de aprendizagem do adolescente e do jovem adulto.<br \/>\n\u2022 Ser capaz de ensinar matem\u00e1tica a adolescentes e jovens adultos do ensino secund\u00e1rio.<br \/>\n\u2022 Ser capaz de organizar ambientes educativos e gest\u00e3o de sala de aula no ensino secund\u00e1rio.<br \/>\n\u2022 Ser capaz de gerir o curr\u00edculo e da aprendizagem disciplinas no ensino secund\u00e1rio.<br \/>\n\u2022 Ser capaz de avaliar e monitoriza\u00e7\u00e3o as aprendizagens.<br \/>\n\u2022 Ser capaz de participar activamente na comunidade educativa.<br \/>\n\u2022 Valorizar os princ\u00edpios de n\u00e3o discrimina\u00e7\u00e3o e de inclus\u00e3o educativa.<br \/>\n\u2022 Demonstrar auto-responsabilidade pela a\u00e7\u00e3o educativa e pelo desenvolvimento profissional.<\/p>\n<h3><strong>Sa\u00eddas Profissionais<\/strong><\/h3>\n<p>Principal sa\u00edda profissional para que o curso de Licenciatura em Ensino da Matem\u00e1tica que qualifica e habilita profissionalmente:<br \/>\n\u2022 Professor da Disciplina de Matem\u00e1tica do Ensino Secund\u00e1rio.<br \/>\nContudo, tendo em considera\u00e7\u00e3o a forma\u00e7\u00e3o t\u00e9cnica, a forma\u00e7\u00e3o cient\u00edfica, pedag\u00f3gico e did\u00e1tica dos professores de matem\u00e1tica, \u00e9 previs\u00edvel que tamb\u00e9m possam vir a exercer outras atividades como as que se discriminam:<br \/>\n\u2022 Professor de Matem\u00e1tica no Ensino T\u00e9cnico-profissional<br \/>\n\u2022 Formador e Mediador Educativo<br \/>\n\u2022 Professor de TIC (Tecnologias da Educa\u00e7\u00e3o e da Comunica\u00e7\u00e3o), no ensino b\u00e1sico e secund\u00e1rio<br \/>\n\u2022 Setor Educativo e Ensino da Administra\u00e7\u00e3o P\u00fablica, Autarquias e Desenvolvimento Local<br \/>\n\u2022 Forma\u00e7\u00e3o de Professores- Forma\u00e7\u00e3o de Formadores<br \/>\n\u2022 Apoio Psicopedag\u00f3gico Individual e em Organiza\u00e7\u00f5es Educativas<br \/>\n\u2022 Interven\u00e7\u00e3o Socioeducativa relacionada com o ensino da matem\u00e1tica<br \/>\n\u2022 Interven\u00e7\u00e3o Educacional e Forma\u00e7\u00e3o de Jovens e de Adultos (Associa\u00e7\u00f5es culturais e recreativas; Escolas profissionais, Gabinetes de apoio a alunos, etc.)<br \/>\n\u2022 Emprego e Forma\u00e7\u00e3o Profissional relacionado com Matem\u00e1tica<br \/>\n\u2022 Doc\u00eancia e Investiga\u00e7\u00e3o Cient\u00edfica no Ensino Superior, (ap\u00f3s obten\u00e7\u00e3o de graus de mestre e\/ou doutor)<br \/>\n\u2022 Profiss\u00e3o Liberal relacionada com Matem\u00e1tica.<\/p>\n<table class=\"c6\">\n<tr class=\"c0\">\n<td class=\"c7\" colspan=\"2\" rowspan=\"1\">\n<p class=\"c5\"><span class=\"c2\">1\u00ba ANO<\/span><\/p>\n<\/td>\n<\/tr>\n<tr class=\"c0\">\n<td class=\"c3\" colspan=\"1\" rowspan=\"1\">\n<p class=\"c5\"><span class=\"c2\">1\u00ba Semestre (15 semanas)<\/span><\/p>\n<\/td>\n<td class=\"c1\" colspan=\"1\" rowspan=\"1\">\n<p class=\"c5\"><span class=\"c2\">2\u00ba Semestre (15 semanas)<\/span><\/p>\n<\/td>\n<\/tr>\n<tr class=\"c0\">\n<td class=\"c3\" colspan=\"1\" rowspan=\"1\">\n<p class=\"c5\"><span class=\"c2\">Unidade Curricular<\/span><\/p>\n<\/td>\n<td class=\"c1\" colspan=\"1\" rowspan=\"1\">\n<p class=\"c5\"><span class=\"c2\">Unidade Curricular<\/span><\/p>\n<\/td>\n<\/tr>\n<tr class=\"c0\">\n<td class=\"c3\" colspan=\"1\" rowspan=\"1\">\n<p class=\"c5\"><span class=\"c2\">\u00c1lgebra Linear I<\/span><\/p>\n<\/td>\n<td class=\"c1\" colspan=\"1\" rowspan=\"1\">\n<p class=\"c5\"><span class=\"c2\">\u00c1lgebra Linear II<\/span><\/p>\n<\/td>\n<\/tr>\n<tr class=\"c0\">\n<td class=\"c3\" colspan=\"1\" rowspan=\"1\">\n<p class=\"c5\"><span class=\"c2\">An\u00e1lise Matem\u00e1tica I<\/span><\/p>\n<\/td>\n<td class=\"c1\" colspan=\"1\" rowspan=\"1\">\n<p class=\"c5\"><span class=\"c2\">An\u00e1lise Matem\u00e1tica II<\/span><\/p>\n<\/td>\n<\/tr>\n<tr class=\"c0\">\n<td class=\"c3\" colspan=\"1\" rowspan=\"1\">\n<p class=\"c5\"><span class=\"c2\">Hist\u00f3ria da Matem\u00e1tica<\/span><\/p>\n<\/td>\n<td class=\"c1\" colspan=\"1\" rowspan=\"1\">\n<p class=\"c5\"><span class=\"c2\">Did\u00e1tica Geral<\/span><\/p>\n<\/td>\n<\/tr>\n<tr class=\"c0\">\n<td class=\"c3\" colspan=\"1\" rowspan=\"1\">\n<p class=\"c5\"><span class=\"c2\">L\u00edngua Estrangeira I<\/span><\/p>\n<\/td>\n<td class=\"c1\" colspan=\"1\" rowspan=\"1\">\n<p class=\"c5\"><span class=\"c2\">Inicia\u00e7\u00e3o \u00e0s Tecnologias no Ensino<\/span><\/p>\n<\/td>\n<\/tr>\n<tr class=\"c0\">\n<td class=\"c3\" colspan=\"1\" rowspan=\"1\">\n<p class=\"c5\"><span class=\"c2\">Metodologias de Investiga\u00e7\u00e3o Cient\u00edfica I<\/span><\/p>\n<\/td>\n<td class=\"c1\" colspan=\"1\" rowspan=\"1\">\n<p class=\"c5\"><span class=\"c2\">L\u00edngua Estrangeira II<\/span><\/p>\n<\/td>\n<\/tr>\n<tr class=\"c0\">\n<td class=\"c3\" colspan=\"1\" rowspan=\"1\">\n<p class=\"c5\"><span class=\"c2\">Pedagogia Geral<\/span><\/p>\n<\/td>\n<td class=\"c1\" colspan=\"1\" rowspan=\"1\">\n<p class=\"c5\"><span class=\"c2\">Metodologias de Investiga\u00e7\u00e3o Cient\u00edfica II<\/span><\/p>\n<\/td>\n<\/tr>\n<tr class=\"c0\">\n<td class=\"c3\" colspan=\"1\" rowspan=\"1\">\n<p class=\"c5\"><span class=\"c2\">Portugu\u00eas I<\/span><\/p>\n<\/td>\n<td class=\"c1\" colspan=\"1\" rowspan=\"1\">\n<p class=\"c5\"><span class=\"c2\">Portugu\u00eas II<\/span><\/p>\n<\/td>\n<\/tr>\n<tr class=\"c0\">\n<td class=\"c3\" colspan=\"1\" rowspan=\"1\">\n<p class=\"c5\"><span class=\"c2\">Psicologia Geral<\/span><\/p>\n<\/td>\n<td class=\"c1\" colspan=\"1\" rowspan=\"1\">\n<p class=\"c5\"><span class=\"c2\">Psicologia do Desenvolvimento e das Aprendizagens<\/span><\/p>\n<\/td>\n<\/tr>\n<tr class=\"c0\">\n<td class=\"c7\" colspan=\"2\" rowspan=\"1\">\n<p class=\"c5\"><span class=\"c2\">2\u00ba ANO<\/span><\/p>\n<\/td>\n<\/tr>\n<tr class=\"c0\">\n<td class=\"c3\" colspan=\"1\" rowspan=\"1\">\n<p class=\"c5\"><span class=\"c2\">3\u00ba Semestre (15 semanas)<\/span><\/p>\n<\/td>\n<td class=\"c1\" colspan=\"1\" rowspan=\"1\">\n<p class=\"c5\"><span class=\"c2\">4\u00ba Semestre (15 semanas)<\/span><\/p>\n<\/td>\n<\/tr>\n<tr class=\"c0\">\n<td class=\"c3\" colspan=\"1\" rowspan=\"1\">\n<p class=\"c5\"><span class=\"c2\">Unidade Curricular<\/span><\/p>\n<\/td>\n<td class=\"c1\" colspan=\"1\" rowspan=\"1\">\n<p class=\"c5\"><span class=\"c2\">Unidade Curricular<\/span><\/p>\n<\/td>\n<\/tr>\n<tr class=\"c0\">\n<td class=\"c3\" colspan=\"1\" rowspan=\"1\">\n<p class=\"c5\"><span class=\"c2\">An\u00e1lise Matem\u00e1tica III<\/span><\/p>\n<\/td>\n<td class=\"c1\" colspan=\"1\" rowspan=\"1\">\n<p class=\"c5\"><span class=\"c2\">An\u00e1lise Complexa<\/span><\/p>\n<\/td>\n<\/tr>\n<tr class=\"c0\">\n<td class=\"c3\" colspan=\"1\" rowspan=\"1\">\n<p class=\"c5\"><span class=\"c2\">Aritm\u00e9tica e Teoria dos N\u00fameros<\/span><\/p>\n<\/td>\n<td class=\"c1\" colspan=\"1\" rowspan=\"1\">\n<p class=\"c5\"><span class=\"c2\">Concep\u00e7\u00e3o, Gest\u00e3o e Avalia\u00e7\u00e3o de Projectos<\/span><\/p>\n<\/td>\n<\/tr>\n<tr class=\"c0\">\n<td class=\"c3\" colspan=\"1\" rowspan=\"1\">\n<p class=\"c5\"><span class=\"c2\">Did\u00e1ctica da Matem\u00e1tica I<\/span><\/p>\n<\/td>\n<td class=\"c1\" colspan=\"1\" rowspan=\"1\">\n<p class=\"c5\"><span class=\"c2\">Did\u00e1ctica da Matem\u00e1tica II<\/span><\/p>\n<\/td>\n<\/tr>\n<tr class=\"c0\">\n<td class=\"c3\" colspan=\"1\" rowspan=\"1\">\n<p class=\"c5\"><span class=\"c2\">Geometria Anal\u00edtica<\/span><\/p>\n<\/td>\n<td class=\"c1\" colspan=\"1\" rowspan=\"1\">\n<p class=\"c5\"><span class=\"c2\">Geometria Descritiva<\/span><\/p>\n<\/td>\n<\/tr>\n<tr class=\"c0\">\n<td class=\"c3\" colspan=\"1\" rowspan=\"1\">\n<p class=\"c5\"><span class=\"c2\">Estat\u00edstica Aplicada ao Ensino<\/span><\/p>\n<\/td>\n<td class=\"c1\" colspan=\"1\" rowspan=\"1\">\n<p class=\"c5\"><span class=\"c2\">Introdu\u00e7\u00e3o ao Estudos Africanos<\/span><\/p>\n<\/td>\n<\/tr>\n<tr class=\"c0\">\n<td class=\"c3\" colspan=\"1\" rowspan=\"1\">\n<p class=\"c5\"><span class=\"c2\">Introdu\u00e7\u00e3o ao Pensamento Contempor\u00e2neo<\/span><\/p>\n<\/td>\n<td class=\"c1\" colspan=\"1\" rowspan=\"1\">\n<p class=\"c5\"><span class=\"c2\">Probabilidade e Estat\u00edstica<\/span><\/p>\n<\/td>\n<\/tr>\n<tr class=\"c0\">\n<td class=\"c3\" colspan=\"1\" rowspan=\"1\">\n<p class=\"c5\"><span class=\"c2\">Necessidades Especiais de Aprendizagem<\/span><\/p>\n<\/td>\n<td class=\"c1\" colspan=\"1\" rowspan=\"1\">\n<p class=\"c5\"><span class=\"c2\">Teoria do Desenvolvimento Curricular Rela\u00e7\u00e3o Educativa<\/span><\/p>\n<\/td>\n<\/tr>\n<tr class=\"c0\">\n<td class=\"c3\" colspan=\"1\" rowspan=\"1\">\n<p class=\"c5\"><span class=\"c2\">Tecnologias no Ensino da Matem\u00e1tica I<\/span><\/p>\n<\/td>\n<td class=\"c1\" colspan=\"1\" rowspan=\"1\">\n<p class=\"c5\"><span class=\"c2\">Tecnologias no Ensino da Matem\u00e1tica II<\/span><\/p>\n<\/td>\n<\/tr>\n<tr class=\"c0\">\n<td class=\"c7\" colspan=\"2\" rowspan=\"1\">\n<p class=\"c5\"><span class=\"c2\">3\u00ba ANO<\/span><\/p>\n<\/td>\n<\/tr>\n<tr class=\"c0\">\n<td class=\"c3\" colspan=\"1\" rowspan=\"1\">\n<p class=\"c5\"><span class=\"c2\">5\u00ba Semestre (15 semanas)<\/span><\/p>\n<\/td>\n<td class=\"c1\" colspan=\"1\" rowspan=\"1\">\n<p class=\"c5\"><span class=\"c2\">6\u00ba Semestre (15 semanas)<\/span><\/p>\n<\/td>\n<\/tr>\n<tr class=\"c0\">\n<td class=\"c3\" colspan=\"1\" rowspan=\"1\">\n<p class=\"c5\"><span class=\"c2\">Unidade Curricular<\/span><\/p>\n<\/td>\n<td class=\"c1\" colspan=\"1\" rowspan=\"1\">\n<p class=\"c5\"><span class=\"c2\">Unidade Curricular<\/span><\/p>\n<\/td>\n<\/tr>\n<tr class=\"c0\">\n<td class=\"c3\" colspan=\"1\" rowspan=\"1\">\n<p class=\"c5\"><span class=\"c2\">An\u00e1lise Num\u00e9rica<\/span><\/p>\n<\/td>\n<td class=\"c1\" colspan=\"1\" rowspan=\"1\">\n<p class=\"c5\"><span class=\"c2\">Educa\u00e7\u00e3o Ambiental e Sustentabilidade<\/span><\/p>\n<\/td>\n<\/tr>\n<tr class=\"c0\">\n<td class=\"c3\" colspan=\"1\" rowspan=\"1\">\n<p class=\"c5\"><span class=\"c2\">Avalia\u00e7\u00e3o das Aprendizagens<\/span><\/p>\n<\/td>\n<td class=\"c1\" colspan=\"1\" rowspan=\"1\">\n<p class=\"c5\"><span class=\"c2\">Did\u00e1ctica e Pr\u00e1tica Pedag\u00f3gica II<\/span><\/p>\n<\/td>\n<\/tr>\n<tr class=\"c0\">\n<td class=\"c3\" colspan=\"1\" rowspan=\"1\">\n<p class=\"c5\"><span class=\"c2\">Did\u00e1ctica e Pr\u00e1tica Pedag\u00f3gica I<\/span><\/p>\n<\/td>\n<td class=\"c1\" colspan=\"1\" rowspan=\"1\">\n<p class=\"c5\"><span class=\"c2\">Equa\u00e7\u00f5es Diferenciais c\/ Derivadas Parciais<\/span><\/p>\n<\/td>\n<\/tr>\n<tr class=\"c0\">\n<td class=\"c3\" colspan=\"1\" rowspan=\"1\">\n<p class=\"c5\"><span class=\"c2\">Equa\u00e7\u00f5es diferenciais e Integrais<\/span><\/p>\n<\/td>\n<td class=\"c1\" colspan=\"1\" rowspan=\"1\">\n<p class=\"c5\"><span class=\"c2\">\u00c9tica e Deontologia Profissional<\/span><\/p>\n<\/td>\n<\/tr>\n<tr class=\"c0\">\n<td class=\"c3\" colspan=\"1\" rowspan=\"1\">\n<p class=\"c5\"><span class=\"c2\">Geometria Superior<\/span><\/p>\n<\/td>\n<td class=\"c1\" colspan=\"1\" rowspan=\"1\">\n<p class=\"c5\"><span class=\"c2\">Geometria Diferencial<\/span><\/p>\n<\/td>\n<\/tr>\n<tr class=\"c0\">\n<td class=\"c3\" colspan=\"1\" rowspan=\"1\">\n<p class=\"c5\"><span class=\"c2\">Metodologias de Investiga\u00e7\u00e3o e Projetos Educativos<\/span><\/p>\n<\/td>\n<td class=\"c1\" colspan=\"1\" rowspan=\"1\">\n<p class=\"c5\"><span class=\"c2\">Organiza\u00e7\u00e3o e Gest\u00e3o Escolar<\/span><\/p>\n<\/td>\n<\/tr>\n<tr class=\"c0\">\n<td class=\"c3\" colspan=\"1\" rowspan=\"1\">\n<p class=\"c5\"><span class=\"c2\">Pesquisa Operacional<\/span><\/p>\n<\/td>\n<td class=\"c1\" colspan=\"1\" rowspan=\"1\">\n<p class=\"c5\"><span class=\"c2\">Supervis\u00e3o e Coordena\u00e7\u00e3o Pedag\u00f3gica<\/span><\/p>\n<\/td>\n<\/tr>\n<tr class=\"c0\">\n<td class=\"c3\" colspan=\"1\" rowspan=\"1\">\n<p class=\"c5\"><span class=\"c2\">Teoria de Fun\u00e7\u00f5es<\/span><\/p>\n<\/td>\n<td class=\"c1\" colspan=\"1\" rowspan=\"1\">\n<p class=\"c5\"><span class=\"c2\">Topologia e An\u00e1lise Funcional<\/span><\/p>\n<\/td>\n<\/tr>\n<tr class=\"c0\">\n<td class=\"c7\" colspan=\"2\" rowspan=\"1\">\n<p class=\"c5\"><span class=\"c2\">4\u00ba ANO<\/span><\/p>\n<\/td>\n<\/tr>\n<tr class=\"c0\">\n<td class=\"c3\" colspan=\"1\" rowspan=\"1\">\n<p class=\"c5\"><span class=\"c2\">7\u00ba Semestre (15 semanas)<\/span><\/p>\n<\/td>\n<td class=\"c1\" colspan=\"1\" rowspan=\"1\">\n<p class=\"c5\"><span class=\"c2\">8\u00ba Semestre (15 semanas)<\/span><\/p>\n<\/td>\n<\/tr>\n<tr class=\"c0\">\n<td class=\"c3\" colspan=\"1\" rowspan=\"1\">\n<p class=\"c5\"><span class=\"c2\">Unidade Curricular<\/span><\/p>\n<\/td>\n<td class=\"c1\" colspan=\"1\" rowspan=\"1\">\n<p class=\"c5\"><span class=\"c2\">Unidade Curricular<\/span><\/p>\n<\/td>\n<\/tr>\n<tr class=\"c0\">\n<td class=\"c3\" colspan=\"1\" rowspan=\"1\">\n<p class=\"c5\"><span class=\"c2\">Est\u00e1gio Profissional Supervisionado de Ensino da Matem\u00e1tica I<\/span><\/p>\n<\/td>\n<td class=\"c1\" colspan=\"1\" rowspan=\"1\">\n<p class=\"c5\"><span class=\"c2\">Est\u00e1gio Profissional Supervisionado de Ensino da Matem\u00e1tica II<\/span><\/p>\n<\/td>\n<\/tr>\n<tr class=\"c0\">\n<td class=\"c3\" colspan=\"1\" rowspan=\"1\">\n<p class=\"c5\"><span class=\"c2\">\u00a0<\/span><\/p>\n<\/td>\n<td class=\"c1\" colspan=\"1\" rowspan=\"1\">\n<p class=\"c5\"><span class=\"c2\">Relat\u00f3rio do Est\u00e1gio<\/span><\/p>\n<\/td>\n<\/tr>\n<\/table>\n\n<\/div>\n<\/div>\n<\/section>\n\n<\/div>\n\n<div  style='height:20px' class='hr hr-invisible   avia-builder-el-47  el_after_av_tab_container  avia-builder-el-last '><span class='hr-inner ' ><span class='hr-inner-style'><\/span><\/span><\/div>\n<\/div><\/div><\/div><!-- close content main div --><\/div><\/div><div id='investigacao'  class='avia-section main_color avia-section-large avia-no-border-styling  avia-full-stretch av-parallax-section avia-bg-style-parallax  avia-builder-el-48  el_after_av_section  el_before_av_section   container_wrap sidebar_right' style=' '  data-section-bg-repeat='stretch'><div class='av-parallax' data-avia-parallax-ratio='0.3' ><div class='av-parallax-inner main_color  avia-full-stretch' style = 'background-repeat: no-repeat; background-image: url(https:\/\/isupekuikui2.co.ao\/ao2\/wp-content\/uploads\/2018\/08\/foto5.jpg);background-attachment: scroll; background-position: center center; ' ><\/div><\/div><div class='container' ><div class='template-page content  av-content-small alpha units'><div class='post-entry post-entry-type-page post-entry-367'><div class='entry-content-wrapper clearfix'>\n<div  style='padding-bottom:0px; color:#ffffff;font-size:60px;' class='av-special-heading av-special-heading-h2 custom-color-heading blockquote modern-quote modern-centered  avia-builder-el-49  avia-builder-el-no-sibling  av-inherit-size '><h2 class='av-special-heading-tag '  itemprop=\"headline\"  >Investiga\u00e7\u00e3o<\/h2><div class='special-heading-border'><div class='special-heading-inner-border' style='border-color:#ffffff'><\/div><\/div><\/div>\n<\/p>\n<\/div><\/div><\/div><!-- close content main div --><\/div><\/div><div id='av_section_7'  class='avia-section main_color avia-section-default avia-no-border-styling  avia-bg-style-scroll  avia-builder-el-50  el_after_av_section  el_before_av_section   container_wrap sidebar_right' style=' '  ><div class='container' ><div class='template-page content  av-content-small alpha units'><div class='post-entry post-entry-type-page post-entry-367'><div class='entry-content-wrapper clearfix'>\n<div  id=\"ceied\"  style='padding-bottom:25px; ' class='av-special-heading av-special-heading-h2  blockquote modern-quote modern-centered  avia-builder-el-51  el_before_av_one_full  avia-builder-el-first  '><h2 class='av-special-heading-tag '  itemprop=\"headline\"  >Centro de Estudos em Inova\u00e7\u00e3o Educacional &#8211; CeIED<\/h2><div class='special-heading-border'><div class='special-heading-inner-border' ><\/div><\/div><\/div>\n<div class=\"flex_column av_one_full  flex_column_div av-zero-column-padding first  avia-builder-el-52  el_after_av_heading  el_before_av_hr  \" style='border-radius:0px; '><section class=\"av_textblock_section \"  itemscope=\"itemscope\" itemtype=\"https:\/\/schema.org\/CreativeWork\" ><div class='avia_textblock  '   itemprop=\"text\" ><p><strong>APRESENTA\u00c7\u00c3O<\/strong><\/p>\n<p>O Centro de Estudos em Inova\u00e7\u00e3o Educacional (CeiED) criado em 2019 \u00e9 uma unidade de investiga\u00e7\u00e3o e desenvolvimento de refer\u00eancia para as \u00e1reas da Educa\u00e7\u00e3o, Ci\u00eancias Socias, Ci\u00eancias da Sa\u00fade e Engenharias do Instituto Superior Polit\u00e9cnico de Humanidades e Tecnologias Ekuikui II (ISUPEkuikui II).<\/p>\n<p>O <strong>CiiED <\/strong>sera\u0301 operacionalizado atrave\u0301s das unidades orga\u0302nicas, a saber:<\/p>\n<ol>\n<li><strong> Unidade de Investigac\u0327a\u0303o em Cie\u0302ncias Sociais <\/strong><\/li>\n<\/ol>\n<p>Linha de Investigac\u0327a\u0303o em Cie\u0302ncias da Comunicac\u0327a\u0303o;<\/p>\n<p>Linha de Investigac\u0327a\u0303o em Cie\u0302ncias da Educac\u0327a\u0303o;<\/p>\n<p>Linha de Investigac\u0327a\u0303o em Direito;<\/p>\n<p>Linha de Investigac\u0327a\u0303o em Psicologia.<\/p>\n<ol start=\"2\">\n<li><strong> Unidade de Investigac\u0327a\u0303o em Sau\u0301de e Desporto <\/strong><\/li>\n<\/ol>\n<p>Linha de Investigac\u0327a\u0303o em Ana\u0301lises Cli\u0301nicas e Sau\u0301de Publica;<\/p>\n<p>Linha de Investigac\u0327a\u0303o em Educac\u0327a\u0303o Fi\u0301sica e Desporto;<\/p>\n<p>Linha de Investigac\u0327a\u0303o em Enfermagem;<\/p>\n<p>Linha de Investigac\u0327a\u0303o em Farma\u0301cia<\/p>\n<ol start=\"3\">\n<li><strong> Unidade de Investigac\u0327a\u0303o em Economia e Contabilidade <\/strong><\/li>\n<\/ol>\n<p>Linha de Investigac\u0327a\u0303o em Contabilidade, Fiscalidade e Auditoria;<\/p>\n<p>Linha de Investigac\u0327a\u0303o em Economia e Gesta\u0303o.<\/p>\n<ol start=\"4\">\n<li><strong> Unidade de Investigac\u0327a\u0303o em Humanidades e Tecnologias <\/strong><\/li>\n<\/ol>\n<p>Linha de Investigac\u0327a\u0303o em C. Informa\u0301ticas e Administrac\u0327a\u0303o;<\/p>\n<p>Linha de Investigac\u0327a\u0303o em Enga Civil;<\/p>\n<p>Linha de Investigac\u0327a\u0303o em Enga Informa\u0301tica.<\/p>\n<p><strong>EQUIPA <\/strong><\/p>\n<ul>\n<li>Direcc\u0327a\u0303o<\/li>\n<li>Todos os docentes doutorados e mestres que colaborem no <strong>CiiED<\/strong>, especialmente os docentes no ISUPE-Ekuikui II.<\/li>\n<li>Bolseiros investigadores<\/li>\n<li>Estagia\u0301rios<\/li>\n<\/ul>\n<p>O CeIED integra investigadoras\/es provenientes de diversas \u00e1reas no \u00e2mbito das Ci\u00eancias Sociais e Humanas, Engenharias e Tecnologias, Ci\u00eancias da Sa\u00fade e Educa\u00e7\u00e3o que assumem o prop\u00f3sito de construir conhecimento que vise o Desenvolvimento Humano.<\/p>\n<p><strong>OBJECTIVOS <\/strong><\/p>\n<ol>\n<li>Estimular e disseminar a investigac\u0327a\u0303o e o conhecimento junto das populac\u0327o\u0303es da Provi\u0301ncia do Huambo com vista a obter melhor qualidade de vida em Angola<\/li>\n<li>Criar Equipas de trabalho e arrancar com os Projectos previstos no cronograma quadrienal do <strong>CiiED<\/strong>.<\/li>\n<li>Constituir um Reposito\u0301rio para depo\u0301sito dos trabalhos finais de curso, dissertac\u0327a\u0303o, teses, artigos e outros de autores angolanos e\/ou sobre Angola.<\/li>\n<li>Desenvolver o \u201cLaborato\u0301rio de Escrita Criativa\u201d.<\/li>\n<li>Formar equipa de investigadores estagia\u0301rios do <strong>CiiED<\/strong>.<\/li>\n<li>Promover esta\u0301gios internacionais a futuros investigadores que queiram perceber as dina\u0302micas do trabalho do investigador.<\/li>\n<li>Atribuir Bolsas de estudos em parceria com Instituic\u0327o\u0303es Internacionais ao abrigo de Protocolos de Cooperac\u0327a\u0303o.<\/li>\n<li>Desenvolver projectos de I&#038;D nas a\u0301reas da Cie\u0302ncias da Educac\u0327a\u0303o, Cie\u0302ncias da Comunicac\u0327a\u0303o, Enfermagem e Psicologia.<\/li>\n<li>Obter o reconhecimento do CiiED<\/li>\n<\/ol>\n<p><strong>PROJECTOS<\/strong><\/p>\n<ul>\n<li>Em 2019\/20-21 o ISUPEkuikui II foi parceiro da Universidade Lus\u00f3fona na candidatura \u00e0 FCT\/Aga Khan (Portugal) <strong>Projecto Developing Scientific Research in Education.<\/strong><\/li>\n<li>Em 2023\/02 o ISUPEkuikui II integrou um Cons\u00f3rcio da Universidade Lus\u00f3fona &#8211; Centro Universit\u00e1rio de Lisboa, Universidade das Ilhas Baleares e Universidade de Belgrado, PIC Number 883536432 , II como parceiro no \u00e2mbito do <strong>Projeto formativo Hygieia &#8211; Promoting Health and Wellbeing across the Lifespan.<\/strong><\/li>\n<\/ul>\n<ul>\n<li>Em 2024\/02 o ISUPEkuikui II apresentou uma candidatura ao Programa de Participa\u00e7\u00e3o (PP) da UNESCO (MESCTI) com o <strong>Projecto Culture and tradition: what role do they play in promoting gender inequalities in HEIs? The case study of Huambo province \u2013 Angola\u201d &#8211; Bi\u00e9nio 2024-2025.<\/strong><\/li>\n<\/ul>\n<p>(a aguardar financiamento).<\/p>\n<ul>\n<li>Em 2024\/02 o ISUPEkuikui II integrou um Cons\u00f3rcio da Universidade Lus\u00f3fona &#8211; Centro Universit\u00e1rio de Lisboa, Universidade das Ilhas Baleares e Universidade de Belgrado, PIC Number 883536432 , II como parceiro, ligado ao <strong>Projeto formativo Hygieia &#8211; Promoting Health and Wellbeing across the Lifespan<\/strong>.<\/li>\n<\/ul>\n<p>(a aguardar financiamento).<\/p>\n<ul>\n<li>2024\/04 a Universidade Lus\u00f3fona &#8211; Centro Universit\u00e1rio de Lisboa em parceria com o ISUPEkuikui II e a Faculdade Lus\u00f3fona do Rio de Janeiro apresentaram uma candidatura no \u00e2mbito da coopera\u00e7\u00e3o triangular Ibero-Americana e Pa\u00edses Africanos de L\u00edngua Oficial Portuguesa &#8211; <strong>Projecto \u201cCria\u00e7\u00e3o de uma Plataforma digital de Produ\u00e7\u00e3o cient\u00edfica sobre Angola (BD@NG+Igual)&#8221;<\/strong><\/li>\n<\/ul>\n<p>(a aguardar financiamento).<\/p>\n<ul>\n<li>2024\/04 o ISUPEkuikui II integrou um cons\u00f3rcio, no \u00e2mbito da coopera\u00e7\u00e3o triangular Ibero-Americana e Pa\u00edses Africanos de L\u00edngua Oficial Portuguesa, &#8211; <strong>Projeto &#8220;Alertar e Agir&#8221;: desafios do s\u00e9culo na sa\u00fade e bem estar<\/strong><\/li>\n<\/ul>\n<p>(a aguardar financiamento)<\/p>\n<p><strong>\u00a0<\/strong><\/p>\n<\/div><\/section><\/div><div  style='height:20px' class='hr hr-invisible   avia-builder-el-54  el_after_av_one_full  el_before_av_heading '><span class='hr-inner ' ><span class='hr-inner-style'><\/span><\/span><\/div>\n<div  id=\"reme\"  style='padding-bottom:25px; ' class='av-special-heading av-special-heading-h2  blockquote modern-quote modern-centered  avia-builder-el-55  el_after_av_hr  el_before_av_one_full  '><h2 class='av-special-heading-tag '  itemprop=\"headline\"  >Revista Cient\u00edfica &#8211; REME<\/h2><div class='special-heading-border'><div class='special-heading-inner-border' ><\/div><\/div><\/div>\n<div class=\"flex_column av_one_full  flex_column_div av-zero-column-padding first  avia-builder-el-56  el_after_av_heading  el_before_av_hr  \" style='border-radius:0px; '><section class=\"av_textblock_section \"  itemscope=\"itemscope\" itemtype=\"https:\/\/schema.org\/CreativeWork\" ><div class='avia_textblock  '   itemprop=\"text\" ><h4 style=\"text-align: center;\"><strong>Consulta a revista: <a href=\"https:\/\/portalpensador.com\/index.php\/REME\">https:\/\/portalpensador.com\/index.php\/REME<\/a><\/strong><\/h4>\n<p><strong>\u00a0<\/strong><\/p>\n<p><strong>\u00a0<\/strong><\/p>\n<p><strong>Breve Descri\u00e7\u00e3o<\/strong><\/p>\n<p>A Revista de Estudos Multidisciplinares do Planalto Central \u2013 REME, \u00e9 uma publica\u00e7\u00e3o eletr\u00f3nica, semestral, do Instituto Superior Polit\u00e9cnico de Humanidades e Tecnologias Ekuikui II (ISUPEkuikui II).<\/p>\n<p>Fundada em 2023, os seus objectivos priorita\u0301rios s\u00e3o a publica\u00e7\u00e3o de trabalhos cient\u00edficos originais e que incidam sobre questo\u0303es que se situem no a\u0302mbito da formac\u0327a\u0303o das Ci\u00eancias Sociais, Ci\u00eancias da Sa\u00fade e Engenharias, mas tamb\u00e9m em outros domi\u0301nios interdisciplinares, relacionados directa ou indirectamente com os anteriores.<\/p>\n<p>A REME <em>\u00a0<\/em>publica artigos de investigac\u0327a\u0303o originais, artigos de revisa\u0303o, artigos breves (<em>short communications<\/em>), editoriais e artigos de opinia\u0303o cienti\u0301fica, recenso\u0303es cri\u0301ticas, cartas ao editor, casos cli\u0301nicos, relatos de experie\u0302ncia, imagens em sau\u0301de e destaques biogra\u0301ficos da equipa editorial ou autores. Nesta linha de ac\u0327a\u0303o sa\u0303o encorajados os artigos de cara\u0301cter interdisciplinar nas va\u0301rias a\u0301reas cienti\u0301ficas.<\/p>\n<p>Os artigos a publicar esta\u0303o sujeitos a um sistema de revisa\u0303o por pares, double-blind, de submissa\u0303o e publicac\u0327a\u0303o gratuitas.<\/p>\n<p>Sa\u0303o salvaguardados os direitos de autor dos textos publicados de acordo com as normas pro\u0301prias da Revista.<\/p>\n<p><strong>REVISORES<\/strong><\/p>\n<p>Os Revisores cienti\u0301ficos da <strong>R<\/strong><strong>EVICTE<\/strong> sa\u0303o personalidades, escolhidas por convite enderec\u0327ado pelo Conselho Editorial da Revista, das distintas a\u0301reas das cie\u0302ncias, que reflitam a respetiva multidisciplinaridade, e de instituic\u0327o\u0303es de ensino superior e de centros de investigac\u0327a\u0303o de diferentes pai\u0301ses e comunidades luso\u0301fonas.<\/p>\n<p><strong>CONSELHO CONSULTIVO <\/strong><\/p>\n<p>O Conselho Consultivo tem como missa\u0303o a avaliac\u0327a\u0303o externa da produc\u0327a\u0303o cienti\u0301fica publicada pela Revista, e e\u0301 constitui\u0301do por individualidades de reconhecido me\u0301rito cienti\u0301fico, oriundas das distintas a\u0301reas das cie\u0302ncias da sau\u0301de, evidenciando a multidisciplinaridade, de instituic\u0327o\u0303es de ensino superior e de centros de investigac\u0327a\u0303o de diferentes pai\u0301ses e comunidades luso\u0301fonas e ainda, de outras entidades externas a\u0300 lusofonia.<\/p>\n<p><strong>EQUIPA<\/strong><\/p>\n<p>Editor Chefe &#8211; Marta Santos Vieira, e-mail <a href=\"mailto:mvieira@isupekuikui2.co.ao\">mvieira@isupekuikui2.co.ao<\/a><\/p>\n<p>Editor Adjunto &#8211; Josemar Victorino, e-mail <a href=\"mailto:Josemar-victorino@isupekuikjui2.co.ao\">Josemar-victorino@isupekuikjui2.co.ao<\/a><\/p>\n<p><strong>EDITORES INTERNACIONAIS<\/strong><\/p>\n<p>Carlos Delgado, Universidade Lus\u00f3fona de Cabo Verde, Praia<\/p>\n<p>Ros\u00e2nia da Silva, Universidade Polit\u00e9cnica, Maputo, Mo\u00e7ambique<\/p>\n<p>Ana Paula Rainha, Instituto Superior Manuel Teixeira Gomes, Portim\u00e3o, Portugal<\/p>\n<p>Arlinda Cabral, Comunidade dos Pa\u00edses de L\u00edngua Portuguesa (CPLP)<\/p>\n<p>Ant\u00f3nio Teodoro, Universidade Lus\u00f3fona, Lisboa<\/p>\n<p>Possid\u00f3nio Cachapa, Universidade Lus\u00f3fona, Lisboa<\/p>\n<p><strong>CONSELHO EDITORIAL<\/strong><strong> (CIENT\u00cdFICO)<\/strong><\/p>\n<p>Editor Chefe \u2013 Marta Santos Vieira, ISUPEkukui II, Huambo<\/p>\n<p>Engenharias \u2013 El\u00f3i Figueiredo, Anabela Cruces, Francisco Faria Ferreira, Ad\u00edlia Charmier, Maria da Concei\u00e7\u00e3o Soeiro, L\u00facia Maria Piedade, Universidade Lus\u00f3fona, Lisboa.<\/p>\n<p>Ci\u00eancias da Sa\u00fade \u2013 Bernardo Alberto, Armindo Paix\u00e3o Ant\u00f3nio, Constantino Salom\u00e3o, ISUPEkukui II, Huambo<\/p>\n<p>Ci\u00eancias Econ\u00f3micas e Contabilidade \u2013 Manuel Loureiro, Universidade Lus\u00f3fona, Lisboa<\/p>\n<p>Ci\u00eancias Sociais e do Comportamento \u2013 C\u00e2ndida Domingos, ISUPEkukui II, Huambo<\/p>\n<p>Direito \u2013 Ant\u00f3nio Gameiro, Universidade Lus\u00f3fona, Lisboa<\/p>\n<p>Educa\u00e7\u00e3o \u2013 Maria Em\u00edlia Pepeka, Eduardo Somjamba, ISUPEkukui II, Huambo, e Carla Galego, Universidade Lus\u00f3fona, Lisboa<\/p>\n<\/div><\/section><\/div><div  style='height:20px' class='hr hr-invisible   avia-builder-el-58  el_after_av_one_full  avia-builder-el-last '><span class='hr-inner ' ><span class='hr-inner-style'><\/span><\/span><\/div>\n\n<\/div><\/div><\/div><!-- close content main div --><\/div><\/div><div id='noticias'  class='avia-section main_color avia-section-large avia-no-border-styling  avia-full-stretch av-parallax-section avia-bg-style-parallax  avia-builder-el-59  el_after_av_section  el_before_av_section   container_wrap sidebar_right' style=' '  data-section-bg-repeat='stretch'><div class='av-parallax' data-avia-parallax-ratio='0.3' ><div class='av-parallax-inner main_color  avia-full-stretch' style = 'background-repeat: no-repeat; background-image: url(https:\/\/isupekuikui2.co.ao\/ao2\/wp-content\/uploads\/2018\/08\/Instalacoes-sala-aula3.jpg);background-attachment: scroll; background-position: center center; ' ><\/div><\/div><div class='container' ><div class='template-page content  av-content-small alpha units'><div class='post-entry post-entry-type-page post-entry-367'><div class='entry-content-wrapper clearfix'>\n<div  style='padding-bottom:0px; color:#ffffff;font-size:60px;' class='av-special-heading av-special-heading-h1 custom-color-heading blockquote modern-quote modern-centered  avia-builder-el-60  avia-builder-el-no-sibling  av-inherit-size '><h1 class='av-special-heading-tag '  itemprop=\"headline\"  >NOT\u00cdCIAS<\/h1><div class='special-heading-border'><div class='special-heading-inner-border' style='border-color:#ffffff'><\/div><\/div><\/div>\n\n<\/div><\/div><\/div><!-- close content main div --><\/div><\/div><div id='presente'  class='avia-section main_color avia-section-default avia-no-shadow  avia-bg-style-scroll  avia-builder-el-61  el_after_av_section  el_before_av_section   container_wrap sidebar_right' style=' '  ><div class='container' ><div class='template-page content  av-content-small alpha units'><div class='post-entry post-entry-type-page post-entry-367'><div class='entry-content-wrapper clearfix'>\n<div  style='padding-bottom:20px; ' class='av-special-heading av-special-heading-h2  blockquote modern-quote  avia-builder-el-62  el_before_av_heading  avia-builder-el-first  '><h2 class='av-special-heading-tag '  itemprop=\"headline\"  ><\/p>\n<p><center>Presente<\/center><\/h2><div class='special-heading-border'><div class='special-heading-inner-border' ><\/div><\/div><\/div>\n<div  style='padding-bottom:20px; font-size:20px;' class='av-special-heading av-special-heading-h2  blockquote modern-quote modern-centered  avia-builder-el-63  el_after_av_heading  el_before_av_textblock  av-inherit-size '><h2 class='av-special-heading-tag '  itemprop=\"headline\"  >Instituto Superior Polit\u00e9cnico de Humanidades e Tecnologias \u2013 Ekuikui II Realiza Cerim\u00f3nia Oficial de Abertura do Ano Acad\u00e9mico 2023\/2024<\/h2><div class='special-heading-border'><div class='special-heading-inner-border' ><\/div><\/div><\/div>\n<section class=\"av_textblock_section \"  itemscope=\"itemscope\" itemtype=\"https:\/\/schema.org\/CreativeWork\" ><div class='avia_textblock  '   itemprop=\"text\" ><p>O Instituto Superior Polit\u00e9cnico de Humanidades e Tecnologias \u2013 Ekuikui II realizou, no pret\u00e9rito dia 03 de Outubro do ano corrente, no Audit\u00f3rio Prof. Doutor Manuel Dam\u00e1sio, a cerim\u00f3nia de abertura oficial do Ano Acad\u00e9mico 2022\/2024.<\/p>\n<p>A abertura do evento foi feita pelo Administrador-Geral, Dr. Carlos Brito.<\/p>\n<p>Testemunharam a cerim\u00f3nia, Membros do Conselho de Direc\u00e7\u00e3o, Chefes de Departamento, Coordenadores de Curso, distintos Professores, Colaboradores da Institui\u00e7\u00e3o e Membros da Associa\u00e7\u00e3o Acad\u00e9mica dos Estudantes.<\/p>\n<p>Na ocasi\u00e3o, o Administrador-geral, Dr. Carlos Brito, fez as honras da casa, ao dar boas vindas aos novos docentes contratados para o presente ano acad\u00e9mico, tendo agradecido a presen\u00e7a de todos e incentivou aos docentes sobre a necessidade de se nutrir um esp\u00edrito de sacrif\u00edcio e esfor\u00e7o como chave para o alcance do sucesso.<\/p>\n<p>No final foram entregues os Certificados de participa\u00e7\u00e3o aos docentes que estiveram envolvidos nas III Jornadas Cient\u00edficas realizadas no passado m\u00eas de Maio do ano em curso.<\/p>\n<p>O\u00a0ISUPEkuikui II\u00a0foi a primeira institui\u00e7\u00e3o criada no \u00e2mbito do ensino superior privado, a funcionar na prov\u00edncia do Huambo, desde 2011,\u00a0tendo, desde 2014 a esta parte, proporcionado a licenciatura a cerca de 1500 jovens.<\/p>\n<p>Neste momento a institui\u00e7\u00e3o lecciona\u00a015 cursos: An\u00e1lises Cl\u00ednicas, Enfermagem, Farm\u00e1cia, Ensino da L\u00edngua Portuguesa, Matem\u00e1tica, Ensino Prim\u00e1rio, Direito, Engenharia Civil, Inform\u00e1tica, Educa\u00e7\u00e3o F\u00edsica e Desporto, Contabilidade, Psicologia Ramo Cl\u00ednica, Comunica\u00e7\u00e3o e Economia e Gest\u00e3o.<\/p>\n<\/div><\/section>\n<div  style='height:20px' class='hr hr-invisible   avia-builder-el-65  el_after_av_textblock  el_before_av_heading '><span class='hr-inner ' ><span class='hr-inner-style'><\/span><\/span><\/div>\n<div  style='padding-bottom:20px; font-size:20px;' class='av-special-heading av-special-heading-h2  blockquote modern-quote modern-centered  avia-builder-el-66  el_after_av_hr  el_before_av_image  av-inherit-size '><h2 class='av-special-heading-tag '  itemprop=\"headline\"  >Administrador Geral do ISUPEkuikui II disserta no encontro sobre gest\u00e3o do Ensino Superior Privado<\/h2><div class='special-heading-border'><div class='special-heading-inner-border' ><\/div><\/div><\/div>\n<div  class='avia-image-container  av-styling-    avia-builder-el-67  el_after_av_heading  el_before_av_textblock  avia-align-center '  itemprop=\"image\" itemscope=\"itemscope\" itemtype=\"https:\/\/schema.org\/ImageObject\"  ><div class='avia-image-container-inner'><div class='avia-image-overlay-wrap'><a href=\"https:\/\/isupekuikui2.co.ao\/ao2\/wp-content\/uploads\/2024\/06\/Imagem1.jpg\" href=\"https:\/\/isupekuikui2.co.ao\/ao2\/wp-content\/uploads\/2024\/06\/Imagem1.jpg 691w, https:\/\/isupekuikui2.co.ao\/ao2\/wp-content\/uploads\/2024\/06\/Imagem1-300x230.jpg 300w\" href=\"(max-width: 691px) 100vw, 691px\" class='avia_image' ><img width=\"300\" height=\"230\" class='wp-image-1502 avia-img-lazy-loading-not-1502 avia_image' src=\"https:\/\/isupekuikui2.co.ao\/ao2\/wp-content\/uploads\/2024\/06\/Imagem1-300x230.jpg\" alt='' title='Imagem1'  itemprop=\"thumbnailUrl\" srcset=\"https:\/\/isupekuikui2.co.ao\/ao2\/wp-content\/uploads\/2024\/06\/Imagem1-300x230.jpg 300w, https:\/\/isupekuikui2.co.ao\/ao2\/wp-content\/uploads\/2024\/06\/Imagem1.jpg 691w\" sizes=\"(max-width: 300px) 100vw, 300px\" \/><\/a><\/div><\/div><\/div>\n<section class=\"av_textblock_section \"  itemscope=\"itemscope\" itemtype=\"https:\/\/schema.org\/CreativeWork\" ><div class='avia_textblock  '   itemprop=\"text\" ><p>O Administrador Geral do ISUPEkuikui II, Prof. Dr. Carlos Brito, juntamente com Sua Excel\u00eancia o Secret\u00e1rio de Estado do Ensino Superior, Prof. Doutor Eug\u00e9nio Silva, e a Dr\u00aa Maria Helena, participaram do 6\u00ba Painel sobre \u201cO Acesso ao Ensino Superior e Gest\u00e3o de Vagas\u201d, um tema de relev\u00e2ncia crescente no panorama educacional angolano.<\/p>\n<p>O painel fez parte de um encontro mais amplo, organizado pelo Minist\u00e9rio do Ensino Superior, Ci\u00eancia, Tecnologia e Inova\u00e7\u00e3o (MESCTI) em parceria com a Associa\u00e7\u00e3o das Institui\u00e7\u00f5es de Ensino Superior Privadas de Angola (AIESPA). O evento, que decorreu entre os dias 25 e 28 de Mar\u00e7o de 2024, reuniu especialistas e gestores para debater a gest\u00e3o eficiente das vagas e o acesso ao ensino superior.<\/p>\n<p>Durante quatro dias, em Luanda, discutiram-se estrat\u00e9gias para melhorar a administra\u00e7\u00e3o das institui\u00e7\u00f5es privadas de ensino superior, com o objectivo de alinhar as pr\u00e1ticas de gest\u00e3o com os normativos vigentes. O encontro tamb\u00e9m serviu como plataforma para partilhar as vis\u00f5es do MESCTI sobre v\u00e1rios aspectos do sector, buscando estabelecer um consenso e promover uma abordagem unificada para os desafios enfrentados pelas institui\u00e7\u00f5es.<\/p>\n<p>Este evento sublinha o compromisso do MESCTI e da AIESPA em fortalecer o ensino superior em Angola, garantindo que o acesso \u00e0 educa\u00e7\u00e3o de qualidade seja uma realidade para todos os angolanos.<\/p>\n<\/div><\/section>\n<div  style='height:20px' class='hr hr-invisible   avia-builder-el-69  el_after_av_textblock  el_before_av_heading '><span class='hr-inner ' ><span class='hr-inner-style'><\/span><\/span><\/div>\n<div  style='padding-bottom:20px; font-size:20px;' class='av-special-heading av-special-heading-h2  blockquote modern-quote modern-centered  avia-builder-el-70  el_after_av_hr  el_before_av_one_half  av-inherit-size '><h2 class='av-special-heading-tag '  itemprop=\"headline\"  >ISUPEkuikui II acolhe novos estudantes em sess\u00e3o solene<\/h2><div class='special-heading-border'><div class='special-heading-inner-border' ><\/div><\/div><\/div>\n<div class=\"flex_column av_one_half  flex_column_div av-zero-column-padding first  avia-builder-el-71  el_after_av_heading  el_before_av_one_half  \" style='border-radius:0px; '><div  class='avia-image-container  av-styling-    avia-builder-el-72  avia-builder-el-no-sibling  avia-align-center '  itemprop=\"image\" itemscope=\"itemscope\" itemtype=\"https:\/\/schema.org\/ImageObject\"  ><div class='avia-image-container-inner'><div class='avia-image-overlay-wrap'><a href=\"https:\/\/isupekuikui2.co.ao\/ao2\/wp-content\/uploads\/2024\/06\/Imagem2.jpg\" href=\"https:\/\/isupekuikui2.co.ao\/ao2\/wp-content\/uploads\/2024\/06\/Imagem2.jpg 568w, https:\/\/isupekuikui2.co.ao\/ao2\/wp-content\/uploads\/2024\/06\/Imagem2-300x202.jpg 300w\" href=\"(max-width: 568px) 100vw, 568px\" class='avia_image' ><img width=\"300\" height=\"202\" class='wp-image-1507 avia-img-lazy-loading-not-1507 avia_image' src=\"https:\/\/isupekuikui2.co.ao\/ao2\/wp-content\/uploads\/2024\/06\/Imagem2-300x202.jpg\" alt='' title='Imagem2'  itemprop=\"thumbnailUrl\" srcset=\"https:\/\/isupekuikui2.co.ao\/ao2\/wp-content\/uploads\/2024\/06\/Imagem2-300x202.jpg 300w, https:\/\/isupekuikui2.co.ao\/ao2\/wp-content\/uploads\/2024\/06\/Imagem2.jpg 568w\" sizes=\"(max-width: 300px) 100vw, 300px\" \/><\/a><\/div><\/div><\/div><\/div><div class=\"flex_column av_one_half  flex_column_div av-zero-column-padding   avia-builder-el-73  el_after_av_one_half  el_before_av_textblock  \" style='border-radius:0px; '><div  class='avia-image-container  av-styling-    avia-builder-el-74  avia-builder-el-no-sibling  avia-align-center '  itemprop=\"image\" itemscope=\"itemscope\" itemtype=\"https:\/\/schema.org\/ImageObject\"  ><div class='avia-image-container-inner'><div class='avia-image-overlay-wrap'><a href=\"https:\/\/isupekuikui2.co.ao\/ao2\/wp-content\/uploads\/2024\/06\/Imagem3.jpg\" href=\"https:\/\/isupekuikui2.co.ao\/ao2\/wp-content\/uploads\/2024\/06\/Imagem3.jpg 570w, https:\/\/isupekuikui2.co.ao\/ao2\/wp-content\/uploads\/2024\/06\/Imagem3-300x198.jpg 300w\" href=\"(max-width: 570px) 100vw, 570px\" class='avia_image' ><img width=\"300\" height=\"198\" class='wp-image-1506 avia-img-lazy-loading-not-1506 avia_image' src=\"https:\/\/isupekuikui2.co.ao\/ao2\/wp-content\/uploads\/2024\/06\/Imagem3-300x198.jpg\" alt='' title='Imagem3'  itemprop=\"thumbnailUrl\" srcset=\"https:\/\/isupekuikui2.co.ao\/ao2\/wp-content\/uploads\/2024\/06\/Imagem3-300x198.jpg 300w, https:\/\/isupekuikui2.co.ao\/ao2\/wp-content\/uploads\/2024\/06\/Imagem3.jpg 570w\" sizes=\"(max-width: 300px) 100vw, 300px\" \/><\/a><\/div><\/div><\/div><\/div><section class=\"av_textblock_section \"  itemscope=\"itemscope\" itemtype=\"https:\/\/schema.org\/CreativeWork\" ><div class='avia_textblock  '   itemprop=\"text\" ><p style=\"text-align: justify; line-height: 115%; margin: 9.0pt 0cm 0cm 0cm;\"><span style=\"font-family: 'Arial',sans-serif; color: #111111;\">O Instituto Superior Polit\u00e9cnico de Humanidades e Tecnologias &#8211; Ekuikui II (ISUPEkuikui II) realizou na \u00faltima quinta-feira, 25 de Janeiro, a 13\u00aa sess\u00e3o solene de baptismo de caloiros, que marcou a recep\u00e7\u00e3o dos cerca de 1500 estudantes admitidos no ano acad\u00e9mico 2023-2024. O acto decorreu no pavilh\u00e3o Osvaldo Serra Van-dun\u00e9m, das 14h00 \u00e0s 18h00, e contou com a presen\u00e7a de autoridades acad\u00e9micas, docentes, funcion\u00e1rios e familiares dos novos estudantes.<\/span><\/p>\n<p style=\"text-align: justify; line-height: 115%; margin: 9.0pt 0cm 0cm 0cm;\"><span style=\"font-family: 'Arial',sans-serif; color: #111111;\">Como \u00e9 tradi\u00e7\u00e3o acad\u00e9mica, os caloiros foram recebidos com rituais pr\u00f3prios da sess\u00e3o, que inclu\u00edram a coloca\u00e7\u00e3o de uma marca de tinta branca na testa, a aspers\u00e3o de \u00e1gua no rosto e a ingest\u00e3o de um rebu\u00e7ado azedo, s\u00edmbolos da purifica\u00e7\u00e3o, do baptismo e da supera\u00e7\u00e3o dos desafios, respectivamente. Al\u00e9m disso, os caloiros tiveram que prestar juramento de fidelidade \u00e0 institui\u00e7\u00e3o, ao curso e aos colegas, e receberam os seus crach\u00e1s e camisolas identificativas.<\/span><\/p>\n<p style=\"text-align: justify; line-height: 115%; margin: 9.0pt 0cm 0cm 0cm;\"><span style=\"font-family: 'Arial',sans-serif; color: #111111;\">O evento, que foi organizado pela associa\u00e7\u00e3o acad\u00e9mica dos estudantes e contou com o apoio da direc\u00e7\u00e3o, serviu tamb\u00e9m para os estudantes demonstrarem os seus dotes art\u00edsticos da m\u00fasica e da dan\u00e7a, com apresenta\u00e7\u00f5es de v\u00e1rios grupos culturais e musicais.<\/span><\/p>\n<p style=\"text-align: justify; line-height: 115%; margin: 9.0pt 0cm 0cm 0cm;\"><span style=\"font-family: 'Arial',sans-serif; color: #111111;\">O ISUPEkuikui II \u00e9 primeira institui\u00e7\u00e3o de ensino superior privada, localizada na prov\u00edncia do Huambo, que oferece cursos nas \u00e1reas de Enfermagem Geral, Ci\u00eancias da Educa\u00e7\u00e3o, An\u00e1lises Cl\u00ednicas e Sa\u00fade P\u00fablica, Direito, Engenharia Inform\u00e1tica, Ci\u00eancias da Comunica\u00e7\u00e3o, Psicologia, Contabilidade, Fiscalidade e Auditoria, Economia e Gest\u00e3o, Engenharia Civil, Educa\u00e7\u00e3o F\u00edsica e Desporto, Farm\u00e1cia, Ensino da L\u00edngua Portuguesa, Ensino Prim\u00e1rio e Ensino da Matem\u00e1tica. A institui\u00e7\u00e3o tem como miss\u00e3o formar profissionais qualificados, \u00e9ticos e comprometidos com o desenvolvimento do pa\u00eds.<\/span><\/p>\n<div id=\"simple-translate\" class=\"simple-translate-system-theme\">\n<div>\n<div class=\"simple-translate-button isShow\" style=\"background-image: url('moz-extension:\/\/fe567f3d-d7e3-4105-a395-b27465de1b1a\/icons\/512.png'); height: 22px; width: 22px; top: -43px; left: -88px;\"><\/div>\n<div class=\"simple-translate-panel \" style=\"width: 300px; height: 200px; top: 0px; left: 0px; font-size: 13px;\">\n<div class=\"simple-translate-result-wrapper\" style=\"overflow: hidden;\">\n<div class=\"simple-translate-move\" draggable=\"true\"><\/div>\n<div class=\"simple-translate-result-contents\">\n<p class=\"simple-translate-result\" dir=\"auto\">\n<p class=\"simple-translate-candidate\" dir=\"auto\">\n<\/div>\n<\/div>\n<\/div>\n<\/div>\n<\/div>\n<\/div><\/section>\n<div  style='height:20px' class='hr hr-invisible   avia-builder-el-76  el_after_av_textblock  el_before_av_heading '><span class='hr-inner ' ><span class='hr-inner-style'><\/span><\/span><\/div>\n<div  style='padding-bottom:20px; font-size:20px;' class='av-special-heading av-special-heading-h2  blockquote modern-quote modern-centered  avia-builder-el-77  el_after_av_hr  el_before_av_image  av-inherit-size '><h2 class='av-special-heading-tag '  itemprop=\"headline\"  >ISUPEkuikui II Real\u00e7a a Import\u00e2ncia da Liberdade de Imprensa com Confer\u00eancia e Forma\u00e7\u00e3o<\/h2><div class='special-heading-border'><div class='special-heading-inner-border' ><\/div><\/div><\/div>\n<div  class='avia-image-container  av-styling-    avia-builder-el-78  el_after_av_heading  el_before_av_textblock  avia-align-center '  itemprop=\"image\" itemscope=\"itemscope\" itemtype=\"https:\/\/schema.org\/ImageObject\"  ><div class='avia-image-container-inner'><div class='avia-image-overlay-wrap'><a href=\"https:\/\/isupekuikui2.co.ao\/ao2\/wp-content\/uploads\/2024\/06\/Imagem4-1030x526.jpg\" href=\"https:\/\/isupekuikui2.co.ao\/ao2\/wp-content\/uploads\/2024\/06\/Imagem4-1030x526.jpg 1030w, https:\/\/isupekuikui2.co.ao\/ao2\/wp-content\/uploads\/2024\/06\/Imagem4-300x153.jpg 300w, https:\/\/isupekuikui2.co.ao\/ao2\/wp-content\/uploads\/2024\/06\/Imagem4-768x392.jpg 768w, https:\/\/isupekuikui2.co.ao\/ao2\/wp-content\/uploads\/2024\/06\/Imagem4-705x360.jpg 705w, https:\/\/isupekuikui2.co.ao\/ao2\/wp-content\/uploads\/2024\/06\/Imagem4.jpg 1259w\" href=\"(max-width: 1030px) 100vw, 1030px\" class='avia_image' ><img width=\"300\" height=\"153\" class='wp-image-1508 avia-img-lazy-loading-not-1508 avia_image' src=\"https:\/\/isupekuikui2.co.ao\/ao2\/wp-content\/uploads\/2024\/06\/Imagem4-300x153.jpg\" alt='' title='Imagem4'  itemprop=\"thumbnailUrl\" srcset=\"https:\/\/isupekuikui2.co.ao\/ao2\/wp-content\/uploads\/2024\/06\/Imagem4-300x153.jpg 300w, https:\/\/isupekuikui2.co.ao\/ao2\/wp-content\/uploads\/2024\/06\/Imagem4-1030x526.jpg 1030w, https:\/\/isupekuikui2.co.ao\/ao2\/wp-content\/uploads\/2024\/06\/Imagem4-768x392.jpg 768w, https:\/\/isupekuikui2.co.ao\/ao2\/wp-content\/uploads\/2024\/06\/Imagem4-705x360.jpg 705w, https:\/\/isupekuikui2.co.ao\/ao2\/wp-content\/uploads\/2024\/06\/Imagem4.jpg 1259w\" sizes=\"(max-width: 300px) 100vw, 300px\" \/><\/a><\/div><\/div><\/div>\n<section class=\"av_textblock_section \"  itemscope=\"itemscope\" itemtype=\"https:\/\/schema.org\/CreativeWork\" ><div class='avia_textblock  '   itemprop=\"text\" ><p style=\"text-align: justify; line-height: 115%;\"><span style=\"font-family: 'Arial',sans-serif;\">No dia 02 de Maio, v\u00e9spera do dia mundialmente consagrado \u00e0 liberdade de imprensa, o Instituto Superior Polit\u00e9cnico de Humanidades e Tecnologias \u2013 Ekuikui II (ISUPEkuikui II) foi palco de uma confer\u00eancia significativa, subordinada ao tema \u201cA Liberdade de Imprensa no Contexto Africano\u201d. O evento contou com a presen\u00e7a de figuras ilustres como o Dr. Celso Malavoloneque, ex-secret\u00e1rio de estado da comunica\u00e7\u00e3o social, e o Dr. Teixeira C\u00e2ndido, secret\u00e1rio geral do sindicato dos jornalistas angolanos, com a modera\u00e7\u00e3o do professor Isaac Bonga.<\/span><\/p>\n<p style=\"text-align: justify; line-height: 115%;\"><span style=\"font-family: 'Arial',sans-serif;\">O audit\u00f3rio principal encheu-se de estudantes do curso de Ci\u00eancias da Comunica\u00e7\u00e3o e Direito do ISUPEkuikui II, bem como de jovens estudantes de comunica\u00e7\u00e3o social do ensino m\u00e9dio do col\u00e9gio Santo Ant\u00f3nio e do Instituto Polit\u00e9cnico Privado. Juntos, mergulharam em discuss\u00f5es sobre o ambiente legal e pol\u00edtico que molda a liberdade de imprensa em Angola, a distin\u00e7\u00e3o entre a imprensa privada e p\u00fablica, e a posi\u00e7\u00e3o de Angola no ranking mundial da liberdade de imprensa.<\/span><\/p>\n<p style=\"text-align: justify; line-height: 115%;\"><span style=\"font-family: 'Arial',sans-serif;\">A confer\u00eancia destacou os avan\u00e7os significativos e os desafios persistentes na liberdade de imprensa em Angola, com exemplos concretos e cita\u00e7\u00f5es de jornalistas locais e especialistas em m\u00eddia, proporcionando uma an\u00e1lise profunda e envolvente.<\/span><\/p>\n<p style=\"text-align: justify; line-height: 115%;\"><span style=\"font-family: 'Arial',sans-serif;\">Num gesto que refor\u00e7a o compromisso com a educa\u00e7\u00e3o e a pr\u00e1tica jornal\u00edstica, a coordenadora provincial do F\u00f3rum das Mulheres Jornalistas para Igualdade de G\u00e9nero, Dr\u00aa Ivone de Lourdes, entregou certificados aos estudantes do 4\u00ba ano de comunica\u00e7\u00e3o. Estes certificados reconhecem a participa\u00e7\u00e3o dos estudantes numa sess\u00e3o de forma\u00e7\u00e3o sobre jornalismo investigativo, promovida pelo f\u00f3rum, com uma carga hor\u00e1ria de 12 horas, realizada nos dias 04 e 05 de Dezembro de 2023.<\/span><\/p>\n<p style=\"text-align: justify; line-height: 115%;\"><span style=\"font-family: 'Arial',sans-serif;\">O ISUPEkuikui II, pioneiro na educa\u00e7\u00e3o superior privada na prov\u00edncia do Huambo e \u00fanico a oferecer o curso de Ci\u00eancias da Comunica\u00e7\u00e3o, continua a liderar pelo exemplo, enfatizando a import\u00e2ncia da liberdade de imprensa e do jornalismo investigativo como pilares fundamentais para uma sociedade informada e justa.<\/span><\/p>\n<\/div><\/section>\n<div  style='height:20px' class='hr hr-invisible   avia-builder-el-80  el_after_av_textblock  el_before_av_heading '><span class='hr-inner ' ><span class='hr-inner-style'><\/span><\/span><\/div>\n<div  style='padding-bottom:20px; font-size:20px;' class='av-special-heading av-special-heading-h2  blockquote modern-quote modern-centered  avia-builder-el-81  el_after_av_hr  el_before_av_one_half  av-inherit-size '><h2 class='av-special-heading-tag '  itemprop=\"headline\"  >Estudantes do ISUPEkuikui II Exploram a Hist\u00f3ria e a Cultura do Reino do Bailundo<\/h2><div class='special-heading-border'><div class='special-heading-inner-border' ><\/div><\/div><\/div>\n<div class=\"flex_column av_one_half  flex_column_div av-zero-column-padding first  avia-builder-el-82  el_after_av_heading  el_before_av_one_half  \" style='border-radius:0px; '><div  class='avia-image-container  av-styling-    avia-builder-el-83  avia-builder-el-no-sibling  avia-align-center '  itemprop=\"image\" itemscope=\"itemscope\" itemtype=\"https:\/\/schema.org\/ImageObject\"  ><div class='avia-image-container-inner'><div class='avia-image-overlay-wrap'><a href=\"https:\/\/isupekuikui2.co.ao\/ao2\/wp-content\/uploads\/2024\/06\/Imagem5.jpg\" href=\"https:\/\/isupekuikui2.co.ao\/ao2\/wp-content\/uploads\/2024\/06\/Imagem5.jpg 591w, https:\/\/isupekuikui2.co.ao\/ao2\/wp-content\/uploads\/2024\/06\/Imagem5-300x177.jpg 300w\" href=\"(max-width: 591px) 100vw, 591px\" class='avia_image' ><img width=\"300\" height=\"177\" class='wp-image-1509 avia-img-lazy-loading-not-1509 avia_image' src=\"https:\/\/isupekuikui2.co.ao\/ao2\/wp-content\/uploads\/2024\/06\/Imagem5-300x177.jpg\" alt='' title='Imagem5'  itemprop=\"thumbnailUrl\" srcset=\"https:\/\/isupekuikui2.co.ao\/ao2\/wp-content\/uploads\/2024\/06\/Imagem5-300x177.jpg 300w, https:\/\/isupekuikui2.co.ao\/ao2\/wp-content\/uploads\/2024\/06\/Imagem5.jpg 591w\" sizes=\"(max-width: 300px) 100vw, 300px\" \/><\/a><\/div><\/div><\/div><\/div><div class=\"flex_column av_one_half  flex_column_div av-zero-column-padding   avia-builder-el-84  el_after_av_one_half  el_before_av_textblock  \" style='border-radius:0px; '><div  class='avia-image-container  av-styling-    avia-builder-el-85  avia-builder-el-no-sibling  avia-align-center '  itemprop=\"image\" itemscope=\"itemscope\" itemtype=\"https:\/\/schema.org\/ImageObject\"  ><div class='avia-image-container-inner'><div class='avia-image-overlay-wrap'><a href=\"https:\/\/isupekuikui2.co.ao\/ao2\/wp-content\/uploads\/2024\/06\/Imagem6.jpg\" href=\"https:\/\/isupekuikui2.co.ao\/ao2\/wp-content\/uploads\/2024\/06\/Imagem6.jpg 664w, https:\/\/isupekuikui2.co.ao\/ao2\/wp-content\/uploads\/2024\/06\/Imagem6-300x153.jpg 300w\" href=\"(max-width: 664px) 100vw, 664px\" class='avia_image' ><img width=\"300\" height=\"153\" class='wp-image-1510 avia-img-lazy-loading-not-1510 avia_image' src=\"https:\/\/isupekuikui2.co.ao\/ao2\/wp-content\/uploads\/2024\/06\/Imagem6-300x153.jpg\" alt='' title='Imagem6'  itemprop=\"thumbnailUrl\" srcset=\"https:\/\/isupekuikui2.co.ao\/ao2\/wp-content\/uploads\/2024\/06\/Imagem6-300x153.jpg 300w, https:\/\/isupekuikui2.co.ao\/ao2\/wp-content\/uploads\/2024\/06\/Imagem6.jpg 664w\" sizes=\"(max-width: 300px) 100vw, 300px\" \/><\/a><\/div><\/div><\/div><\/div><section class=\"av_textblock_section \"  itemscope=\"itemscope\" itemtype=\"https:\/\/schema.org\/CreativeWork\" ><div class='avia_textblock  '   itemprop=\"text\" ><p style=\"text-align: justify; line-height: 115%;\"><span style=\"font-family: 'Arial',sans-serif; color: black;\">No dia 15 de Dezembro, o <\/span><span style=\"font-family: 'Arial',sans-serif; color: #111111;\">Instituto Superior Polit\u00e9cnico de Humanidades e Tecnologias \u2013 Ekuikui II (ISUPEkuikui II) <\/span><span style=\"font-family: 'Arial',sans-serif; color: black;\">realizou um estudo de campo com o tema \u201cExplorando o Passado Glorioso do Reino do Bailundo: Uma Jornada Hist\u00f3rica e Cultural\u201d. O evento, coordenado pelo Mestre Wilson Bento e apoiado pelos Mestres Eduardo Sonjamba e Anil Vila, faz parte das actividades de Extens\u00e3o Universit\u00e1ria do curso de Ci\u00eancias da Educa\u00e7\u00e3o. Cerca de 190 estudantes do 3\u00ba ano participaram da iniciativa, que teve como objectivo ampliar os seus conhecimentos sobre a hist\u00f3ria e a cultura do Reino do Bailundo, um dos mais importantes patrim\u00f3nios angolanos.<\/span><\/p>\n<p style=\"text-align: justify; line-height: 115%;\"><span style=\"font-family: 'Arial',sans-serif; color: black;\">Durante o estudo de campo, os estudantes puderam conhecer de perto os eventos hist\u00f3ricos, as figuras significativas e os factores internos e externos que influenciaram a forma\u00e7\u00e3o e a resist\u00eancia do Reino do Bailundo, que se destacou pela sua luta contra a coloniza\u00e7\u00e3o portuguesa. Os estudantes tamb\u00e9m tiveram a oportunidade de interagir com a cultura viva do Reino, atrav\u00e9s de sess\u00f5es de Hist\u00f3ria Oral com o Rei Ekukui VI e de um Julgamento Tradicional, que ilustraram as tradi\u00e7\u00f5es, os costumes e os valores do povo Bailundo.<\/span><\/p>\n<p style=\"text-align: justify; line-height: 115%;\"><span style=\"font-family: 'Arial',sans-serif; color: black;\">As actividades preparat\u00f3rias para o estudo de campo inclu\u00edram pesquisa pr\u00e9via, aulas e semin\u00e1rios sobre a hist\u00f3ria e a cultura do Reino do Bailundo, al\u00e9m de debates em sala de aula sobre os temas abordados. A visita de campo abrangeu o Pal\u00e1cio do Bailundo e outros locais hist\u00f3ricos e culturais da regi\u00e3o, onde os estudantes puderam observar e documentar as suas experi\u00eancias, atrav\u00e9s de fotos, v\u00eddeos, textos e entrevistas gravadas para a hist\u00f3ria oral.<\/span><\/p>\n<p style=\"text-align: justify; line-height: 115%;\"><span style=\"font-family: 'Arial',sans-serif; color: black;\">Os resultados do estudo de campo ser\u00e3o apresentados em um relat\u00f3rio documentado e em apresenta\u00e7\u00f5es p\u00f3s-viagem, onde os estudantes compartilhar\u00e3o os seus aprendizados e as suas reflex\u00f5es cr\u00edticas sobre a hist\u00f3ria e a cultura do Reino do Bailundo, bem como sobre a import\u00e2ncia da preserva\u00e7\u00e3o cultural e do enriquecimento da forma\u00e7\u00e3o acad\u00e9mica.<\/span><\/p>\n<div id=\"simple-translate\" class=\"simple-translate-system-theme\">\n<div>\n<div class=\"simple-translate-button isShow\" style=\"background-image: url('moz-extension:\/\/fe567f3d-d7e3-4105-a395-b27465de1b1a\/icons\/512.png'); height: 22px; width: 22px; top: 168px; left: 335px;\"><\/div>\n<div class=\"simple-translate-panel \" style=\"width: 300px; height: 200px; top: 0px; left: 0px; font-size: 13px;\">\n<div class=\"simple-translate-result-wrapper\" style=\"overflow: hidden;\">\n<div class=\"simple-translate-move\" draggable=\"true\"><\/div>\n<div class=\"simple-translate-result-contents\">\n<p class=\"simple-translate-result\" dir=\"auto\">\n<p class=\"simple-translate-candidate\" dir=\"auto\">\n<\/div>\n<\/div>\n<\/div>\n<\/div>\n<\/div>\n<\/div><\/section>\n<div  style='height:20px' class='hr hr-invisible   avia-builder-el-87  el_after_av_textblock  el_before_av_heading '><span class='hr-inner ' ><span class='hr-inner-style'><\/span><\/span><\/div>\n<div  style='padding-bottom:20px; font-size:20px;' class='av-special-heading av-special-heading-h2  blockquote modern-quote modern-centered  avia-builder-el-88  el_after_av_hr  el_before_av_one_half  av-inherit-size '><h2 class='av-special-heading-tag '  itemprop=\"headline\"  >Estudantes do ISUPEkuikui II doam sangue e bens ao hospital geral do Huambo<\/h2><div class='special-heading-border'><div class='special-heading-inner-border' ><\/div><\/div><\/div>\n<div class=\"flex_column av_one_half  flex_column_div av-zero-column-padding first  avia-builder-el-89  el_after_av_heading  el_before_av_one_half  \" style='border-radius:0px; '><div  class='avia-image-container  av-styling-    avia-builder-el-90  avia-builder-el-no-sibling  avia-align-center '  itemprop=\"image\" itemscope=\"itemscope\" itemtype=\"https:\/\/schema.org\/ImageObject\"  ><div class='avia-image-container-inner'><div class='avia-image-overlay-wrap'><a href=\"https:\/\/isupekuikui2.co.ao\/ao2\/wp-content\/uploads\/2024\/06\/Imagem1-1.jpg\" href=\"https:\/\/isupekuikui2.co.ao\/ao2\/wp-content\/uploads\/2024\/06\/Imagem1-1.jpg 585w, https:\/\/isupekuikui2.co.ao\/ao2\/wp-content\/uploads\/2024\/06\/Imagem1-1-300x232.jpg 300w\" href=\"(max-width: 585px) 100vw, 585px\" class='avia_image' ><img width=\"300\" height=\"232\" class='wp-image-1517 avia-img-lazy-loading-not-1517 avia_image' src=\"https:\/\/isupekuikui2.co.ao\/ao2\/wp-content\/uploads\/2024\/06\/Imagem1-1-300x232.jpg\" alt='' title='Imagem1'  itemprop=\"thumbnailUrl\" srcset=\"https:\/\/isupekuikui2.co.ao\/ao2\/wp-content\/uploads\/2024\/06\/Imagem1-1-300x232.jpg 300w, https:\/\/isupekuikui2.co.ao\/ao2\/wp-content\/uploads\/2024\/06\/Imagem1-1.jpg 585w\" sizes=\"(max-width: 300px) 100vw, 300px\" \/><\/a><\/div><\/div><\/div><\/div><div class=\"flex_column av_one_half  flex_column_div av-zero-column-padding   avia-builder-el-91  el_after_av_one_half  el_before_av_textblock  \" style='border-radius:0px; '><div  class='avia-image-container  av-styling-    avia-builder-el-92  avia-builder-el-no-sibling  avia-align-center '  itemprop=\"image\" itemscope=\"itemscope\" itemtype=\"https:\/\/schema.org\/ImageObject\"  ><div class='avia-image-container-inner'><div class='avia-image-overlay-wrap'><a href=\"https:\/\/isupekuikui2.co.ao\/ao2\/wp-content\/uploads\/2024\/06\/Imagem2-1.jpg\" href=\"https:\/\/isupekuikui2.co.ao\/ao2\/wp-content\/uploads\/2024\/06\/Imagem2-1.jpg 275w, https:\/\/isupekuikui2.co.ao\/ao2\/wp-content\/uploads\/2024\/06\/Imagem2-1-260x185.jpg 260w\" href=\"(max-width: 275px) 100vw, 275px\" class='avia_image' ><img width=\"275\" height=\"197\" class='wp-image-1516 avia-img-lazy-loading-not-1516 avia_image' src=\"https:\/\/isupekuikui2.co.ao\/ao2\/wp-content\/uploads\/2024\/06\/Imagem2-1.jpg\" alt='' title='Imagem2'  itemprop=\"thumbnailUrl\" srcset=\"https:\/\/isupekuikui2.co.ao\/ao2\/wp-content\/uploads\/2024\/06\/Imagem2-1.jpg 275w, https:\/\/isupekuikui2.co.ao\/ao2\/wp-content\/uploads\/2024\/06\/Imagem2-1-260x185.jpg 260w\" sizes=\"(max-width: 275px) 100vw, 275px\" \/><\/a><\/div><\/div><\/div><\/div><section class=\"av_textblock_section \"  itemscope=\"itemscope\" itemtype=\"https:\/\/schema.org\/CreativeWork\" ><div class='avia_textblock  '   itemprop=\"text\" ><p>No passado dia 26 de janeiro, um grupo de estudantes do 3\u00ba ano do curso de An\u00e1lises Cl\u00ednicas do Instituto Superior Polit\u00e9cnico de Humanidades e Tecnologias Ekuikui II (ISUPEkuikui II) realizou uma\u00a0<strong>ac\u00e7\u00e3o de solidariedade\u00a0no Hospital geral do Huambo<\/strong>.<\/p>\n<p>A ac\u00e7\u00e3o\u00a0faz parte do programa de extens\u00e3o universit\u00e1ria da unidade curricular de Est\u00e1gio I do aludido curso. Os estudantes doaram 37 bolsas de sangue \u00e0 hemoterapia do hospital, sob a orienta\u00e7\u00e3o do docente, Dr. Osvaldo Paulino.<\/p>\n<p>Al\u00e9m de doarem sangue, os estudantes tamb\u00e9m visitaram as sec\u00e7\u00f5es do banco de urg\u00eancia, pediatria, cirurgia, neonatologia e queimados, onde entregaram alguns bens, tais como brinquedos, detergentes, fraldas descart\u00e1veis, \u00e1gua e sumo, aos pacientes e funcion\u00e1rios do hospital.<\/p>\n<p>A iniciativa dos estudantes foi elogiada pelo respons\u00e1vel da hemoterapia, Felix Quessongo, e pela supervisora Edna Ra\u00fal, que agradeceram o gesto de generosidade e cidadania dos jovens.<\/p>\n<p>O ISUPEkuikui II \u00e9 primeira institui\u00e7\u00e3o de ensino superior privada, localizada na prov\u00edncia do Huambo, que oferece cursos nas \u00e1reas da sa\u00fade &#8211; \u00a0\u00a0An\u00e1lises Cl\u00ednicas e Sa\u00fade P\u00fablica,\u00a0Enfermagem Geral, Farm\u00e1cia e\u00a0\u00a0Psicologia Cl\u00ednica. \u00a0A institui\u00e7\u00e3o tem como miss\u00e3o formar profissionais qualificados \u00a0e comprometidos com o desenvolvimento de Angola.<\/p>\n<\/div><\/section>\n<div  style='height:20px' class='hr hr-invisible   avia-builder-el-94  el_after_av_textblock  el_before_av_heading '><span class='hr-inner ' ><span class='hr-inner-style'><\/span><\/span><\/div>\n<div  style='padding-bottom:20px; font-size:20px;' class='av-special-heading av-special-heading-h2  blockquote modern-quote modern-centered  avia-builder-el-95  el_after_av_hr  el_before_av_one_half  av-inherit-size '><h2 class='av-special-heading-tag '  itemprop=\"headline\"  >R\u00e1dio Huambo Recebe Estudantes de Comunica\u00e7\u00e3o do ISUPEkuikui II para Est\u00e1gio Volunt\u00e1rio<\/h2><div class='special-heading-border'><div class='special-heading-inner-border' ><\/div><\/div><\/div>\n<div class=\"flex_column av_one_half  flex_column_div av-zero-column-padding first  avia-builder-el-96  el_after_av_heading  el_before_av_one_half  \" style='border-radius:0px; '><div  class='avia-image-container  av-styling-    avia-builder-el-97  avia-builder-el-no-sibling  avia-align-center '  itemprop=\"image\" itemscope=\"itemscope\" itemtype=\"https:\/\/schema.org\/ImageObject\"  ><div class='avia-image-container-inner'><div class='avia-image-overlay-wrap'><a href=\"https:\/\/isupekuikui2.co.ao\/ao2\/wp-content\/uploads\/2024\/06\/Imagem1.png\" href=\"\" href=\"\" class='avia_image' ><img width=\"279\" height=\"209\" class='wp-image-1519 avia-img-lazy-loading-not-1519 avia_image' src=\"https:\/\/isupekuikui2.co.ao\/ao2\/wp-content\/uploads\/2024\/06\/Imagem1.png\" alt='' title='Imagem1'  itemprop=\"thumbnailUrl\"  \/><\/a><\/div><\/div><\/div><\/div><div class=\"flex_column av_one_half  flex_column_div av-zero-column-padding   avia-builder-el-98  el_after_av_one_half  el_before_av_textblock  \" style='border-radius:0px; '><div  class='avia-image-container  av-styling-    avia-builder-el-99  avia-builder-el-no-sibling  avia-align-center '  itemprop=\"image\" itemscope=\"itemscope\" itemtype=\"https:\/\/schema.org\/ImageObject\"  ><div class='avia-image-container-inner'><div class='avia-image-overlay-wrap'><a href=\"https:\/\/isupekuikui2.co.ao\/ao2\/wp-content\/uploads\/2024\/06\/Imagem2.png\" href=\"\" href=\"\" class='avia_image' ><img width=\"256\" height=\"208\" class='wp-image-1518 avia-img-lazy-loading-not-1518 avia_image' src=\"https:\/\/isupekuikui2.co.ao\/ao2\/wp-content\/uploads\/2024\/06\/Imagem2.png\" alt='' title='Imagem2'  itemprop=\"thumbnailUrl\"  \/><\/a><\/div><\/div><\/div><\/div><section class=\"av_textblock_section \"  itemscope=\"itemscope\" itemtype=\"https:\/\/schema.org\/CreativeWork\" ><div class='avia_textblock  '   itemprop=\"text\" ><p>No \u00e2mbito do protocolo de coopera\u00e7\u00e3o entre o Instituto Superior Polit\u00e9cnico de Humanidades e Tecnologias \u2013 Ekuikui II (ISUPEkuikui II) e a R\u00e1dio Huambo, um grupo de 12 estudantes do quarto ano do curso de Ci\u00eancias da Comunica\u00e7\u00e3o come\u00e7ou nesta segunda-feira, 11 de dezembro de 2023, um est\u00e1gio volunt\u00e1rio na emissora do grupo R\u00e1dio Nacional de Angola.<\/p>\n<p>O est\u00e1gio tem a dura\u00e7\u00e3o de dois meses e visa capacitar os estudantes nas diversas \u00e1reas do jornalismo radiof\u00f3nico, como reportagem, edi\u00e7\u00e3o, apresenta\u00e7\u00e3o, entre outras. Os estagi\u00e1rios contar\u00e3o com a orienta\u00e7\u00e3o e supervis\u00e3o do jornalista s\u00e9nior e director da R\u00e1dio Huambo, Jo\u00e3o Domingos Gaspar Pedro, que tem uma vasta experi\u00eancia no meio de comunica\u00e7\u00e3o. Ele se mostrou entusiasmado com a iniciativa e disse que espera contribuir para a forma\u00e7\u00e3o dos futuros profissionais da comunica\u00e7\u00e3o.<\/p>\n<p>Esta \u00e9 a segunda vez que a R\u00e1dio Huambo acolhe estudantes do ISUPEkuikui II para um est\u00e1gio volunt\u00e1rio. Na semana passada, o primeiro grupo de 15 estudantes iniciou a mesma atividade na R\u00e1dio Mais Huambo, emissora afeta ao grupo M\u00e9dia Nova.<\/p>\n<p>A parceria entre as r\u00e1dios e a institui\u00e7\u00e3o de ensino visa fortalecer os la\u00e7os entre a academia e o mercado de trabalho, al\u00e9m de proporcionar aos estudantes uma oportunidade de aprendizagem pr\u00e1tica e de contacto com a realidade do jornalismo radiof\u00f3nico dos futuros comunic\u00f3logos.<\/p>\n<\/div><\/section>\n<div  style='height:20px' class='hr hr-invisible   avia-builder-el-101  el_after_av_textblock  el_before_av_heading '><span class='hr-inner ' ><span class='hr-inner-style'><\/span><\/span><\/div>\n<div  style='padding-bottom:20px; font-size:20px;' class='av-special-heading av-special-heading-h2  blockquote modern-quote modern-centered  avia-builder-el-102  el_after_av_hr  el_before_av_one_half  av-inherit-size '><h2 class='av-special-heading-tag '  itemprop=\"headline\"  >Estudante de Comunica\u00e7\u00e3o do ISUPEkuikui II Vence Pr\u00e9mio Nacional de Fotojornalismo<\/h2><div class='special-heading-border'><div class='special-heading-inner-border' ><\/div><\/div><\/div>\n<div class=\"flex_column av_one_half  flex_column_div av-zero-column-padding first  avia-builder-el-103  el_after_av_heading  el_before_av_one_half  \" style='border-radius:0px; '><div  class='avia-image-container  av-styling-    avia-builder-el-104  avia-builder-el-no-sibling  avia-align-center '  itemprop=\"image\" itemscope=\"itemscope\" itemtype=\"https:\/\/schema.org\/ImageObject\"  ><div class='avia-image-container-inner'><div class='avia-image-overlay-wrap'><a href=\"https:\/\/isupekuikui2.co.ao\/ao2\/wp-content\/uploads\/2024\/06\/Imagem1-1.png\" href=\"\" href=\"\" class='avia_image' ><img width=\"270\" height=\"237\" class='wp-image-1523 avia-img-lazy-loading-not-1523 avia_image' src=\"https:\/\/isupekuikui2.co.ao\/ao2\/wp-content\/uploads\/2024\/06\/Imagem1-1.png\" alt='' title='Imagem1'  itemprop=\"thumbnailUrl\"  \/><\/a><\/div><\/div><\/div><\/div><div class=\"flex_column av_one_half  flex_column_div av-zero-column-padding   avia-builder-el-105  el_after_av_one_half  el_before_av_textblock  \" style='border-radius:0px; '><div  class='avia-image-container  av-styling-    avia-builder-el-106  avia-builder-el-no-sibling  avia-align-center '  itemprop=\"image\" itemscope=\"itemscope\" itemtype=\"https:\/\/schema.org\/ImageObject\"  ><div class='avia-image-container-inner'><div class='avia-image-overlay-wrap'><a href=\"https:\/\/isupekuikui2.co.ao\/ao2\/wp-content\/uploads\/2024\/06\/Imagem2-1.png\" href=\"\" href=\"\" class='avia_image' ><img width=\"287\" height=\"240\" class='wp-image-1522 avia-img-lazy-loading-not-1522 avia_image' src=\"https:\/\/isupekuikui2.co.ao\/ao2\/wp-content\/uploads\/2024\/06\/Imagem2-1.png\" alt='' title='Imagem2'  itemprop=\"thumbnailUrl\"  \/><\/a><\/div><\/div><\/div><\/div><section class=\"av_textblock_section \"  itemscope=\"itemscope\" itemtype=\"https:\/\/schema.org\/CreativeWork\" ><div class='avia_textblock  '   itemprop=\"text\" ><p>O estudante do 3\u00ba ano do curso de Ci\u00eancias da Comunica\u00e7\u00e3o do Instituto Superior Polit\u00e9cnico de Humanidades e Tecnologias \u2013 Ekuikui II Joaquim Armando \u00e9 o vencedor da presente edi\u00e7\u00e3o do pr\u00e9mio nacional de Jornalismo na categoria de Fotojornalismo.<\/p>\n<p>Joaquim Armando, de 40 anos de idade, jornalista do Jornal de Angola Edi\u00e7\u00f5es Novembro, colocado na prov\u00edncia do Huambo, venceu com a pe\u00e7a intitulada \u201cCesteiro de m\u00e3o-cheia\u201d, no g\u00e9nero foto singular, foi publicada no Jornal de Angola (na rubrica Imagem do Dia), no dia 29 de Julho de 2023, tendo obtido 88 pontos, dos 100 poss\u00edveis.<\/p>\n<p>Na aprecia\u00e7\u00e3o do J\u00fari, a imagem, pela sua originalidade, faz ver um artista de m\u00e3o-cheia. Segundo o J\u00fari, o autor propiciou um enquadramento perfeito e uma boa ilumina\u00e7\u00e3o, resultando da\u00ed uma fotografia particularmente radiosa.<\/p>\n<\/div><\/section>\n<div  style='height:20px' class='hr hr-invisible   avia-builder-el-108  el_after_av_textblock  el_before_av_heading '><span class='hr-inner ' ><span class='hr-inner-style'><\/span><\/span><\/div>\n<div  style='padding-bottom:20px; font-size:20px;' class='av-special-heading av-special-heading-h2  blockquote modern-quote modern-centered  avia-builder-el-109  el_after_av_hr  el_before_av_textblock  av-inherit-size '><h2 class='av-special-heading-tag '  itemprop=\"headline\"  >Estudantes de Economia e Gest\u00e3o do ISUPEkuikui II Aprofundam Conhecimentos no IV F\u00f3rum BIC-RNA<\/h2><div class='special-heading-border'><div class='special-heading-inner-border' ><\/div><\/div><\/div>\n<section class=\"av_textblock_section \"  itemscope=\"itemscope\" itemtype=\"https:\/\/schema.org\/CreativeWork\" ><div class='avia_textblock  '   itemprop=\"text\" ><p>Huambo, 12 de Abril de 2024 \u2013 O Audit\u00f3rio do CEFOJOR foi palco de um encontro enriquecedor para os estudantes do 2\u00ba, 3\u00ba e 4\u00ba ano de Economia e Gest\u00e3o do ISUPEkuikui II, que participaram hoje no IV F\u00f3rum BIC-RNA. O evento, que teve in\u00edcio \u00e0s 8h30, foi uma iniciativa conjunta da Radiodifus\u00e3o Nacional de Angola (RNA) e do Banco BIC.<\/p>\n<p>Sob a orienta\u00e7\u00e3o do docente Jeremias Chissanga, os estudantes mergulharam no tema \u201cO Agroneg\u00f3cio na cidade do Huambo\u201d, explorando seis subtemas cruciais para o desenvolvimento econ\u00f3mico e social da regi\u00e3o. Entre os t\u00f3picos discutidos, destacaram-se o fomento do agroneg\u00f3cio e suas pol\u00edticas de financiamento, o papel vital da ind\u00fastria transformadora de alimentos, e o apoio da banca \u00e0s iniciativas empresariais.<\/p>\n<p>A constru\u00e7\u00e3o de plataformas log\u00edsticas ao longo do corredor do Lobito e as estrat\u00e9gias do governo para impulsionar a produ\u00e7\u00e3o de trigo foram outros pontos de destaque. Al\u00e9m disso, analisou-se o impacto significativo da produ\u00e7\u00e3o em grande escala de cereais e gr\u00e3os no Bi\u00e9, sublinhando a import\u00e2ncia do agroneg\u00f3cio para o crescimento sustent\u00e1vel do pa\u00eds.<\/p>\n<p>O IV F\u00f3rum BIC-RNA provou ser uma oportunidade valiosa para os futuros economistas e gestores, que sa\u00edram do evento com uma vis\u00e3o ampliada e pronta para enfrentar os desafios do mercado de trabalho.<\/p>\n<\/div><\/section>\n<div  style='height:20px' class='hr hr-invisible   avia-builder-el-111  el_after_av_textblock  el_before_av_heading '><span class='hr-inner ' ><span class='hr-inner-style'><\/span><\/span><\/div>\n<div  style='padding-bottom:20px; font-size:20px;' class='av-special-heading av-special-heading-h2  blockquote modern-quote modern-centered  avia-builder-el-112  el_after_av_hr  el_before_av_one_half  av-inherit-size '><h2 class='av-special-heading-tag '  itemprop=\"headline\"  >Estudantes de Engenharia Civil do ISUPEkuikui II Aprofundam Conhecimentos em Seguran\u00e7a Contra Inc\u00eandios<\/h2><div class='special-heading-border'><div class='special-heading-inner-border' ><\/div><\/div><\/div>\n<div class=\"flex_column av_one_half  flex_column_div av-zero-column-padding first  avia-builder-el-113  el_after_av_heading  el_before_av_one_half  \" style='border-radius:0px; '><div  class='avia-image-container  av-styling-    avia-builder-el-114  avia-builder-el-no-sibling  avia-align-center '  itemprop=\"image\" itemscope=\"itemscope\" itemtype=\"https:\/\/schema.org\/ImageObject\"  ><div class='avia-image-container-inner'><div class='avia-image-overlay-wrap'><a href=\"https:\/\/isupekuikui2.co.ao\/ao2\/wp-content\/uploads\/2024\/06\/Imagem1-2.jpg\" href=\"https:\/\/isupekuikui2.co.ao\/ao2\/wp-content\/uploads\/2024\/06\/Imagem1-2.jpg 593w, https:\/\/isupekuikui2.co.ao\/ao2\/wp-content\/uploads\/2024\/06\/Imagem1-2-300x168.jpg 300w\" href=\"(max-width: 593px) 100vw, 593px\" class='avia_image' ><img width=\"300\" height=\"168\" class='wp-image-1527 avia-img-lazy-loading-not-1527 avia_image' src=\"https:\/\/isupekuikui2.co.ao\/ao2\/wp-content\/uploads\/2024\/06\/Imagem1-2-300x168.jpg\" alt='' title='Imagem1'  itemprop=\"thumbnailUrl\" srcset=\"https:\/\/isupekuikui2.co.ao\/ao2\/wp-content\/uploads\/2024\/06\/Imagem1-2-300x168.jpg 300w, https:\/\/isupekuikui2.co.ao\/ao2\/wp-content\/uploads\/2024\/06\/Imagem1-2.jpg 593w\" sizes=\"(max-width: 300px) 100vw, 300px\" \/><\/a><\/div><\/div><\/div><\/div><div class=\"flex_column av_one_half  flex_column_div av-zero-column-padding   avia-builder-el-115  el_after_av_one_half  el_before_av_textblock  \" style='border-radius:0px; '><div  class='avia-image-container  av-styling-    avia-builder-el-116  avia-builder-el-no-sibling  avia-align-center '  itemprop=\"image\" itemscope=\"itemscope\" itemtype=\"https:\/\/schema.org\/ImageObject\"  ><div class='avia-image-container-inner'><div class='avia-image-overlay-wrap'><a href=\"https:\/\/isupekuikui2.co.ao\/ao2\/wp-content\/uploads\/2024\/06\/Imagem2-2.jpg\" href=\"https:\/\/isupekuikui2.co.ao\/ao2\/wp-content\/uploads\/2024\/06\/Imagem2-2.jpg 553w, https:\/\/isupekuikui2.co.ao\/ao2\/wp-content\/uploads\/2024\/06\/Imagem2-2-300x180.jpg 300w\" href=\"(max-width: 553px) 100vw, 553px\" class='avia_image' ><img width=\"300\" height=\"180\" class='wp-image-1526 avia-img-lazy-loading-not-1526 avia_image' src=\"https:\/\/isupekuikui2.co.ao\/ao2\/wp-content\/uploads\/2024\/06\/Imagem2-2-300x180.jpg\" alt='' title='Imagem2'  itemprop=\"thumbnailUrl\" srcset=\"https:\/\/isupekuikui2.co.ao\/ao2\/wp-content\/uploads\/2024\/06\/Imagem2-2-300x180.jpg 300w, https:\/\/isupekuikui2.co.ao\/ao2\/wp-content\/uploads\/2024\/06\/Imagem2-2.jpg 553w\" sizes=\"(max-width: 300px) 100vw, 300px\" \/><\/a><\/div><\/div><\/div><\/div><section class=\"av_textblock_section \"  itemscope=\"itemscope\" itemtype=\"https:\/\/schema.org\/CreativeWork\" ><div class='avia_textblock  '   itemprop=\"text\" ><p>Huambo, 2 de Maio de 2024 \u2013 Um grupo de <strong>trinta e oito estudantes<\/strong> do terceiro ano do curso de Engenharia Civil do ISUPEkuikui II teve hoje uma oportunidade \u00fanica de aprender sobre a import\u00e2ncia da seguran\u00e7a contra inc\u00eandios em edifica\u00e7\u00f5es. No \u00e2mbito da unidade curricular de F\u00edsica das Constru\u00e7\u00f5es II, os estudantes realizaram uma visita de estudo \u00e0s instala\u00e7\u00f5es do Servi\u00e7o de Prote\u00e7\u00e3o Civil e Bombeiros.<\/p>\n<p>A visita teve como objectivo permitir que os estudantes observassem <strong>in loco<\/strong> o trabalho vital dos bombeiros e compreendessem mais profundamente o papel destes profissionais na prote\u00e7\u00e3o da comunidade. Al\u00e9m disso, os futuros engenheiros puderam entender a import\u00e2ncia da supervis\u00e3o de projectos de constru\u00e7\u00e3o, com foco especial na seguran\u00e7a, preven\u00e7\u00e3o e resposta a emerg\u00eancias em caso de inc\u00eandio.<\/p>\n<p>Durante a visita, os estudantes exploraram v\u00e1rios t\u00f3picos de interesse, incluindo:<\/p>\n<ul>\n<li><strong>Riscos de Inc\u00eandio nas edifica\u00e7\u00f5es<\/strong>: Compreender a origem dos inc\u00eandios e os processos de combust\u00e3o.<\/li>\n<li><strong>Processos de propaga\u00e7\u00e3o do inc\u00eandio<\/strong>: Estudar como o fogo se espalha nos edif\u00edcios e entre edif\u00edcios vizinhos.<\/li>\n<li><strong>Propriedades dos materiais a altas temperaturas<\/strong>: Analisar como diferentes materiais reagem ao calor extremo.<\/li>\n<li><strong>Comportamento ao fogo dos materiais e dos elementos de constru\u00e7\u00e3o<\/strong>: Avaliar a resist\u00eancia ao fogo dos materiais usados na constru\u00e7\u00e3o.<\/li>\n<li><strong>Verifica\u00e7\u00e3o da seguran\u00e7a ao fogo de elementos estruturais<\/strong>: Entender os m\u00e9todos de teste para a seguran\u00e7a contra inc\u00eandios.<\/li>\n<li><strong>Regulamenta\u00e7\u00e3o de seguran\u00e7a contra inc\u00eandio em edif\u00edcios<\/strong>: Familiarizar-se com as leis e normas que regem a seguran\u00e7a contra inc\u00eandios.<\/li>\n<\/ul>\n<p>Sob a supervis\u00e3o da Engenheira <strong>Juelma Jone<\/strong>, os estudantes tiveram a chance de dialogar com os bombeiros e especialistas em seguran\u00e7a, enriquecendo sua forma\u00e7\u00e3o acad\u00e9mica com experi\u00eancias pr\u00e1ticas e conhecimentos essenciais para a sua futura carreira profissional.<\/p>\n<p>Esta iniciativa \u00e9 parte de um esfor\u00e7o cont\u00ednuo do ISUPEkuikui II para garantir que seus estudantes n\u00e3o apenas dominem a teoria, mas tamb\u00e9m entendam as aplica\u00e7\u00f5es pr\u00e1ticas e a import\u00e2ncia da engenharia civil na salvaguarda da vida humana e do patrim\u00f3nio constru\u00eddo.<\/p>\n<\/div><\/section>\n<div  style='height:20px' class='hr hr-invisible   avia-builder-el-118  el_after_av_textblock  el_before_av_heading '><span class='hr-inner ' ><span class='hr-inner-style'><\/span><\/span><\/div>\n<div  style='padding-bottom:20px; font-size:20px;' class='av-special-heading av-special-heading-h2  blockquote modern-quote modern-centered  avia-builder-el-119  el_after_av_hr  el_before_av_one_half  av-inherit-size '><h2 class='av-special-heading-tag '  itemprop=\"headline\"  >Estudantes de Farm\u00e1cia do ISUPEkuikui II Brilham no Pr\u00e9mio Shalina Jovens Talentos<\/h2><div class='special-heading-border'><div class='special-heading-inner-border' ><\/div><\/div><\/div>\n<div class=\"flex_column av_one_half  flex_column_div av-zero-column-padding first  avia-builder-el-120  el_after_av_heading  el_before_av_one_half  \" style='border-radius:0px; '><div  class='avia-image-container  av-styling-    avia-builder-el-121  avia-builder-el-no-sibling  avia-align-center '  itemprop=\"image\" itemscope=\"itemscope\" itemtype=\"https:\/\/schema.org\/ImageObject\"  ><div class='avia-image-container-inner'><div class='avia-image-overlay-wrap'><a href=\"https:\/\/isupekuikui2.co.ao\/ao2\/wp-content\/uploads\/2024\/06\/Imagem1-3.jpg\" href=\"https:\/\/isupekuikui2.co.ao\/ao2\/wp-content\/uploads\/2024\/06\/Imagem1-3.jpg 532w, https:\/\/isupekuikui2.co.ao\/ao2\/wp-content\/uploads\/2024\/06\/Imagem1-3-300x183.jpg 300w\" href=\"(max-width: 532px) 100vw, 532px\" class='avia_image' ><img width=\"300\" height=\"183\" class='wp-image-1529 avia-img-lazy-loading-not-1529 avia_image' src=\"https:\/\/isupekuikui2.co.ao\/ao2\/wp-content\/uploads\/2024\/06\/Imagem1-3-300x183.jpg\" alt='' title='Imagem1'  itemprop=\"thumbnailUrl\" srcset=\"https:\/\/isupekuikui2.co.ao\/ao2\/wp-content\/uploads\/2024\/06\/Imagem1-3-300x183.jpg 300w, https:\/\/isupekuikui2.co.ao\/ao2\/wp-content\/uploads\/2024\/06\/Imagem1-3.jpg 532w\" sizes=\"(max-width: 300px) 100vw, 300px\" \/><\/a><\/div><\/div><\/div><\/div><div class=\"flex_column av_one_half  flex_column_div av-zero-column-padding   avia-builder-el-122  el_after_av_one_half  el_before_av_textblock  \" style='border-radius:0px; '><div  class='avia-image-container  av-styling-    avia-builder-el-123  avia-builder-el-no-sibling  avia-align-center '  itemprop=\"image\" itemscope=\"itemscope\" itemtype=\"https:\/\/schema.org\/ImageObject\"  ><div class='avia-image-container-inner'><div class='avia-image-overlay-wrap'><a href=\"https:\/\/isupekuikui2.co.ao\/ao2\/wp-content\/uploads\/2024\/06\/Imagem2-3.jpg\" href=\"https:\/\/isupekuikui2.co.ao\/ao2\/wp-content\/uploads\/2024\/06\/Imagem2-3.jpg 455w, https:\/\/isupekuikui2.co.ao\/ao2\/wp-content\/uploads\/2024\/06\/Imagem2-3-300x221.jpg 300w\" href=\"(max-width: 455px) 100vw, 455px\" class='avia_image' ><img width=\"300\" height=\"221\" class='wp-image-1528 avia-img-lazy-loading-not-1528 avia_image' src=\"https:\/\/isupekuikui2.co.ao\/ao2\/wp-content\/uploads\/2024\/06\/Imagem2-3-300x221.jpg\" alt='' title='Imagem2'  itemprop=\"thumbnailUrl\" srcset=\"https:\/\/isupekuikui2.co.ao\/ao2\/wp-content\/uploads\/2024\/06\/Imagem2-3-300x221.jpg 300w, https:\/\/isupekuikui2.co.ao\/ao2\/wp-content\/uploads\/2024\/06\/Imagem2-3.jpg 455w\" sizes=\"(max-width: 300px) 100vw, 300px\" \/><\/a><\/div><\/div><\/div><\/div><section class=\"av_textblock_section \"  itemscope=\"itemscope\" itemtype=\"https:\/\/schema.org\/CreativeWork\" ><div class='avia_textblock  '   itemprop=\"text\" ><p style=\"text-align: justify; line-height: 115%;\"><span style=\"font-family: 'Arial',sans-serif;\">Huambo, 16 de Abril de 2024 \u2013 Evanilde Adriana Salopa Jorge e Siabra Jos\u00e9 Diniz Vieira, estudantes do 4\u00ba ano de Farm\u00e1cia do ISUPEkuikui II, emergiram como os grandes vencedores da fase interna do prestigiado <strong>Pr\u00e9mio Shalina Jovens Talentos<\/strong>. <\/span><\/p>\n<p style=\"text-align: justify; line-height: 115%;\"><span style=\"font-family: 'Arial',sans-serif;\">Este pr\u00e9mio, que celebra a excel\u00eancia e inova\u00e7\u00e3o na \u00e1rea farmac\u00eautica, \u00e9 uma iniciativa da <strong>Shalina Healthcare<\/strong>, uma empresa de renome que h\u00e1 mais de tr\u00eas d\u00e9cadas contribui significativamente para o sector da sa\u00fade em \u00c1frica.<\/span><\/p>\n<p style=\"text-align: justify; line-height: 115%;\"><span style=\"font-family: 'Arial',sans-serif;\">A competi\u00e7\u00e3o, que decorreu esta ter\u00e7a-feira no audit\u00f3rio n\u00ba 2 do ISUPEkuikui II, contou com a participa\u00e7\u00e3o de talentosos estudantes, entre os quais Lorivaldo Severino Cambonga, Miriame Afonso Morais e Ver\u00f3nica Manuel Samenho. No entanto, foram Evanilde e Siabra que se destacaram, garantindo assim a sua presen\u00e7a na fase nacional do concurso, a realizar-se em Luanda no pr\u00f3ximo m\u00eas de Maio.<\/span><\/p>\n<p style=\"text-align: justify; line-height: 115%;\"><span style=\"font-family: 'Arial',sans-serif;\">Os vitoriosos ter\u00e3o a oportunidade \u00fanica de interagir com especialistas renomados na \u00e1rea de farm\u00e1cia e de concorrer a pr\u00e9mios monet\u00e1rios significativos. A fase nacional promete ser um palco de troca de conhecimentos e experi\u00eancias, onde os futuros farmac\u00eauticos poder\u00e3o demonstrar o seu potencial e vis\u00e3o para a ind\u00fastria.<\/span><\/p>\n<p style=\"text-align: justify; line-height: 115%;\"><span style=\"font-family: 'Arial',sans-serif;\">O <strong>Pr\u00e9mio Shalina Jovens Talentos<\/strong> \u00e9 uma plataforma que visa descobrir e nutrir novos talentos que possam contribuir para a inova\u00e7\u00e3o na ind\u00fastria farmac\u00eautica africana. A Shalina Healthcare, l\u00edder de mercado no fornecimento de produtos farmac\u00eauticos de qualidade a pre\u00e7os acess\u00edveis, reafirma o seu compromisso com o desenvolvimento de profissionais altamente qualificados e com a melhoria cont\u00ednua da sa\u00fade em \u00c1frica.<\/span><\/p>\n<\/div><\/section>\n<div  style='height:20px' class='hr hr-invisible   avia-builder-el-125  el_after_av_textblock  el_before_av_heading '><span class='hr-inner ' ><span class='hr-inner-style'><\/span><\/span><\/div>\n<div  style='padding-bottom:20px; font-size:20px;' class='av-special-heading av-special-heading-h2  blockquote modern-quote modern-centered  avia-builder-el-126  el_after_av_hr  el_before_av_one_half  av-inherit-size '><h2 class='av-special-heading-tag '  itemprop=\"headline\"  >Estudantes de Psicologia Cl\u00ednica do ISUPEkuikui II Simulam Consultoria em Casos Cl\u00ednicos<\/h2><div class='special-heading-border'><div class='special-heading-inner-border' ><\/div><\/div><\/div>\n<div class=\"flex_column av_one_half  flex_column_div av-zero-column-padding first  avia-builder-el-127  el_after_av_heading  el_before_av_one_half  \" style='border-radius:0px; '><div  class='avia-image-container  av-styling-    avia-builder-el-128  avia-builder-el-no-sibling  avia-align-center '  itemprop=\"image\" itemscope=\"itemscope\" itemtype=\"https:\/\/schema.org\/ImageObject\"  ><div class='avia-image-container-inner'><div class='avia-image-overlay-wrap'><a href=\"https:\/\/isupekuikui2.co.ao\/ao2\/wp-content\/uploads\/2024\/06\/Imagem1-4.jpg\" href=\"https:\/\/isupekuikui2.co.ao\/ao2\/wp-content\/uploads\/2024\/06\/Imagem1-4.jpg 537w, https:\/\/isupekuikui2.co.ao\/ao2\/wp-content\/uploads\/2024\/06\/Imagem1-4-300x228.jpg 300w\" href=\"(max-width: 537px) 100vw, 537px\" class='avia_image' ><img width=\"300\" height=\"228\" class='wp-image-1533 avia-img-lazy-loading-not-1533 avia_image' src=\"https:\/\/isupekuikui2.co.ao\/ao2\/wp-content\/uploads\/2024\/06\/Imagem1-4-300x228.jpg\" alt='' title='Imagem1'  itemprop=\"thumbnailUrl\" srcset=\"https:\/\/isupekuikui2.co.ao\/ao2\/wp-content\/uploads\/2024\/06\/Imagem1-4-300x228.jpg 300w, https:\/\/isupekuikui2.co.ao\/ao2\/wp-content\/uploads\/2024\/06\/Imagem1-4.jpg 537w\" sizes=\"(max-width: 300px) 100vw, 300px\" \/><\/a><\/div><\/div><\/div><\/div><div class=\"flex_column av_one_half  flex_column_div av-zero-column-padding   avia-builder-el-129  el_after_av_one_half  el_before_av_textblock  \" style='border-radius:0px; '><div  class='avia-image-container  av-styling-    avia-builder-el-130  avia-builder-el-no-sibling  avia-align-center '  itemprop=\"image\" itemscope=\"itemscope\" itemtype=\"https:\/\/schema.org\/ImageObject\"  ><div class='avia-image-container-inner'><div class='avia-image-overlay-wrap'><a href=\"https:\/\/isupekuikui2.co.ao\/ao2\/wp-content\/uploads\/2024\/06\/Imagem2-4.jpg\" href=\"https:\/\/isupekuikui2.co.ao\/ao2\/wp-content\/uploads\/2024\/06\/Imagem2-4.jpg 610w, https:\/\/isupekuikui2.co.ao\/ao2\/wp-content\/uploads\/2024\/06\/Imagem2-4-300x192.jpg 300w\" href=\"(max-width: 610px) 100vw, 610px\" class='avia_image' ><img width=\"300\" height=\"192\" class='wp-image-1532 avia-img-lazy-loading-not-1532 avia_image' src=\"https:\/\/isupekuikui2.co.ao\/ao2\/wp-content\/uploads\/2024\/06\/Imagem2-4-300x192.jpg\" alt='' title='Imagem2'  itemprop=\"thumbnailUrl\" srcset=\"https:\/\/isupekuikui2.co.ao\/ao2\/wp-content\/uploads\/2024\/06\/Imagem2-4-300x192.jpg 300w, https:\/\/isupekuikui2.co.ao\/ao2\/wp-content\/uploads\/2024\/06\/Imagem2-4.jpg 610w\" sizes=\"(max-width: 300px) 100vw, 300px\" \/><\/a><\/div><\/div><\/div><\/div><section class=\"av_textblock_section \"  itemscope=\"itemscope\" itemtype=\"https:\/\/schema.org\/CreativeWork\" ><div class='avia_textblock  '   itemprop=\"text\" ><p>Huambo, 20 de Abril de 2024 \u2013 Num exerc\u00edcio pr\u00e1tico inovador, estudantes do 3\u00ba ano de Psicologia Cl\u00ednica do ISUPEkuikui II realizaram uma consultoria simulada de casos cl\u00ednicos, integrada no projeto \u201cSa\u00fade Mental em Primeiro Lugar\u201d. Sob a orienta\u00e7\u00e3o do professor Ant\u00f3nio Sede, os futuros psic\u00f3logos mergulharam na complexidade da din\u00e2mica das fam\u00edlias reconstitu\u00eddas.<\/p>\n<p>O caso hipot\u00e9tico apresentado foi desafiador: ap\u00f3s a uni\u00e3o de facto, um padrasto expressa a sua avers\u00e3o pela enteada e exige que a esposa se separe da filha de seis anos, for\u00e7ando-a a viver com os av\u00f3s. Este cen\u00e1rio serviu de base para os estudantes explorarem as nuances psicol\u00f3gicas e emocionais envolvidas, bem como para desenvolverem estrat\u00e9gias terap\u00eauticas adequadas.<\/p>\n<p>Utilizando o Manual de Diagn\u00f3stico e Estat\u00edstico de Transtornos Mentais e a Classifica\u00e7\u00e3o de Transtornos Mentais (CID-10) como suporte, os estudantes analisaram o tipo de problema enfrentado pela paciente e propuseram solu\u00e7\u00f5es vi\u00e1veis para o caso.<\/p>\n<p>O evento ocorreu na sexta-feira, 19 de Abril de 2024, entre as\u00a016h00 e as 18h30, no audit\u00f3rio n\u00ba 2 do Instituto, marcando um momento significativo na forma\u00e7\u00e3o dos estudantes e refor\u00e7ando a import\u00e2ncia da pr\u00e1tica cl\u00ednica na compreens\u00e3o dos transtornos mentais.<\/p>\n<p>Com iniciativas como esta, o ISUPEkuikui II reafirma o seu compromisso com a excel\u00eancia educacional e com a prepara\u00e7\u00e3o dos seus estudantes para os desafios reais da profiss\u00e3o.<\/p>\n<\/div><\/section>\n<div  style='height:20px' class='hr hr-invisible   avia-builder-el-132  el_after_av_textblock  el_before_av_heading '><span class='hr-inner ' ><span class='hr-inner-style'><\/span><\/span><\/div>\n<div  style='padding-bottom:20px; font-size:20px;' class='av-special-heading av-special-heading-h2  blockquote modern-quote modern-centered  avia-builder-el-133  el_after_av_hr  el_before_av_one_half  av-inherit-size '><h2 class='av-special-heading-tag '  itemprop=\"headline\"  >Estudantes de Comunica\u00e7\u00e3o do ISUPEkuikui II Participam do Festipub 2023 a convite do Minist\u00e9rio das Telecomunica\u00e7\u00f5es, Tecnologias de Informa\u00e7\u00e3o e Comunica\u00e7\u00e3o Social<\/h2><div class='special-heading-border'><div class='special-heading-inner-border' ><\/div><\/div><\/div>\n<div class=\"flex_column av_one_half  flex_column_div av-zero-column-padding first  avia-builder-el-134  el_after_av_heading  el_before_av_one_half  \" style='border-radius:0px; '><div  class='avia-image-container  av-styling-    avia-builder-el-135  avia-builder-el-no-sibling  avia-align-center '  itemprop=\"image\" itemscope=\"itemscope\" itemtype=\"https:\/\/schema.org\/ImageObject\"  ><div class='avia-image-container-inner'><div class='avia-image-overlay-wrap'><a href=\"https:\/\/isupekuikui2.co.ao\/ao2\/wp-content\/uploads\/2024\/06\/Imagem1-2.png\" href=\"\" href=\"\" class='avia_image' ><img width=\"294\" height=\"235\" class='wp-image-1535 avia-img-lazy-loading-not-1535 avia_image' src=\"https:\/\/isupekuikui2.co.ao\/ao2\/wp-content\/uploads\/2024\/06\/Imagem1-2.png\" alt='' title='Imagem1'  itemprop=\"thumbnailUrl\"  \/><\/a><\/div><\/div><\/div><\/div><div class=\"flex_column av_one_half  flex_column_div av-zero-column-padding   avia-builder-el-136  el_after_av_one_half  el_before_av_textblock  \" style='border-radius:0px; '><div  class='avia-image-container  av-styling-    avia-builder-el-137  avia-builder-el-no-sibling  avia-align-center '  itemprop=\"image\" itemscope=\"itemscope\" itemtype=\"https:\/\/schema.org\/ImageObject\"  ><div class='avia-image-container-inner'><div class='avia-image-overlay-wrap'><a href=\"https:\/\/isupekuikui2.co.ao\/ao2\/wp-content\/uploads\/2024\/06\/Imagem2-2.png\" href=\"\" href=\"\" class='avia_image' ><img width=\"262\" height=\"237\" class='wp-image-1534 avia-img-lazy-loading-not-1534 avia_image' src=\"https:\/\/isupekuikui2.co.ao\/ao2\/wp-content\/uploads\/2024\/06\/Imagem2-2.png\" alt='' title='Imagem2'  itemprop=\"thumbnailUrl\"  \/><\/a><\/div><\/div><\/div><\/div><section class=\"av_textblock_section \"  itemscope=\"itemscope\" itemtype=\"https:\/\/schema.org\/CreativeWork\" ><div class='avia_textblock  '   itemprop=\"text\" ><p>Estudantes de Comunica\u00e7\u00e3o do Instituto Superior Polit\u00e9cnico de Humanidades e Tecnologias \u2013 Ekuikui II, participaram entre os dias 25, 26 e 27 de Outubro, no Festipub 2023, o evento decorreu na Fortaleza de S\u00e3o Miguel (Marginal), Luanda.<\/p>\n<p>Trata-se das estudantes Rita Paulo, Maria Domingos, Isabel Chimpanzo, Etna Manuel e Rosa Augusto do 3\u00ba e 4\u00ba ano de comunica\u00e7\u00e3o.<\/p>\n<p>O Festipub \u00e9 o maior evento de marketing e publicidade de Angola, realizado pelo Festipub em parceria com o Minist\u00e9rio das Telecomunica\u00e7\u00f5es, Tecnologias de Informa\u00e7\u00e3o e Comunica\u00e7\u00e3o Social, a actividade \u00e9 um marco na promo\u00e7\u00e3o e desenvolvimento da ind\u00fastria da comunica\u00e7\u00e3o no pa\u00eds.<\/p>\n<p>Durante o certame os estudantes do ISUPEkuikui II, ampliaram seus conhecimentos e habilidades em mat\u00e9ria de comunica\u00e7\u00e3o, interagiram com profissionais de renome e exploraram oportunidades valiosas de networking.<\/p>\n<p>O Festipub 2023, proporcionou aos estudantes insights valiosos, actualiza\u00e7\u00f5es de tend\u00eancias de mercado e estrat\u00e9gias inovadoras no campo da comunica\u00e7\u00e3o e marketing.<\/p>\n<\/div><\/section>\n<div  style='height:20px' class='hr hr-invisible   avia-builder-el-139  el_after_av_textblock  el_before_av_heading '><span class='hr-inner ' ><span class='hr-inner-style'><\/span><\/span><\/div>\n<div  style='padding-bottom:20px; font-size:20px;' class='av-special-heading av-special-heading-h2  blockquote modern-quote modern-centered  avia-builder-el-140  el_after_av_hr  el_before_av_one_half  av-inherit-size '><h2 class='av-special-heading-tag '  itemprop=\"headline\"  >Gira-ISUPE 2023\/24: Emo\u00e7\u00f5es ao Rubro na Segunda Jornada da Fase de Grupos<\/h2><div class='special-heading-border'><div class='special-heading-inner-border' ><\/div><\/div><\/div>\n<div class=\"flex_column av_one_half  flex_column_div av-zero-column-padding first  avia-builder-el-141  el_after_av_heading  el_before_av_one_half  \" style='border-radius:0px; '><div  class='avia-image-container  av-styling-    avia-builder-el-142  avia-builder-el-no-sibling  avia-align-center '  itemprop=\"image\" itemscope=\"itemscope\" itemtype=\"https:\/\/schema.org\/ImageObject\"  ><div class='avia-image-container-inner'><div class='avia-image-overlay-wrap'><a href=\"https:\/\/isupekuikui2.co.ao\/ao2\/wp-content\/uploads\/2024\/06\/Imagem1-5.jpg\" href=\"https:\/\/isupekuikui2.co.ao\/ao2\/wp-content\/uploads\/2024\/06\/Imagem1-5.jpg 555w, https:\/\/isupekuikui2.co.ao\/ao2\/wp-content\/uploads\/2024\/06\/Imagem1-5-300x226.jpg 300w\" href=\"(max-width: 555px) 100vw, 555px\" class='avia_image' ><img width=\"300\" height=\"226\" class='wp-image-1538 avia-img-lazy-loading-not-1538 avia_image' src=\"https:\/\/isupekuikui2.co.ao\/ao2\/wp-content\/uploads\/2024\/06\/Imagem1-5-300x226.jpg\" alt='' title='Imagem1'  itemprop=\"thumbnailUrl\" srcset=\"https:\/\/isupekuikui2.co.ao\/ao2\/wp-content\/uploads\/2024\/06\/Imagem1-5-300x226.jpg 300w, https:\/\/isupekuikui2.co.ao\/ao2\/wp-content\/uploads\/2024\/06\/Imagem1-5.jpg 555w\" sizes=\"(max-width: 300px) 100vw, 300px\" \/><\/a><\/div><\/div><\/div><\/div><div class=\"flex_column av_one_half  flex_column_div av-zero-column-padding   avia-builder-el-143  el_after_av_one_half  el_before_av_textblock  \" style='border-radius:0px; '><div  class='avia-image-container  av-styling-    avia-builder-el-144  avia-builder-el-no-sibling  avia-align-center '  itemprop=\"image\" itemscope=\"itemscope\" itemtype=\"https:\/\/schema.org\/ImageObject\"  ><div class='avia-image-container-inner'><div class='avia-image-overlay-wrap'><a href=\"https:\/\/isupekuikui2.co.ao\/ao2\/wp-content\/uploads\/2024\/06\/Imagem2-5.jpg\" href=\"https:\/\/isupekuikui2.co.ao\/ao2\/wp-content\/uploads\/2024\/06\/Imagem2-5.jpg 599w, https:\/\/isupekuikui2.co.ao\/ao2\/wp-content\/uploads\/2024\/06\/Imagem2-5-300x209.jpg 300w\" href=\"(max-width: 599px) 100vw, 599px\" class='avia_image' ><img width=\"300\" height=\"209\" class='wp-image-1537 avia-img-lazy-loading-not-1537 avia_image' src=\"https:\/\/isupekuikui2.co.ao\/ao2\/wp-content\/uploads\/2024\/06\/Imagem2-5-300x209.jpg\" alt='' title='Imagem2'  itemprop=\"thumbnailUrl\" srcset=\"https:\/\/isupekuikui2.co.ao\/ao2\/wp-content\/uploads\/2024\/06\/Imagem2-5-300x209.jpg 300w, https:\/\/isupekuikui2.co.ao\/ao2\/wp-content\/uploads\/2024\/06\/Imagem2-5.jpg 599w\" sizes=\"(max-width: 300px) 100vw, 300px\" \/><\/a><\/div><\/div><\/div><\/div><section class=\"av_textblock_section \"  itemscope=\"itemscope\" itemtype=\"https:\/\/schema.org\/CreativeWork\" ><div class='avia_textblock  '   itemprop=\"text\" ><p style=\"text-align: justify; line-height: 115%;\"><span style=\"font-family: 'Arial',sans-serif; color: #111111; background: #F3F3F3;\">A segunda jornada da fase de grupos do Gira-ISUPE 2023\/24 trouxe consigo uma s\u00e9rie de resultados surpreendentes e jogos memor\u00e1veis que deixaram os adeptos\u00a0<strong><span style=\"font-family: 'Arial',sans-serif;\">\u00e0 beira do assento<\/span><\/strong>.<\/span><\/p>\n<p style=\"text-align: justify; line-height: 115%;\"><span style=\"font-family: 'Arial',sans-serif;\">No <strong>Grupo A<\/strong>, a equipa do <strong>DTO 3\u00b0ano V<\/strong> mostrou a sua superioridade ao vencer o <strong>EFD 4\u00b0ano V<\/strong> por <strong>3-1<\/strong>, enquanto o <strong>EFD 3\u00b0 ano V<\/strong> n\u00e3o deixou d\u00favidas ao derrotar o <strong>ECV 4\u00b0ano<\/strong> com um expressivo <strong>6-1<\/strong>. A classifica\u00e7\u00e3o actual v\u00ea o <strong>EFD 3\u00b0V<\/strong> no topo com <strong>6 pontos<\/strong>, seguido pelo <strong>DTO 3\u00b0V<\/strong> e <strong>EFD 4\u00b0V<\/strong>, ambos com <strong>3 pontos<\/strong>, e o <strong>ECV 4\u00b0<\/strong> ainda a procurar os seus primeiros pontos.<\/span><\/p>\n<p style=\"text-align: justify; line-height: 115%;\"><span style=\"font-family: 'Arial',sans-serif;\">O <strong>Grupo B<\/strong> foi palco de confrontos intensos, com o <strong>EFM 4\u00b0ano M<\/strong> a garantir uma vit\u00f3ria por <strong>4-2<\/strong> contra o <strong>ECV 3\u00b0ano<\/strong>, e o <strong>DTO 5\u00b0ano V<\/strong> a realizar uma reviravolta \u00e9pica, virando um resultado negativo de tr\u00eas golos e vencendo por <strong>6-3<\/strong> contra o <strong>ECV 2\u00b0ano<\/strong>. A <strong>ACS 1\u00b0ano M<\/strong> esteve de repouso, mas mant\u00e9m-se na luta com <strong>3 pontos<\/strong>. O <strong>EFM 4\u00b0 M<\/strong> lidera com <strong>6 pontos<\/strong>.<\/span><\/p>\n<p style=\"text-align: justify; line-height: 115%;\"><span style=\"font-family: 'Arial',sans-serif;\">No <strong>Grupo C<\/strong>, o <strong>CCM 4\u00b0 ano<\/strong> n\u00e3o teve dificuldades em bater o <strong>EIF 1\u00b0ano M<\/strong> por <strong>5-0<\/strong>, enquanto o <strong>ACS 1\u00b0ano MA<\/strong> conseguiu uma vit\u00f3ria apertada de <strong>3-2<\/strong> sobre o <strong>EFD 1\u00b0 ano M<\/strong>. A classifica\u00e7\u00e3o \u00e9 liderada pelo <strong>CCM 4\u00b0 V<\/strong> e <strong>ACS 1\u00b0 MA<\/strong>, ambos com <strong>4 pontos<\/strong>, seguidos pelo <strong>EFD 1\u00b0M<\/strong> com <strong>3 pontos<\/strong>.<\/span><\/p>\n<p style=\"text-align: justify; line-height: 115%;\"><span style=\"font-family: 'Arial',sans-serif;\">Finalmente, no <strong>Grupo D<\/strong>, assistimos a um festival de golos onde o <strong>CCM 1\u00b0ano M<\/strong> superou o <strong>EFM 2\u00b0ano Misto<\/strong> por <strong>7-2<\/strong>, e o <strong>ECV 1\u00b0ano M<\/strong> venceu o <strong>CED 4\u00b0ano M<\/strong> por <strong>5-4<\/strong> num jogo decidido nos \u00faltimos segundos. O <strong>CCM 1\u00b0M<\/strong>, <strong>EFM 2\u00b0Mto<\/strong>, e <strong>ECV 1\u00b0 M<\/strong> est\u00e3o todos empatados com <strong>3 pontos<\/strong>, enquanto o <strong>CED 4\u00b0 M<\/strong> segue com <strong>1 ponto<\/strong>.<\/span><\/p>\n<p style=\"text-align: justify; line-height: 115%;\"><span style=\"font-family: 'Arial',sans-serif;\">Os <strong>jogos de destaque<\/strong> da jornada foram sem d\u00favida a reviravolta do <strong>DTO 5\u00b0ano V<\/strong> e a vit\u00f3ria emocionante do <strong>ECV 1\u00b0ano<\/strong> sobre o <strong>CED4\u00b0ano M<\/strong>. Com apenas mais uma jornada restante na fase de grupos, a competi\u00e7\u00e3o promete ser acirrada, com todas as equipas ainda a lutar por um lugar nas eliminat\u00f3rias.<\/span><\/p>\n<p style=\"text-align: justify; line-height: 115%;\"><span style=\"font-family: 'Arial',sans-serif;\">A pr\u00f3xima jornada, marcada para <strong>s\u00e1bado, 4 de maio de 2024<\/strong>, e <strong>domingo, 5 de maio de 2024<\/strong>, promete ser decisiva, com jogos cruciais como o <strong>ECV 4\u00b0 ANO VS DTO 3\u00ba ANO<\/strong> e o <strong>EFM 4\u00ba ANO VS DTO 5\u00ba ANO<\/strong>. Os f\u00e3s podem esperar mais uma rodada de jogos eletrizantes e resultados imprevis\u00edveis.<\/span><\/p>\n<p style=\"text-align: justify; line-height: 115%;\"><strong><span style=\"font-family: 'Arial',sans-serif;\">N\u00e3o perca a pr\u00f3xima jornada do Gira-ISUPE 2023\/24, onde o talento emergente se encontra com a paix\u00e3o pelo desporto!<\/span><\/strong><\/p>\n<\/div><\/section>\n<div  style='height:20px' class='hr hr-invisible   avia-builder-el-146  el_after_av_textblock  el_before_av_heading '><span class='hr-inner ' ><span class='hr-inner-style'><\/span><\/span><\/div>\n<div  style='padding-bottom:20px; font-size:20px;' class='av-special-heading av-special-heading-h2  blockquote modern-quote modern-centered  avia-builder-el-147  el_after_av_hr  el_before_av_one_half  av-inherit-size '><h2 class='av-special-heading-tag '  itemprop=\"headline\"  >Campe\u00e3 em T\u00edtulo Estreia com Vit\u00f3ria no \u2018Gira-ISUPE\u2019 2023-2024<\/h2><div class='special-heading-border'><div class='special-heading-inner-border' ><\/div><\/div><\/div>\n<div class=\"flex_column av_one_half  flex_column_div av-zero-column-padding first  avia-builder-el-148  el_after_av_heading  el_before_av_one_half  \" style='border-radius:0px; '><div  class='avia-image-container  av-styling-    avia-builder-el-149  avia-builder-el-no-sibling  avia-align-center '  itemprop=\"image\" itemscope=\"itemscope\" itemtype=\"https:\/\/schema.org\/ImageObject\"  ><div class='avia-image-container-inner'><div class='avia-image-overlay-wrap'><a href=\"https:\/\/isupekuikui2.co.ao\/ao2\/wp-content\/uploads\/2024\/06\/Imagem2-5.jpg\" href=\"https:\/\/isupekuikui2.co.ao\/ao2\/wp-content\/uploads\/2024\/06\/Imagem2-5.jpg 599w, https:\/\/isupekuikui2.co.ao\/ao2\/wp-content\/uploads\/2024\/06\/Imagem2-5-300x209.jpg 300w\" href=\"(max-width: 599px) 100vw, 599px\" class='avia_image' ><img width=\"300\" height=\"209\" class='wp-image-1537 avia-img-lazy-loading-not-1537 avia_image' src=\"https:\/\/isupekuikui2.co.ao\/ao2\/wp-content\/uploads\/2024\/06\/Imagem2-5-300x209.jpg\" alt='' title='Imagem2'  itemprop=\"thumbnailUrl\" srcset=\"https:\/\/isupekuikui2.co.ao\/ao2\/wp-content\/uploads\/2024\/06\/Imagem2-5-300x209.jpg 300w, https:\/\/isupekuikui2.co.ao\/ao2\/wp-content\/uploads\/2024\/06\/Imagem2-5.jpg 599w\" sizes=\"(max-width: 300px) 100vw, 300px\" \/><\/a><\/div><\/div><\/div><\/div><div class=\"flex_column av_one_half  flex_column_div av-zero-column-padding   avia-builder-el-150  el_after_av_one_half  el_before_av_textblock  \" style='border-radius:0px; '><div  class='avia-image-container  av-styling-    avia-builder-el-151  avia-builder-el-no-sibling  avia-align-center '  itemprop=\"image\" itemscope=\"itemscope\" itemtype=\"https:\/\/schema.org\/ImageObject\"  ><div class='avia-image-container-inner'><div class='avia-image-overlay-wrap'><a href=\"https:\/\/isupekuikui2.co.ao\/ao2\/wp-content\/uploads\/2024\/06\/Imagem1-5.jpg\" href=\"https:\/\/isupekuikui2.co.ao\/ao2\/wp-content\/uploads\/2024\/06\/Imagem1-5.jpg 555w, https:\/\/isupekuikui2.co.ao\/ao2\/wp-content\/uploads\/2024\/06\/Imagem1-5-300x226.jpg 300w\" href=\"(max-width: 555px) 100vw, 555px\" class='avia_image' ><img width=\"300\" height=\"226\" class='wp-image-1538 avia-img-lazy-loading-not-1538 avia_image' src=\"https:\/\/isupekuikui2.co.ao\/ao2\/wp-content\/uploads\/2024\/06\/Imagem1-5-300x226.jpg\" alt='' title='Imagem1'  itemprop=\"thumbnailUrl\" srcset=\"https:\/\/isupekuikui2.co.ao\/ao2\/wp-content\/uploads\/2024\/06\/Imagem1-5-300x226.jpg 300w, https:\/\/isupekuikui2.co.ao\/ao2\/wp-content\/uploads\/2024\/06\/Imagem1-5.jpg 555w\" sizes=\"(max-width: 300px) 100vw, 300px\" \/><\/a><\/div><\/div><\/div><\/div><section class=\"av_textblock_section \"  itemscope=\"itemscope\" itemtype=\"https:\/\/schema.org\/CreativeWork\" ><div class='avia_textblock  '   itemprop=\"text\" ><p>Huambo, 22 de abril \u2013 A quarta edi\u00e7\u00e3o do torneio interno de futsal \u2018Gira-ISUPE\u2019 arrancou este domingo, 21 de Abril, com a campe\u00e3 em t\u00edtulo, a turma do 3\u00ba ano de Educa\u00e7\u00e3o F\u00edsica e Desporto (EFD), a estrear-se com uma vit\u00f3ria convincente. No jogo de abertura, enfrentaram a turma do 3\u00ba ano de Direito, superando-os por 4-2 num desafio eletrizante.<\/p>\n<p>Este ano, o torneio conta com a participa\u00e7\u00e3o de 17 equipas, representando os diversos cursos e turmas do Instituto Superior Polit\u00e9cnico de Humanidades e Tecnologias \u2013 Ekuikui II (ISUPEkuikui II). A competi\u00e7\u00e3o promete ser acirrada, com cada equipa trazendo o seu melhor para o campo.<\/p>\n<p><strong>Resultados do Grupo A:<\/strong><\/p>\n<ul>\n<li><strong>EDF 3\u00b0 ano Vespertino<\/strong> venceu <strong>DTO 3\u00b0ano Vespertino<\/strong> por 4-2.<\/li>\n<li><strong>ECV 4\u00b0ano Vespertino<\/strong> foi superado pelo <strong>EFD 4\u00b0 ano Vespertino<\/strong> com um expressivo 0-10.<\/li>\n<\/ul>\n<p><strong>Classifica\u00e7\u00e3o Actual do Grupo A:<\/strong><\/p>\n<ol>\n<li><strong>EFD 4\u00b0 ano Vespertino<\/strong> &#8211; 3 Pts<\/li>\n<li><strong>EFD 3\u00b0 ano Vespertino<\/strong> &#8211; 3 Pts<\/li>\n<li><strong>DTO 3\u00b0ano Vespertino<\/strong> &#8211; 0 Pts<\/li>\n<li><strong>ECV 4\u00b0ano Vespertino<\/strong> &#8211; 0 Pts<\/li>\n<\/ol>\n<p><strong>Confrontos do Grupo B:<\/strong><\/p>\n<ul>\n<li><strong>EFM 4\u00b0 ano<\/strong> derrotou <strong>ECV 2\u00b0 ano<\/strong> por 2-1.<\/li>\n<li><strong>DTO 5\u00b0 ano Vespertino<\/strong> cedeu frente ao <strong>ACS 1\u00b0 MB<\/strong> por 3-4.<\/li>\n<\/ul>\n<p><strong>Classifica\u00e7\u00e3o Actual do Grupo B:<\/strong><\/p>\n<ol>\n<li><strong>ACS 1\u00b0 MB<\/strong> &#8211; 3 Pts<\/li>\n<li><strong>EFM 4\u00b0 M<\/strong> &#8211; 3 Pts<\/li>\n<li><strong>ECV 2\u00b0<\/strong> &#8211; 0 Pts<\/li>\n<li><strong>DTO 5\u00b0 V<\/strong> &#8211; 0 Pts<\/li>\n<\/ol>\n<p><strong>Disputas do Grupo C:<\/strong><\/p>\n<ul>\n<li><strong>EFD 1\u00b0 ano manh\u00e3<\/strong> ganhou de <strong>EIF 1\u00b0 manh\u00e3<\/strong> por 2-1.<\/li>\n<li><strong>ACS 1\u00b0 MA<\/strong> empatou com <strong>CCM 4\u00b0 Vespertino<\/strong> por 2-2.<\/li>\n<\/ul>\n<p><strong>Classifica\u00e7\u00e3o Actual do Grupo C:<\/strong><\/p>\n<ol>\n<li><strong>EFD 1\u00b0 M<\/strong> &#8211; 3 Pts<\/li>\n<li><strong>CCM 4\u00b0 V<\/strong> &#8211; 1 Pt<\/li>\n<li><strong>ACS 1\u00b0 MA<\/strong> &#8211; 1 Pt<\/li>\n<li><strong>EIF 1\u00b0 M<\/strong> &#8211; 0 Pts<\/li>\n<\/ol>\n<p><strong>Jogos do Grupo D:<\/strong><\/p>\n<ul>\n<li><strong>EFM 2\u00b0ano Misto<\/strong> goleou <strong>ECV 1\u00b0 ano manh\u00e3<\/strong> por 8-0.<\/li>\n<li><strong>CED 4\u00b0 ano manh\u00e3<\/strong> venceu <strong>CCM 1\u00b0ano manh\u00e3<\/strong> por 4-1.<\/li>\n<\/ul>\n<p><strong>Classifica\u00e7\u00e3o Actual do Grupo D:<\/strong><\/p>\n<ol>\n<li><strong>EFM 2\u00b0 Misto<\/strong> &#8211; 3 Pts<\/li>\n<li><strong>CED 4\u00b0 M<\/strong> &#8211; 3 Pts<\/li>\n<li><strong>CCM 1\u00b0 M<\/strong> &#8211; 0 Pts<\/li>\n<li><strong>ECV 1\u00b0 M<\/strong> &#8211; 0 Pts<\/li>\n<\/ol>\n<p>O \u2018Gira-ISUPE\u2019 \u00e9 mais do que um torneio de futsal; \u00e9 uma celebra\u00e7\u00e3o do esp\u00edrito desportivo e da camaradagem entre os estudantes. Com a bola rolando, o ISUPEkuikui II transforma-se numa arena de talentos emergentes, onde a paix\u00e3o pelo futsal e a dedica\u00e7\u00e3o acad\u00e9mica se encontram.<\/p>\n<\/div><\/section>\n<div  style='height:20px' class='hr hr-invisible   avia-builder-el-153  el_after_av_textblock  el_before_av_heading '><span class='hr-inner ' ><span class='hr-inner-style'><\/span><\/span><\/div>\n<div  style='padding-bottom:20px; font-size:20px;' class='av-special-heading av-special-heading-h2  blockquote modern-quote modern-centered  avia-builder-el-154  el_after_av_hr  el_before_av_one_half  av-inherit-size '><h2 class='av-special-heading-tag '  itemprop=\"headline\"  >Estudantes do ISUPEkuikui II Levam Alegria e Esperan\u00e7a \u00e0s Crian\u00e7as do Cine Vila<\/h2><div class='special-heading-border'><div class='special-heading-inner-border' ><\/div><\/div><\/div>\n<div class=\"flex_column av_one_half  flex_column_div av-zero-column-padding first  avia-builder-el-155  el_after_av_heading  el_before_av_one_half  \" style='border-radius:0px; '><div  class='avia-image-container  av-styling-    avia-builder-el-156  avia-builder-el-no-sibling  avia-align-center '  itemprop=\"image\" itemscope=\"itemscope\" itemtype=\"https:\/\/schema.org\/ImageObject\"  ><div class='avia-image-container-inner'><div class='avia-image-overlay-wrap'><a href=\"https:\/\/isupekuikui2.co.ao\/ao2\/wp-content\/uploads\/2024\/06\/Imagem1-6.jpg\" href=\"https:\/\/isupekuikui2.co.ao\/ao2\/wp-content\/uploads\/2024\/06\/Imagem1-6.jpg 612w, https:\/\/isupekuikui2.co.ao\/ao2\/wp-content\/uploads\/2024\/06\/Imagem1-6-300x164.jpg 300w\" href=\"(max-width: 612px) 100vw, 612px\" class='avia_image' ><img width=\"300\" height=\"164\" class='wp-image-1543 avia-img-lazy-loading-not-1543 avia_image' src=\"https:\/\/isupekuikui2.co.ao\/ao2\/wp-content\/uploads\/2024\/06\/Imagem1-6-300x164.jpg\" alt='' title='Imagem1'  itemprop=\"thumbnailUrl\" srcset=\"https:\/\/isupekuikui2.co.ao\/ao2\/wp-content\/uploads\/2024\/06\/Imagem1-6-300x164.jpg 300w, https:\/\/isupekuikui2.co.ao\/ao2\/wp-content\/uploads\/2024\/06\/Imagem1-6.jpg 612w\" sizes=\"(max-width: 300px) 100vw, 300px\" \/><\/a><\/div><\/div><\/div><\/div><div class=\"flex_column av_one_half  flex_column_div av-zero-column-padding   avia-builder-el-157  el_after_av_one_half  el_before_av_textblock  \" style='border-radius:0px; '><div  class='avia-image-container  av-styling-    avia-builder-el-158  avia-builder-el-no-sibling  avia-align-center '  itemprop=\"image\" itemscope=\"itemscope\" itemtype=\"https:\/\/schema.org\/ImageObject\"  ><div class='avia-image-container-inner'><div class='avia-image-overlay-wrap'><a href=\"https:\/\/isupekuikui2.co.ao\/ao2\/wp-content\/uploads\/2024\/06\/Imagem2-6.jpg\" href=\"https:\/\/isupekuikui2.co.ao\/ao2\/wp-content\/uploads\/2024\/06\/Imagem2-6.jpg 664w, https:\/\/isupekuikui2.co.ao\/ao2\/wp-content\/uploads\/2024\/06\/Imagem2-6-300x149.jpg 300w\" href=\"(max-width: 664px) 100vw, 664px\" class='avia_image' ><img width=\"300\" height=\"149\" class='wp-image-1542 avia-img-lazy-loading-not-1542 avia_image' src=\"https:\/\/isupekuikui2.co.ao\/ao2\/wp-content\/uploads\/2024\/06\/Imagem2-6-300x149.jpg\" alt='' title='Imagem2'  itemprop=\"thumbnailUrl\" srcset=\"https:\/\/isupekuikui2.co.ao\/ao2\/wp-content\/uploads\/2024\/06\/Imagem2-6-300x149.jpg 300w, https:\/\/isupekuikui2.co.ao\/ao2\/wp-content\/uploads\/2024\/06\/Imagem2-6.jpg 664w\" sizes=\"(max-width: 300px) 100vw, 300px\" \/><\/a><\/div><\/div><\/div><\/div><section class=\"av_textblock_section \"  itemscope=\"itemscope\" itemtype=\"https:\/\/schema.org\/CreativeWork\" ><div class='avia_textblock  '   itemprop=\"text\" ><p>No dia 20 de dezembro, a Associa\u00e7\u00e3o Acad\u00e9mica dos Estudantes do ISUPEkuikui II realizou uma a\u00e7\u00e3o de Natal solid\u00e1rio no bairro do Sassonde, onde se localiza o projecto Cine Vila, que acolhe mais de 180 crian\u00e7as fora do sistema escolar.<\/p>\n<p>Com o lema &#8220;<em>m\u00e3os que doam nunca ficam vazias<\/em>&#8220;, os estudantes levaram material escolar, merenda escolar, bens alimentares e muita anima\u00e7\u00e3o \u00e0s crian\u00e7as que participam do projecto, que tem como objectivo alfabetizar crian\u00e7as em idade escolar que se encontram fora do sistema de ensino.<\/p>\n<p>A Associa\u00e7\u00e3o Acad\u00e9mica contou com a colabora\u00e7\u00e3o dos estudantes do ISUPEkuikui II, que doaram os bens, e tamb\u00e9m com um apoio financeiro do ISUPEkuikui II, que possibilitou a materializa\u00e7\u00e3o deste projecto de solidariedade.<\/p>\n<p>O ISUPEkuikui II vai conceder um apoio ao projeto Cine Vila, no \u00e2mbito do programa de Extens\u00e3o universit\u00e1ria, prestando apoio pedag\u00f3gico e metodol\u00f3gico aos educadores e \u00e0s crian\u00e7as.<\/p>\n<p>A iniciativa dos estudantes do ISUPEkuikui II foi muito bem recebida pelas crian\u00e7as do Cine Vila, que agradeceram o gesto e se mostraram felizes e motivadas a continuar a aprender. Por seu turno, os estudantes do ISUPEkuikui II tamb\u00e9m se sentiram gratificados e orgulhosos de poderem contribuir para uma causa social t\u00e3o importante e nobre.<\/p>\n<\/div><\/section>\n<div  style='height:20px' class='hr hr-invisible   avia-builder-el-160  el_after_av_textblock  el_before_av_heading '><span class='hr-inner ' ><span class='hr-inner-style'><\/span><\/span><\/div>\n<div  style='padding-bottom:20px; font-size:20px;' class='av-special-heading av-special-heading-h2  blockquote modern-quote modern-centered  avia-builder-el-161  el_after_av_hr  el_before_av_one_half  av-inherit-size '><h2 class='av-special-heading-tag '  itemprop=\"headline\"  >Docente do ISUPEkuikui II estreia-se no mercado liter\u00e1rio<\/h2><div class='special-heading-border'><div class='special-heading-inner-border' ><\/div><\/div><\/div>\n<div class=\"flex_column av_one_half  flex_column_div av-zero-column-padding first  avia-builder-el-162  el_after_av_heading  el_before_av_one_half  \" style='border-radius:0px; '><div  class='avia-image-container  av-styling-    avia-builder-el-163  avia-builder-el-no-sibling  avia-align-center '  itemprop=\"image\" itemscope=\"itemscope\" itemtype=\"https:\/\/schema.org\/ImageObject\"  ><div class='avia-image-container-inner'><div class='avia-image-overlay-wrap'><a href=\"https:\/\/isupekuikui2.co.ao\/ao2\/wp-content\/uploads\/2024\/06\/Imagem1-7.jpg\" href=\"https:\/\/isupekuikui2.co.ao\/ao2\/wp-content\/uploads\/2024\/06\/Imagem1-7.jpg 637w, https:\/\/isupekuikui2.co.ao\/ao2\/wp-content\/uploads\/2024\/06\/Imagem1-7-300x190.jpg 300w\" href=\"(max-width: 637px) 100vw, 637px\" class='avia_image' ><img width=\"300\" height=\"190\" class='wp-image-1546 avia-img-lazy-loading-not-1546 avia_image' src=\"https:\/\/isupekuikui2.co.ao\/ao2\/wp-content\/uploads\/2024\/06\/Imagem1-7-300x190.jpg\" alt='' title='Imagem1'  itemprop=\"thumbnailUrl\" srcset=\"https:\/\/isupekuikui2.co.ao\/ao2\/wp-content\/uploads\/2024\/06\/Imagem1-7-300x190.jpg 300w, https:\/\/isupekuikui2.co.ao\/ao2\/wp-content\/uploads\/2024\/06\/Imagem1-7.jpg 637w\" sizes=\"(max-width: 300px) 100vw, 300px\" \/><\/a><\/div><\/div><\/div><\/div><div class=\"flex_column av_one_half  flex_column_div av-zero-column-padding   avia-builder-el-164  el_after_av_one_half  el_before_av_textblock  \" style='border-radius:0px; '><div  class='avia-image-container  av-styling-    avia-builder-el-165  avia-builder-el-no-sibling  avia-align-center '  itemprop=\"image\" itemscope=\"itemscope\" itemtype=\"https:\/\/schema.org\/ImageObject\"  ><div class='avia-image-container-inner'><div class='avia-image-overlay-wrap'><a href=\"https:\/\/isupekuikui2.co.ao\/ao2\/wp-content\/uploads\/2024\/06\/Imagem2-7.jpg\" href=\"https:\/\/isupekuikui2.co.ao\/ao2\/wp-content\/uploads\/2024\/06\/Imagem2-7.jpg 604w, https:\/\/isupekuikui2.co.ao\/ao2\/wp-content\/uploads\/2024\/06\/Imagem2-7-300x198.jpg 300w\" href=\"(max-width: 604px) 100vw, 604px\" class='avia_image' ><img width=\"300\" height=\"198\" class='wp-image-1545 avia-img-lazy-loading-not-1545 avia_image' src=\"https:\/\/isupekuikui2.co.ao\/ao2\/wp-content\/uploads\/2024\/06\/Imagem2-7-300x198.jpg\" alt='' title='Imagem2'  itemprop=\"thumbnailUrl\" srcset=\"https:\/\/isupekuikui2.co.ao\/ao2\/wp-content\/uploads\/2024\/06\/Imagem2-7-300x198.jpg 300w, https:\/\/isupekuikui2.co.ao\/ao2\/wp-content\/uploads\/2024\/06\/Imagem2-7.jpg 604w\" sizes=\"(max-width: 300px) 100vw, 300px\" \/><\/a><\/div><\/div><\/div><\/div><section class=\"av_textblock_section \"  itemscope=\"itemscope\" itemtype=\"https:\/\/schema.org\/CreativeWork\" ><div class='avia_textblock  '   itemprop=\"text\" ><p>\u201cContornos e paradigmas do Ensino em Angola\u201d \u00e9 o t\u00edtulo da obra do docente do ISUPEkuikui II Eduardo Epalanga Sonjamba, colocada, sexta-feira, 27 de Outubro de 2023, \u00e0 disposi\u00e7\u00e3o do p\u00fablico leitor, com sugest\u00f5es sobre a melhoria do processo docente\/educativo.<\/p>\n<p>Trata-se do primeiro rebento liter\u00e1rio do autor, com uma tiragem de mil exemplares, cuja apresenta\u00e7\u00e3o decorreu no audit\u00f3rio do Instituto Superior Polit\u00e9cnico de Humanidades e Tecnologias \u2013 Ekuikui II, no Huambo.<\/p>\n<p>A obra com 115 p\u00e1ginas, subdividido em dois cap\u00edtulos, traz reflex\u00f5es sobre os paradigmas e contornos do ensino angolano, com o objectivo de ajudar o Executivo sobre as boas pr\u00e1ticas educacionais a aplicar na sociedade.<\/p>\n<p>\u00c9 o primeiro trabalho acad\u00e9mico individual, desenvolvido h\u00e1 quatro anos, com apresenta\u00e7\u00e3o das fases e contesta\u00e7\u00f5es do ensino angolano, que visa demonstrar como est\u00e1, suas perspectivas e propostas de melhoria.<\/p>\n<p>Eduardo Epalanga Sonjamba, licenciado no ensino da Geografia pelo Instituto Superior de Ci\u00eancias da Educa\u00e7\u00e3o (ISCED) do Huambo, possui mestrado em Lideran\u00e7a Educacional, pela Universidade de Granada, Espanha.<\/p>\n<p>Actualmente, o autor \u00e9 docente e respons\u00e1vel pelo departamento de extens\u00e3o universit\u00e1ria do Instituto Superior Polit\u00e9cnico de Humanidades e Tecnologias \u2013 Ekuikui II.<\/p>\n<\/div><\/section>\n<div  style='height:20px' class='hr hr-invisible   avia-builder-el-167  el_after_av_textblock  el_before_av_heading '><span class='hr-inner ' ><span class='hr-inner-style'><\/span><\/span><\/div>\n<div  style='padding-bottom:20px; font-size:20px;' class='av-special-heading av-special-heading-h2  blockquote modern-quote modern-centered  avia-builder-el-168  el_after_av_hr  el_before_av_one_half  av-inherit-size '><h2 class='av-special-heading-tag '  itemprop=\"headline\"  >ISUPEkuikui II forma mais de 800 licenciados em diversas \u00e1reas e celebra a sustentabilidade do planeta<\/h2><div class='special-heading-border'><div class='special-heading-inner-border' ><\/div><\/div><\/div>\n<div class=\"flex_column av_one_half  flex_column_div av-zero-column-padding first  avia-builder-el-169  el_after_av_heading  el_before_av_one_half  \" style='border-radius:0px; '><div  class='avia-image-container  av-styling-    avia-builder-el-170  avia-builder-el-no-sibling  avia-align-center '  itemprop=\"image\" itemscope=\"itemscope\" itemtype=\"https:\/\/schema.org\/ImageObject\"  ><div class='avia-image-container-inner'><div class='avia-image-overlay-wrap'><a href=\"https:\/\/isupekuikui2.co.ao\/ao2\/wp-content\/uploads\/2024\/06\/Imagem1-8.jpg\" href=\"https:\/\/isupekuikui2.co.ao\/ao2\/wp-content\/uploads\/2024\/06\/Imagem1-8.jpg 633w, https:\/\/isupekuikui2.co.ao\/ao2\/wp-content\/uploads\/2024\/06\/Imagem1-8-300x193.jpg 300w\" href=\"(max-width: 633px) 100vw, 633px\" class='avia_image' ><img width=\"300\" height=\"193\" class='wp-image-1551 avia-img-lazy-loading-not-1551 avia_image' src=\"https:\/\/isupekuikui2.co.ao\/ao2\/wp-content\/uploads\/2024\/06\/Imagem1-8-300x193.jpg\" alt='' title='Imagem1'  itemprop=\"thumbnailUrl\" srcset=\"https:\/\/isupekuikui2.co.ao\/ao2\/wp-content\/uploads\/2024\/06\/Imagem1-8-300x193.jpg 300w, https:\/\/isupekuikui2.co.ao\/ao2\/wp-content\/uploads\/2024\/06\/Imagem1-8.jpg 633w\" sizes=\"(max-width: 300px) 100vw, 300px\" \/><\/a><\/div><\/div><\/div><\/div><div class=\"flex_column av_one_half  flex_column_div av-zero-column-padding   avia-builder-el-171  el_after_av_one_half  el_before_av_textblock  \" style='border-radius:0px; '><div  class='avia-image-container  av-styling-    avia-builder-el-172  avia-builder-el-no-sibling  avia-align-center '  itemprop=\"image\" itemscope=\"itemscope\" itemtype=\"https:\/\/schema.org\/ImageObject\"  ><div class='avia-image-container-inner'><div class='avia-image-overlay-wrap'><a href=\"https:\/\/isupekuikui2.co.ao\/ao2\/wp-content\/uploads\/2024\/06\/Imagem2-8.jpg\" href=\"https:\/\/isupekuikui2.co.ao\/ao2\/wp-content\/uploads\/2024\/06\/Imagem2-8.jpg 665w, https:\/\/isupekuikui2.co.ao\/ao2\/wp-content\/uploads\/2024\/06\/Imagem2-8-300x184.jpg 300w\" href=\"(max-width: 665px) 100vw, 665px\" class='avia_image' ><img width=\"300\" height=\"184\" class='wp-image-1550 avia-img-lazy-loading-not-1550 avia_image' src=\"https:\/\/isupekuikui2.co.ao\/ao2\/wp-content\/uploads\/2024\/06\/Imagem2-8-300x184.jpg\" alt='' title='Imagem2'  itemprop=\"thumbnailUrl\" srcset=\"https:\/\/isupekuikui2.co.ao\/ao2\/wp-content\/uploads\/2024\/06\/Imagem2-8-300x184.jpg 300w, https:\/\/isupekuikui2.co.ao\/ao2\/wp-content\/uploads\/2024\/06\/Imagem2-8.jpg 665w\" sizes=\"(max-width: 300px) 100vw, 300px\" \/><\/a><\/div><\/div><\/div><\/div><section class=\"av_textblock_section \"  itemscope=\"itemscope\" itemtype=\"https:\/\/schema.org\/CreativeWork\" ><div class='avia_textblock  '   itemprop=\"text\" ><p style=\"text-align: justify; line-height: 115%; margin: 9.0pt 0cm 0cm 0cm;\"><span style=\"font-family: 'Arial',sans-serif; color: #111111;\">O Instituto Superior Polit\u00e9cnico de Humanidades e Tecnologias &#8211; Ekuikui II (ISUPEkuikui II) realizou, no dia 25 de Janeiro, a sua s\u00e9tima cerim\u00f3nia de outorga de diplomas, na qual 815 novos licenciados receberam os seus certificados de conclus\u00e3o de curso. Com esta formatura, o ISUPEkuikui II, que \u00e9 a primeira institui\u00e7\u00e3o de ensino superior privada na prov\u00edncia do Huambo, j\u00e1 soma cerca de quatro mil licenciados em v\u00e1rias especialidades desde a sua funda\u00e7\u00e3o em 2011.<\/span><\/p>\n<p style=\"text-align: justify; line-height: 115%; margin: 9.0pt 0cm 0cm 0cm;\"><span style=\"font-family: 'Arial',sans-serif; color: #111111;\">A cerim\u00f3nia foi prestigiada pelo governador em exerc\u00edcio da prov\u00edncia, Angelino Elavoco, que exortou os rec\u00e9m-formados a fomentarem o auto-emprego, dada as exig\u00eancias e complexidades actuais de acesso ao mercado de trabalho. Ele tamb\u00e9m parabenizou o ISUPEkuikui II pela qualidade da forma\u00e7\u00e3o oferecida e pelo contributo para o desenvolvimento da prov\u00edncia e do pa\u00eds.<\/span><\/p>\n<p style=\"text-align: justify; line-height: 115%; margin: 9.0pt 0cm 0cm 0cm;\"><span style=\"font-family: 'Arial',sans-serif; color: #111111;\">O administrador-geral do ISUPEkuikui II, Prof. Dr. Carlos Brito, disse que todo licenciado est\u00e1 desafiado a aplicar todo o conhecimento adquirido durante a forma\u00e7\u00e3o universit\u00e1ria, para dinamizar o mercado de trabalho, criando oportunidades profissionais e inovadoras, n\u00e3o obstante as adversidades. Ele tamb\u00e9m agradeceu aos docentes, funcion\u00e1rios, estudantes e parceiros da institui\u00e7\u00e3o pelo empenho e dedica\u00e7\u00e3o.<\/span><\/p>\n<p style=\"text-align: justify; line-height: 115%; margin: 9.0pt 0cm 0cm 0cm;\"><span style=\"font-family: 'Arial',sans-serif; color: #111111;\">A ora\u00e7\u00e3o de sapi\u00eancia foi apresentada pela Professora Doutora Virg\u00ednia Quartin, Magn\u00edfica Reitora da Universidade Jos\u00e9 Eduardo dos Santos, que dissertou o tema \u201cSustentabilidade e Preven\u00e7\u00e3o do Planeta\u201d. Ela abordou os desafios e as oportunidades para a preserva\u00e7\u00e3o do meio ambiente e a promo\u00e7\u00e3o do desenvolvimento sustent\u00e1vel, enfatizando o papel dos licenciados como agentes de mudan\u00e7a e responsabilidade social.<\/span><\/p>\n<p style=\"text-align: justify; line-height: 115%; margin: 9.0pt 0cm 0cm 0cm;\"><span style=\"font-family: 'Arial',sans-serif; color: #111111;\">A cerim\u00f3nia foi marcada por discursos de reflex\u00e3o, cultura, dan\u00e7a, m\u00fasica e emo\u00e7\u00f5es. O evento contou com a participa\u00e7\u00e3o do renomado grupo de teatro \u201cVozes de \u00c1frica\u201d, do cantor l\u00edrico Levita e da cantora Edna Mateia, que interpretaram os seus melhores temas musicais. O momento ficou marcado tamb\u00e9m com a interven\u00e7\u00e3o do grupo coral do ISUPEkuikui II, que entoou hinos de louvor e agradecimento.<\/span><\/p>\n<p style=\"text-align: justify; line-height: 115%; margin: 9.0pt 0cm 0cm 0cm;\"><span style=\"font-family: 'Arial',sans-serif; color: #111111;\">O ISUPEkuikui II lecciona cursos de licenciatura nas \u00e1reas de Enfermagem Geral, Ci\u00eancias da Educa\u00e7\u00e3o, An\u00e1lises Cl\u00ednicas e Sa\u00fade P\u00fablica, Direito, Engenharia Inform\u00e1tica, Ci\u00eancias da Comunica\u00e7\u00e3o, Psicologia, Contabilidade, Fiscalidade e Auditoria, Economia e Gest\u00e3o, Engenharia Civil, Educa\u00e7\u00e3o F\u00edsica e Desporto, Farm\u00e1cia, Ensino da L\u00edngua Portuguesa, Ensino Prim\u00e1rio e Ensino da Matem\u00e1tica. Os licenciados desta edi\u00e7\u00e3o pertencem a estes cursos, com excep\u00e7\u00e3o para os cursos de ensino do Portugu\u00eas, Prim\u00e1rio e Matem\u00e1tica, que entraram em funcionamento recentemente.<\/span><\/p>\n<p style=\"text-align: justify; line-height: 115%; margin: 9.0pt 0cm 0cm 0cm;\"><span style=\"font-family: 'Arial',sans-serif; color: #111111;\">\u00a0<\/span><\/p>\n<\/div><\/section>\n<div  style='height:20px' class='hr hr-invisible   avia-builder-el-174  el_after_av_textblock  el_before_av_heading '><span class='hr-inner ' ><span class='hr-inner-style'><\/span><\/span><\/div>\n<div  style='padding-bottom:20px; font-size:20px;' class='av-special-heading av-special-heading-h2  blockquote modern-quote modern-centered  avia-builder-el-175  el_after_av_hr  el_before_av_one_half  av-inherit-size '><h2 class='av-special-heading-tag '  itemprop=\"headline\"  >Estudantes Finalistas de Comunica\u00e7\u00e3o do ISUPEkuikui II Participam do Semin\u00e1rio sobre <span class='special_amp'>\u201c<\/span>Jornalismo Investigativo<span class='special_amp'>\u201d<\/span><\/h2><div class='special-heading-border'><div class='special-heading-inner-border' ><\/div><\/div><\/div>\n<div class=\"flex_column av_one_half  flex_column_div av-zero-column-padding first  avia-builder-el-176  el_after_av_heading  el_before_av_one_half  \" style='border-radius:0px; '><div  class='avia-image-container  av-styling-    avia-builder-el-177  avia-builder-el-no-sibling  avia-align-center '  itemprop=\"image\" itemscope=\"itemscope\" itemtype=\"https:\/\/schema.org\/ImageObject\"  ><div class='avia-image-container-inner'><div class='avia-image-overlay-wrap'><a href=\"https:\/\/isupekuikui2.co.ao\/ao2\/wp-content\/uploads\/2024\/06\/Imagem1-3.png\" href=\"\" href=\"\" class='avia_image' ><img width=\"276\" height=\"213\" class='wp-image-1555 avia-img-lazy-loading-not-1555 avia_image' src=\"https:\/\/isupekuikui2.co.ao\/ao2\/wp-content\/uploads\/2024\/06\/Imagem1-3.png\" alt='' title='Imagem1'  itemprop=\"thumbnailUrl\"  \/><\/a><\/div><\/div><\/div><\/div><div class=\"flex_column av_one_half  flex_column_div av-zero-column-padding   avia-builder-el-178  el_after_av_one_half  el_before_av_textblock  \" style='border-radius:0px; '><div  class='avia-image-container  av-styling-    avia-builder-el-179  avia-builder-el-no-sibling  avia-align-center '  itemprop=\"image\" itemscope=\"itemscope\" itemtype=\"https:\/\/schema.org\/ImageObject\"  ><div class='avia-image-container-inner'><div class='avia-image-overlay-wrap'><a href=\"https:\/\/isupekuikui2.co.ao\/ao2\/wp-content\/uploads\/2024\/06\/Imagem2-3.png\" href=\"\" href=\"\" class='avia_image' ><img width=\"276\" height=\"210\" class='wp-image-1554 avia-img-lazy-loading-not-1554 avia_image' src=\"https:\/\/isupekuikui2.co.ao\/ao2\/wp-content\/uploads\/2024\/06\/Imagem2-3.png\" alt='' title='Imagem2'  itemprop=\"thumbnailUrl\"  \/><\/a><\/div><\/div><\/div><\/div><section class=\"av_textblock_section \"  itemscope=\"itemscope\" itemtype=\"https:\/\/schema.org\/CreativeWork\" ><div class='avia_textblock  '   itemprop=\"text\" ><p>Os estudantes do 4\u00ba ano do Curso de Ci\u00eancias da Comunica\u00e7\u00e3o participaram, nos dias 4 e 5 de Dezembro, do semin\u00e1rio sobre \u201cJornalismo Investigativo\u201d, numa iniciativa do F\u00f3rum de Mulheres Jornalistas para a Igualdade de G\u00e9nero.<\/p>\n<p>A ac\u00e7\u00e3o formativa, que decorreu no audit\u00f3rio da Emissora Provincial da R\u00e1dio Nacional de Angola, contou com a presen\u00e7a do secret\u00e1rio-geral do Sindicato dos Jornalistas Angolanos, Teixeira C\u00e2ndido, como um dos prelectores, e dos jornalistas seniores da R\u00e1dio Nacional de Angola, Africano Neto e Pedro Miguel, que tamb\u00e9m palestraram no evento.<\/p>\n<p>O evento visou, igualmente, incentivar os jornalistas a actualizar os conhecimentos sobre os princ\u00edpios \u00e9ticos e a deontologia profissional, bem como em mat\u00e9rias ligadas ao Pacote Legislativo da Comunica\u00e7\u00e3o Social, aos limites da Lei de Imprensa e ao Estatuto do Jornalista.<\/p>\n<p>O F\u00f3rum de Mulheres Jornalistas para a Igualdade de G\u00e9nero \u00e9 uma organiza\u00e7\u00e3o da sociedade civil angolana, que congrega mulheres jornalistas de \u00f3rg\u00e3os de comunica\u00e7\u00e3o social p\u00fablicos e privados, fundada em 2009, com o objectivo de realizar ac\u00e7\u00f5es que visam combater a viol\u00eancia dom\u00e9stica e a baseada no g\u00e9nero, para o respeito pelos direitos das mulheres e, de forma mais alargada, combater todas as formas de discrimina\u00e7\u00e3o sobre as mulheres e promover a igualdade de g\u00e9nero.<\/p>\n<\/div><\/section>\n<div  style='height:20px' class='hr hr-invisible   avia-builder-el-181  el_after_av_textblock  el_before_av_heading '><span class='hr-inner ' ><span class='hr-inner-style'><\/span><\/span><\/div>\n<div  style='padding-bottom:20px; font-size:20px;' class='av-special-heading av-special-heading-h2  blockquote modern-quote modern-centered  avia-builder-el-182  el_after_av_hr  el_before_av_one_half  av-inherit-size '><h2 class='av-special-heading-tag '  itemprop=\"headline\"  >Estudantes de Psicologia realizam exame de Testofobia no ISUPEkuikui II<\/h2><div class='special-heading-border'><div class='special-heading-inner-border' ><\/div><\/div><\/div>\n<div class=\"flex_column av_one_half  flex_column_div av-zero-column-padding first  avia-builder-el-183  el_after_av_heading  el_before_av_one_half  \" style='border-radius:0px; '><div  class='avia-image-container  av-styling-    avia-builder-el-184  avia-builder-el-no-sibling  avia-align-center '  itemprop=\"image\" itemscope=\"itemscope\" itemtype=\"https:\/\/schema.org\/ImageObject\"  ><div class='avia-image-container-inner'><div class='avia-image-overlay-wrap'><a href=\"https:\/\/isupekuikui2.co.ao\/ao2\/wp-content\/uploads\/2024\/06\/Imagem1-9.jpg\" href=\"https:\/\/isupekuikui2.co.ao\/ao2\/wp-content\/uploads\/2024\/06\/Imagem1-9.jpg 635w, https:\/\/isupekuikui2.co.ao\/ao2\/wp-content\/uploads\/2024\/06\/Imagem1-9-300x158.jpg 300w\" href=\"(max-width: 635px) 100vw, 635px\" class='avia_image' ><img width=\"300\" height=\"158\" class='wp-image-1557 avia-img-lazy-loading-not-1557 avia_image' src=\"https:\/\/isupekuikui2.co.ao\/ao2\/wp-content\/uploads\/2024\/06\/Imagem1-9-300x158.jpg\" alt='' title='Imagem1'  itemprop=\"thumbnailUrl\" srcset=\"https:\/\/isupekuikui2.co.ao\/ao2\/wp-content\/uploads\/2024\/06\/Imagem1-9-300x158.jpg 300w, https:\/\/isupekuikui2.co.ao\/ao2\/wp-content\/uploads\/2024\/06\/Imagem1-9.jpg 635w\" sizes=\"(max-width: 300px) 100vw, 300px\" \/><\/a><\/div><\/div><\/div><\/div><div class=\"flex_column av_one_half  flex_column_div av-zero-column-padding   avia-builder-el-185  el_after_av_one_half  el_before_av_textblock  \" style='border-radius:0px; '><div  class='avia-image-container  av-styling-    avia-builder-el-186  avia-builder-el-no-sibling  avia-align-center '  itemprop=\"image\" itemscope=\"itemscope\" itemtype=\"https:\/\/schema.org\/ImageObject\"  ><div class='avia-image-container-inner'><div class='avia-image-overlay-wrap'><a href=\"https:\/\/isupekuikui2.co.ao\/ao2\/wp-content\/uploads\/2024\/06\/Imagem2-9.jpg\" href=\"https:\/\/isupekuikui2.co.ao\/ao2\/wp-content\/uploads\/2024\/06\/Imagem2-9.jpg 578w, https:\/\/isupekuikui2.co.ao\/ao2\/wp-content\/uploads\/2024\/06\/Imagem2-9-300x175.jpg 300w\" href=\"(max-width: 578px) 100vw, 578px\" class='avia_image' ><img width=\"300\" height=\"175\" class='wp-image-1556 avia-img-lazy-loading-not-1556 avia_image' src=\"https:\/\/isupekuikui2.co.ao\/ao2\/wp-content\/uploads\/2024\/06\/Imagem2-9-300x175.jpg\" alt='' title='Imagem2'  itemprop=\"thumbnailUrl\" srcset=\"https:\/\/isupekuikui2.co.ao\/ao2\/wp-content\/uploads\/2024\/06\/Imagem2-9-300x175.jpg 300w, https:\/\/isupekuikui2.co.ao\/ao2\/wp-content\/uploads\/2024\/06\/Imagem2-9.jpg 578w\" sizes=\"(max-width: 300px) 100vw, 300px\" \/><\/a><\/div><\/div><\/div><\/div><section class=\"av_textblock_section \"  itemscope=\"itemscope\" itemtype=\"https:\/\/schema.org\/CreativeWork\" ><div class='avia_textblock  '   itemprop=\"text\" ><p>Com o objectivo de ajudar os colegas a enfrentarem o medo de realizar provas, os estudantes do 3\u00ba ano do curso de Psicologia do ISUPEkuikui II, sob a orienta\u00e7\u00e3o do professor Ant\u00f3nio Sede, coordenador do curso, est\u00e3o a realizar um exame de testofobia no hall da institui\u00e7\u00e3o.<\/p>\n<p>O exame, que come\u00e7ou na manh\u00e3 do dia 10 de Janeiro de 2024 e se prolonga at\u00e9 ao pr\u00f3ximo dia 12, consiste em aplicar um question\u00e1rio e uma escala de ansiedade aos participantes, que s\u00e3o estudantes dos diferentes cursos do ISUPEkuikui II.<\/p>\n<p>A testofobia \u00e9 o medo excessivo e irracional de fazer provas, que pode causar sintomas f\u00edsicos e emocionais, como taquicardia, suor, tremores, n\u00e1useas, falta de concentra\u00e7\u00e3o, p\u00e2nico e baixa autoestima. Segundo o professor Ant\u00f3nio Sede, o exame de testofobia visa identificar os estudantes, que sofrem deste problema, e oferecer-lhes algumas t\u00e9cnicas psicol\u00f3gicas para lidar com o estresse e a ansiedade em \u00e9pocas de provas, que come\u00e7am no pr\u00f3ximo dia 15 de Janeiro de 2024.<\/p>\n<p>O professor ressalta que o exame de testofobia n\u00e3o \u00e9 uma avalia\u00e7\u00e3o acad\u00e9mica, mas sim uma forma de preven\u00e7\u00e3o e apoio aos estudantes que precisam de ajuda. Ele tamb\u00e9m destaca que o exame \u00e9 volunt\u00e1rio e confidencial, e que os resultados ser\u00e3o usados apenas para fins de pesquisa e interven\u00e7\u00e3o. Os estudantes que quiserem participar do exame devem comparecer ao hall do ISUPEkuikui II entre as 8h e as 12h, ou entre as 14h e as 18h, at\u00e9 sexta-feira. Os que apresentarem um n\u00edvel elevado de testofobia ser\u00e3o encaminhados para um acompanhamento psicol\u00f3gico individual ou em grupo.<\/p>\n<p>O exame de testofobia faz parte das actividades pr\u00e1ticas da unidade curricular de Avalia\u00e7\u00e3o da Personalidade, que tem como objectivo capacitar os estudantes de Psicologia a aplicar e interpretar diferentes instrumentos de avalia\u00e7\u00e3o psicol\u00f3gica. O exame tamb\u00e9m \u00e9 uma forma de divulgar o curso de Psicologia e o trabalho dos futuros psic\u00f3logos no ISUPEkuikui II.<\/p>\n<\/div><\/section>\n<div  style='height:20px' class='hr hr-invisible   avia-builder-el-188  el_after_av_textblock  el_before_av_heading '><span class='hr-inner ' ><span class='hr-inner-style'><\/span><\/span><\/div>\n<div  style='padding-bottom:20px; font-size:20px;' class='av-special-heading av-special-heading-h2  blockquote modern-quote modern-centered  avia-builder-el-189  el_after_av_hr  el_before_av_textblock  av-inherit-size '><h2 class='av-special-heading-tag '  itemprop=\"headline\"  >Instituto Superior Polit\u00e9cnico de Humanidades e Tecnologias EKUIKUI II Tomada de Posse dos Novos Membros de Gest\u00e3o<\/h2><div class='special-heading-border'><div class='special-heading-inner-border' ><\/div><\/div><\/div>\n<section class=\"av_textblock_section \"  itemscope=\"itemscope\" itemtype=\"https:\/\/schema.org\/CreativeWork\" ><div class='avia_textblock  '   itemprop=\"text\" ><p><strong>Huambo, 5 de Mar\u00e7o de 2024<\/strong> \u2013 O Instituto Superior Polit\u00e9cnico de Humanidades e Tecnologias \u2013 EKUIKUI II, a mais antiga institui\u00e7\u00e3o de ensino superior privada na prov\u00edncia do Huambo, deu posse formal aos novos membros do \u00f3rg\u00e3o de gest\u00e3o, em 4 de Mar\u00e7o de 2024.<\/p>\n<p>A cerim\u00f3nia contou com a presen\u00e7a de docentes, trabalhadores administrativos e a comunidade estudantil, representada pela associa\u00e7\u00e3o acad\u00e9mica e pelos delegados de turma<\/p>\n<p>Na cerim\u00f3nia solene de posse, o Administrador do ISUPEkuikui II, Prof. Dr. Carlos Brito, conferiu posse ao Professor Doutor Crist\u00f3v\u00e3o de Carvalho e Ferreira Sim\u00f5es, que assumir\u00e1 o cargo de Presidente, \u00e0 Professora Doutora Albertina Lussinga, como Vice-Presidente para os Assuntos Acad\u00e9micos, e \u00e0 Professora Doutora Maria Em\u00edlia Pepeka, que ocupa o cargo de Vice-Presidente para os Assuntos Cient\u00edficos e P\u00f3s-Gradua\u00e7\u00e3o.<\/p>\n<p>O Professor Doutor Crist\u00f3v\u00e3o Sim\u00f5es, com uma distinta carreira acad\u00e9mica e profissional, incluindo tr\u00eas mandatos como Reitor da Universidade Jos\u00e9 Eduardo dos Santos, \u00e9 reconhecido por sua vasta experi\u00eancia em Medicina Experimental e contribui\u00e7\u00f5es significativas para o ensino superior em Angola.<\/p>\n<p>Os membros empossados prestaram juramento, comprometendo-se a exercer seus cargos com lealdade, dedica\u00e7\u00e3o, compet\u00eancia e respeito, promovendo o desenvolvimento e o prest\u00edgio do ISUPEkuikui II com rigor e transpar\u00eancia, e contribuindo para a excel\u00eancia do ensino superior privado em Angola.<\/p>\n<p>Durante o evento, o Prof. Dr. Carlos Brito expressou gratid\u00e3o \u00e0 dire\u00e7\u00e3o cessante na pessoa da Doutora C\u00e2ndida Domingos, pelo seu empenho e dedica\u00e7\u00e3o, e manifestou confian\u00e7a na nova equipa de gest\u00e3o, destacando a import\u00e2ncia da sua experi\u00eancia profissional e acad\u00e9mica para o futuro do ISUPEkuikui II.<\/p>\n<p>A cerim\u00f3nia tamb\u00e9m marcou a abertura do segundo semestre acad\u00e9mico e uma avalia\u00e7\u00e3o geral do primeiro semestre, atrav\u00e9s da passagem em revista de um conjunto alargado de actividades docentes, tendo sido reafirmada a necessidade da melhoria cont\u00ednua, com vista \u00e0 afirma\u00e7\u00e3o da institui\u00e7\u00e3o como uma escola de rigor, formadora de quadros competentes para a prov\u00edncia e para o pa\u00eds. Este momento representa, assim, um marco importante para o ISUPEkuikui II, reafirmando o seu compromisso com a qualidade de ensino e a inova\u00e7\u00e3o no panorama do ensino superior angolano.<\/p>\n<\/div><\/section>\n<div  style='height:20px' class='hr hr-invisible   avia-builder-el-191  el_after_av_textblock  el_before_av_heading '><span class='hr-inner ' ><span class='hr-inner-style'><\/span><\/span><\/div>\n<div  style='padding-bottom:20px; font-size:20px;' class='av-special-heading av-special-heading-h2  blockquote modern-quote modern-centered  avia-builder-el-192  el_after_av_hr  el_before_av_one_half  av-inherit-size '><h2 class='av-special-heading-tag '  itemprop=\"headline\"  >ISUPEkuikui II simula julgamento dram\u00e1tico em <span class='special_amp'>\u201c<\/span>As Sextas de Decis\u00e3o<span class='special_amp'>\u201d<\/span><\/h2><div class='special-heading-border'><div class='special-heading-inner-border' ><\/div><\/div><\/div>\n<div class=\"flex_column av_one_half  flex_column_div av-zero-column-padding first  avia-builder-el-193  el_after_av_heading  el_before_av_one_half  \" style='border-radius:0px; '><div  class='avia-image-container  av-styling-    avia-builder-el-194  avia-builder-el-no-sibling  avia-align-center '  itemprop=\"image\" itemscope=\"itemscope\" itemtype=\"https:\/\/schema.org\/ImageObject\"  ><div class='avia-image-container-inner'><div class='avia-image-overlay-wrap'><a href=\"https:\/\/isupekuikui2.co.ao\/ao2\/wp-content\/uploads\/2024\/06\/Imagem1-10.jpg\" href=\"https:\/\/isupekuikui2.co.ao\/ao2\/wp-content\/uploads\/2024\/06\/Imagem1-10.jpg 601w, https:\/\/isupekuikui2.co.ao\/ao2\/wp-content\/uploads\/2024\/06\/Imagem1-10-300x205.jpg 300w\" href=\"(max-width: 601px) 100vw, 601px\" class='avia_image' ><img width=\"300\" height=\"205\" class='wp-image-1559 avia-img-lazy-loading-not-1559 avia_image' src=\"https:\/\/isupekuikui2.co.ao\/ao2\/wp-content\/uploads\/2024\/06\/Imagem1-10-300x205.jpg\" alt='' title='Imagem1'  itemprop=\"thumbnailUrl\" srcset=\"https:\/\/isupekuikui2.co.ao\/ao2\/wp-content\/uploads\/2024\/06\/Imagem1-10-300x205.jpg 300w, https:\/\/isupekuikui2.co.ao\/ao2\/wp-content\/uploads\/2024\/06\/Imagem1-10.jpg 601w\" sizes=\"(max-width: 300px) 100vw, 300px\" \/><\/a><\/div><\/div><\/div><\/div><div class=\"flex_column av_one_half  flex_column_div av-zero-column-padding   avia-builder-el-195  el_after_av_one_half  el_before_av_textblock  \" style='border-radius:0px; '><div  class='avia-image-container  av-styling-    avia-builder-el-196  avia-builder-el-no-sibling  avia-align-center '  itemprop=\"image\" itemscope=\"itemscope\" itemtype=\"https:\/\/schema.org\/ImageObject\"  ><div class='avia-image-container-inner'><div class='avia-image-overlay-wrap'><a href=\"https:\/\/isupekuikui2.co.ao\/ao2\/wp-content\/uploads\/2024\/06\/Imagem2-10.jpg\" href=\"https:\/\/isupekuikui2.co.ao\/ao2\/wp-content\/uploads\/2024\/06\/Imagem2-10.jpg 650w, https:\/\/isupekuikui2.co.ao\/ao2\/wp-content\/uploads\/2024\/06\/Imagem2-10-300x191.jpg 300w\" href=\"(max-width: 650px) 100vw, 650px\" class='avia_image' ><img width=\"300\" height=\"191\" class='wp-image-1558 avia-img-lazy-loading-not-1558 avia_image' src=\"https:\/\/isupekuikui2.co.ao\/ao2\/wp-content\/uploads\/2024\/06\/Imagem2-10-300x191.jpg\" alt='' title='Imagem2'  itemprop=\"thumbnailUrl\" srcset=\"https:\/\/isupekuikui2.co.ao\/ao2\/wp-content\/uploads\/2024\/06\/Imagem2-10-300x191.jpg 300w, https:\/\/isupekuikui2.co.ao\/ao2\/wp-content\/uploads\/2024\/06\/Imagem2-10.jpg 650w\" sizes=\"(max-width: 300px) 100vw, 300px\" \/><\/a><\/div><\/div><\/div><\/div><section class=\"av_textblock_section \"  itemscope=\"itemscope\" itemtype=\"https:\/\/schema.org\/CreativeWork\" ><div class='avia_textblock  '   itemprop=\"text\" ><p>Huambo, 22 de mar\u00e7o de 2024 \u2013 O curso de Direito do ISUPEkuikui II mergulhou no mundo da pr\u00e1tica forense com mais uma sess\u00e3o da sua iniciativa \u201cAs Sextas de Decis\u00e3o\u201d. Numa manh\u00e3 repleta de argumenta\u00e7\u00e3o jur\u00eddica, os estudantes do 5\u00ba ano enfrentaram um caso arrepiante onde um \u201cfilho mata o pai para se casar com a madrasta\u201d.<\/p>\n<p>Sob a orienta\u00e7\u00e3o do professor MSc Nascimento Dinis, os futuros juristas tiveram a oportunidade de aplicar os seus conhecimentos te\u00f3ricos em um ambiente que imita a realidade dos tribunais. O evento, que decorreu entre as 9h00 e as 12h00 da passada sexta-feira, contou tamb\u00e9m com a participa\u00e7\u00e3o de estudantes do Instituto Superior Cat\u00f3lico do Huambo e da Faculdade de Direito da Universidade Jos\u00e9 Eduardo dos Santos.<\/p>\n<p>Esta simula\u00e7\u00e3o \u00e9 parte de uma s\u00e9rie de julgamentos fict\u00edcios que visam preparar os estudantes para os desafios do mundo jur\u00eddico. A coordena\u00e7\u00e3o do curso de Direito enfatiza a import\u00e2ncia destas actividades pr\u00e1ticas, que complementam a forma\u00e7\u00e3o te\u00f3rica e equipam os estudantes com experi\u00eancia valiosa para o seu futuro profissional.<\/p>\n<p>O programa \u201cAs Sextas de Decis\u00e3o\u201d \u00e9 uma pe\u00e7a central no plano de actividades do curso, demonstrando o compromisso do ISUPEkuikui II com a excel\u00eancia e a inova\u00e7\u00e3o no ensino jur\u00eddico.<\/p>\n<\/div><\/section>\n<div  style='height:20px' class='hr hr-invisible   avia-builder-el-198  el_after_av_textblock  avia-builder-el-last '><span class='hr-inner ' ><span class='hr-inner-style'><\/span><\/span><\/div>\n\n<\/div><\/div><\/div><!-- close content main div --><\/div><\/div><div id='passado'  class='avia-section main_color avia-section-default avia-no-shadow  avia-bg-style-scroll  avia-builder-el-199  el_after_av_section  el_before_av_section   container_wrap sidebar_right' style=' '  ><div class='container' ><div class='template-page content  av-content-small alpha units'><div class='post-entry post-entry-type-page post-entry-367'><div class='entry-content-wrapper clearfix'>\n<div  style='padding-bottom:20px; ' class='av-special-heading av-special-heading-h2  blockquote modern-quote modern-centered  avia-builder-el-200  el_before_av_heading  avia-builder-el-first  '><h2 class='av-special-heading-tag '  itemprop=\"headline\"  >PASSADO<\/h2><div class='special-heading-border'><div class='special-heading-inner-border' ><\/div><\/div><\/div>\n<div  style='padding-bottom:20px; font-size:20px;' class='av-special-heading av-special-heading-h2  blockquote modern-quote modern-centered  avia-builder-el-201  el_after_av_heading  el_before_av_one_full  av-inherit-size '><h2 class='av-special-heading-tag '  itemprop=\"headline\"  >RECEP\u00c7\u00c3O DE SUA EXCEL\u00caNCIA O SENHOR PRESIDENTE DA REP\u00daBLICA DE ANGOLA AO GRUPO LUS\u00d3FONA &#8211; ISUPE EKUIKUI II, AQUANDO DA VISITA A PORTUGAL <\/h2><div class='special-heading-border'><div class='special-heading-inner-border' ><\/div><\/div><\/div>\n<div class=\"flex_column av_one_full  flex_column_div first  avia-builder-el-202  el_after_av_heading  el_before_av_heading  \" ><div  class='avia-gallery  avia-gallery-2 avia_lazyload avia-gallery-animate avia_animate_when_visible  avia-builder-el-203  avia-builder-el-no-sibling '  itemprop=\"image\" itemscope=\"itemscope\" itemtype=\"https:\/\/schema.org\/ImageObject\" ><div class='avia-gallery-thumb'> <a href=\"https:\/\/isupekuikui2.co.ao\/ao2\/wp-content\/uploads\/2018\/11\/52712f98-9c31-4728-b382-0494e206496f-773x1030.jpg\" href=\"773\" href=\"1030\" href=\"1\" href=\"https:\/\/isupekuikui2.co.ao\/ao2\/wp-content\/uploads\/2018\/11\/52712f98-9c31-4728-b382-0494e206496f-773x1030.jpg 773w, https:\/\/isupekuikui2.co.ao\/ao2\/wp-content\/uploads\/2018\/11\/52712f98-9c31-4728-b382-0494e206496f-225x300.jpg 225w, https:\/\/isupekuikui2.co.ao\/ao2\/wp-content\/uploads\/2018\/11\/52712f98-9c31-4728-b382-0494e206496f-768x1024.jpg 768w, https:\/\/isupekuikui2.co.ao\/ao2\/wp-content\/uploads\/2018\/11\/52712f98-9c31-4728-b382-0494e206496f-1125x1500.jpg 1125w, https:\/\/isupekuikui2.co.ao\/ao2\/wp-content\/uploads\/2018\/11\/52712f98-9c31-4728-b382-0494e206496f-529x705.jpg 529w, https:\/\/isupekuikui2.co.ao\/ao2\/wp-content\/uploads\/2018\/11\/52712f98-9c31-4728-b382-0494e206496f-450x600.jpg 450w, https:\/\/isupekuikui2.co.ao\/ao2\/wp-content\/uploads\/2018\/11\/52712f98-9c31-4728-b382-0494e206496f.jpg 1200w\" href=\"(max-width: 773px) 100vw, 773px\" data-rel='gallery-2' data-prev-img='https:\/\/isupekuikui2.co.ao\/ao2\/wp-content\/uploads\/2018\/11\/52712f98-9c31-4728-b382-0494e206496f-495x400.jpg' class='first_thumb lightbox ' data-onclick='1' title='AR_23112018-4.jpg AR_23112018.jpg AR_231120183.jpg AR-231120182.jpg'  itemprop=\"thumbnailUrl\"  ><img class=\"wp-image-873 avia-img-lazy-loading-not-873\"  data-avia-tooltip='AR_23112018-4.jpg AR_23112018.jpg AR_231120183.jpg AR-231120182.jpg' src=\"https:\/\/isupekuikui2.co.ao\/ao2\/wp-content\/uploads\/2018\/11\/52712f98-9c31-4728-b382-0494e206496f-495x400.jpg\" width=\"495\" height=\"400\"  title='52712f98-9c31-4728-b382-0494e206496f' alt='' srcset=\"https:\/\/isupekuikui2.co.ao\/ao2\/wp-content\/uploads\/2018\/11\/52712f98-9c31-4728-b382-0494e206496f-495x400.jpg 495w, https:\/\/isupekuikui2.co.ao\/ao2\/wp-content\/uploads\/2018\/11\/52712f98-9c31-4728-b382-0494e206496f-845x684.jpg 845w\" sizes=\"(max-width: 495px) 100vw, 495px\" \/><\/a> <a href=\"https:\/\/isupekuikui2.co.ao\/ao2\/wp-content\/uploads\/2018\/11\/96d37111-fe55-40dd-b4b9-5156d0ee1e62-1030x773.jpg\" href=\"1030\" href=\"773\" href=\"1\" href=\"https:\/\/isupekuikui2.co.ao\/ao2\/wp-content\/uploads\/2018\/11\/96d37111-fe55-40dd-b4b9-5156d0ee1e62-1030x773.jpg 1030w, https:\/\/isupekuikui2.co.ao\/ao2\/wp-content\/uploads\/2018\/11\/96d37111-fe55-40dd-b4b9-5156d0ee1e62-300x225.jpg 300w, https:\/\/isupekuikui2.co.ao\/ao2\/wp-content\/uploads\/2018\/11\/96d37111-fe55-40dd-b4b9-5156d0ee1e62-768x576.jpg 768w, https:\/\/isupekuikui2.co.ao\/ao2\/wp-content\/uploads\/2018\/11\/96d37111-fe55-40dd-b4b9-5156d0ee1e62-1500x1125.jpg 1500w, https:\/\/isupekuikui2.co.ao\/ao2\/wp-content\/uploads\/2018\/11\/96d37111-fe55-40dd-b4b9-5156d0ee1e62-705x529.jpg 705w, https:\/\/isupekuikui2.co.ao\/ao2\/wp-content\/uploads\/2018\/11\/96d37111-fe55-40dd-b4b9-5156d0ee1e62-450x338.jpg 450w, https:\/\/isupekuikui2.co.ao\/ao2\/wp-content\/uploads\/2018\/11\/96d37111-fe55-40dd-b4b9-5156d0ee1e62.jpg 1600w\" href=\"(max-width: 1030px) 100vw, 1030px\" data-rel='gallery-2' data-prev-img='https:\/\/isupekuikui2.co.ao\/ao2\/wp-content\/uploads\/2018\/11\/96d37111-fe55-40dd-b4b9-5156d0ee1e62-495x400.jpg' class='lightbox ' data-onclick='2' title='96d37111-fe55-40dd-b4b9-5156d0ee1e62'  itemprop=\"thumbnailUrl\"  ><img class=\"wp-image-874 avia-img-lazy-loading-not-874\"   src=\"https:\/\/isupekuikui2.co.ao\/ao2\/wp-content\/uploads\/2018\/11\/96d37111-fe55-40dd-b4b9-5156d0ee1e62-495x400.jpg\" width=\"495\" height=\"400\"  title='96d37111-fe55-40dd-b4b9-5156d0ee1e62' alt='' srcset=\"https:\/\/isupekuikui2.co.ao\/ao2\/wp-content\/uploads\/2018\/11\/96d37111-fe55-40dd-b4b9-5156d0ee1e62-495x400.jpg 495w, https:\/\/isupekuikui2.co.ao\/ao2\/wp-content\/uploads\/2018\/11\/96d37111-fe55-40dd-b4b9-5156d0ee1e62-845x684.jpg 845w\" sizes=\"(max-width: 495px) 100vw, 495px\" \/><\/a> <a href=\"https:\/\/isupekuikui2.co.ao\/ao2\/wp-content\/uploads\/2018\/11\/52712f98-9c31-4728-b382-0494e206496f-1-773x1030.jpg\" href=\"773\" href=\"1030\" href=\"1\" href=\"https:\/\/isupekuikui2.co.ao\/ao2\/wp-content\/uploads\/2018\/11\/52712f98-9c31-4728-b382-0494e206496f-1-773x1030.jpg 773w, https:\/\/isupekuikui2.co.ao\/ao2\/wp-content\/uploads\/2018\/11\/52712f98-9c31-4728-b382-0494e206496f-1-225x300.jpg 225w, https:\/\/isupekuikui2.co.ao\/ao2\/wp-content\/uploads\/2018\/11\/52712f98-9c31-4728-b382-0494e206496f-1-768x1024.jpg 768w, https:\/\/isupekuikui2.co.ao\/ao2\/wp-content\/uploads\/2018\/11\/52712f98-9c31-4728-b382-0494e206496f-1-1125x1500.jpg 1125w, https:\/\/isupekuikui2.co.ao\/ao2\/wp-content\/uploads\/2018\/11\/52712f98-9c31-4728-b382-0494e206496f-1-529x705.jpg 529w, https:\/\/isupekuikui2.co.ao\/ao2\/wp-content\/uploads\/2018\/11\/52712f98-9c31-4728-b382-0494e206496f-1-450x600.jpg 450w, https:\/\/isupekuikui2.co.ao\/ao2\/wp-content\/uploads\/2018\/11\/52712f98-9c31-4728-b382-0494e206496f-1.jpg 1200w\" href=\"(max-width: 773px) 100vw, 773px\" data-rel='gallery-2' data-prev-img='https:\/\/isupekuikui2.co.ao\/ao2\/wp-content\/uploads\/2018\/11\/52712f98-9c31-4728-b382-0494e206496f-1-495x400.jpg' class='lightbox ' data-onclick='3' title='52712f98-9c31-4728-b382-0494e206496f'  itemprop=\"thumbnailUrl\"  ><img class=\"wp-image-885 avia-img-lazy-loading-not-885\"   src=\"https:\/\/isupekuikui2.co.ao\/ao2\/wp-content\/uploads\/2018\/11\/52712f98-9c31-4728-b382-0494e206496f-1-495x400.jpg\" width=\"495\" height=\"400\"  title='52712f98-9c31-4728-b382-0494e206496f' alt='' srcset=\"https:\/\/isupekuikui2.co.ao\/ao2\/wp-content\/uploads\/2018\/11\/52712f98-9c31-4728-b382-0494e206496f-1-495x400.jpg 495w, https:\/\/isupekuikui2.co.ao\/ao2\/wp-content\/uploads\/2018\/11\/52712f98-9c31-4728-b382-0494e206496f-1-845x684.jpg 845w\" sizes=\"(max-width: 495px) 100vw, 495px\" \/><\/a> <a href=\"https:\/\/isupekuikui2.co.ao\/ao2\/wp-content\/uploads\/2018\/11\/a2707b63-a916-456b-b1ce-16ac0e349379-1030x773.jpg\" href=\"1030\" href=\"773\" href=\"1\" href=\"https:\/\/isupekuikui2.co.ao\/ao2\/wp-content\/uploads\/2018\/11\/a2707b63-a916-456b-b1ce-16ac0e349379-1030x773.jpg 1030w, https:\/\/isupekuikui2.co.ao\/ao2\/wp-content\/uploads\/2018\/11\/a2707b63-a916-456b-b1ce-16ac0e349379-300x225.jpg 300w, https:\/\/isupekuikui2.co.ao\/ao2\/wp-content\/uploads\/2018\/11\/a2707b63-a916-456b-b1ce-16ac0e349379-768x576.jpg 768w, https:\/\/isupekuikui2.co.ao\/ao2\/wp-content\/uploads\/2018\/11\/a2707b63-a916-456b-b1ce-16ac0e349379-1500x1125.jpg 1500w, https:\/\/isupekuikui2.co.ao\/ao2\/wp-content\/uploads\/2018\/11\/a2707b63-a916-456b-b1ce-16ac0e349379-705x529.jpg 705w, https:\/\/isupekuikui2.co.ao\/ao2\/wp-content\/uploads\/2018\/11\/a2707b63-a916-456b-b1ce-16ac0e349379-450x338.jpg 450w, https:\/\/isupekuikui2.co.ao\/ao2\/wp-content\/uploads\/2018\/11\/a2707b63-a916-456b-b1ce-16ac0e349379.jpg 1600w\" href=\"(max-width: 1030px) 100vw, 1030px\" data-rel='gallery-2' data-prev-img='https:\/\/isupekuikui2.co.ao\/ao2\/wp-content\/uploads\/2018\/11\/a2707b63-a916-456b-b1ce-16ac0e349379-495x400.jpg' class='lightbox ' data-onclick='4' title='a2707b63-a916-456b-b1ce-16ac0e349379'  itemprop=\"thumbnailUrl\"  ><img class=\"wp-image-875 avia-img-lazy-loading-not-875\"   src=\"https:\/\/isupekuikui2.co.ao\/ao2\/wp-content\/uploads\/2018\/11\/a2707b63-a916-456b-b1ce-16ac0e349379-495x400.jpg\" width=\"495\" height=\"400\"  title='a2707b63-a916-456b-b1ce-16ac0e349379' alt='' srcset=\"https:\/\/isupekuikui2.co.ao\/ao2\/wp-content\/uploads\/2018\/11\/a2707b63-a916-456b-b1ce-16ac0e349379-495x400.jpg 495w, https:\/\/isupekuikui2.co.ao\/ao2\/wp-content\/uploads\/2018\/11\/a2707b63-a916-456b-b1ce-16ac0e349379-845x684.jpg 845w\" sizes=\"(max-width: 495px) 100vw, 495px\" \/><\/a> <a href=\"https:\/\/isupekuikui2.co.ao\/ao2\/wp-content\/uploads\/2018\/11\/5d7ddc0f-2bec-42c2-9a90-b430e98bf7f3-1030x773.jpg\" href=\"1030\" href=\"773\" href=\"1\" href=\"https:\/\/isupekuikui2.co.ao\/ao2\/wp-content\/uploads\/2018\/11\/5d7ddc0f-2bec-42c2-9a90-b430e98bf7f3-1030x773.jpg 1030w, https:\/\/isupekuikui2.co.ao\/ao2\/wp-content\/uploads\/2018\/11\/5d7ddc0f-2bec-42c2-9a90-b430e98bf7f3-300x225.jpg 300w, https:\/\/isupekuikui2.co.ao\/ao2\/wp-content\/uploads\/2018\/11\/5d7ddc0f-2bec-42c2-9a90-b430e98bf7f3-768x576.jpg 768w, https:\/\/isupekuikui2.co.ao\/ao2\/wp-content\/uploads\/2018\/11\/5d7ddc0f-2bec-42c2-9a90-b430e98bf7f3-1500x1125.jpg 1500w, https:\/\/isupekuikui2.co.ao\/ao2\/wp-content\/uploads\/2018\/11\/5d7ddc0f-2bec-42c2-9a90-b430e98bf7f3-705x529.jpg 705w, https:\/\/isupekuikui2.co.ao\/ao2\/wp-content\/uploads\/2018\/11\/5d7ddc0f-2bec-42c2-9a90-b430e98bf7f3-450x338.jpg 450w, https:\/\/isupekuikui2.co.ao\/ao2\/wp-content\/uploads\/2018\/11\/5d7ddc0f-2bec-42c2-9a90-b430e98bf7f3.jpg 1600w\" href=\"(max-width: 1030px) 100vw, 1030px\" data-rel='gallery-2' data-prev-img='https:\/\/isupekuikui2.co.ao\/ao2\/wp-content\/uploads\/2018\/11\/5d7ddc0f-2bec-42c2-9a90-b430e98bf7f3-495x400.jpg' class='lightbox ' data-onclick='5' title='5d7ddc0f-2bec-42c2-9a90-b430e98bf7f3'  itemprop=\"thumbnailUrl\"  ><img class=\"wp-image-876 avia-img-lazy-loading-not-876\"   src=\"https:\/\/isupekuikui2.co.ao\/ao2\/wp-content\/uploads\/2018\/11\/5d7ddc0f-2bec-42c2-9a90-b430e98bf7f3-495x400.jpg\" width=\"495\" height=\"400\"  title='5d7ddc0f-2bec-42c2-9a90-b430e98bf7f3' alt='' srcset=\"https:\/\/isupekuikui2.co.ao\/ao2\/wp-content\/uploads\/2018\/11\/5d7ddc0f-2bec-42c2-9a90-b430e98bf7f3-495x400.jpg 495w, https:\/\/isupekuikui2.co.ao\/ao2\/wp-content\/uploads\/2018\/11\/5d7ddc0f-2bec-42c2-9a90-b430e98bf7f3-845x684.jpg 845w\" sizes=\"(max-width: 495px) 100vw, 495px\" \/><\/a> <a href=\"https:\/\/isupekuikui2.co.ao\/ao2\/wp-content\/uploads\/2018\/11\/e64ead89-dce1-46fe-a847-89a839c9f719-773x1030.jpg\" href=\"773\" href=\"1030\" href=\"1\" href=\"https:\/\/isupekuikui2.co.ao\/ao2\/wp-content\/uploads\/2018\/11\/e64ead89-dce1-46fe-a847-89a839c9f719-773x1030.jpg 773w, https:\/\/isupekuikui2.co.ao\/ao2\/wp-content\/uploads\/2018\/11\/e64ead89-dce1-46fe-a847-89a839c9f719-225x300.jpg 225w, https:\/\/isupekuikui2.co.ao\/ao2\/wp-content\/uploads\/2018\/11\/e64ead89-dce1-46fe-a847-89a839c9f719-768x1024.jpg 768w, https:\/\/isupekuikui2.co.ao\/ao2\/wp-content\/uploads\/2018\/11\/e64ead89-dce1-46fe-a847-89a839c9f719-1125x1500.jpg 1125w, https:\/\/isupekuikui2.co.ao\/ao2\/wp-content\/uploads\/2018\/11\/e64ead89-dce1-46fe-a847-89a839c9f719-529x705.jpg 529w, https:\/\/isupekuikui2.co.ao\/ao2\/wp-content\/uploads\/2018\/11\/e64ead89-dce1-46fe-a847-89a839c9f719-450x600.jpg 450w, https:\/\/isupekuikui2.co.ao\/ao2\/wp-content\/uploads\/2018\/11\/e64ead89-dce1-46fe-a847-89a839c9f719.jpg 1200w\" href=\"(max-width: 773px) 100vw, 773px\" data-rel='gallery-2' data-prev-img='https:\/\/isupekuikui2.co.ao\/ao2\/wp-content\/uploads\/2018\/11\/e64ead89-dce1-46fe-a847-89a839c9f719-495x400.jpg' class='first_thumb lightbox ' data-onclick='6' title='e64ead89-dce1-46fe-a847-89a839c9f719'  itemprop=\"thumbnailUrl\"  ><img class=\"wp-image-879 avia-img-lazy-loading-not-879\"   src=\"https:\/\/isupekuikui2.co.ao\/ao2\/wp-content\/uploads\/2018\/11\/e64ead89-dce1-46fe-a847-89a839c9f719-495x400.jpg\" width=\"495\" height=\"400\"  title='e64ead89-dce1-46fe-a847-89a839c9f719' alt='' srcset=\"https:\/\/isupekuikui2.co.ao\/ao2\/wp-content\/uploads\/2018\/11\/e64ead89-dce1-46fe-a847-89a839c9f719-495x400.jpg 495w, https:\/\/isupekuikui2.co.ao\/ao2\/wp-content\/uploads\/2018\/11\/e64ead89-dce1-46fe-a847-89a839c9f719-845x684.jpg 845w\" sizes=\"(max-width: 495px) 100vw, 495px\" \/><\/a> <a href=\"https:\/\/isupekuikui2.co.ao\/ao2\/wp-content\/uploads\/2018\/11\/0d5f82dc-f233-4904-a8e1-316d92146037-1030x774.jpg\" href=\"1030\" href=\"774\" href=\"1\" href=\"https:\/\/isupekuikui2.co.ao\/ao2\/wp-content\/uploads\/2018\/11\/0d5f82dc-f233-4904-a8e1-316d92146037-1030x774.jpg 1030w, https:\/\/isupekuikui2.co.ao\/ao2\/wp-content\/uploads\/2018\/11\/0d5f82dc-f233-4904-a8e1-316d92146037-300x225.jpg 300w, https:\/\/isupekuikui2.co.ao\/ao2\/wp-content\/uploads\/2018\/11\/0d5f82dc-f233-4904-a8e1-316d92146037-768x577.jpg 768w, https:\/\/isupekuikui2.co.ao\/ao2\/wp-content\/uploads\/2018\/11\/0d5f82dc-f233-4904-a8e1-316d92146037-1500x1127.jpg 1500w, https:\/\/isupekuikui2.co.ao\/ao2\/wp-content\/uploads\/2018\/11\/0d5f82dc-f233-4904-a8e1-316d92146037-705x530.jpg 705w, https:\/\/isupekuikui2.co.ao\/ao2\/wp-content\/uploads\/2018\/11\/0d5f82dc-f233-4904-a8e1-316d92146037-450x338.jpg 450w, https:\/\/isupekuikui2.co.ao\/ao2\/wp-content\/uploads\/2018\/11\/0d5f82dc-f233-4904-a8e1-316d92146037.jpg 1600w\" href=\"(max-width: 1030px) 100vw, 1030px\" data-rel='gallery-2' data-prev-img='https:\/\/isupekuikui2.co.ao\/ao2\/wp-content\/uploads\/2018\/11\/0d5f82dc-f233-4904-a8e1-316d92146037-495x400.jpg' class='lightbox ' data-onclick='7' title='0d5f82dc-f233-4904-a8e1-316d92146037'  itemprop=\"thumbnailUrl\"  ><img class=\"wp-image-880 avia-img-lazy-loading-not-880\"   src=\"https:\/\/isupekuikui2.co.ao\/ao2\/wp-content\/uploads\/2018\/11\/0d5f82dc-f233-4904-a8e1-316d92146037-495x400.jpg\" width=\"495\" height=\"400\"  title='0d5f82dc-f233-4904-a8e1-316d92146037' alt='' srcset=\"https:\/\/isupekuikui2.co.ao\/ao2\/wp-content\/uploads\/2018\/11\/0d5f82dc-f233-4904-a8e1-316d92146037-495x400.jpg 495w, https:\/\/isupekuikui2.co.ao\/ao2\/wp-content\/uploads\/2018\/11\/0d5f82dc-f233-4904-a8e1-316d92146037-845x684.jpg 845w\" sizes=\"(max-width: 495px) 100vw, 495px\" \/><\/a> <a href=\"https:\/\/isupekuikui2.co.ao\/ao2\/wp-content\/uploads\/2018\/11\/8ec0b28d-e09c-4f31-859d-93d9742ffd40-1030x773.jpg\" href=\"1030\" href=\"773\" href=\"1\" href=\"https:\/\/isupekuikui2.co.ao\/ao2\/wp-content\/uploads\/2018\/11\/8ec0b28d-e09c-4f31-859d-93d9742ffd40-1030x773.jpg 1030w, https:\/\/isupekuikui2.co.ao\/ao2\/wp-content\/uploads\/2018\/11\/8ec0b28d-e09c-4f31-859d-93d9742ffd40-300x225.jpg 300w, https:\/\/isupekuikui2.co.ao\/ao2\/wp-content\/uploads\/2018\/11\/8ec0b28d-e09c-4f31-859d-93d9742ffd40-768x576.jpg 768w, https:\/\/isupekuikui2.co.ao\/ao2\/wp-content\/uploads\/2018\/11\/8ec0b28d-e09c-4f31-859d-93d9742ffd40-1500x1125.jpg 1500w, https:\/\/isupekuikui2.co.ao\/ao2\/wp-content\/uploads\/2018\/11\/8ec0b28d-e09c-4f31-859d-93d9742ffd40-705x529.jpg 705w, https:\/\/isupekuikui2.co.ao\/ao2\/wp-content\/uploads\/2018\/11\/8ec0b28d-e09c-4f31-859d-93d9742ffd40-450x338.jpg 450w, https:\/\/isupekuikui2.co.ao\/ao2\/wp-content\/uploads\/2018\/11\/8ec0b28d-e09c-4f31-859d-93d9742ffd40.jpg 1600w\" href=\"(max-width: 1030px) 100vw, 1030px\" data-rel='gallery-2' data-prev-img='https:\/\/isupekuikui2.co.ao\/ao2\/wp-content\/uploads\/2018\/11\/8ec0b28d-e09c-4f31-859d-93d9742ffd40-495x400.jpg' class='lightbox ' data-onclick='8' title='8ec0b28d-e09c-4f31-859d-93d9742ffd40'  itemprop=\"thumbnailUrl\"  ><img class=\"wp-image-881 avia-img-lazy-loading-not-881\"   src=\"https:\/\/isupekuikui2.co.ao\/ao2\/wp-content\/uploads\/2018\/11\/8ec0b28d-e09c-4f31-859d-93d9742ffd40-495x400.jpg\" width=\"495\" height=\"400\"  title='8ec0b28d-e09c-4f31-859d-93d9742ffd40' alt='' srcset=\"https:\/\/isupekuikui2.co.ao\/ao2\/wp-content\/uploads\/2018\/11\/8ec0b28d-e09c-4f31-859d-93d9742ffd40-495x400.jpg 495w, https:\/\/isupekuikui2.co.ao\/ao2\/wp-content\/uploads\/2018\/11\/8ec0b28d-e09c-4f31-859d-93d9742ffd40-845x684.jpg 845w\" sizes=\"(max-width: 495px) 100vw, 495px\" \/><\/a> <a href=\"https:\/\/isupekuikui2.co.ao\/ao2\/wp-content\/uploads\/2018\/11\/2b4856d3-3a4e-4a65-84eb-73b71d5cac14-773x1030.jpg\" href=\"773\" href=\"1030\" href=\"1\" href=\"https:\/\/isupekuikui2.co.ao\/ao2\/wp-content\/uploads\/2018\/11\/2b4856d3-3a4e-4a65-84eb-73b71d5cac14-773x1030.jpg 773w, https:\/\/isupekuikui2.co.ao\/ao2\/wp-content\/uploads\/2018\/11\/2b4856d3-3a4e-4a65-84eb-73b71d5cac14-225x300.jpg 225w, https:\/\/isupekuikui2.co.ao\/ao2\/wp-content\/uploads\/2018\/11\/2b4856d3-3a4e-4a65-84eb-73b71d5cac14-768x1024.jpg 768w, https:\/\/isupekuikui2.co.ao\/ao2\/wp-content\/uploads\/2018\/11\/2b4856d3-3a4e-4a65-84eb-73b71d5cac14-1125x1500.jpg 1125w, https:\/\/isupekuikui2.co.ao\/ao2\/wp-content\/uploads\/2018\/11\/2b4856d3-3a4e-4a65-84eb-73b71d5cac14-529x705.jpg 529w, https:\/\/isupekuikui2.co.ao\/ao2\/wp-content\/uploads\/2018\/11\/2b4856d3-3a4e-4a65-84eb-73b71d5cac14-450x600.jpg 450w, https:\/\/isupekuikui2.co.ao\/ao2\/wp-content\/uploads\/2018\/11\/2b4856d3-3a4e-4a65-84eb-73b71d5cac14.jpg 1200w\" href=\"(max-width: 773px) 100vw, 773px\" data-rel='gallery-2' data-prev-img='https:\/\/isupekuikui2.co.ao\/ao2\/wp-content\/uploads\/2018\/11\/2b4856d3-3a4e-4a65-84eb-73b71d5cac14-495x400.jpg' class='lightbox ' data-onclick='9' title='2b4856d3-3a4e-4a65-84eb-73b71d5cac14'  itemprop=\"thumbnailUrl\"  ><img class=\"wp-image-882 avia-img-lazy-loading-not-882\"   src=\"https:\/\/isupekuikui2.co.ao\/ao2\/wp-content\/uploads\/2018\/11\/2b4856d3-3a4e-4a65-84eb-73b71d5cac14-495x400.jpg\" width=\"495\" height=\"400\"  title='2b4856d3-3a4e-4a65-84eb-73b71d5cac14' alt='' srcset=\"https:\/\/isupekuikui2.co.ao\/ao2\/wp-content\/uploads\/2018\/11\/2b4856d3-3a4e-4a65-84eb-73b71d5cac14-495x400.jpg 495w, https:\/\/isupekuikui2.co.ao\/ao2\/wp-content\/uploads\/2018\/11\/2b4856d3-3a4e-4a65-84eb-73b71d5cac14-845x684.jpg 845w\" sizes=\"(max-width: 495px) 100vw, 495px\" \/><\/a> <a href=\"https:\/\/isupekuikui2.co.ao\/ao2\/wp-content\/uploads\/2018\/11\/AR_231120183-2.jpg\" href=\"800\" href=\"533\" href=\"\" href=\"https:\/\/isupekuikui2.co.ao\/ao2\/wp-content\/uploads\/2018\/11\/AR_231120183-2.jpg 800w, https:\/\/isupekuikui2.co.ao\/ao2\/wp-content\/uploads\/2018\/11\/AR_231120183-2-300x200.jpg 300w, https:\/\/isupekuikui2.co.ao\/ao2\/wp-content\/uploads\/2018\/11\/AR_231120183-2-768x512.jpg 768w, https:\/\/isupekuikui2.co.ao\/ao2\/wp-content\/uploads\/2018\/11\/AR_231120183-2-705x470.jpg 705w, https:\/\/isupekuikui2.co.ao\/ao2\/wp-content\/uploads\/2018\/11\/AR_231120183-2-450x300.jpg 450w\" href=\"(max-width: 800px) 100vw, 800px\" data-rel='gallery-2' data-prev-img='https:\/\/isupekuikui2.co.ao\/ao2\/wp-content\/uploads\/2018\/11\/AR_231120183-2-495x400.jpg' class='lightbox ' data-onclick='10' title='AR_231120183'  itemprop=\"thumbnailUrl\"  ><img class=\"wp-image-899 avia-img-lazy-loading-not-899\"   src=\"https:\/\/isupekuikui2.co.ao\/ao2\/wp-content\/uploads\/2018\/11\/AR_231120183-2-495x400.jpg\" width=\"495\" height=\"400\"  title='AR_231120183' alt='' \/><\/a> <a href=\"https:\/\/isupekuikui2.co.ao\/ao2\/wp-content\/uploads\/2018\/11\/AR-231120182-2.jpg\" href=\"800\" href=\"533\" href=\"\" href=\"https:\/\/isupekuikui2.co.ao\/ao2\/wp-content\/uploads\/2018\/11\/AR-231120182-2.jpg 800w, https:\/\/isupekuikui2.co.ao\/ao2\/wp-content\/uploads\/2018\/11\/AR-231120182-2-300x200.jpg 300w, https:\/\/isupekuikui2.co.ao\/ao2\/wp-content\/uploads\/2018\/11\/AR-231120182-2-768x512.jpg 768w, https:\/\/isupekuikui2.co.ao\/ao2\/wp-content\/uploads\/2018\/11\/AR-231120182-2-705x470.jpg 705w, https:\/\/isupekuikui2.co.ao\/ao2\/wp-content\/uploads\/2018\/11\/AR-231120182-2-450x300.jpg 450w\" href=\"(max-width: 800px) 100vw, 800px\" data-rel='gallery-2' data-prev-img='https:\/\/isupekuikui2.co.ao\/ao2\/wp-content\/uploads\/2018\/11\/AR-231120182-2-495x400.jpg' class='first_thumb lightbox ' data-onclick='11' title='AR-231120182'  itemprop=\"thumbnailUrl\"  ><img class=\"wp-image-900 avia-img-lazy-loading-not-900\"   src=\"https:\/\/isupekuikui2.co.ao\/ao2\/wp-content\/uploads\/2018\/11\/AR-231120182-2-495x400.jpg\" width=\"495\" height=\"400\"  title='AR-231120182' alt='' \/><\/a> <a href=\"https:\/\/isupekuikui2.co.ao\/ao2\/wp-content\/uploads\/2018\/11\/AR_23112018-4-2.jpg\" href=\"800\" href=\"533\" href=\"\" href=\"https:\/\/isupekuikui2.co.ao\/ao2\/wp-content\/uploads\/2018\/11\/AR_23112018-4-2.jpg 800w, https:\/\/isupekuikui2.co.ao\/ao2\/wp-content\/uploads\/2018\/11\/AR_23112018-4-2-300x200.jpg 300w, https:\/\/isupekuikui2.co.ao\/ao2\/wp-content\/uploads\/2018\/11\/AR_23112018-4-2-768x512.jpg 768w, https:\/\/isupekuikui2.co.ao\/ao2\/wp-content\/uploads\/2018\/11\/AR_23112018-4-2-705x470.jpg 705w, https:\/\/isupekuikui2.co.ao\/ao2\/wp-content\/uploads\/2018\/11\/AR_23112018-4-2-450x300.jpg 450w\" href=\"(max-width: 800px) 100vw, 800px\" data-rel='gallery-2' data-prev-img='https:\/\/isupekuikui2.co.ao\/ao2\/wp-content\/uploads\/2018\/11\/AR_23112018-4-2-495x400.jpg' class='lightbox ' data-onclick='12' title='AR_23112018-4'  itemprop=\"thumbnailUrl\"  ><img class=\"wp-image-901 avia-img-lazy-loading-not-901\"   src=\"https:\/\/isupekuikui2.co.ao\/ao2\/wp-content\/uploads\/2018\/11\/AR_23112018-4-2-495x400.jpg\" width=\"495\" height=\"400\"  title='AR_23112018-4' alt='' \/><\/a> <a href=\"https:\/\/isupekuikui2.co.ao\/ao2\/wp-content\/uploads\/2018\/11\/AR_23112018-2.jpg\" href=\"800\" href=\"533\" href=\"\" href=\"https:\/\/isupekuikui2.co.ao\/ao2\/wp-content\/uploads\/2018\/11\/AR_23112018-2.jpg 800w, https:\/\/isupekuikui2.co.ao\/ao2\/wp-content\/uploads\/2018\/11\/AR_23112018-2-300x200.jpg 300w, https:\/\/isupekuikui2.co.ao\/ao2\/wp-content\/uploads\/2018\/11\/AR_23112018-2-768x512.jpg 768w, https:\/\/isupekuikui2.co.ao\/ao2\/wp-content\/uploads\/2018\/11\/AR_23112018-2-705x470.jpg 705w, https:\/\/isupekuikui2.co.ao\/ao2\/wp-content\/uploads\/2018\/11\/AR_23112018-2-450x300.jpg 450w\" href=\"(max-width: 800px) 100vw, 800px\" data-rel='gallery-2' data-prev-img='https:\/\/isupekuikui2.co.ao\/ao2\/wp-content\/uploads\/2018\/11\/AR_23112018-2-495x400.jpg' class='lightbox ' data-onclick='13' title='AR_23112018'  itemprop=\"thumbnailUrl\"  ><img class=\"wp-image-902 avia-img-lazy-loading-not-902\"   src=\"https:\/\/isupekuikui2.co.ao\/ao2\/wp-content\/uploads\/2018\/11\/AR_23112018-2-495x400.jpg\" width=\"495\" height=\"400\"  title='AR_23112018' alt='' \/><\/a><\/div><\/div><\/div><div  style='padding-bottom:20px; font-size:20px;' class='av-special-heading av-special-heading-h2  blockquote modern-quote modern-centered  avia-builder-el-204  el_after_av_one_full  el_before_av_one_full  av-inherit-size '><h2 class='av-special-heading-tag '  itemprop=\"headline\"  >RECEP\u00c7\u00c3O DE SUA EXCEL\u00caNCIA O SENHOR SECRET\u00c1RIO DE ESTADO DO ENSINO SUPERIOR AO DR. CARLOS BRITO, ADMINISTRADOR-EXECUTIVO <\/h2><div class='special-heading-border'><div class='special-heading-inner-border' ><\/div><\/div><\/div>\n<div class=\"flex_column av_one_full  flex_column_div first  avia-builder-el-205  el_after_av_heading  el_before_av_heading  \" ><div  class='avia-gallery  avia-gallery-3 avia_lazyload avia-gallery-animate avia_animate_when_visible  avia-builder-el-206  avia-builder-el-no-sibling '  itemprop=\"image\" itemscope=\"itemscope\" itemtype=\"https:\/\/schema.org\/ImageObject\" ><div class='avia-gallery-thumb'> <a href=\"https:\/\/isupekuikui2.co.ao\/ao2\/wp-content\/uploads\/2018\/11\/QE2f9833Q6y4aR2d7H5CLA-e1543515126815-773x1030.jpg\" href=\"773\" href=\"1030\" href=\"1\" href=\"https:\/\/isupekuikui2.co.ao\/ao2\/wp-content\/uploads\/2018\/11\/QE2f9833Q6y4aR2d7H5CLA-e1543515126815-773x1030.jpg 773w, https:\/\/isupekuikui2.co.ao\/ao2\/wp-content\/uploads\/2018\/11\/QE2f9833Q6y4aR2d7H5CLA-e1543515126815-225x300.jpg 225w, https:\/\/isupekuikui2.co.ao\/ao2\/wp-content\/uploads\/2018\/11\/QE2f9833Q6y4aR2d7H5CLA-e1543515126815-768x1024.jpg 768w, https:\/\/isupekuikui2.co.ao\/ao2\/wp-content\/uploads\/2018\/11\/QE2f9833Q6y4aR2d7H5CLA-e1543515126815-1125x1500.jpg 1125w, https:\/\/isupekuikui2.co.ao\/ao2\/wp-content\/uploads\/2018\/11\/QE2f9833Q6y4aR2d7H5CLA-e1543515126815-529x705.jpg 529w, https:\/\/isupekuikui2.co.ao\/ao2\/wp-content\/uploads\/2018\/11\/QE2f9833Q6y4aR2d7H5CLA-e1543515126815-450x600.jpg 450w\" href=\"(max-width: 773px) 100vw, 773px\" data-rel='gallery-3' data-prev-img='https:\/\/isupekuikui2.co.ao\/ao2\/wp-content\/uploads\/2018\/11\/QE2f9833Q6y4aR2d7H5CLA-e1543515126815-495x400.jpg' class='first_thumb lightbox ' data-onclick='1' title='QE2f9833Q6y4aR2d7H5CLA'  itemprop=\"thumbnailUrl\"  ><img class=\"wp-image-911 avia-img-lazy-loading-not-911\"   src=\"https:\/\/isupekuikui2.co.ao\/ao2\/wp-content\/uploads\/2018\/11\/QE2f9833Q6y4aR2d7H5CLA-e1543515126815-495x400.jpg\" width=\"495\" height=\"400\"  title='QE2f9833Q6y4aR2d7H5CLA' alt='' srcset=\"https:\/\/isupekuikui2.co.ao\/ao2\/wp-content\/uploads\/2018\/11\/QE2f9833Q6y4aR2d7H5CLA-e1543515126815-495x400.jpg 495w, https:\/\/isupekuikui2.co.ao\/ao2\/wp-content\/uploads\/2018\/11\/QE2f9833Q6y4aR2d7H5CLA-e1543515126815-845x684.jpg 845w\" sizes=\"(max-width: 495px) 100vw, 495px\" \/><\/a> <a href=\"https:\/\/isupekuikui2.co.ao\/ao2\/wp-content\/uploads\/2018\/11\/7Rb310OQ2SvzQyFuj25Rw-e1543515649775-773x1030.jpg\" href=\"773\" href=\"1030\" href=\"1\" href=\"https:\/\/isupekuikui2.co.ao\/ao2\/wp-content\/uploads\/2018\/11\/7Rb310OQ2SvzQyFuj25Rw-e1543515649775-773x1030.jpg 773w, https:\/\/isupekuikui2.co.ao\/ao2\/wp-content\/uploads\/2018\/11\/7Rb310OQ2SvzQyFuj25Rw-e1543515649775-225x300.jpg 225w, https:\/\/isupekuikui2.co.ao\/ao2\/wp-content\/uploads\/2018\/11\/7Rb310OQ2SvzQyFuj25Rw-e1543515649775-768x1024.jpg 768w, https:\/\/isupekuikui2.co.ao\/ao2\/wp-content\/uploads\/2018\/11\/7Rb310OQ2SvzQyFuj25Rw-e1543515649775-1125x1500.jpg 1125w, https:\/\/isupekuikui2.co.ao\/ao2\/wp-content\/uploads\/2018\/11\/7Rb310OQ2SvzQyFuj25Rw-e1543515649775-529x705.jpg 529w, https:\/\/isupekuikui2.co.ao\/ao2\/wp-content\/uploads\/2018\/11\/7Rb310OQ2SvzQyFuj25Rw-e1543515649775-450x600.jpg 450w\" href=\"(max-width: 773px) 100vw, 773px\" data-rel='gallery-3' data-prev-img='https:\/\/isupekuikui2.co.ao\/ao2\/wp-content\/uploads\/2018\/11\/7Rb310OQ2SvzQyFuj25Rw-e1543515649775-495x400.jpg' class='lightbox ' data-onclick='2' title='+7Rb310OQ2SvzQyFuj25Rw'  itemprop=\"thumbnailUrl\"  ><img class=\"wp-image-915 avia-img-lazy-loading-not-915\"   src=\"https:\/\/isupekuikui2.co.ao\/ao2\/wp-content\/uploads\/2018\/11\/7Rb310OQ2SvzQyFuj25Rw-e1543515649775-495x400.jpg\" width=\"495\" height=\"400\"  title='+7Rb310OQ2SvzQyFuj25Rw' alt='' srcset=\"https:\/\/isupekuikui2.co.ao\/ao2\/wp-content\/uploads\/2018\/11\/7Rb310OQ2SvzQyFuj25Rw-e1543515649775-495x400.jpg 495w, https:\/\/isupekuikui2.co.ao\/ao2\/wp-content\/uploads\/2018\/11\/7Rb310OQ2SvzQyFuj25Rw-e1543515649775-845x684.jpg 845w\" sizes=\"(max-width: 495px) 100vw, 495px\" \/><\/a> <a href=\"https:\/\/isupekuikui2.co.ao\/ao2\/wp-content\/uploads\/2018\/11\/djIYYOsMRIGWt2SSkBpJw-e1543515936648-773x1030.jpg\" href=\"773\" href=\"1030\" href=\"1\" href=\"https:\/\/isupekuikui2.co.ao\/ao2\/wp-content\/uploads\/2018\/11\/djIYYOsMRIGWt2SSkBpJw-e1543515936648-773x1030.jpg 773w, https:\/\/isupekuikui2.co.ao\/ao2\/wp-content\/uploads\/2018\/11\/djIYYOsMRIGWt2SSkBpJw-e1543515936648-225x300.jpg 225w, https:\/\/isupekuikui2.co.ao\/ao2\/wp-content\/uploads\/2018\/11\/djIYYOsMRIGWt2SSkBpJw-e1543515936648-768x1024.jpg 768w, https:\/\/isupekuikui2.co.ao\/ao2\/wp-content\/uploads\/2018\/11\/djIYYOsMRIGWt2SSkBpJw-e1543515936648-1125x1500.jpg 1125w, https:\/\/isupekuikui2.co.ao\/ao2\/wp-content\/uploads\/2018\/11\/djIYYOsMRIGWt2SSkBpJw-e1543515936648-529x705.jpg 529w, https:\/\/isupekuikui2.co.ao\/ao2\/wp-content\/uploads\/2018\/11\/djIYYOsMRIGWt2SSkBpJw-e1543515936648-450x600.jpg 450w\" href=\"(max-width: 773px) 100vw, 773px\" data-rel='gallery-3' data-prev-img='https:\/\/isupekuikui2.co.ao\/ao2\/wp-content\/uploads\/2018\/11\/djIYYOsMRIGWt2SSkBpJw-e1543515936648-495x400.jpg' class='lightbox ' data-onclick='3' title='djIYYOsMRIGW+t2SSkBpJw'  itemprop=\"thumbnailUrl\"  ><img class=\"wp-image-913 avia-img-lazy-loading-not-913\"   src=\"https:\/\/isupekuikui2.co.ao\/ao2\/wp-content\/uploads\/2018\/11\/djIYYOsMRIGWt2SSkBpJw-e1543515936648-495x400.jpg\" width=\"495\" height=\"400\"  title='djIYYOsMRIGW+t2SSkBpJw' alt='' srcset=\"https:\/\/isupekuikui2.co.ao\/ao2\/wp-content\/uploads\/2018\/11\/djIYYOsMRIGWt2SSkBpJw-e1543515936648-495x400.jpg 495w, https:\/\/isupekuikui2.co.ao\/ao2\/wp-content\/uploads\/2018\/11\/djIYYOsMRIGWt2SSkBpJw-e1543515936648-845x684.jpg 845w\" sizes=\"(max-width: 495px) 100vw, 495px\" \/><\/a> <a href=\"https:\/\/isupekuikui2.co.ao\/ao2\/wp-content\/uploads\/2018\/11\/xlAv4yCHQfG2SfwbMioDng-e1543516410666-773x1030.jpg\" href=\"773\" href=\"1030\" href=\"1\" href=\"https:\/\/isupekuikui2.co.ao\/ao2\/wp-content\/uploads\/2018\/11\/xlAv4yCHQfG2SfwbMioDng-e1543516410666-773x1030.jpg 773w, https:\/\/isupekuikui2.co.ao\/ao2\/wp-content\/uploads\/2018\/11\/xlAv4yCHQfG2SfwbMioDng-e1543516410666-225x300.jpg 225w, https:\/\/isupekuikui2.co.ao\/ao2\/wp-content\/uploads\/2018\/11\/xlAv4yCHQfG2SfwbMioDng-e1543516410666-768x1024.jpg 768w, https:\/\/isupekuikui2.co.ao\/ao2\/wp-content\/uploads\/2018\/11\/xlAv4yCHQfG2SfwbMioDng-e1543516410666-1125x1500.jpg 1125w, https:\/\/isupekuikui2.co.ao\/ao2\/wp-content\/uploads\/2018\/11\/xlAv4yCHQfG2SfwbMioDng-e1543516410666-529x705.jpg 529w, https:\/\/isupekuikui2.co.ao\/ao2\/wp-content\/uploads\/2018\/11\/xlAv4yCHQfG2SfwbMioDng-e1543516410666-450x600.jpg 450w\" href=\"(max-width: 773px) 100vw, 773px\" data-rel='gallery-3' data-prev-img='https:\/\/isupekuikui2.co.ao\/ao2\/wp-content\/uploads\/2018\/11\/xlAv4yCHQfG2SfwbMioDng-e1543516410666-495x400.jpg' class='lightbox ' data-onclick='4' title='xlAv4yCHQfG2SfwbMioDng'  itemprop=\"thumbnailUrl\"  ><img class=\"wp-image-916 avia-img-lazy-loading-not-916\"   src=\"https:\/\/isupekuikui2.co.ao\/ao2\/wp-content\/uploads\/2018\/11\/xlAv4yCHQfG2SfwbMioDng-e1543516410666-495x400.jpg\" width=\"495\" height=\"400\"  title='xlAv4yCHQfG2SfwbMioDng' alt='' srcset=\"https:\/\/isupekuikui2.co.ao\/ao2\/wp-content\/uploads\/2018\/11\/xlAv4yCHQfG2SfwbMioDng-e1543516410666-495x400.jpg 495w, https:\/\/isupekuikui2.co.ao\/ao2\/wp-content\/uploads\/2018\/11\/xlAv4yCHQfG2SfwbMioDng-e1543516410666-845x684.jpg 845w\" sizes=\"(max-width: 495px) 100vw, 495px\" \/><\/a><\/div><\/div><\/div><div  style='padding-bottom:20px; ' class='av-special-heading av-special-heading-h3  blockquote modern-quote  avia-builder-el-207  el_after_av_one_full  el_before_av_one_full  '><h3 class='av-special-heading-tag '  itemprop=\"headline\"  ><\/p>\n<p><center>VISITA ALUNOS LICEU CAT\u00d3LICO S\u00c3O DOMINGOS (CEPUC) AO ISUPE &#8211; EKUIKUI II<\/center><\/h3><div class='special-heading-border'><div class='special-heading-inner-border' ><\/div><\/div><\/div>\n<div class=\"flex_column av_one_full  flex_column_div first  avia-builder-el-208  el_after_av_heading  el_before_av_heading  \" ><div  class='avia-gallery  avia-gallery-4 avia_lazyload avia-gallery-animate avia_animate_when_visible  avia-builder-el-209  avia-builder-el-no-sibling '  itemprop=\"image\" itemscope=\"itemscope\" itemtype=\"https:\/\/schema.org\/ImageObject\" ><div class='avia-gallery-thumb'> <a href=\"https:\/\/isupekuikui2.co.ao\/ao2\/wp-content\/uploads\/2018\/11\/IMG_4872-1-1030x773.jpg\" href=\"1030\" href=\"773\" href=\"1\" href=\"https:\/\/isupekuikui2.co.ao\/ao2\/wp-content\/uploads\/2018\/11\/IMG_4872-1-1030x773.jpg 1030w, https:\/\/isupekuikui2.co.ao\/ao2\/wp-content\/uploads\/2018\/11\/IMG_4872-1-300x225.jpg 300w, https:\/\/isupekuikui2.co.ao\/ao2\/wp-content\/uploads\/2018\/11\/IMG_4872-1-768x576.jpg 768w, https:\/\/isupekuikui2.co.ao\/ao2\/wp-content\/uploads\/2018\/11\/IMG_4872-1-1500x1125.jpg 1500w, https:\/\/isupekuikui2.co.ao\/ao2\/wp-content\/uploads\/2018\/11\/IMG_4872-1-705x529.jpg 705w, https:\/\/isupekuikui2.co.ao\/ao2\/wp-content\/uploads\/2018\/11\/IMG_4872-1-450x338.jpg 450w\" href=\"(max-width: 1030px) 100vw, 1030px\" data-rel='gallery-4' data-prev-img='https:\/\/isupekuikui2.co.ao\/ao2\/wp-content\/uploads\/2018\/11\/IMG_4872-1-495x400.jpg' class='first_thumb lightbox ' data-onclick='1' title='IMG_4872'  itemprop=\"thumbnailUrl\"  ><img class=\"wp-image-699 avia-img-lazy-loading-not-699\"   src=\"https:\/\/isupekuikui2.co.ao\/ao2\/wp-content\/uploads\/2018\/11\/IMG_4872-1-495x400.jpg\" width=\"495\" height=\"400\"  title='IMG_4872' alt='' srcset=\"https:\/\/isupekuikui2.co.ao\/ao2\/wp-content\/uploads\/2018\/11\/IMG_4872-1-495x400.jpg 495w, https:\/\/isupekuikui2.co.ao\/ao2\/wp-content\/uploads\/2018\/11\/IMG_4872-1-845x684.jpg 845w\" sizes=\"(max-width: 495px) 100vw, 495px\" \/><\/a> <a href=\"https:\/\/isupekuikui2.co.ao\/ao2\/wp-content\/uploads\/2018\/11\/IMG_4832-1030x773.jpg\" href=\"1030\" href=\"773\" href=\"1\" href=\"https:\/\/isupekuikui2.co.ao\/ao2\/wp-content\/uploads\/2018\/11\/IMG_4832-1030x773.jpg 1030w, https:\/\/isupekuikui2.co.ao\/ao2\/wp-content\/uploads\/2018\/11\/IMG_4832-300x225.jpg 300w, https:\/\/isupekuikui2.co.ao\/ao2\/wp-content\/uploads\/2018\/11\/IMG_4832-768x576.jpg 768w, https:\/\/isupekuikui2.co.ao\/ao2\/wp-content\/uploads\/2018\/11\/IMG_4832-1500x1125.jpg 1500w, https:\/\/isupekuikui2.co.ao\/ao2\/wp-content\/uploads\/2018\/11\/IMG_4832-705x529.jpg 705w, https:\/\/isupekuikui2.co.ao\/ao2\/wp-content\/uploads\/2018\/11\/IMG_4832-450x338.jpg 450w\" href=\"(max-width: 1030px) 100vw, 1030px\" data-rel='gallery-4' data-prev-img='https:\/\/isupekuikui2.co.ao\/ao2\/wp-content\/uploads\/2018\/11\/IMG_4832-495x400.jpg' class='lightbox ' data-onclick='2' title='IMG_4832'  itemprop=\"thumbnailUrl\"  ><img class=\"wp-image-705 avia-img-lazy-loading-not-705\"   src=\"https:\/\/isupekuikui2.co.ao\/ao2\/wp-content\/uploads\/2018\/11\/IMG_4832-495x400.jpg\" width=\"495\" height=\"400\"  title='IMG_4832' alt='' srcset=\"https:\/\/isupekuikui2.co.ao\/ao2\/wp-content\/uploads\/2018\/11\/IMG_4832-495x400.jpg 495w, https:\/\/isupekuikui2.co.ao\/ao2\/wp-content\/uploads\/2018\/11\/IMG_4832-845x684.jpg 845w\" sizes=\"(max-width: 495px) 100vw, 495px\" \/><\/a> <a href=\"https:\/\/isupekuikui2.co.ao\/ao2\/wp-content\/uploads\/2018\/11\/IMG_4822-1030x773.jpg\" href=\"1030\" href=\"773\" href=\"1\" href=\"https:\/\/isupekuikui2.co.ao\/ao2\/wp-content\/uploads\/2018\/11\/IMG_4822-1030x773.jpg 1030w, https:\/\/isupekuikui2.co.ao\/ao2\/wp-content\/uploads\/2018\/11\/IMG_4822-300x225.jpg 300w, https:\/\/isupekuikui2.co.ao\/ao2\/wp-content\/uploads\/2018\/11\/IMG_4822-768x576.jpg 768w, https:\/\/isupekuikui2.co.ao\/ao2\/wp-content\/uploads\/2018\/11\/IMG_4822-1500x1125.jpg 1500w, https:\/\/isupekuikui2.co.ao\/ao2\/wp-content\/uploads\/2018\/11\/IMG_4822-705x529.jpg 705w, https:\/\/isupekuikui2.co.ao\/ao2\/wp-content\/uploads\/2018\/11\/IMG_4822-450x338.jpg 450w\" href=\"(max-width: 1030px) 100vw, 1030px\" data-rel='gallery-4' data-prev-img='https:\/\/isupekuikui2.co.ao\/ao2\/wp-content\/uploads\/2018\/11\/IMG_4822-495x400.jpg' class='lightbox ' data-onclick='3' title='IMG_4822'  itemprop=\"thumbnailUrl\"  ><img class=\"wp-image-706 avia-img-lazy-loading-not-706\"   src=\"https:\/\/isupekuikui2.co.ao\/ao2\/wp-content\/uploads\/2018\/11\/IMG_4822-495x400.jpg\" width=\"495\" height=\"400\"  title='IMG_4822' alt='' srcset=\"https:\/\/isupekuikui2.co.ao\/ao2\/wp-content\/uploads\/2018\/11\/IMG_4822-495x400.jpg 495w, https:\/\/isupekuikui2.co.ao\/ao2\/wp-content\/uploads\/2018\/11\/IMG_4822-845x684.jpg 845w\" sizes=\"(max-width: 495px) 100vw, 495px\" \/><\/a> <a href=\"https:\/\/isupekuikui2.co.ao\/ao2\/wp-content\/uploads\/2018\/11\/IMG_4799-1030x773.jpg\" href=\"1030\" href=\"773\" href=\"1\" href=\"https:\/\/isupekuikui2.co.ao\/ao2\/wp-content\/uploads\/2018\/11\/IMG_4799-1030x773.jpg 1030w, https:\/\/isupekuikui2.co.ao\/ao2\/wp-content\/uploads\/2018\/11\/IMG_4799-300x225.jpg 300w, https:\/\/isupekuikui2.co.ao\/ao2\/wp-content\/uploads\/2018\/11\/IMG_4799-768x576.jpg 768w, https:\/\/isupekuikui2.co.ao\/ao2\/wp-content\/uploads\/2018\/11\/IMG_4799-1500x1125.jpg 1500w, https:\/\/isupekuikui2.co.ao\/ao2\/wp-content\/uploads\/2018\/11\/IMG_4799-705x529.jpg 705w, https:\/\/isupekuikui2.co.ao\/ao2\/wp-content\/uploads\/2018\/11\/IMG_4799-450x338.jpg 450w\" href=\"(max-width: 1030px) 100vw, 1030px\" data-rel='gallery-4' data-prev-img='https:\/\/isupekuikui2.co.ao\/ao2\/wp-content\/uploads\/2018\/11\/IMG_4799-495x400.jpg' class='lightbox ' data-onclick='4' title='IMG_4799'  itemprop=\"thumbnailUrl\"  ><img class=\"wp-image-708 avia-img-lazy-loading-not-708\"   src=\"https:\/\/isupekuikui2.co.ao\/ao2\/wp-content\/uploads\/2018\/11\/IMG_4799-495x400.jpg\" width=\"495\" height=\"400\"  title='IMG_4799' alt='' srcset=\"https:\/\/isupekuikui2.co.ao\/ao2\/wp-content\/uploads\/2018\/11\/IMG_4799-495x400.jpg 495w, https:\/\/isupekuikui2.co.ao\/ao2\/wp-content\/uploads\/2018\/11\/IMG_4799-845x684.jpg 845w\" sizes=\"(max-width: 495px) 100vw, 495px\" \/><\/a> <a href=\"https:\/\/isupekuikui2.co.ao\/ao2\/wp-content\/uploads\/2018\/11\/IMG_4795-1030x773.jpg\" href=\"1030\" href=\"773\" href=\"1\" href=\"https:\/\/isupekuikui2.co.ao\/ao2\/wp-content\/uploads\/2018\/11\/IMG_4795-1030x773.jpg 1030w, https:\/\/isupekuikui2.co.ao\/ao2\/wp-content\/uploads\/2018\/11\/IMG_4795-300x225.jpg 300w, https:\/\/isupekuikui2.co.ao\/ao2\/wp-content\/uploads\/2018\/11\/IMG_4795-768x576.jpg 768w, https:\/\/isupekuikui2.co.ao\/ao2\/wp-content\/uploads\/2018\/11\/IMG_4795-1500x1125.jpg 1500w, https:\/\/isupekuikui2.co.ao\/ao2\/wp-content\/uploads\/2018\/11\/IMG_4795-705x529.jpg 705w, https:\/\/isupekuikui2.co.ao\/ao2\/wp-content\/uploads\/2018\/11\/IMG_4795-450x338.jpg 450w\" href=\"(max-width: 1030px) 100vw, 1030px\" data-rel='gallery-4' data-prev-img='https:\/\/isupekuikui2.co.ao\/ao2\/wp-content\/uploads\/2018\/11\/IMG_4795-495x400.jpg' class='lightbox ' data-onclick='5' title='IMG_4795'  itemprop=\"thumbnailUrl\"  ><img class=\"wp-image-709 avia-img-lazy-loading-not-709\"   src=\"https:\/\/isupekuikui2.co.ao\/ao2\/wp-content\/uploads\/2018\/11\/IMG_4795-495x400.jpg\" width=\"495\" height=\"400\"  title='IMG_4795' alt='' srcset=\"https:\/\/isupekuikui2.co.ao\/ao2\/wp-content\/uploads\/2018\/11\/IMG_4795-495x400.jpg 495w, https:\/\/isupekuikui2.co.ao\/ao2\/wp-content\/uploads\/2018\/11\/IMG_4795-845x684.jpg 845w\" sizes=\"(max-width: 495px) 100vw, 495px\" \/><\/a><\/div><\/div><\/div><div  style='padding-bottom:20px; ' class='av-special-heading av-special-heading-h3  blockquote modern-quote modern-centered  avia-builder-el-210  el_after_av_one_full  el_before_av_one_full  '><h3 class='av-special-heading-tag '  itemprop=\"headline\"  >FINAL CAMPEONATO <span class='special_amp'>&#8220;<\/span>FUTSAL-ISUPEKUIKUI II<span class='special_amp'>&#8221;<\/span> INTER-TURMAS (PROMO\u00c7\u00c3O ASSOCIA\u00c7\u00c3O ACAD\u00c9MICA)<\/h3><div class='special-heading-border'><div class='special-heading-inner-border' ><\/div><\/div><\/div>\n<div class=\"flex_column av_one_full  flex_column_div first  avia-builder-el-211  el_after_av_heading  el_before_av_heading  \" ><div  class='avia-gallery  avia-gallery-5 avia_lazyload avia-gallery-animate avia_animate_when_visible  avia-builder-el-212  avia-builder-el-no-sibling '  itemprop=\"image\" itemscope=\"itemscope\" itemtype=\"https:\/\/schema.org\/ImageObject\" ><div class='avia-gallery-thumb'> <a href=\"https:\/\/isupekuikui2.co.ao\/ao2\/wp-content\/uploads\/2018\/11\/20181111_172432-1030x579.jpg\" href=\"1030\" href=\"579\" href=\"1\" href=\"https:\/\/isupekuikui2.co.ao\/ao2\/wp-content\/uploads\/2018\/11\/20181111_172432-1030x579.jpg 1030w, https:\/\/isupekuikui2.co.ao\/ao2\/wp-content\/uploads\/2018\/11\/20181111_172432-300x169.jpg 300w, https:\/\/isupekuikui2.co.ao\/ao2\/wp-content\/uploads\/2018\/11\/20181111_172432-768x432.jpg 768w, https:\/\/isupekuikui2.co.ao\/ao2\/wp-content\/uploads\/2018\/11\/20181111_172432-1500x844.jpg 1500w, https:\/\/isupekuikui2.co.ao\/ao2\/wp-content\/uploads\/2018\/11\/20181111_172432-705x397.jpg 705w, https:\/\/isupekuikui2.co.ao\/ao2\/wp-content\/uploads\/2018\/11\/20181111_172432-450x253.jpg 450w\" href=\"(max-width: 1030px) 100vw, 1030px\" data-rel='gallery-5' data-prev-img='https:\/\/isupekuikui2.co.ao\/ao2\/wp-content\/uploads\/2018\/11\/20181111_172432-495x400.jpg' class='first_thumb lightbox ' data-onclick='1' title='20181111_172432'  itemprop=\"thumbnailUrl\"  ><img class=\"wp-image-858 avia-img-lazy-loading-not-858\"   src=\"https:\/\/isupekuikui2.co.ao\/ao2\/wp-content\/uploads\/2018\/11\/20181111_172432-495x400.jpg\" width=\"495\" height=\"400\"  title='20181111_172432' alt='' srcset=\"https:\/\/isupekuikui2.co.ao\/ao2\/wp-content\/uploads\/2018\/11\/20181111_172432-495x400.jpg 495w, https:\/\/isupekuikui2.co.ao\/ao2\/wp-content\/uploads\/2018\/11\/20181111_172432-845x684.jpg 845w\" sizes=\"(max-width: 495px) 100vw, 495px\" \/><\/a> <a href=\"https:\/\/isupekuikui2.co.ao\/ao2\/wp-content\/uploads\/2018\/11\/20181111_153524-1030x579.jpg\" href=\"1030\" href=\"579\" href=\"1\" href=\"https:\/\/isupekuikui2.co.ao\/ao2\/wp-content\/uploads\/2018\/11\/20181111_153524-1030x579.jpg 1030w, https:\/\/isupekuikui2.co.ao\/ao2\/wp-content\/uploads\/2018\/11\/20181111_153524-300x169.jpg 300w, https:\/\/isupekuikui2.co.ao\/ao2\/wp-content\/uploads\/2018\/11\/20181111_153524-768x432.jpg 768w, https:\/\/isupekuikui2.co.ao\/ao2\/wp-content\/uploads\/2018\/11\/20181111_153524-1500x844.jpg 1500w, https:\/\/isupekuikui2.co.ao\/ao2\/wp-content\/uploads\/2018\/11\/20181111_153524-705x397.jpg 705w, https:\/\/isupekuikui2.co.ao\/ao2\/wp-content\/uploads\/2018\/11\/20181111_153524-450x253.jpg 450w\" href=\"(max-width: 1030px) 100vw, 1030px\" data-rel='gallery-5' data-prev-img='https:\/\/isupekuikui2.co.ao\/ao2\/wp-content\/uploads\/2018\/11\/20181111_153524-495x400.jpg' class='lightbox ' data-onclick='2' title='20181111_153524'  itemprop=\"thumbnailUrl\"  ><img class=\"wp-image-853 avia-img-lazy-loading-not-853\"   src=\"https:\/\/isupekuikui2.co.ao\/ao2\/wp-content\/uploads\/2018\/11\/20181111_153524-495x400.jpg\" width=\"495\" height=\"400\"  title='20181111_153524' alt='' srcset=\"https:\/\/isupekuikui2.co.ao\/ao2\/wp-content\/uploads\/2018\/11\/20181111_153524-495x400.jpg 495w, https:\/\/isupekuikui2.co.ao\/ao2\/wp-content\/uploads\/2018\/11\/20181111_153524-845x684.jpg 845w\" sizes=\"(max-width: 495px) 100vw, 495px\" \/><\/a> <a href=\"https:\/\/isupekuikui2.co.ao\/ao2\/wp-content\/uploads\/2018\/11\/20181111_154529-1030x579.jpg\" href=\"1030\" href=\"579\" href=\"1\" href=\"https:\/\/isupekuikui2.co.ao\/ao2\/wp-content\/uploads\/2018\/11\/20181111_154529-1030x579.jpg 1030w, https:\/\/isupekuikui2.co.ao\/ao2\/wp-content\/uploads\/2018\/11\/20181111_154529-300x169.jpg 300w, https:\/\/isupekuikui2.co.ao\/ao2\/wp-content\/uploads\/2018\/11\/20181111_154529-768x432.jpg 768w, https:\/\/isupekuikui2.co.ao\/ao2\/wp-content\/uploads\/2018\/11\/20181111_154529-1500x844.jpg 1500w, https:\/\/isupekuikui2.co.ao\/ao2\/wp-content\/uploads\/2018\/11\/20181111_154529-705x397.jpg 705w, https:\/\/isupekuikui2.co.ao\/ao2\/wp-content\/uploads\/2018\/11\/20181111_154529-450x253.jpg 450w\" href=\"(max-width: 1030px) 100vw, 1030px\" data-rel='gallery-5' data-prev-img='https:\/\/isupekuikui2.co.ao\/ao2\/wp-content\/uploads\/2018\/11\/20181111_154529-495x400.jpg' class='lightbox ' data-onclick='3' title='20181111_154529'  itemprop=\"thumbnailUrl\"  ><img class=\"wp-image-854 avia-img-lazy-loading-not-854\"   src=\"https:\/\/isupekuikui2.co.ao\/ao2\/wp-content\/uploads\/2018\/11\/20181111_154529-495x400.jpg\" width=\"495\" height=\"400\"  title='20181111_154529' alt='' srcset=\"https:\/\/isupekuikui2.co.ao\/ao2\/wp-content\/uploads\/2018\/11\/20181111_154529-495x400.jpg 495w, https:\/\/isupekuikui2.co.ao\/ao2\/wp-content\/uploads\/2018\/11\/20181111_154529-845x684.jpg 845w\" sizes=\"(max-width: 495px) 100vw, 495px\" \/><\/a> <a href=\"https:\/\/isupekuikui2.co.ao\/ao2\/wp-content\/uploads\/2018\/11\/20181111_155215-1030x579.jpg\" href=\"1030\" href=\"579\" href=\"1\" href=\"https:\/\/isupekuikui2.co.ao\/ao2\/wp-content\/uploads\/2018\/11\/20181111_155215-1030x579.jpg 1030w, https:\/\/isupekuikui2.co.ao\/ao2\/wp-content\/uploads\/2018\/11\/20181111_155215-300x169.jpg 300w, https:\/\/isupekuikui2.co.ao\/ao2\/wp-content\/uploads\/2018\/11\/20181111_155215-768x432.jpg 768w, https:\/\/isupekuikui2.co.ao\/ao2\/wp-content\/uploads\/2018\/11\/20181111_155215-1500x844.jpg 1500w, https:\/\/isupekuikui2.co.ao\/ao2\/wp-content\/uploads\/2018\/11\/20181111_155215-705x397.jpg 705w, https:\/\/isupekuikui2.co.ao\/ao2\/wp-content\/uploads\/2018\/11\/20181111_155215-450x253.jpg 450w\" href=\"(max-width: 1030px) 100vw, 1030px\" data-rel='gallery-5' data-prev-img='https:\/\/isupekuikui2.co.ao\/ao2\/wp-content\/uploads\/2018\/11\/20181111_155215-495x400.jpg' class='lightbox ' data-onclick='4' title='20181111_155215'  itemprop=\"thumbnailUrl\"  ><img class=\"wp-image-855 avia-img-lazy-loading-not-855\"   src=\"https:\/\/isupekuikui2.co.ao\/ao2\/wp-content\/uploads\/2018\/11\/20181111_155215-495x400.jpg\" width=\"495\" height=\"400\"  title='20181111_155215' alt='' srcset=\"https:\/\/isupekuikui2.co.ao\/ao2\/wp-content\/uploads\/2018\/11\/20181111_155215-495x400.jpg 495w, https:\/\/isupekuikui2.co.ao\/ao2\/wp-content\/uploads\/2018\/11\/20181111_155215-845x684.jpg 845w\" sizes=\"(max-width: 495px) 100vw, 495px\" \/><\/a> <a href=\"https:\/\/isupekuikui2.co.ao\/ao2\/wp-content\/uploads\/2018\/11\/20181111_171516-1030x579.jpg\" href=\"1030\" href=\"579\" href=\"1\" href=\"https:\/\/isupekuikui2.co.ao\/ao2\/wp-content\/uploads\/2018\/11\/20181111_171516-1030x579.jpg 1030w, https:\/\/isupekuikui2.co.ao\/ao2\/wp-content\/uploads\/2018\/11\/20181111_171516-300x169.jpg 300w, https:\/\/isupekuikui2.co.ao\/ao2\/wp-content\/uploads\/2018\/11\/20181111_171516-768x432.jpg 768w, https:\/\/isupekuikui2.co.ao\/ao2\/wp-content\/uploads\/2018\/11\/20181111_171516-1500x844.jpg 1500w, https:\/\/isupekuikui2.co.ao\/ao2\/wp-content\/uploads\/2018\/11\/20181111_171516-705x397.jpg 705w, https:\/\/isupekuikui2.co.ao\/ao2\/wp-content\/uploads\/2018\/11\/20181111_171516-450x253.jpg 450w\" href=\"(max-width: 1030px) 100vw, 1030px\" data-rel='gallery-5' data-prev-img='https:\/\/isupekuikui2.co.ao\/ao2\/wp-content\/uploads\/2018\/11\/20181111_171516-495x400.jpg' class='lightbox ' data-onclick='5' title='20181111_171516'  itemprop=\"thumbnailUrl\"  ><img class=\"wp-image-857 avia-img-lazy-loading-not-857\"   src=\"https:\/\/isupekuikui2.co.ao\/ao2\/wp-content\/uploads\/2018\/11\/20181111_171516-495x400.jpg\" width=\"495\" height=\"400\"  title='20181111_171516' alt='' srcset=\"https:\/\/isupekuikui2.co.ao\/ao2\/wp-content\/uploads\/2018\/11\/20181111_171516-495x400.jpg 495w, https:\/\/isupekuikui2.co.ao\/ao2\/wp-content\/uploads\/2018\/11\/20181111_171516-845x684.jpg 845w\" sizes=\"(max-width: 495px) 100vw, 495px\" \/><\/a> <a href=\"https:\/\/isupekuikui2.co.ao\/ao2\/wp-content\/uploads\/2018\/11\/20181111_172519-e1542193836972-579x1030.jpg\" href=\"579\" href=\"1030\" href=\"1\" href=\"https:\/\/isupekuikui2.co.ao\/ao2\/wp-content\/uploads\/2018\/11\/20181111_172519-e1542193836972-579x1030.jpg 579w, https:\/\/isupekuikui2.co.ao\/ao2\/wp-content\/uploads\/2018\/11\/20181111_172519-e1542193836972-169x300.jpg 169w, https:\/\/isupekuikui2.co.ao\/ao2\/wp-content\/uploads\/2018\/11\/20181111_172519-e1542193836972-768x1365.jpg 768w, https:\/\/isupekuikui2.co.ao\/ao2\/wp-content\/uploads\/2018\/11\/20181111_172519-e1542193836972-844x1500.jpg 844w, https:\/\/isupekuikui2.co.ao\/ao2\/wp-content\/uploads\/2018\/11\/20181111_172519-e1542193836972-397x705.jpg 397w, https:\/\/isupekuikui2.co.ao\/ao2\/wp-content\/uploads\/2018\/11\/20181111_172519-e1542193836972-450x800.jpg 450w\" href=\"(max-width: 579px) 100vw, 579px\" data-rel='gallery-5' data-prev-img='https:\/\/isupekuikui2.co.ao\/ao2\/wp-content\/uploads\/2018\/11\/20181111_172519-e1542193836972-495x400.jpg' class='first_thumb lightbox ' data-onclick='6' title='20181111_172519'  itemprop=\"thumbnailUrl\"  ><img class=\"wp-image-859 avia-img-lazy-loading-not-859\"   src=\"https:\/\/isupekuikui2.co.ao\/ao2\/wp-content\/uploads\/2018\/11\/20181111_172519-e1542193836972-495x400.jpg\" width=\"495\" height=\"400\"  title='20181111_172519' alt='' srcset=\"https:\/\/isupekuikui2.co.ao\/ao2\/wp-content\/uploads\/2018\/11\/20181111_172519-e1542193836972-495x400.jpg 495w, https:\/\/isupekuikui2.co.ao\/ao2\/wp-content\/uploads\/2018\/11\/20181111_172519-e1542193836972-845x684.jpg 845w\" sizes=\"(max-width: 495px) 100vw, 495px\" \/><\/a> <a href=\"https:\/\/isupekuikui2.co.ao\/ao2\/wp-content\/uploads\/2018\/11\/20181111_172627-e1542194408991-579x1030.jpg\" href=\"579\" href=\"1030\" href=\"1\" href=\"https:\/\/isupekuikui2.co.ao\/ao2\/wp-content\/uploads\/2018\/11\/20181111_172627-e1542194408991-579x1030.jpg 579w, https:\/\/isupekuikui2.co.ao\/ao2\/wp-content\/uploads\/2018\/11\/20181111_172627-e1542194408991-169x300.jpg 169w, https:\/\/isupekuikui2.co.ao\/ao2\/wp-content\/uploads\/2018\/11\/20181111_172627-e1542194408991-768x1365.jpg 768w, https:\/\/isupekuikui2.co.ao\/ao2\/wp-content\/uploads\/2018\/11\/20181111_172627-e1542194408991-844x1500.jpg 844w, https:\/\/isupekuikui2.co.ao\/ao2\/wp-content\/uploads\/2018\/11\/20181111_172627-e1542194408991-397x705.jpg 397w, https:\/\/isupekuikui2.co.ao\/ao2\/wp-content\/uploads\/2018\/11\/20181111_172627-e1542194408991-450x800.jpg 450w\" href=\"(max-width: 579px) 100vw, 579px\" data-rel='gallery-5' data-prev-img='https:\/\/isupekuikui2.co.ao\/ao2\/wp-content\/uploads\/2018\/11\/20181111_172627-e1542194408991-495x400.jpg' class='lightbox ' data-onclick='7' title='20181111_172627'  itemprop=\"thumbnailUrl\"  ><img class=\"wp-image-862 avia-img-lazy-loading-not-862\"   src=\"https:\/\/isupekuikui2.co.ao\/ao2\/wp-content\/uploads\/2018\/11\/20181111_172627-e1542194408991-495x400.jpg\" width=\"495\" height=\"400\"  title='20181111_172627' alt='' srcset=\"https:\/\/isupekuikui2.co.ao\/ao2\/wp-content\/uploads\/2018\/11\/20181111_172627-e1542194408991-495x400.jpg 495w, https:\/\/isupekuikui2.co.ao\/ao2\/wp-content\/uploads\/2018\/11\/20181111_172627-e1542194408991-845x684.jpg 845w\" sizes=\"(max-width: 495px) 100vw, 495px\" \/><\/a> <a href=\"https:\/\/isupekuikui2.co.ao\/ao2\/wp-content\/uploads\/2018\/11\/20181111_173420-e1542194619766-579x1030.jpg\" href=\"579\" href=\"1030\" href=\"1\" href=\"https:\/\/isupekuikui2.co.ao\/ao2\/wp-content\/uploads\/2018\/11\/20181111_173420-e1542194619766-579x1030.jpg 579w, https:\/\/isupekuikui2.co.ao\/ao2\/wp-content\/uploads\/2018\/11\/20181111_173420-e1542194619766-169x300.jpg 169w, https:\/\/isupekuikui2.co.ao\/ao2\/wp-content\/uploads\/2018\/11\/20181111_173420-e1542194619766-768x1365.jpg 768w, https:\/\/isupekuikui2.co.ao\/ao2\/wp-content\/uploads\/2018\/11\/20181111_173420-e1542194619766-844x1500.jpg 844w, https:\/\/isupekuikui2.co.ao\/ao2\/wp-content\/uploads\/2018\/11\/20181111_173420-e1542194619766-397x705.jpg 397w, https:\/\/isupekuikui2.co.ao\/ao2\/wp-content\/uploads\/2018\/11\/20181111_173420-e1542194619766-450x800.jpg 450w\" href=\"(max-width: 579px) 100vw, 579px\" data-rel='gallery-5' data-prev-img='https:\/\/isupekuikui2.co.ao\/ao2\/wp-content\/uploads\/2018\/11\/20181111_173420-e1542194619766-495x400.jpg' class='lightbox ' data-onclick='8' title='20181111_173420'  itemprop=\"thumbnailUrl\"  ><img class=\"wp-image-863 avia-img-lazy-loading-not-863\"   src=\"https:\/\/isupekuikui2.co.ao\/ao2\/wp-content\/uploads\/2018\/11\/20181111_173420-e1542194619766-495x400.jpg\" width=\"495\" height=\"400\"  title='20181111_173420' alt='' srcset=\"https:\/\/isupekuikui2.co.ao\/ao2\/wp-content\/uploads\/2018\/11\/20181111_173420-e1542194619766-495x400.jpg 495w, https:\/\/isupekuikui2.co.ao\/ao2\/wp-content\/uploads\/2018\/11\/20181111_173420-e1542194619766-845x684.jpg 845w\" sizes=\"(max-width: 495px) 100vw, 495px\" \/><\/a> <a href=\"https:\/\/isupekuikui2.co.ao\/ao2\/wp-content\/uploads\/2018\/11\/20181111_173445-e1542203795659-579x1030.jpg\" href=\"579\" href=\"1030\" href=\"1\" href=\"https:\/\/isupekuikui2.co.ao\/ao2\/wp-content\/uploads\/2018\/11\/20181111_173445-e1542203795659-579x1030.jpg 579w, https:\/\/isupekuikui2.co.ao\/ao2\/wp-content\/uploads\/2018\/11\/20181111_173445-e1542203795659-169x300.jpg 169w, https:\/\/isupekuikui2.co.ao\/ao2\/wp-content\/uploads\/2018\/11\/20181111_173445-e1542203795659-768x1365.jpg 768w, https:\/\/isupekuikui2.co.ao\/ao2\/wp-content\/uploads\/2018\/11\/20181111_173445-e1542203795659-844x1500.jpg 844w, https:\/\/isupekuikui2.co.ao\/ao2\/wp-content\/uploads\/2018\/11\/20181111_173445-e1542203795659-397x705.jpg 397w, https:\/\/isupekuikui2.co.ao\/ao2\/wp-content\/uploads\/2018\/11\/20181111_173445-e1542203795659-450x800.jpg 450w\" href=\"(max-width: 579px) 100vw, 579px\" data-rel='gallery-5' data-prev-img='https:\/\/isupekuikui2.co.ao\/ao2\/wp-content\/uploads\/2018\/11\/20181111_173445-e1542203795659-495x400.jpg' class='lightbox ' data-onclick='9' title='20181111_173445'  itemprop=\"thumbnailUrl\"  ><img class=\"wp-image-864 avia-img-lazy-loading-not-864\"   src=\"https:\/\/isupekuikui2.co.ao\/ao2\/wp-content\/uploads\/2018\/11\/20181111_173445-e1542203795659-495x400.jpg\" width=\"495\" height=\"400\"  title='20181111_173445' alt='' srcset=\"https:\/\/isupekuikui2.co.ao\/ao2\/wp-content\/uploads\/2018\/11\/20181111_173445-e1542203795659-495x400.jpg 495w, https:\/\/isupekuikui2.co.ao\/ao2\/wp-content\/uploads\/2018\/11\/20181111_173445-e1542203795659-845x684.jpg 845w\" sizes=\"(max-width: 495px) 100vw, 495px\" \/><\/a><\/div><\/div><\/div><div  style='padding-bottom:20px; ' class='av-special-heading av-special-heading-h3  blockquote modern-quote modern-centered  avia-builder-el-213  el_after_av_one_full  el_before_av_gallery  '><h3 class='av-special-heading-tag '  itemprop=\"headline\"  >QUADROS HONRA DOS MELHORES ALUNOS DO ISUPEKUIKUI II &#8211; 2017 E 2018<\/h3><div class='special-heading-border'><div class='special-heading-inner-border' ><\/div><\/div><\/div>\n<div  class='avia-gallery  avia-gallery-6 avia_lazyload avia-gallery-animate avia_animate_when_visible  avia-builder-el-214  el_after_av_heading  el_before_av_one_full '  itemprop=\"image\" itemscope=\"itemscope\" itemtype=\"https:\/\/schema.org\/ImageObject\" ><div class='avia-gallery-thumb'> <a href=\"https:\/\/isupekuikui2.co.ao\/ao2\/wp-content\/uploads\/2018\/11\/2m6nCSv8RHGRRhvJWbEQdg-e1542215943416-773x1030.jpg\" href=\"773\" href=\"1030\" href=\"1\" href=\"https:\/\/isupekuikui2.co.ao\/ao2\/wp-content\/uploads\/2018\/11\/2m6nCSv8RHGRRhvJWbEQdg-e1542215943416-773x1030.jpg 773w, https:\/\/isupekuikui2.co.ao\/ao2\/wp-content\/uploads\/2018\/11\/2m6nCSv8RHGRRhvJWbEQdg-e1542215943416-225x300.jpg 225w, https:\/\/isupekuikui2.co.ao\/ao2\/wp-content\/uploads\/2018\/11\/2m6nCSv8RHGRRhvJWbEQdg-e1542215943416-768x1024.jpg 768w, https:\/\/isupekuikui2.co.ao\/ao2\/wp-content\/uploads\/2018\/11\/2m6nCSv8RHGRRhvJWbEQdg-e1542215943416-1125x1500.jpg 1125w, https:\/\/isupekuikui2.co.ao\/ao2\/wp-content\/uploads\/2018\/11\/2m6nCSv8RHGRRhvJWbEQdg-e1542215943416-529x705.jpg 529w, https:\/\/isupekuikui2.co.ao\/ao2\/wp-content\/uploads\/2018\/11\/2m6nCSv8RHGRRhvJWbEQdg-e1542215943416-450x600.jpg 450w\" href=\"(max-width: 773px) 100vw, 773px\" data-rel='gallery-6' data-prev-img='https:\/\/isupekuikui2.co.ao\/ao2\/wp-content\/uploads\/2018\/11\/2m6nCSv8RHGRRhvJWbEQdg-e1542215943416-495x400.jpg' class='first_thumb lightbox ' data-onclick='1' title='2m6nCSv8RHGRRhvJWbEQdg'  itemprop=\"thumbnailUrl\"  ><img class=\"wp-image-869 avia-img-lazy-loading-not-869\"   src=\"https:\/\/isupekuikui2.co.ao\/ao2\/wp-content\/uploads\/2018\/11\/2m6nCSv8RHGRRhvJWbEQdg-e1542215943416-495x400.jpg\" width=\"495\" height=\"400\"  title='2m6nCSv8RHGRRhvJWbEQdg' alt='' srcset=\"https:\/\/isupekuikui2.co.ao\/ao2\/wp-content\/uploads\/2018\/11\/2m6nCSv8RHGRRhvJWbEQdg-e1542215943416-495x400.jpg 495w, https:\/\/isupekuikui2.co.ao\/ao2\/wp-content\/uploads\/2018\/11\/2m6nCSv8RHGRRhvJWbEQdg-e1542215943416-845x684.jpg 845w\" sizes=\"(max-width: 495px) 100vw, 495px\" \/><\/a> <a href=\"https:\/\/isupekuikui2.co.ao\/ao2\/wp-content\/uploads\/2019\/03\/IMG_0985-773x1030.jpeg\" href=\"773\" href=\"1030\" href=\"1\" href=\"https:\/\/isupekuikui2.co.ao\/ao2\/wp-content\/uploads\/2019\/03\/IMG_0985-773x1030.jpeg 773w, https:\/\/isupekuikui2.co.ao\/ao2\/wp-content\/uploads\/2019\/03\/IMG_0985-225x300.jpeg 225w, https:\/\/isupekuikui2.co.ao\/ao2\/wp-content\/uploads\/2019\/03\/IMG_0985-768x1024.jpeg 768w, https:\/\/isupekuikui2.co.ao\/ao2\/wp-content\/uploads\/2019\/03\/IMG_0985-1125x1500.jpeg 1125w, https:\/\/isupekuikui2.co.ao\/ao2\/wp-content\/uploads\/2019\/03\/IMG_0985-529x705.jpeg 529w, https:\/\/isupekuikui2.co.ao\/ao2\/wp-content\/uploads\/2019\/03\/IMG_0985-450x600.jpeg 450w\" href=\"(max-width: 773px) 100vw, 773px\" data-rel='gallery-6' data-prev-img='https:\/\/isupekuikui2.co.ao\/ao2\/wp-content\/uploads\/2019\/03\/IMG_0985-495x400.jpeg' class='lightbox ' data-onclick='2' title='IMG_0985'  itemprop=\"thumbnailUrl\"  ><img class=\"wp-image-959 avia-img-lazy-loading-not-959\"   src=\"https:\/\/isupekuikui2.co.ao\/ao2\/wp-content\/uploads\/2019\/03\/IMG_0985-495x400.jpeg\" width=\"495\" height=\"400\"  title='IMG_0985' alt='' srcset=\"https:\/\/isupekuikui2.co.ao\/ao2\/wp-content\/uploads\/2019\/03\/IMG_0985-495x400.jpeg 495w, https:\/\/isupekuikui2.co.ao\/ao2\/wp-content\/uploads\/2019\/03\/IMG_0985-845x684.jpeg 845w\" sizes=\"(max-width: 495px) 100vw, 495px\" \/><\/a><\/div><\/div>\n<div class=\"flex_column av_one_full  flex_column_div av-zero-column-padding first  avia-builder-el-215  el_after_av_gallery  el_before_av_heading  \" style='border-radius:0px; '><\/div><div  style='padding-bottom:20px; ' class='av-special-heading av-special-heading-h3  blockquote modern-quote modern-centered  avia-builder-el-216  el_after_av_one_full  el_before_av_one_full  '><h3 class='av-special-heading-tag '  itemprop=\"headline\"  >SESS\u00c3O SOLENE ENTREGA DIPLOMAS LICENCIADOS &#8211; 2017<\/h3><div class='special-heading-border'><div class='special-heading-inner-border' ><\/div><\/div><\/div>\n<div class=\"flex_column av_one_full  flex_column_div av-zero-column-padding first  avia-builder-el-217  el_after_av_heading  el_before_av_hr  \" style='border-radius:0px; '><div  class='avia-gallery  avia-gallery-7 avia_lazyload avia-gallery-animate avia_animate_when_visible  avia-builder-el-218  avia-builder-el-no-sibling '  itemprop=\"image\" itemscope=\"itemscope\" itemtype=\"https:\/\/schema.org\/ImageObject\" ><div class='avia-gallery-thumb'> <a href=\"https:\/\/isupekuikui2.co.ao\/ao2\/wp-content\/uploads\/2018\/11\/DSC_6926-1-1030x690.jpg\" href=\"1030\" href=\"690\" href=\"1\" href=\"https:\/\/isupekuikui2.co.ao\/ao2\/wp-content\/uploads\/2018\/11\/DSC_6926-1-1030x690.jpg 1030w, https:\/\/isupekuikui2.co.ao\/ao2\/wp-content\/uploads\/2018\/11\/DSC_6926-1-300x201.jpg 300w, https:\/\/isupekuikui2.co.ao\/ao2\/wp-content\/uploads\/2018\/11\/DSC_6926-1-768x514.jpg 768w, https:\/\/isupekuikui2.co.ao\/ao2\/wp-content\/uploads\/2018\/11\/DSC_6926-1-1500x1004.jpg 1500w, https:\/\/isupekuikui2.co.ao\/ao2\/wp-content\/uploads\/2018\/11\/DSC_6926-1-705x472.jpg 705w, https:\/\/isupekuikui2.co.ao\/ao2\/wp-content\/uploads\/2018\/11\/DSC_6926-1-450x301.jpg 450w\" href=\"(max-width: 1030px) 100vw, 1030px\" data-rel='gallery-7' data-prev-img='https:\/\/isupekuikui2.co.ao\/ao2\/wp-content\/uploads\/2018\/11\/DSC_6926-1-495x400.jpg' class='first_thumb lightbox ' data-onclick='1' title='DSC_6926'  itemprop=\"thumbnailUrl\"  ><img class=\"wp-image-725 avia-img-lazy-loading-not-725\"   src=\"https:\/\/isupekuikui2.co.ao\/ao2\/wp-content\/uploads\/2018\/11\/DSC_6926-1-495x400.jpg\" width=\"495\" height=\"400\"  title='DSC_6926' alt='' srcset=\"https:\/\/isupekuikui2.co.ao\/ao2\/wp-content\/uploads\/2018\/11\/DSC_6926-1-495x400.jpg 495w, https:\/\/isupekuikui2.co.ao\/ao2\/wp-content\/uploads\/2018\/11\/DSC_6926-1-845x684.jpg 845w\" sizes=\"(max-width: 495px) 100vw, 495px\" \/><\/a> <a href=\"https:\/\/isupekuikui2.co.ao\/ao2\/wp-content\/uploads\/2018\/11\/DSC_6914-1-1030x690.jpg\" href=\"1030\" href=\"690\" href=\"1\" href=\"https:\/\/isupekuikui2.co.ao\/ao2\/wp-content\/uploads\/2018\/11\/DSC_6914-1-1030x690.jpg 1030w, https:\/\/isupekuikui2.co.ao\/ao2\/wp-content\/uploads\/2018\/11\/DSC_6914-1-300x201.jpg 300w, https:\/\/isupekuikui2.co.ao\/ao2\/wp-content\/uploads\/2018\/11\/DSC_6914-1-768x514.jpg 768w, https:\/\/isupekuikui2.co.ao\/ao2\/wp-content\/uploads\/2018\/11\/DSC_6914-1-1500x1004.jpg 1500w, https:\/\/isupekuikui2.co.ao\/ao2\/wp-content\/uploads\/2018\/11\/DSC_6914-1-705x472.jpg 705w, https:\/\/isupekuikui2.co.ao\/ao2\/wp-content\/uploads\/2018\/11\/DSC_6914-1-450x301.jpg 450w\" href=\"(max-width: 1030px) 100vw, 1030px\" data-rel='gallery-7' data-prev-img='https:\/\/isupekuikui2.co.ao\/ao2\/wp-content\/uploads\/2018\/11\/DSC_6914-1-495x400.jpg' class='lightbox ' data-onclick='2' title='DSC_6914'  itemprop=\"thumbnailUrl\"  ><img class=\"wp-image-726 avia-img-lazy-loading-not-726\"   src=\"https:\/\/isupekuikui2.co.ao\/ao2\/wp-content\/uploads\/2018\/11\/DSC_6914-1-495x400.jpg\" width=\"495\" height=\"400\"  title='DSC_6914' alt='' srcset=\"https:\/\/isupekuikui2.co.ao\/ao2\/wp-content\/uploads\/2018\/11\/DSC_6914-1-495x400.jpg 495w, https:\/\/isupekuikui2.co.ao\/ao2\/wp-content\/uploads\/2018\/11\/DSC_6914-1-845x684.jpg 845w\" sizes=\"(max-width: 495px) 100vw, 495px\" \/><\/a> <a href=\"https:\/\/isupekuikui2.co.ao\/ao2\/wp-content\/uploads\/2018\/11\/DSC_6874-1-1030x690.jpg\" href=\"1030\" href=\"690\" href=\"1\" href=\"https:\/\/isupekuikui2.co.ao\/ao2\/wp-content\/uploads\/2018\/11\/DSC_6874-1-1030x690.jpg 1030w, https:\/\/isupekuikui2.co.ao\/ao2\/wp-content\/uploads\/2018\/11\/DSC_6874-1-300x201.jpg 300w, https:\/\/isupekuikui2.co.ao\/ao2\/wp-content\/uploads\/2018\/11\/DSC_6874-1-768x514.jpg 768w, https:\/\/isupekuikui2.co.ao\/ao2\/wp-content\/uploads\/2018\/11\/DSC_6874-1-1500x1004.jpg 1500w, https:\/\/isupekuikui2.co.ao\/ao2\/wp-content\/uploads\/2018\/11\/DSC_6874-1-705x472.jpg 705w, https:\/\/isupekuikui2.co.ao\/ao2\/wp-content\/uploads\/2018\/11\/DSC_6874-1-450x301.jpg 450w\" href=\"(max-width: 1030px) 100vw, 1030px\" data-rel='gallery-7' data-prev-img='https:\/\/isupekuikui2.co.ao\/ao2\/wp-content\/uploads\/2018\/11\/DSC_6874-1-495x400.jpg' class='lightbox ' data-onclick='3' title='DSC_6874'  itemprop=\"thumbnailUrl\"  ><img class=\"wp-image-727 avia-img-lazy-loading-not-727\"   src=\"https:\/\/isupekuikui2.co.ao\/ao2\/wp-content\/uploads\/2018\/11\/DSC_6874-1-495x400.jpg\" width=\"495\" height=\"400\"  title='DSC_6874' alt='' srcset=\"https:\/\/isupekuikui2.co.ao\/ao2\/wp-content\/uploads\/2018\/11\/DSC_6874-1-495x400.jpg 495w, https:\/\/isupekuikui2.co.ao\/ao2\/wp-content\/uploads\/2018\/11\/DSC_6874-1-845x684.jpg 845w\" sizes=\"(max-width: 495px) 100vw, 495px\" \/><\/a> <a href=\"https:\/\/isupekuikui2.co.ao\/ao2\/wp-content\/uploads\/2018\/11\/DSC_6914-2-1030x690.jpg\" href=\"1030\" href=\"690\" href=\"1\" href=\"https:\/\/isupekuikui2.co.ao\/ao2\/wp-content\/uploads\/2018\/11\/DSC_6914-2-1030x690.jpg 1030w, https:\/\/isupekuikui2.co.ao\/ao2\/wp-content\/uploads\/2018\/11\/DSC_6914-2-300x201.jpg 300w, https:\/\/isupekuikui2.co.ao\/ao2\/wp-content\/uploads\/2018\/11\/DSC_6914-2-768x514.jpg 768w, https:\/\/isupekuikui2.co.ao\/ao2\/wp-content\/uploads\/2018\/11\/DSC_6914-2-1500x1004.jpg 1500w, https:\/\/isupekuikui2.co.ao\/ao2\/wp-content\/uploads\/2018\/11\/DSC_6914-2-705x472.jpg 705w, https:\/\/isupekuikui2.co.ao\/ao2\/wp-content\/uploads\/2018\/11\/DSC_6914-2-450x301.jpg 450w\" href=\"(max-width: 1030px) 100vw, 1030px\" data-rel='gallery-7' data-prev-img='https:\/\/isupekuikui2.co.ao\/ao2\/wp-content\/uploads\/2018\/11\/DSC_6914-2-495x400.jpg' class='lightbox ' data-onclick='4' title='DSC_6914'  itemprop=\"thumbnailUrl\"  ><img class=\"wp-image-747 avia-img-lazy-loading-not-747\"   src=\"https:\/\/isupekuikui2.co.ao\/ao2\/wp-content\/uploads\/2018\/11\/DSC_6914-2-495x400.jpg\" width=\"495\" height=\"400\"  title='DSC_6914' alt='' srcset=\"https:\/\/isupekuikui2.co.ao\/ao2\/wp-content\/uploads\/2018\/11\/DSC_6914-2-495x400.jpg 495w, https:\/\/isupekuikui2.co.ao\/ao2\/wp-content\/uploads\/2018\/11\/DSC_6914-2-845x684.jpg 845w\" sizes=\"(max-width: 495px) 100vw, 495px\" \/><\/a> <a href=\"https:\/\/isupekuikui2.co.ao\/ao2\/wp-content\/uploads\/2018\/11\/DSC_6892-1030x690.jpg\" href=\"1030\" href=\"690\" href=\"1\" href=\"https:\/\/isupekuikui2.co.ao\/ao2\/wp-content\/uploads\/2018\/11\/DSC_6892-1030x690.jpg 1030w, https:\/\/isupekuikui2.co.ao\/ao2\/wp-content\/uploads\/2018\/11\/DSC_6892-300x201.jpg 300w, https:\/\/isupekuikui2.co.ao\/ao2\/wp-content\/uploads\/2018\/11\/DSC_6892-768x514.jpg 768w, https:\/\/isupekuikui2.co.ao\/ao2\/wp-content\/uploads\/2018\/11\/DSC_6892-1500x1004.jpg 1500w, https:\/\/isupekuikui2.co.ao\/ao2\/wp-content\/uploads\/2018\/11\/DSC_6892-705x472.jpg 705w, https:\/\/isupekuikui2.co.ao\/ao2\/wp-content\/uploads\/2018\/11\/DSC_6892-450x301.jpg 450w\" href=\"(max-width: 1030px) 100vw, 1030px\" data-rel='gallery-7' data-prev-img='https:\/\/isupekuikui2.co.ao\/ao2\/wp-content\/uploads\/2018\/11\/DSC_6892-495x400.jpg' class='lightbox ' data-onclick='5' title='DSC_6892'  itemprop=\"thumbnailUrl\"  ><img class=\"wp-image-748 avia-img-lazy-loading-not-748\"   src=\"https:\/\/isupekuikui2.co.ao\/ao2\/wp-content\/uploads\/2018\/11\/DSC_6892-495x400.jpg\" width=\"495\" height=\"400\"  title='DSC_6892' alt='' srcset=\"https:\/\/isupekuikui2.co.ao\/ao2\/wp-content\/uploads\/2018\/11\/DSC_6892-495x400.jpg 495w, https:\/\/isupekuikui2.co.ao\/ao2\/wp-content\/uploads\/2018\/11\/DSC_6892-845x684.jpg 845w\" sizes=\"(max-width: 495px) 100vw, 495px\" \/><\/a> <a href=\"https:\/\/isupekuikui2.co.ao\/ao2\/wp-content\/uploads\/2018\/11\/DSC_6871-1030x690.jpg\" href=\"1030\" href=\"690\" href=\"1\" href=\"https:\/\/isupekuikui2.co.ao\/ao2\/wp-content\/uploads\/2018\/11\/DSC_6871-1030x690.jpg 1030w, https:\/\/isupekuikui2.co.ao\/ao2\/wp-content\/uploads\/2018\/11\/DSC_6871-300x201.jpg 300w, https:\/\/isupekuikui2.co.ao\/ao2\/wp-content\/uploads\/2018\/11\/DSC_6871-768x514.jpg 768w, https:\/\/isupekuikui2.co.ao\/ao2\/wp-content\/uploads\/2018\/11\/DSC_6871-1500x1004.jpg 1500w, https:\/\/isupekuikui2.co.ao\/ao2\/wp-content\/uploads\/2018\/11\/DSC_6871-705x472.jpg 705w, https:\/\/isupekuikui2.co.ao\/ao2\/wp-content\/uploads\/2018\/11\/DSC_6871-450x301.jpg 450w\" href=\"(max-width: 1030px) 100vw, 1030px\" data-rel='gallery-7' data-prev-img='https:\/\/isupekuikui2.co.ao\/ao2\/wp-content\/uploads\/2018\/11\/DSC_6871-495x400.jpg' class='first_thumb lightbox ' data-onclick='6' title='DSC_6871'  itemprop=\"thumbnailUrl\"  ><img class=\"wp-image-749 avia-img-lazy-loading-not-749\"   src=\"https:\/\/isupekuikui2.co.ao\/ao2\/wp-content\/uploads\/2018\/11\/DSC_6871-495x400.jpg\" width=\"495\" height=\"400\"  title='DSC_6871' alt='' srcset=\"https:\/\/isupekuikui2.co.ao\/ao2\/wp-content\/uploads\/2018\/11\/DSC_6871-495x400.jpg 495w, https:\/\/isupekuikui2.co.ao\/ao2\/wp-content\/uploads\/2018\/11\/DSC_6871-845x684.jpg 845w\" sizes=\"(max-width: 495px) 100vw, 495px\" \/><\/a> <a href=\"https:\/\/isupekuikui2.co.ao\/ao2\/wp-content\/uploads\/2018\/11\/DSC_6862-1-1030x690.jpg\" href=\"1030\" href=\"690\" href=\"1\" href=\"https:\/\/isupekuikui2.co.ao\/ao2\/wp-content\/uploads\/2018\/11\/DSC_6862-1-1030x690.jpg 1030w, https:\/\/isupekuikui2.co.ao\/ao2\/wp-content\/uploads\/2018\/11\/DSC_6862-1-300x201.jpg 300w, https:\/\/isupekuikui2.co.ao\/ao2\/wp-content\/uploads\/2018\/11\/DSC_6862-1-768x514.jpg 768w, https:\/\/isupekuikui2.co.ao\/ao2\/wp-content\/uploads\/2018\/11\/DSC_6862-1-1500x1004.jpg 1500w, https:\/\/isupekuikui2.co.ao\/ao2\/wp-content\/uploads\/2018\/11\/DSC_6862-1-705x472.jpg 705w, https:\/\/isupekuikui2.co.ao\/ao2\/wp-content\/uploads\/2018\/11\/DSC_6862-1-450x301.jpg 450w\" href=\"(max-width: 1030px) 100vw, 1030px\" data-rel='gallery-7' data-prev-img='https:\/\/isupekuikui2.co.ao\/ao2\/wp-content\/uploads\/2018\/11\/DSC_6862-1-495x400.jpg' class='lightbox ' data-onclick='7' title='DSC_6862'  itemprop=\"thumbnailUrl\"  ><img class=\"wp-image-750 avia-img-lazy-loading-not-750\"   src=\"https:\/\/isupekuikui2.co.ao\/ao2\/wp-content\/uploads\/2018\/11\/DSC_6862-1-495x400.jpg\" width=\"495\" height=\"400\"  title='DSC_6862' alt='' srcset=\"https:\/\/isupekuikui2.co.ao\/ao2\/wp-content\/uploads\/2018\/11\/DSC_6862-1-495x400.jpg 495w, https:\/\/isupekuikui2.co.ao\/ao2\/wp-content\/uploads\/2018\/11\/DSC_6862-1-845x684.jpg 845w\" sizes=\"(max-width: 495px) 100vw, 495px\" \/><\/a> <a href=\"https:\/\/isupekuikui2.co.ao\/ao2\/wp-content\/uploads\/2018\/11\/DSC_6856-1-1030x690.jpg\" href=\"1030\" href=\"690\" href=\"1\" href=\"https:\/\/isupekuikui2.co.ao\/ao2\/wp-content\/uploads\/2018\/11\/DSC_6856-1-1030x690.jpg 1030w, https:\/\/isupekuikui2.co.ao\/ao2\/wp-content\/uploads\/2018\/11\/DSC_6856-1-300x201.jpg 300w, https:\/\/isupekuikui2.co.ao\/ao2\/wp-content\/uploads\/2018\/11\/DSC_6856-1-768x514.jpg 768w, https:\/\/isupekuikui2.co.ao\/ao2\/wp-content\/uploads\/2018\/11\/DSC_6856-1-1500x1004.jpg 1500w, https:\/\/isupekuikui2.co.ao\/ao2\/wp-content\/uploads\/2018\/11\/DSC_6856-1-705x472.jpg 705w, https:\/\/isupekuikui2.co.ao\/ao2\/wp-content\/uploads\/2018\/11\/DSC_6856-1-450x301.jpg 450w\" href=\"(max-width: 1030px) 100vw, 1030px\" data-rel='gallery-7' data-prev-img='https:\/\/isupekuikui2.co.ao\/ao2\/wp-content\/uploads\/2018\/11\/DSC_6856-1-495x400.jpg' class='lightbox ' data-onclick='8' title='DSC_6856'  itemprop=\"thumbnailUrl\"  ><img class=\"wp-image-751 avia-img-lazy-loading-not-751\"   src=\"https:\/\/isupekuikui2.co.ao\/ao2\/wp-content\/uploads\/2018\/11\/DSC_6856-1-495x400.jpg\" width=\"495\" height=\"400\"  title='DSC_6856' alt='' srcset=\"https:\/\/isupekuikui2.co.ao\/ao2\/wp-content\/uploads\/2018\/11\/DSC_6856-1-495x400.jpg 495w, https:\/\/isupekuikui2.co.ao\/ao2\/wp-content\/uploads\/2018\/11\/DSC_6856-1-845x684.jpg 845w\" sizes=\"(max-width: 495px) 100vw, 495px\" \/><\/a> <a href=\"https:\/\/isupekuikui2.co.ao\/ao2\/wp-content\/uploads\/2018\/11\/DSC_6849-1030x690.jpg\" href=\"1030\" href=\"690\" href=\"1\" href=\"https:\/\/isupekuikui2.co.ao\/ao2\/wp-content\/uploads\/2018\/11\/DSC_6849-1030x690.jpg 1030w, https:\/\/isupekuikui2.co.ao\/ao2\/wp-content\/uploads\/2018\/11\/DSC_6849-300x201.jpg 300w, https:\/\/isupekuikui2.co.ao\/ao2\/wp-content\/uploads\/2018\/11\/DSC_6849-768x514.jpg 768w, https:\/\/isupekuikui2.co.ao\/ao2\/wp-content\/uploads\/2018\/11\/DSC_6849-1500x1004.jpg 1500w, https:\/\/isupekuikui2.co.ao\/ao2\/wp-content\/uploads\/2018\/11\/DSC_6849-705x472.jpg 705w, https:\/\/isupekuikui2.co.ao\/ao2\/wp-content\/uploads\/2018\/11\/DSC_6849-450x301.jpg 450w\" href=\"(max-width: 1030px) 100vw, 1030px\" data-rel='gallery-7' data-prev-img='https:\/\/isupekuikui2.co.ao\/ao2\/wp-content\/uploads\/2018\/11\/DSC_6849-495x400.jpg' class='lightbox ' data-onclick='9' title='DSC_6849'  itemprop=\"thumbnailUrl\"  ><img class=\"wp-image-752 avia-img-lazy-loading-not-752\"   src=\"https:\/\/isupekuikui2.co.ao\/ao2\/wp-content\/uploads\/2018\/11\/DSC_6849-495x400.jpg\" width=\"495\" height=\"400\"  title='DSC_6849' alt='' srcset=\"https:\/\/isupekuikui2.co.ao\/ao2\/wp-content\/uploads\/2018\/11\/DSC_6849-495x400.jpg 495w, https:\/\/isupekuikui2.co.ao\/ao2\/wp-content\/uploads\/2018\/11\/DSC_6849-845x684.jpg 845w\" sizes=\"(max-width: 495px) 100vw, 495px\" \/><\/a> <a href=\"https:\/\/isupekuikui2.co.ao\/ao2\/wp-content\/uploads\/2018\/11\/DSC_6848-1-1030x690.jpg\" href=\"1030\" href=\"690\" href=\"1\" href=\"https:\/\/isupekuikui2.co.ao\/ao2\/wp-content\/uploads\/2018\/11\/DSC_6848-1-1030x690.jpg 1030w, https:\/\/isupekuikui2.co.ao\/ao2\/wp-content\/uploads\/2018\/11\/DSC_6848-1-300x201.jpg 300w, https:\/\/isupekuikui2.co.ao\/ao2\/wp-content\/uploads\/2018\/11\/DSC_6848-1-768x514.jpg 768w, https:\/\/isupekuikui2.co.ao\/ao2\/wp-content\/uploads\/2018\/11\/DSC_6848-1-1500x1004.jpg 1500w, https:\/\/isupekuikui2.co.ao\/ao2\/wp-content\/uploads\/2018\/11\/DSC_6848-1-705x472.jpg 705w, https:\/\/isupekuikui2.co.ao\/ao2\/wp-content\/uploads\/2018\/11\/DSC_6848-1-450x301.jpg 450w\" href=\"(max-width: 1030px) 100vw, 1030px\" data-rel='gallery-7' data-prev-img='https:\/\/isupekuikui2.co.ao\/ao2\/wp-content\/uploads\/2018\/11\/DSC_6848-1-495x400.jpg' class='lightbox ' data-onclick='10' title='DSC_6848'  itemprop=\"thumbnailUrl\"  ><img class=\"wp-image-753 avia-img-lazy-loading-not-753\"   src=\"https:\/\/isupekuikui2.co.ao\/ao2\/wp-content\/uploads\/2018\/11\/DSC_6848-1-495x400.jpg\" width=\"495\" height=\"400\"  title='DSC_6848' alt='' srcset=\"https:\/\/isupekuikui2.co.ao\/ao2\/wp-content\/uploads\/2018\/11\/DSC_6848-1-495x400.jpg 495w, https:\/\/isupekuikui2.co.ao\/ao2\/wp-content\/uploads\/2018\/11\/DSC_6848-1-845x684.jpg 845w\" sizes=\"(max-width: 495px) 100vw, 495px\" \/><\/a> <a href=\"https:\/\/isupekuikui2.co.ao\/ao2\/wp-content\/uploads\/2018\/11\/DSC_6827-2-1030x690.jpg\" href=\"1030\" href=\"690\" href=\"1\" href=\"https:\/\/isupekuikui2.co.ao\/ao2\/wp-content\/uploads\/2018\/11\/DSC_6827-2-1030x690.jpg 1030w, https:\/\/isupekuikui2.co.ao\/ao2\/wp-content\/uploads\/2018\/11\/DSC_6827-2-300x201.jpg 300w, https:\/\/isupekuikui2.co.ao\/ao2\/wp-content\/uploads\/2018\/11\/DSC_6827-2-768x514.jpg 768w, https:\/\/isupekuikui2.co.ao\/ao2\/wp-content\/uploads\/2018\/11\/DSC_6827-2-1500x1004.jpg 1500w, https:\/\/isupekuikui2.co.ao\/ao2\/wp-content\/uploads\/2018\/11\/DSC_6827-2-705x472.jpg 705w, https:\/\/isupekuikui2.co.ao\/ao2\/wp-content\/uploads\/2018\/11\/DSC_6827-2-450x301.jpg 450w\" href=\"(max-width: 1030px) 100vw, 1030px\" data-rel='gallery-7' data-prev-img='https:\/\/isupekuikui2.co.ao\/ao2\/wp-content\/uploads\/2018\/11\/DSC_6827-2-495x400.jpg' class='first_thumb lightbox ' data-onclick='11' title='DSC_6827'  itemprop=\"thumbnailUrl\"  ><img class=\"wp-image-754 avia-img-lazy-loading-not-754\"   src=\"https:\/\/isupekuikui2.co.ao\/ao2\/wp-content\/uploads\/2018\/11\/DSC_6827-2-495x400.jpg\" width=\"495\" height=\"400\"  title='DSC_6827' alt='' srcset=\"https:\/\/isupekuikui2.co.ao\/ao2\/wp-content\/uploads\/2018\/11\/DSC_6827-2-495x400.jpg 495w, https:\/\/isupekuikui2.co.ao\/ao2\/wp-content\/uploads\/2018\/11\/DSC_6827-2-845x684.jpg 845w\" sizes=\"(max-width: 495px) 100vw, 495px\" \/><\/a> <a href=\"https:\/\/isupekuikui2.co.ao\/ao2\/wp-content\/uploads\/2018\/11\/DSC_2844-1030x682.jpg\" href=\"1030\" href=\"682\" href=\"1\" href=\"https:\/\/isupekuikui2.co.ao\/ao2\/wp-content\/uploads\/2018\/11\/DSC_2844-1030x682.jpg 1030w, https:\/\/isupekuikui2.co.ao\/ao2\/wp-content\/uploads\/2018\/11\/DSC_2844-300x199.jpg 300w, https:\/\/isupekuikui2.co.ao\/ao2\/wp-content\/uploads\/2018\/11\/DSC_2844-768x509.jpg 768w, https:\/\/isupekuikui2.co.ao\/ao2\/wp-content\/uploads\/2018\/11\/DSC_2844-1500x994.jpg 1500w, https:\/\/isupekuikui2.co.ao\/ao2\/wp-content\/uploads\/2018\/11\/DSC_2844-705x467.jpg 705w, https:\/\/isupekuikui2.co.ao\/ao2\/wp-content\/uploads\/2018\/11\/DSC_2844-450x298.jpg 450w\" href=\"(max-width: 1030px) 100vw, 1030px\" data-rel='gallery-7' data-prev-img='https:\/\/isupekuikui2.co.ao\/ao2\/wp-content\/uploads\/2018\/11\/DSC_2844-495x400.jpg' class='lightbox ' data-onclick='12' title='DSC_2844'  itemprop=\"thumbnailUrl\"  ><img class=\"wp-image-755 avia-img-lazy-loading-not-755\"   src=\"https:\/\/isupekuikui2.co.ao\/ao2\/wp-content\/uploads\/2018\/11\/DSC_2844-495x400.jpg\" width=\"495\" height=\"400\"  title='DSC_2844' alt='' srcset=\"https:\/\/isupekuikui2.co.ao\/ao2\/wp-content\/uploads\/2018\/11\/DSC_2844-495x400.jpg 495w, https:\/\/isupekuikui2.co.ao\/ao2\/wp-content\/uploads\/2018\/11\/DSC_2844-845x684.jpg 845w\" sizes=\"(max-width: 495px) 100vw, 495px\" \/><\/a> <a href=\"https:\/\/isupekuikui2.co.ao\/ao2\/wp-content\/uploads\/2018\/11\/DSC_2841-2-e1542090124331-682x1030.jpg\" href=\"682\" href=\"1030\" href=\"1\" href=\"https:\/\/isupekuikui2.co.ao\/ao2\/wp-content\/uploads\/2018\/11\/DSC_2841-2-e1542090124331-682x1030.jpg 682w, https:\/\/isupekuikui2.co.ao\/ao2\/wp-content\/uploads\/2018\/11\/DSC_2841-2-e1542090124331-199x300.jpg 199w, https:\/\/isupekuikui2.co.ao\/ao2\/wp-content\/uploads\/2018\/11\/DSC_2841-2-e1542090124331-768x1160.jpg 768w, https:\/\/isupekuikui2.co.ao\/ao2\/wp-content\/uploads\/2018\/11\/DSC_2841-2-e1542090124331-994x1500.jpg 994w, https:\/\/isupekuikui2.co.ao\/ao2\/wp-content\/uploads\/2018\/11\/DSC_2841-2-e1542090124331-467x705.jpg 467w, https:\/\/isupekuikui2.co.ao\/ao2\/wp-content\/uploads\/2018\/11\/DSC_2841-2-e1542090124331-450x679.jpg 450w\" href=\"(max-width: 682px) 100vw, 682px\" data-rel='gallery-7' data-prev-img='https:\/\/isupekuikui2.co.ao\/ao2\/wp-content\/uploads\/2018\/11\/DSC_2841-2-e1542090124331-495x400.jpg' class='lightbox ' data-onclick='13' title='DSC_2841'  itemprop=\"thumbnailUrl\"  ><img class=\"wp-image-756 avia-img-lazy-loading-not-756\"   src=\"https:\/\/isupekuikui2.co.ao\/ao2\/wp-content\/uploads\/2018\/11\/DSC_2841-2-e1542090124331-495x400.jpg\" width=\"495\" height=\"400\"  title='DSC_2841' alt='' srcset=\"https:\/\/isupekuikui2.co.ao\/ao2\/wp-content\/uploads\/2018\/11\/DSC_2841-2-e1542090124331-495x400.jpg 495w, https:\/\/isupekuikui2.co.ao\/ao2\/wp-content\/uploads\/2018\/11\/DSC_2841-2-e1542090124331-845x684.jpg 845w\" sizes=\"(max-width: 495px) 100vw, 495px\" \/><\/a> <a href=\"https:\/\/isupekuikui2.co.ao\/ao2\/wp-content\/uploads\/2018\/11\/DSC_2840-1030x682.jpg\" href=\"1030\" href=\"682\" href=\"1\" href=\"https:\/\/isupekuikui2.co.ao\/ao2\/wp-content\/uploads\/2018\/11\/DSC_2840-1030x682.jpg 1030w, https:\/\/isupekuikui2.co.ao\/ao2\/wp-content\/uploads\/2018\/11\/DSC_2840-300x199.jpg 300w, https:\/\/isupekuikui2.co.ao\/ao2\/wp-content\/uploads\/2018\/11\/DSC_2840-768x509.jpg 768w, https:\/\/isupekuikui2.co.ao\/ao2\/wp-content\/uploads\/2018\/11\/DSC_2840-1500x994.jpg 1500w, https:\/\/isupekuikui2.co.ao\/ao2\/wp-content\/uploads\/2018\/11\/DSC_2840-705x467.jpg 705w, https:\/\/isupekuikui2.co.ao\/ao2\/wp-content\/uploads\/2018\/11\/DSC_2840-450x298.jpg 450w\" href=\"(max-width: 1030px) 100vw, 1030px\" data-rel='gallery-7' data-prev-img='https:\/\/isupekuikui2.co.ao\/ao2\/wp-content\/uploads\/2018\/11\/DSC_2840-495x400.jpg' class='lightbox ' data-onclick='14' title='DSC_2840'  itemprop=\"thumbnailUrl\"  ><img class=\"wp-image-757 avia-img-lazy-loading-not-757\"   src=\"https:\/\/isupekuikui2.co.ao\/ao2\/wp-content\/uploads\/2018\/11\/DSC_2840-495x400.jpg\" width=\"495\" height=\"400\"  title='DSC_2840' alt='' srcset=\"https:\/\/isupekuikui2.co.ao\/ao2\/wp-content\/uploads\/2018\/11\/DSC_2840-495x400.jpg 495w, https:\/\/isupekuikui2.co.ao\/ao2\/wp-content\/uploads\/2018\/11\/DSC_2840-845x684.jpg 845w\" sizes=\"(max-width: 495px) 100vw, 495px\" \/><\/a> <a href=\"https:\/\/isupekuikui2.co.ao\/ao2\/wp-content\/uploads\/2018\/11\/DSC_2838-e1542038409549-682x1030.jpg\" href=\"682\" href=\"1030\" href=\"1\" href=\"https:\/\/isupekuikui2.co.ao\/ao2\/wp-content\/uploads\/2018\/11\/DSC_2838-e1542038409549-682x1030.jpg 682w, https:\/\/isupekuikui2.co.ao\/ao2\/wp-content\/uploads\/2018\/11\/DSC_2838-e1542038409549-199x300.jpg 199w, https:\/\/isupekuikui2.co.ao\/ao2\/wp-content\/uploads\/2018\/11\/DSC_2838-e1542038409549-768x1160.jpg 768w, https:\/\/isupekuikui2.co.ao\/ao2\/wp-content\/uploads\/2018\/11\/DSC_2838-e1542038409549-994x1500.jpg 994w, https:\/\/isupekuikui2.co.ao\/ao2\/wp-content\/uploads\/2018\/11\/DSC_2838-e1542038409549-467x705.jpg 467w, https:\/\/isupekuikui2.co.ao\/ao2\/wp-content\/uploads\/2018\/11\/DSC_2838-e1542038409549-450x679.jpg 450w\" href=\"(max-width: 682px) 100vw, 682px\" data-rel='gallery-7' data-prev-img='https:\/\/isupekuikui2.co.ao\/ao2\/wp-content\/uploads\/2018\/11\/DSC_2838-e1542038409549-495x400.jpg' class='lightbox ' data-onclick='15' title='DSC_2838'  itemprop=\"thumbnailUrl\"  ><img class=\"wp-image-758 avia-img-lazy-loading-not-758\"   src=\"https:\/\/isupekuikui2.co.ao\/ao2\/wp-content\/uploads\/2018\/11\/DSC_2838-e1542038409549-495x400.jpg\" width=\"495\" height=\"400\"  title='DSC_2838' alt='' srcset=\"https:\/\/isupekuikui2.co.ao\/ao2\/wp-content\/uploads\/2018\/11\/DSC_2838-e1542038409549-495x400.jpg 495w, https:\/\/isupekuikui2.co.ao\/ao2\/wp-content\/uploads\/2018\/11\/DSC_2838-e1542038409549-845x684.jpg 845w\" sizes=\"(max-width: 495px) 100vw, 495px\" \/><\/a> <a href=\"https:\/\/isupekuikui2.co.ao\/ao2\/wp-content\/uploads\/2018\/11\/DSC_2823-e1542037903605-682x1030.jpg\" href=\"682\" href=\"1030\" href=\"1\" href=\"https:\/\/isupekuikui2.co.ao\/ao2\/wp-content\/uploads\/2018\/11\/DSC_2823-e1542037903605-682x1030.jpg 682w, https:\/\/isupekuikui2.co.ao\/ao2\/wp-content\/uploads\/2018\/11\/DSC_2823-e1542037903605-199x300.jpg 199w, https:\/\/isupekuikui2.co.ao\/ao2\/wp-content\/uploads\/2018\/11\/DSC_2823-e1542037903605-768x1160.jpg 768w, https:\/\/isupekuikui2.co.ao\/ao2\/wp-content\/uploads\/2018\/11\/DSC_2823-e1542037903605-994x1500.jpg 994w, https:\/\/isupekuikui2.co.ao\/ao2\/wp-content\/uploads\/2018\/11\/DSC_2823-e1542037903605-467x705.jpg 467w, https:\/\/isupekuikui2.co.ao\/ao2\/wp-content\/uploads\/2018\/11\/DSC_2823-e1542037903605-450x679.jpg 450w\" href=\"(max-width: 682px) 100vw, 682px\" data-rel='gallery-7' data-prev-img='https:\/\/isupekuikui2.co.ao\/ao2\/wp-content\/uploads\/2018\/11\/DSC_2823-e1542037903605-495x400.jpg' class='first_thumb lightbox ' data-onclick='16' title='DSC_2823'  itemprop=\"thumbnailUrl\"  ><img class=\"wp-image-759 avia-img-lazy-loading-not-759\"   src=\"https:\/\/isupekuikui2.co.ao\/ao2\/wp-content\/uploads\/2018\/11\/DSC_2823-e1542037903605-495x400.jpg\" width=\"495\" height=\"400\"  title='DSC_2823' alt='' srcset=\"https:\/\/isupekuikui2.co.ao\/ao2\/wp-content\/uploads\/2018\/11\/DSC_2823-e1542037903605-495x400.jpg 495w, https:\/\/isupekuikui2.co.ao\/ao2\/wp-content\/uploads\/2018\/11\/DSC_2823-e1542037903605-845x684.jpg 845w\" sizes=\"(max-width: 495px) 100vw, 495px\" \/><\/a> <a href=\"https:\/\/isupekuikui2.co.ao\/ao2\/wp-content\/uploads\/2018\/11\/DSC_2802-1030x682.jpg\" href=\"1030\" href=\"682\" href=\"1\" href=\"https:\/\/isupekuikui2.co.ao\/ao2\/wp-content\/uploads\/2018\/11\/DSC_2802-1030x682.jpg 1030w, https:\/\/isupekuikui2.co.ao\/ao2\/wp-content\/uploads\/2018\/11\/DSC_2802-300x199.jpg 300w, https:\/\/isupekuikui2.co.ao\/ao2\/wp-content\/uploads\/2018\/11\/DSC_2802-768x509.jpg 768w, https:\/\/isupekuikui2.co.ao\/ao2\/wp-content\/uploads\/2018\/11\/DSC_2802-1500x994.jpg 1500w, https:\/\/isupekuikui2.co.ao\/ao2\/wp-content\/uploads\/2018\/11\/DSC_2802-705x467.jpg 705w, https:\/\/isupekuikui2.co.ao\/ao2\/wp-content\/uploads\/2018\/11\/DSC_2802-450x298.jpg 450w\" href=\"(max-width: 1030px) 100vw, 1030px\" data-rel='gallery-7' data-prev-img='https:\/\/isupekuikui2.co.ao\/ao2\/wp-content\/uploads\/2018\/11\/DSC_2802-495x400.jpg' class='lightbox ' data-onclick='17' title='DSC_2802'  itemprop=\"thumbnailUrl\"  ><img class=\"wp-image-760 avia-img-lazy-loading-not-760\"   src=\"https:\/\/isupekuikui2.co.ao\/ao2\/wp-content\/uploads\/2018\/11\/DSC_2802-495x400.jpg\" width=\"495\" height=\"400\"  title='DSC_2802' alt='' srcset=\"https:\/\/isupekuikui2.co.ao\/ao2\/wp-content\/uploads\/2018\/11\/DSC_2802-495x400.jpg 495w, https:\/\/isupekuikui2.co.ao\/ao2\/wp-content\/uploads\/2018\/11\/DSC_2802-845x684.jpg 845w\" sizes=\"(max-width: 495px) 100vw, 495px\" \/><\/a> <a href=\"https:\/\/isupekuikui2.co.ao\/ao2\/wp-content\/uploads\/2018\/11\/DSC_2798-1030x682.jpg\" href=\"1030\" href=\"682\" href=\"1\" href=\"https:\/\/isupekuikui2.co.ao\/ao2\/wp-content\/uploads\/2018\/11\/DSC_2798-1030x682.jpg 1030w, https:\/\/isupekuikui2.co.ao\/ao2\/wp-content\/uploads\/2018\/11\/DSC_2798-300x199.jpg 300w, https:\/\/isupekuikui2.co.ao\/ao2\/wp-content\/uploads\/2018\/11\/DSC_2798-768x509.jpg 768w, https:\/\/isupekuikui2.co.ao\/ao2\/wp-content\/uploads\/2018\/11\/DSC_2798-1500x994.jpg 1500w, https:\/\/isupekuikui2.co.ao\/ao2\/wp-content\/uploads\/2018\/11\/DSC_2798-705x467.jpg 705w, https:\/\/isupekuikui2.co.ao\/ao2\/wp-content\/uploads\/2018\/11\/DSC_2798-450x298.jpg 450w\" href=\"(max-width: 1030px) 100vw, 1030px\" data-rel='gallery-7' data-prev-img='https:\/\/isupekuikui2.co.ao\/ao2\/wp-content\/uploads\/2018\/11\/DSC_2798-495x400.jpg' class='lightbox ' data-onclick='18' title='DSC_2798'  itemprop=\"thumbnailUrl\"  ><img class=\"wp-image-761 avia-img-lazy-loading-not-761\"   src=\"https:\/\/isupekuikui2.co.ao\/ao2\/wp-content\/uploads\/2018\/11\/DSC_2798-495x400.jpg\" width=\"495\" height=\"400\"  title='DSC_2798' alt='' srcset=\"https:\/\/isupekuikui2.co.ao\/ao2\/wp-content\/uploads\/2018\/11\/DSC_2798-495x400.jpg 495w, https:\/\/isupekuikui2.co.ao\/ao2\/wp-content\/uploads\/2018\/11\/DSC_2798-845x684.jpg 845w\" sizes=\"(max-width: 495px) 100vw, 495px\" \/><\/a> <a href=\"https:\/\/isupekuikui2.co.ao\/ao2\/wp-content\/uploads\/2018\/11\/DSC_2790-1030x682.jpg\" href=\"1030\" href=\"682\" href=\"1\" href=\"https:\/\/isupekuikui2.co.ao\/ao2\/wp-content\/uploads\/2018\/11\/DSC_2790-1030x682.jpg 1030w, https:\/\/isupekuikui2.co.ao\/ao2\/wp-content\/uploads\/2018\/11\/DSC_2790-300x199.jpg 300w, https:\/\/isupekuikui2.co.ao\/ao2\/wp-content\/uploads\/2018\/11\/DSC_2790-768x509.jpg 768w, https:\/\/isupekuikui2.co.ao\/ao2\/wp-content\/uploads\/2018\/11\/DSC_2790-1500x994.jpg 1500w, https:\/\/isupekuikui2.co.ao\/ao2\/wp-content\/uploads\/2018\/11\/DSC_2790-705x467.jpg 705w, https:\/\/isupekuikui2.co.ao\/ao2\/wp-content\/uploads\/2018\/11\/DSC_2790-450x298.jpg 450w\" href=\"(max-width: 1030px) 100vw, 1030px\" data-rel='gallery-7' data-prev-img='https:\/\/isupekuikui2.co.ao\/ao2\/wp-content\/uploads\/2018\/11\/DSC_2790-495x400.jpg' class='lightbox ' data-onclick='19' title='DSC_2790'  itemprop=\"thumbnailUrl\"  ><img class=\"wp-image-762 avia-img-lazy-loading-not-762\"   src=\"https:\/\/isupekuikui2.co.ao\/ao2\/wp-content\/uploads\/2018\/11\/DSC_2790-495x400.jpg\" width=\"495\" height=\"400\"  title='DSC_2790' alt='' srcset=\"https:\/\/isupekuikui2.co.ao\/ao2\/wp-content\/uploads\/2018\/11\/DSC_2790-495x400.jpg 495w, https:\/\/isupekuikui2.co.ao\/ao2\/wp-content\/uploads\/2018\/11\/DSC_2790-845x684.jpg 845w\" sizes=\"(max-width: 495px) 100vw, 495px\" \/><\/a> <a href=\"https:\/\/isupekuikui2.co.ao\/ao2\/wp-content\/uploads\/2018\/11\/DSC_2777-1030x682.jpg\" href=\"1030\" href=\"682\" href=\"1\" href=\"https:\/\/isupekuikui2.co.ao\/ao2\/wp-content\/uploads\/2018\/11\/DSC_2777-1030x682.jpg 1030w, https:\/\/isupekuikui2.co.ao\/ao2\/wp-content\/uploads\/2018\/11\/DSC_2777-300x199.jpg 300w, https:\/\/isupekuikui2.co.ao\/ao2\/wp-content\/uploads\/2018\/11\/DSC_2777-768x509.jpg 768w, https:\/\/isupekuikui2.co.ao\/ao2\/wp-content\/uploads\/2018\/11\/DSC_2777-1500x994.jpg 1500w, https:\/\/isupekuikui2.co.ao\/ao2\/wp-content\/uploads\/2018\/11\/DSC_2777-705x467.jpg 705w, https:\/\/isupekuikui2.co.ao\/ao2\/wp-content\/uploads\/2018\/11\/DSC_2777-450x298.jpg 450w\" href=\"(max-width: 1030px) 100vw, 1030px\" data-rel='gallery-7' data-prev-img='https:\/\/isupekuikui2.co.ao\/ao2\/wp-content\/uploads\/2018\/11\/DSC_2777-495x400.jpg' class='lightbox ' data-onclick='20' title='DSC_2777'  itemprop=\"thumbnailUrl\"  ><img class=\"wp-image-763 avia-img-lazy-loading-not-763\"   src=\"https:\/\/isupekuikui2.co.ao\/ao2\/wp-content\/uploads\/2018\/11\/DSC_2777-495x400.jpg\" width=\"495\" height=\"400\"  title='DSC_2777' alt='' srcset=\"https:\/\/isupekuikui2.co.ao\/ao2\/wp-content\/uploads\/2018\/11\/DSC_2777-495x400.jpg 495w, https:\/\/isupekuikui2.co.ao\/ao2\/wp-content\/uploads\/2018\/11\/DSC_2777-845x684.jpg 845w\" sizes=\"(max-width: 495px) 100vw, 495px\" \/><\/a> <a href=\"https:\/\/isupekuikui2.co.ao\/ao2\/wp-content\/uploads\/2018\/11\/DSC_2753-1-1030x682.jpg\" href=\"1030\" href=\"682\" href=\"1\" href=\"https:\/\/isupekuikui2.co.ao\/ao2\/wp-content\/uploads\/2018\/11\/DSC_2753-1-1030x682.jpg 1030w, https:\/\/isupekuikui2.co.ao\/ao2\/wp-content\/uploads\/2018\/11\/DSC_2753-1-300x199.jpg 300w, https:\/\/isupekuikui2.co.ao\/ao2\/wp-content\/uploads\/2018\/11\/DSC_2753-1-768x509.jpg 768w, https:\/\/isupekuikui2.co.ao\/ao2\/wp-content\/uploads\/2018\/11\/DSC_2753-1-1500x994.jpg 1500w, https:\/\/isupekuikui2.co.ao\/ao2\/wp-content\/uploads\/2018\/11\/DSC_2753-1-705x467.jpg 705w, https:\/\/isupekuikui2.co.ao\/ao2\/wp-content\/uploads\/2018\/11\/DSC_2753-1-450x298.jpg 450w\" href=\"(max-width: 1030px) 100vw, 1030px\" data-rel='gallery-7' data-prev-img='https:\/\/isupekuikui2.co.ao\/ao2\/wp-content\/uploads\/2018\/11\/DSC_2753-1-495x400.jpg' class='first_thumb lightbox ' data-onclick='21' title='DSC_2753'  itemprop=\"thumbnailUrl\"  ><img class=\"wp-image-764 avia-img-lazy-loading-not-764\"   src=\"https:\/\/isupekuikui2.co.ao\/ao2\/wp-content\/uploads\/2018\/11\/DSC_2753-1-495x400.jpg\" width=\"495\" height=\"400\"  title='DSC_2753' alt='' srcset=\"https:\/\/isupekuikui2.co.ao\/ao2\/wp-content\/uploads\/2018\/11\/DSC_2753-1-495x400.jpg 495w, https:\/\/isupekuikui2.co.ao\/ao2\/wp-content\/uploads\/2018\/11\/DSC_2753-1-845x684.jpg 845w\" sizes=\"(max-width: 495px) 100vw, 495px\" \/><\/a> <a href=\"https:\/\/isupekuikui2.co.ao\/ao2\/wp-content\/uploads\/2018\/11\/DSC_2741-1030x682.jpg\" href=\"1030\" href=\"682\" href=\"1\" href=\"https:\/\/isupekuikui2.co.ao\/ao2\/wp-content\/uploads\/2018\/11\/DSC_2741-1030x682.jpg 1030w, https:\/\/isupekuikui2.co.ao\/ao2\/wp-content\/uploads\/2018\/11\/DSC_2741-300x199.jpg 300w, https:\/\/isupekuikui2.co.ao\/ao2\/wp-content\/uploads\/2018\/11\/DSC_2741-768x509.jpg 768w, https:\/\/isupekuikui2.co.ao\/ao2\/wp-content\/uploads\/2018\/11\/DSC_2741-1500x994.jpg 1500w, https:\/\/isupekuikui2.co.ao\/ao2\/wp-content\/uploads\/2018\/11\/DSC_2741-705x467.jpg 705w, https:\/\/isupekuikui2.co.ao\/ao2\/wp-content\/uploads\/2018\/11\/DSC_2741-450x298.jpg 450w\" href=\"(max-width: 1030px) 100vw, 1030px\" data-rel='gallery-7' data-prev-img='https:\/\/isupekuikui2.co.ao\/ao2\/wp-content\/uploads\/2018\/11\/DSC_2741-495x400.jpg' class='lightbox ' data-onclick='22' title='DSC_2741'  itemprop=\"thumbnailUrl\"  ><img class=\"wp-image-765 avia-img-lazy-loading-not-765\"   src=\"https:\/\/isupekuikui2.co.ao\/ao2\/wp-content\/uploads\/2018\/11\/DSC_2741-495x400.jpg\" width=\"495\" height=\"400\"  title='DSC_2741' alt='' srcset=\"https:\/\/isupekuikui2.co.ao\/ao2\/wp-content\/uploads\/2018\/11\/DSC_2741-495x400.jpg 495w, https:\/\/isupekuikui2.co.ao\/ao2\/wp-content\/uploads\/2018\/11\/DSC_2741-845x684.jpg 845w\" sizes=\"(max-width: 495px) 100vw, 495px\" \/><\/a> <a href=\"https:\/\/isupekuikui2.co.ao\/ao2\/wp-content\/uploads\/2018\/11\/DSC_2720-1030x682.jpg\" href=\"1030\" href=\"682\" href=\"1\" href=\"https:\/\/isupekuikui2.co.ao\/ao2\/wp-content\/uploads\/2018\/11\/DSC_2720-1030x682.jpg 1030w, https:\/\/isupekuikui2.co.ao\/ao2\/wp-content\/uploads\/2018\/11\/DSC_2720-300x199.jpg 300w, https:\/\/isupekuikui2.co.ao\/ao2\/wp-content\/uploads\/2018\/11\/DSC_2720-768x509.jpg 768w, https:\/\/isupekuikui2.co.ao\/ao2\/wp-content\/uploads\/2018\/11\/DSC_2720-1500x994.jpg 1500w, https:\/\/isupekuikui2.co.ao\/ao2\/wp-content\/uploads\/2018\/11\/DSC_2720-705x467.jpg 705w, https:\/\/isupekuikui2.co.ao\/ao2\/wp-content\/uploads\/2018\/11\/DSC_2720-450x298.jpg 450w\" href=\"(max-width: 1030px) 100vw, 1030px\" data-rel='gallery-7' data-prev-img='https:\/\/isupekuikui2.co.ao\/ao2\/wp-content\/uploads\/2018\/11\/DSC_2720-495x400.jpg' class='lightbox ' data-onclick='23' title='DSC_2720'  itemprop=\"thumbnailUrl\"  ><img class=\"wp-image-766 avia-img-lazy-loading-not-766\"   src=\"https:\/\/isupekuikui2.co.ao\/ao2\/wp-content\/uploads\/2018\/11\/DSC_2720-495x400.jpg\" width=\"495\" height=\"400\"  title='DSC_2720' alt='' srcset=\"https:\/\/isupekuikui2.co.ao\/ao2\/wp-content\/uploads\/2018\/11\/DSC_2720-495x400.jpg 495w, https:\/\/isupekuikui2.co.ao\/ao2\/wp-content\/uploads\/2018\/11\/DSC_2720-845x684.jpg 845w\" sizes=\"(max-width: 495px) 100vw, 495px\" \/><\/a> <a href=\"https:\/\/isupekuikui2.co.ao\/ao2\/wp-content\/uploads\/2018\/11\/DSC_2718-e1542038449511-682x1030.jpg\" href=\"682\" href=\"1030\" href=\"1\" href=\"https:\/\/isupekuikui2.co.ao\/ao2\/wp-content\/uploads\/2018\/11\/DSC_2718-e1542038449511-682x1030.jpg 682w, https:\/\/isupekuikui2.co.ao\/ao2\/wp-content\/uploads\/2018\/11\/DSC_2718-e1542038449511-199x300.jpg 199w, https:\/\/isupekuikui2.co.ao\/ao2\/wp-content\/uploads\/2018\/11\/DSC_2718-e1542038449511-768x1160.jpg 768w, https:\/\/isupekuikui2.co.ao\/ao2\/wp-content\/uploads\/2018\/11\/DSC_2718-e1542038449511-994x1500.jpg 994w, https:\/\/isupekuikui2.co.ao\/ao2\/wp-content\/uploads\/2018\/11\/DSC_2718-e1542038449511-467x705.jpg 467w, https:\/\/isupekuikui2.co.ao\/ao2\/wp-content\/uploads\/2018\/11\/DSC_2718-e1542038449511-450x679.jpg 450w\" href=\"(max-width: 682px) 100vw, 682px\" data-rel='gallery-7' data-prev-img='https:\/\/isupekuikui2.co.ao\/ao2\/wp-content\/uploads\/2018\/11\/DSC_2718-e1542038449511-495x400.jpg' class='lightbox ' data-onclick='24' title='DSC_2718'  itemprop=\"thumbnailUrl\"  ><img class=\"wp-image-767 avia-img-lazy-loading-not-767\"   src=\"https:\/\/isupekuikui2.co.ao\/ao2\/wp-content\/uploads\/2018\/11\/DSC_2718-e1542038449511-495x400.jpg\" width=\"495\" height=\"400\"  title='DSC_2718' alt='' srcset=\"https:\/\/isupekuikui2.co.ao\/ao2\/wp-content\/uploads\/2018\/11\/DSC_2718-e1542038449511-495x400.jpg 495w, https:\/\/isupekuikui2.co.ao\/ao2\/wp-content\/uploads\/2018\/11\/DSC_2718-e1542038449511-845x684.jpg 845w\" sizes=\"(max-width: 495px) 100vw, 495px\" \/><\/a> <a href=\"https:\/\/isupekuikui2.co.ao\/ao2\/wp-content\/uploads\/2018\/11\/DSC_1339-1-1030x687.jpg\" href=\"1030\" href=\"687\" href=\"1\" href=\"https:\/\/isupekuikui2.co.ao\/ao2\/wp-content\/uploads\/2018\/11\/DSC_1339-1-1030x687.jpg 1030w, https:\/\/isupekuikui2.co.ao\/ao2\/wp-content\/uploads\/2018\/11\/DSC_1339-1-300x200.jpg 300w, https:\/\/isupekuikui2.co.ao\/ao2\/wp-content\/uploads\/2018\/11\/DSC_1339-1-768x512.jpg 768w, https:\/\/isupekuikui2.co.ao\/ao2\/wp-content\/uploads\/2018\/11\/DSC_1339-1-1500x1001.jpg 1500w, https:\/\/isupekuikui2.co.ao\/ao2\/wp-content\/uploads\/2018\/11\/DSC_1339-1-705x470.jpg 705w, https:\/\/isupekuikui2.co.ao\/ao2\/wp-content\/uploads\/2018\/11\/DSC_1339-1-450x300.jpg 450w\" href=\"(max-width: 1030px) 100vw, 1030px\" data-rel='gallery-7' data-prev-img='https:\/\/isupekuikui2.co.ao\/ao2\/wp-content\/uploads\/2018\/11\/DSC_1339-1-495x400.jpg' class='lightbox ' data-onclick='25' title='DSC_1339'  itemprop=\"thumbnailUrl\"  ><img class=\"wp-image-768 avia-img-lazy-loading-not-768\"   src=\"https:\/\/isupekuikui2.co.ao\/ao2\/wp-content\/uploads\/2018\/11\/DSC_1339-1-495x400.jpg\" width=\"495\" height=\"400\"  title='DSC_1339' alt='' srcset=\"https:\/\/isupekuikui2.co.ao\/ao2\/wp-content\/uploads\/2018\/11\/DSC_1339-1-495x400.jpg 495w, https:\/\/isupekuikui2.co.ao\/ao2\/wp-content\/uploads\/2018\/11\/DSC_1339-1-845x684.jpg 845w\" sizes=\"(max-width: 495px) 100vw, 495px\" \/><\/a> <a href=\"https:\/\/isupekuikui2.co.ao\/ao2\/wp-content\/uploads\/2018\/11\/DSC_1332-1-687x1030.jpg\" href=\"687\" href=\"1030\" href=\"1\" href=\"https:\/\/isupekuikui2.co.ao\/ao2\/wp-content\/uploads\/2018\/11\/DSC_1332-1-687x1030.jpg 687w, https:\/\/isupekuikui2.co.ao\/ao2\/wp-content\/uploads\/2018\/11\/DSC_1332-1-200x300.jpg 200w, https:\/\/isupekuikui2.co.ao\/ao2\/wp-content\/uploads\/2018\/11\/DSC_1332-1-768x1151.jpg 768w, https:\/\/isupekuikui2.co.ao\/ao2\/wp-content\/uploads\/2018\/11\/DSC_1332-1-1001x1500.jpg 1001w, https:\/\/isupekuikui2.co.ao\/ao2\/wp-content\/uploads\/2018\/11\/DSC_1332-1-470x705.jpg 470w, https:\/\/isupekuikui2.co.ao\/ao2\/wp-content\/uploads\/2018\/11\/DSC_1332-1-450x674.jpg 450w\" href=\"(max-width: 687px) 100vw, 687px\" data-rel='gallery-7' data-prev-img='https:\/\/isupekuikui2.co.ao\/ao2\/wp-content\/uploads\/2018\/11\/DSC_1332-1-495x400.jpg' class='first_thumb lightbox ' data-onclick='26' title='DSC_1332'  itemprop=\"thumbnailUrl\"  ><img class=\"wp-image-769 avia-img-lazy-loading-not-769\"   src=\"https:\/\/isupekuikui2.co.ao\/ao2\/wp-content\/uploads\/2018\/11\/DSC_1332-1-495x400.jpg\" width=\"495\" height=\"400\"  title='DSC_1332' alt='' srcset=\"https:\/\/isupekuikui2.co.ao\/ao2\/wp-content\/uploads\/2018\/11\/DSC_1332-1-495x400.jpg 495w, https:\/\/isupekuikui2.co.ao\/ao2\/wp-content\/uploads\/2018\/11\/DSC_1332-1-845x684.jpg 845w\" sizes=\"(max-width: 495px) 100vw, 495px\" \/><\/a> <a href=\"https:\/\/isupekuikui2.co.ao\/ao2\/wp-content\/uploads\/2018\/11\/DSC_1323-687x1030.jpg\" href=\"687\" href=\"1030\" href=\"1\" href=\"https:\/\/isupekuikui2.co.ao\/ao2\/wp-content\/uploads\/2018\/11\/DSC_1323-687x1030.jpg 687w, https:\/\/isupekuikui2.co.ao\/ao2\/wp-content\/uploads\/2018\/11\/DSC_1323-200x300.jpg 200w, https:\/\/isupekuikui2.co.ao\/ao2\/wp-content\/uploads\/2018\/11\/DSC_1323-768x1151.jpg 768w, https:\/\/isupekuikui2.co.ao\/ao2\/wp-content\/uploads\/2018\/11\/DSC_1323-1001x1500.jpg 1001w, https:\/\/isupekuikui2.co.ao\/ao2\/wp-content\/uploads\/2018\/11\/DSC_1323-470x705.jpg 470w, https:\/\/isupekuikui2.co.ao\/ao2\/wp-content\/uploads\/2018\/11\/DSC_1323-450x674.jpg 450w\" href=\"(max-width: 687px) 100vw, 687px\" data-rel='gallery-7' data-prev-img='https:\/\/isupekuikui2.co.ao\/ao2\/wp-content\/uploads\/2018\/11\/DSC_1323-495x400.jpg' class='lightbox ' data-onclick='27' title='DSC_1323'  itemprop=\"thumbnailUrl\"  ><img class=\"wp-image-770 avia-img-lazy-loading-not-770\"   src=\"https:\/\/isupekuikui2.co.ao\/ao2\/wp-content\/uploads\/2018\/11\/DSC_1323-495x400.jpg\" width=\"495\" height=\"400\"  title='DSC_1323' alt='' srcset=\"https:\/\/isupekuikui2.co.ao\/ao2\/wp-content\/uploads\/2018\/11\/DSC_1323-495x400.jpg 495w, https:\/\/isupekuikui2.co.ao\/ao2\/wp-content\/uploads\/2018\/11\/DSC_1323-845x684.jpg 845w\" sizes=\"(max-width: 495px) 100vw, 495px\" \/><\/a> <a href=\"https:\/\/isupekuikui2.co.ao\/ao2\/wp-content\/uploads\/2018\/11\/DSC_1318-1030x687.jpg\" href=\"1030\" href=\"687\" href=\"1\" href=\"https:\/\/isupekuikui2.co.ao\/ao2\/wp-content\/uploads\/2018\/11\/DSC_1318-1030x687.jpg 1030w, https:\/\/isupekuikui2.co.ao\/ao2\/wp-content\/uploads\/2018\/11\/DSC_1318-300x200.jpg 300w, https:\/\/isupekuikui2.co.ao\/ao2\/wp-content\/uploads\/2018\/11\/DSC_1318-768x512.jpg 768w, https:\/\/isupekuikui2.co.ao\/ao2\/wp-content\/uploads\/2018\/11\/DSC_1318-1500x1001.jpg 1500w, https:\/\/isupekuikui2.co.ao\/ao2\/wp-content\/uploads\/2018\/11\/DSC_1318-705x470.jpg 705w, https:\/\/isupekuikui2.co.ao\/ao2\/wp-content\/uploads\/2018\/11\/DSC_1318-450x300.jpg 450w\" href=\"(max-width: 1030px) 100vw, 1030px\" data-rel='gallery-7' data-prev-img='https:\/\/isupekuikui2.co.ao\/ao2\/wp-content\/uploads\/2018\/11\/DSC_1318-495x400.jpg' class='lightbox ' data-onclick='28' title='DSC_1318'  itemprop=\"thumbnailUrl\"  ><img class=\"wp-image-771 avia-img-lazy-loading-not-771\"   src=\"https:\/\/isupekuikui2.co.ao\/ao2\/wp-content\/uploads\/2018\/11\/DSC_1318-495x400.jpg\" width=\"495\" height=\"400\"  title='DSC_1318' alt='' srcset=\"https:\/\/isupekuikui2.co.ao\/ao2\/wp-content\/uploads\/2018\/11\/DSC_1318-495x400.jpg 495w, https:\/\/isupekuikui2.co.ao\/ao2\/wp-content\/uploads\/2018\/11\/DSC_1318-845x684.jpg 845w\" sizes=\"(max-width: 495px) 100vw, 495px\" \/><\/a> <a href=\"https:\/\/isupekuikui2.co.ao\/ao2\/wp-content\/uploads\/2018\/11\/DSC_0871-1030x687.jpg\" href=\"1030\" href=\"687\" href=\"1\" href=\"https:\/\/isupekuikui2.co.ao\/ao2\/wp-content\/uploads\/2018\/11\/DSC_0871-1030x687.jpg 1030w, https:\/\/isupekuikui2.co.ao\/ao2\/wp-content\/uploads\/2018\/11\/DSC_0871-300x200.jpg 300w, https:\/\/isupekuikui2.co.ao\/ao2\/wp-content\/uploads\/2018\/11\/DSC_0871-768x512.jpg 768w, https:\/\/isupekuikui2.co.ao\/ao2\/wp-content\/uploads\/2018\/11\/DSC_0871-1500x1001.jpg 1500w, https:\/\/isupekuikui2.co.ao\/ao2\/wp-content\/uploads\/2018\/11\/DSC_0871-705x470.jpg 705w, https:\/\/isupekuikui2.co.ao\/ao2\/wp-content\/uploads\/2018\/11\/DSC_0871-450x300.jpg 450w\" href=\"(max-width: 1030px) 100vw, 1030px\" data-rel='gallery-7' data-prev-img='https:\/\/isupekuikui2.co.ao\/ao2\/wp-content\/uploads\/2018\/11\/DSC_0871-495x400.jpg' class='lightbox ' data-onclick='29' title='DSC_0871'  itemprop=\"thumbnailUrl\"  ><img class=\"wp-image-772 avia-img-lazy-loading-not-772\"   src=\"https:\/\/isupekuikui2.co.ao\/ao2\/wp-content\/uploads\/2018\/11\/DSC_0871-495x400.jpg\" width=\"495\" height=\"400\"  title='DSC_0871' alt='' srcset=\"https:\/\/isupekuikui2.co.ao\/ao2\/wp-content\/uploads\/2018\/11\/DSC_0871-495x400.jpg 495w, https:\/\/isupekuikui2.co.ao\/ao2\/wp-content\/uploads\/2018\/11\/DSC_0871-845x684.jpg 845w\" sizes=\"(max-width: 495px) 100vw, 495px\" \/><\/a> <a href=\"https:\/\/isupekuikui2.co.ao\/ao2\/wp-content\/uploads\/2018\/11\/DSC_0836-1030x687.jpg\" href=\"1030\" href=\"687\" href=\"1\" href=\"https:\/\/isupekuikui2.co.ao\/ao2\/wp-content\/uploads\/2018\/11\/DSC_0836-1030x687.jpg 1030w, https:\/\/isupekuikui2.co.ao\/ao2\/wp-content\/uploads\/2018\/11\/DSC_0836-300x200.jpg 300w, https:\/\/isupekuikui2.co.ao\/ao2\/wp-content\/uploads\/2018\/11\/DSC_0836-768x512.jpg 768w, https:\/\/isupekuikui2.co.ao\/ao2\/wp-content\/uploads\/2018\/11\/DSC_0836-1500x1001.jpg 1500w, https:\/\/isupekuikui2.co.ao\/ao2\/wp-content\/uploads\/2018\/11\/DSC_0836-705x470.jpg 705w, https:\/\/isupekuikui2.co.ao\/ao2\/wp-content\/uploads\/2018\/11\/DSC_0836-450x300.jpg 450w\" href=\"(max-width: 1030px) 100vw, 1030px\" data-rel='gallery-7' data-prev-img='https:\/\/isupekuikui2.co.ao\/ao2\/wp-content\/uploads\/2018\/11\/DSC_0836-495x400.jpg' class='lightbox ' data-onclick='30' title='DSC_0836'  itemprop=\"thumbnailUrl\"  ><img class=\"wp-image-773 avia-img-lazy-loading-not-773\"   src=\"https:\/\/isupekuikui2.co.ao\/ao2\/wp-content\/uploads\/2018\/11\/DSC_0836-495x400.jpg\" width=\"495\" height=\"400\"  title='DSC_0836' alt='' srcset=\"https:\/\/isupekuikui2.co.ao\/ao2\/wp-content\/uploads\/2018\/11\/DSC_0836-495x400.jpg 495w, https:\/\/isupekuikui2.co.ao\/ao2\/wp-content\/uploads\/2018\/11\/DSC_0836-845x684.jpg 845w\" sizes=\"(max-width: 495px) 100vw, 495px\" \/><\/a> <a href=\"https:\/\/isupekuikui2.co.ao\/ao2\/wp-content\/uploads\/2018\/11\/DSC_0827-1030x687.jpg\" href=\"1030\" href=\"687\" href=\"1\" href=\"https:\/\/isupekuikui2.co.ao\/ao2\/wp-content\/uploads\/2018\/11\/DSC_0827-1030x687.jpg 1030w, https:\/\/isupekuikui2.co.ao\/ao2\/wp-content\/uploads\/2018\/11\/DSC_0827-300x200.jpg 300w, https:\/\/isupekuikui2.co.ao\/ao2\/wp-content\/uploads\/2018\/11\/DSC_0827-768x512.jpg 768w, https:\/\/isupekuikui2.co.ao\/ao2\/wp-content\/uploads\/2018\/11\/DSC_0827-1500x1001.jpg 1500w, https:\/\/isupekuikui2.co.ao\/ao2\/wp-content\/uploads\/2018\/11\/DSC_0827-705x470.jpg 705w, https:\/\/isupekuikui2.co.ao\/ao2\/wp-content\/uploads\/2018\/11\/DSC_0827-450x300.jpg 450w\" href=\"(max-width: 1030px) 100vw, 1030px\" data-rel='gallery-7' data-prev-img='https:\/\/isupekuikui2.co.ao\/ao2\/wp-content\/uploads\/2018\/11\/DSC_0827-495x400.jpg' class='first_thumb lightbox ' data-onclick='31' title='DSC_0827'  itemprop=\"thumbnailUrl\"  ><img class=\"wp-image-774 avia-img-lazy-loading-not-774\"   src=\"https:\/\/isupekuikui2.co.ao\/ao2\/wp-content\/uploads\/2018\/11\/DSC_0827-495x400.jpg\" width=\"495\" height=\"400\"  title='DSC_0827' alt='' srcset=\"https:\/\/isupekuikui2.co.ao\/ao2\/wp-content\/uploads\/2018\/11\/DSC_0827-495x400.jpg 495w, https:\/\/isupekuikui2.co.ao\/ao2\/wp-content\/uploads\/2018\/11\/DSC_0827-845x684.jpg 845w\" sizes=\"(max-width: 495px) 100vw, 495px\" \/><\/a> <a href=\"https:\/\/isupekuikui2.co.ao\/ao2\/wp-content\/uploads\/2018\/11\/DSC_0807-1030x687.jpg\" href=\"1030\" href=\"687\" href=\"1\" href=\"https:\/\/isupekuikui2.co.ao\/ao2\/wp-content\/uploads\/2018\/11\/DSC_0807-1030x687.jpg 1030w, https:\/\/isupekuikui2.co.ao\/ao2\/wp-content\/uploads\/2018\/11\/DSC_0807-300x200.jpg 300w, https:\/\/isupekuikui2.co.ao\/ao2\/wp-content\/uploads\/2018\/11\/DSC_0807-768x512.jpg 768w, https:\/\/isupekuikui2.co.ao\/ao2\/wp-content\/uploads\/2018\/11\/DSC_0807-1500x1001.jpg 1500w, https:\/\/isupekuikui2.co.ao\/ao2\/wp-content\/uploads\/2018\/11\/DSC_0807-705x470.jpg 705w, https:\/\/isupekuikui2.co.ao\/ao2\/wp-content\/uploads\/2018\/11\/DSC_0807-450x300.jpg 450w\" href=\"(max-width: 1030px) 100vw, 1030px\" data-rel='gallery-7' data-prev-img='https:\/\/isupekuikui2.co.ao\/ao2\/wp-content\/uploads\/2018\/11\/DSC_0807-495x400.jpg' class='lightbox ' data-onclick='32' title='DSC_0807'  itemprop=\"thumbnailUrl\"  ><img class=\"wp-image-775 avia-img-lazy-loading-not-775\"   src=\"https:\/\/isupekuikui2.co.ao\/ao2\/wp-content\/uploads\/2018\/11\/DSC_0807-495x400.jpg\" width=\"495\" height=\"400\"  title='DSC_0807' alt='' srcset=\"https:\/\/isupekuikui2.co.ao\/ao2\/wp-content\/uploads\/2018\/11\/DSC_0807-495x400.jpg 495w, https:\/\/isupekuikui2.co.ao\/ao2\/wp-content\/uploads\/2018\/11\/DSC_0807-845x684.jpg 845w\" sizes=\"(max-width: 495px) 100vw, 495px\" \/><\/a> <a href=\"https:\/\/isupekuikui2.co.ao\/ao2\/wp-content\/uploads\/2018\/11\/DSC_0793-1-1030x687.jpg\" href=\"1030\" href=\"687\" href=\"1\" href=\"https:\/\/isupekuikui2.co.ao\/ao2\/wp-content\/uploads\/2018\/11\/DSC_0793-1-1030x687.jpg 1030w, https:\/\/isupekuikui2.co.ao\/ao2\/wp-content\/uploads\/2018\/11\/DSC_0793-1-300x200.jpg 300w, https:\/\/isupekuikui2.co.ao\/ao2\/wp-content\/uploads\/2018\/11\/DSC_0793-1-768x512.jpg 768w, https:\/\/isupekuikui2.co.ao\/ao2\/wp-content\/uploads\/2018\/11\/DSC_0793-1-1500x1001.jpg 1500w, https:\/\/isupekuikui2.co.ao\/ao2\/wp-content\/uploads\/2018\/11\/DSC_0793-1-705x470.jpg 705w, https:\/\/isupekuikui2.co.ao\/ao2\/wp-content\/uploads\/2018\/11\/DSC_0793-1-450x300.jpg 450w\" href=\"(max-width: 1030px) 100vw, 1030px\" data-rel='gallery-7' data-prev-img='https:\/\/isupekuikui2.co.ao\/ao2\/wp-content\/uploads\/2018\/11\/DSC_0793-1-495x400.jpg' class='lightbox ' data-onclick='33' title='DSC_0793'  itemprop=\"thumbnailUrl\"  ><img class=\"wp-image-776 avia-img-lazy-loading-not-776\"   src=\"https:\/\/isupekuikui2.co.ao\/ao2\/wp-content\/uploads\/2018\/11\/DSC_0793-1-495x400.jpg\" width=\"495\" height=\"400\"  title='DSC_0793' alt='' srcset=\"https:\/\/isupekuikui2.co.ao\/ao2\/wp-content\/uploads\/2018\/11\/DSC_0793-1-495x400.jpg 495w, https:\/\/isupekuikui2.co.ao\/ao2\/wp-content\/uploads\/2018\/11\/DSC_0793-1-845x684.jpg 845w\" sizes=\"(max-width: 495px) 100vw, 495px\" \/><\/a> <a href=\"https:\/\/isupekuikui2.co.ao\/ao2\/wp-content\/uploads\/2018\/11\/DSC_0777-1030x687.jpg\" href=\"1030\" href=\"687\" href=\"1\" href=\"https:\/\/isupekuikui2.co.ao\/ao2\/wp-content\/uploads\/2018\/11\/DSC_0777-1030x687.jpg 1030w, https:\/\/isupekuikui2.co.ao\/ao2\/wp-content\/uploads\/2018\/11\/DSC_0777-300x200.jpg 300w, https:\/\/isupekuikui2.co.ao\/ao2\/wp-content\/uploads\/2018\/11\/DSC_0777-768x512.jpg 768w, https:\/\/isupekuikui2.co.ao\/ao2\/wp-content\/uploads\/2018\/11\/DSC_0777-1500x1001.jpg 1500w, https:\/\/isupekuikui2.co.ao\/ao2\/wp-content\/uploads\/2018\/11\/DSC_0777-705x470.jpg 705w, https:\/\/isupekuikui2.co.ao\/ao2\/wp-content\/uploads\/2018\/11\/DSC_0777-450x300.jpg 450w\" href=\"(max-width: 1030px) 100vw, 1030px\" data-rel='gallery-7' data-prev-img='https:\/\/isupekuikui2.co.ao\/ao2\/wp-content\/uploads\/2018\/11\/DSC_0777-495x400.jpg' class='lightbox ' data-onclick='34' title='DSC_0777'  itemprop=\"thumbnailUrl\"  ><img class=\"wp-image-777 avia-img-lazy-loading-not-777\"   src=\"https:\/\/isupekuikui2.co.ao\/ao2\/wp-content\/uploads\/2018\/11\/DSC_0777-495x400.jpg\" width=\"495\" height=\"400\"  title='DSC_0777' alt='' srcset=\"https:\/\/isupekuikui2.co.ao\/ao2\/wp-content\/uploads\/2018\/11\/DSC_0777-495x400.jpg 495w, https:\/\/isupekuikui2.co.ao\/ao2\/wp-content\/uploads\/2018\/11\/DSC_0777-845x684.jpg 845w\" sizes=\"(max-width: 495px) 100vw, 495px\" \/><\/a> <a href=\"https:\/\/isupekuikui2.co.ao\/ao2\/wp-content\/uploads\/2018\/11\/DSC_0769-1030x687.jpg\" href=\"1030\" href=\"687\" href=\"1\" href=\"https:\/\/isupekuikui2.co.ao\/ao2\/wp-content\/uploads\/2018\/11\/DSC_0769-1030x687.jpg 1030w, https:\/\/isupekuikui2.co.ao\/ao2\/wp-content\/uploads\/2018\/11\/DSC_0769-300x200.jpg 300w, https:\/\/isupekuikui2.co.ao\/ao2\/wp-content\/uploads\/2018\/11\/DSC_0769-768x512.jpg 768w, https:\/\/isupekuikui2.co.ao\/ao2\/wp-content\/uploads\/2018\/11\/DSC_0769-1500x1001.jpg 1500w, https:\/\/isupekuikui2.co.ao\/ao2\/wp-content\/uploads\/2018\/11\/DSC_0769-705x470.jpg 705w, https:\/\/isupekuikui2.co.ao\/ao2\/wp-content\/uploads\/2018\/11\/DSC_0769-450x300.jpg 450w\" href=\"(max-width: 1030px) 100vw, 1030px\" data-rel='gallery-7' data-prev-img='https:\/\/isupekuikui2.co.ao\/ao2\/wp-content\/uploads\/2018\/11\/DSC_0769-495x400.jpg' class='lightbox ' data-onclick='35' title='DSC_0769'  itemprop=\"thumbnailUrl\"  ><img class=\"wp-image-778 avia-img-lazy-loading-not-778\"   src=\"https:\/\/isupekuikui2.co.ao\/ao2\/wp-content\/uploads\/2018\/11\/DSC_0769-495x400.jpg\" width=\"495\" height=\"400\"  title='DSC_0769' alt='' srcset=\"https:\/\/isupekuikui2.co.ao\/ao2\/wp-content\/uploads\/2018\/11\/DSC_0769-495x400.jpg 495w, https:\/\/isupekuikui2.co.ao\/ao2\/wp-content\/uploads\/2018\/11\/DSC_0769-845x684.jpg 845w\" sizes=\"(max-width: 495px) 100vw, 495px\" \/><\/a><\/div><\/div><\/div><div  style='height:20px' class='hr hr-invisible   avia-builder-el-219  el_after_av_one_full  avia-builder-el-last '><span class='hr-inner ' ><span class='hr-inner-style'><\/span><\/span><\/div>\n\n<\/div><\/div><\/div><!-- close content main div --><\/div><\/div><div id='futuro'  class='avia-section main_color avia-section-default avia-no-shadow  avia-bg-style-scroll  avia-builder-el-220  el_after_av_section  el_before_av_section   container_wrap sidebar_right' style=' '  ><div class='container' ><div class='template-page content  av-content-small alpha units'><div class='post-entry post-entry-type-page post-entry-367'><div class='entry-content-wrapper clearfix'>\n<div class=\"flex_column av_one_full  flex_column_div av-zero-column-padding first  avia-builder-el-221  el_before_av_hr  avia-builder-el-first  \" style='border-radius:0px; '><p><div  style='padding-bottom:20px; ' class='av-special-heading av-special-heading-h2  blockquote modern-quote  avia-builder-el-222  el_before_av_gallery  avia-builder-el-first  '><h2 class='av-special-heading-tag '  itemprop=\"headline\"  ><\/p>\n<p><center>Futuro<\/center><\/h2><div class='special-heading-border'><div class='special-heading-inner-border' ><\/div><\/div><\/div><br \/>\n<div  class='avia-gallery  avia-gallery-8 avia_lazyload avia-gallery-animate avia_animate_when_visible  avia-builder-el-223  el_after_av_heading  avia-builder-el-last '  itemprop=\"image\" itemscope=\"itemscope\" itemtype=\"https:\/\/schema.org\/ImageObject\" ><div class='avia-gallery-thumb'> <a href=\"https:\/\/isupekuikui2.co.ao\/ao2\/wp-content\/uploads\/2018\/11\/20171028_102557-1030x579.jpg\" href=\"1030\" href=\"579\" href=\"1\" href=\"https:\/\/isupekuikui2.co.ao\/ao2\/wp-content\/uploads\/2018\/11\/20171028_102557-1030x579.jpg 1030w, https:\/\/isupekuikui2.co.ao\/ao2\/wp-content\/uploads\/2018\/11\/20171028_102557-300x169.jpg 300w, https:\/\/isupekuikui2.co.ao\/ao2\/wp-content\/uploads\/2018\/11\/20171028_102557-768x432.jpg 768w, https:\/\/isupekuikui2.co.ao\/ao2\/wp-content\/uploads\/2018\/11\/20171028_102557-1500x844.jpg 1500w, https:\/\/isupekuikui2.co.ao\/ao2\/wp-content\/uploads\/2018\/11\/20171028_102557-705x397.jpg 705w, https:\/\/isupekuikui2.co.ao\/ao2\/wp-content\/uploads\/2018\/11\/20171028_102557-450x253.jpg 450w\" href=\"(max-width: 1030px) 100vw, 1030px\" data-rel='gallery-8' data-prev-img='https:\/\/isupekuikui2.co.ao\/ao2\/wp-content\/uploads\/2018\/11\/20171028_102557-495x400.jpg' class='first_thumb lightbox ' data-onclick='1' title='20171028_102557'  itemprop=\"thumbnailUrl\"  ><img class=\"wp-image-794 avia-img-lazy-loading-not-794\"   src=\"https:\/\/isupekuikui2.co.ao\/ao2\/wp-content\/uploads\/2018\/11\/20171028_102557-495x400.jpg\" width=\"495\" height=\"400\"  title='20171028_102557' alt='' srcset=\"https:\/\/isupekuikui2.co.ao\/ao2\/wp-content\/uploads\/2018\/11\/20171028_102557-495x400.jpg 495w, https:\/\/isupekuikui2.co.ao\/ao2\/wp-content\/uploads\/2018\/11\/20171028_102557-845x684.jpg 845w\" sizes=\"(max-width: 495px) 100vw, 495px\" \/><\/a><\/div><\/div><\/p><\/div><div  style='height:20px' class='hr hr-invisible   avia-builder-el-224  el_after_av_one_full  avia-builder-el-last '><span class='hr-inner ' ><span class='hr-inner-style'><\/span><\/span><\/div>\n\n<\/div><\/div><\/div><!-- close content main div --><\/div><\/div><div id='lusofona1'  class='avia-section main_color avia-section-large avia-no-border-styling  avia-full-stretch av-parallax-section avia-bg-style-parallax  avia-builder-el-225  el_after_av_section  el_before_av_section   container_wrap sidebar_right' style=' '  data-section-bg-repeat='stretch'><div class='av-parallax' data-avia-parallax-ratio='0.3' ><div class='av-parallax-inner main_color  avia-full-stretch' style = 'background-repeat: no-repeat; background-image: url(https:\/\/isupekuikui2.co.ao\/ao2\/wp-content\/uploads\/2018\/08\/lus_backg-e1542039139161.jpg);background-attachment: scroll; background-position: center center; ' ><\/div><\/div><div class='container' ><div class='template-page content  av-content-small alpha units'><div class='post-entry post-entry-type-page post-entry-367'><div class='entry-content-wrapper clearfix'>\n<div  style='padding-bottom:0px; color:#ffffff;font-size:60px;' class='av-special-heading av-special-heading-h2 custom-color-heading blockquote modern-quote modern-centered  avia-builder-el-226  avia-builder-el-no-sibling  av-inherit-size '><h2 class='av-special-heading-tag '  itemprop=\"headline\"  >Grupo Lus\u00f3fona<\/h2><div class='special-heading-border'><div class='special-heading-inner-border' style='border-color:#ffffff'><\/div><\/div><\/div>\n\n<\/div><\/div><\/div><!-- close content main div --><\/div><\/div><div id='pt'  class='avia-section main_color avia-section-default avia-no-shadow  avia-bg-style-scroll  avia-builder-el-227  el_after_av_section  el_before_av_section   container_wrap sidebar_right' style=' '  ><div class='container' ><div class='template-page content  av-content-small alpha units'><div class='post-entry post-entry-type-page post-entry-367'><div class='entry-content-wrapper clearfix'>\n<div  style='padding-bottom:20px; ' class='av-special-heading av-special-heading-h2  blockquote modern-quote  avia-builder-el-228  el_before_av_hr  avia-builder-el-first  '><h2 class='av-special-heading-tag '  itemprop=\"headline\"  ><\/p>\n<p><center>Boletim Conselho Superior Acad\u00e9mico <\/center><\/h2><div class ='av-subheading av-subheading_below  ' style='font-size:15px;'><p><center>(Clique no boletim para abrir!)<\/center><\/p>\n<\/div><div class='special-heading-border'><div class='special-heading-inner-border' ><\/div><\/div><\/div>\n<div  style='height:20px' class='hr hr-invisible   avia-builder-el-229  el_after_av_heading  el_before_av_one_fifth '><span class='hr-inner ' ><span class='hr-inner-style'><\/span><\/span><\/div>\n<div class=\"flex_column av_one_fifth  flex_column_div first  avia-builder-el-230  el_after_av_hr  el_before_av_one_fifth  \" ><section class=\"av_textblock_section \"  itemscope=\"itemscope\" itemtype=\"https:\/\/schema.org\/CreativeWork\" ><div class='avia_textblock  '   itemprop=\"text\" ><h6 style=\"text-align: center;\"><a href=\"https:\/\/isupekuikui2.co.ao\/ao2\/wp-content\/uploads\/2024\/06\/Boletim-no-34-CSA-2024-Ano-2.pdf\" target=\"_blank\" rel=\"noopener\">Boletim n\u00ba 34<\/a> (Novo)<\/h6>\n<\/div><\/section><\/div><div class=\"flex_column av_one_fifth  flex_column_div   avia-builder-el-232  el_after_av_one_fifth  el_before_av_one_fifth  \" ><section class=\"av_textblock_section \"  itemscope=\"itemscope\" itemtype=\"https:\/\/schema.org\/CreativeWork\" ><div class='avia_textblock  '   itemprop=\"text\" ><h6 style=\"text-align: center;\"><a href=\"https:\/\/isupekuikui2.co.ao\/ao2\/wp-content\/uploads\/2024\/06\/Boletim-no-33-CSA-ANO-2-Maio-de-2024-1.pdf\" target=\"_blank\" rel=\"noopener\">Boletim n\u00ba 33<\/a><\/h6>\n<\/div><\/section><\/div><div class=\"flex_column av_one_fifth  flex_column_div   avia-builder-el-234  el_after_av_one_fifth  el_before_av_one_fifth  \" ><section class=\"av_textblock_section \"  itemscope=\"itemscope\" itemtype=\"https:\/\/schema.org\/CreativeWork\" ><div class='avia_textblock  '   itemprop=\"text\" ><h6 style=\"text-align: center;\"><a href=\"https:\/\/isupekuikui2.co.ao\/ao2\/wp-content\/uploads\/2024\/06\/Boletim-no-32-CSA-ANO-2-Abril-de-2024_Publicado.pdf\" target=\"_blank\" rel=\"noopener\">Boletim n\u00ba 32<\/a><\/h6>\n<\/div><\/section><\/div><div class=\"flex_column av_one_fifth  flex_column_div   avia-builder-el-236  el_after_av_one_fifth  el_before_av_one_fifth  \" ><section class=\"av_textblock_section \"  itemscope=\"itemscope\" itemtype=\"https:\/\/schema.org\/CreativeWork\" ><div class='avia_textblock  '   itemprop=\"text\" ><h6 style=\"text-align: center;\"><a href=\"https:\/\/isupekuikui2.co.ao\/ao2\/wp-content\/uploads\/2024\/06\/Boletim-no-31-CSA-ANO-2-Abril-de-2024.pdf\" target=\"_blank\" rel=\"noopener\">Boletim n\u00ba 31<\/a><\/h6>\n<\/div><\/section><\/div><div class=\"flex_column av_one_fifth  flex_column_div   avia-builder-el-238  el_after_av_one_fifth  el_before_av_hr  \" ><section class=\"av_textblock_section \"  itemscope=\"itemscope\" itemtype=\"https:\/\/schema.org\/CreativeWork\" ><div class='avia_textblock  '   itemprop=\"text\" ><h6 style=\"text-align: center;\"><a href=\"https:\/\/isupekuikui2.co.ao\/ao2\/wp-content\/uploads\/2024\/06\/Boletim-no-30-CSA-ANO-2-Marco-de-2024_Publicado.pdf\" target=\"_blank\" rel=\"noopener\">Boletim n\u00ba 30<\/a><\/h6>\n<\/div><\/section><\/div><div  style='height:20px' class='hr hr-invisible   avia-builder-el-240  el_after_av_one_fifth  el_before_av_one_fifth '><span class='hr-inner ' ><span class='hr-inner-style'><\/span><\/span><\/div>\n<div class=\"flex_column av_one_fifth  flex_column_div first  avia-builder-el-241  el_after_av_hr  el_before_av_one_fifth  \" ><section class=\"av_textblock_section \"  itemscope=\"itemscope\" itemtype=\"https:\/\/schema.org\/CreativeWork\" ><div class='avia_textblock  '   itemprop=\"text\" ><h6 style=\"text-align: center;\"><a href=\"https:\/\/isupekuikui2.co.ao\/ao2\/wp-content\/uploads\/2024\/06\/Boletim-no-26-CSA-ANO-2-Janeiro-de-2024_Publicado-em-31jan-compactado.pdf\" target=\"_blank\" rel=\"noopener\">Boletim n\u00ba 26<\/a><\/h6>\n<\/div><\/section><\/div><div class=\"flex_column av_one_fifth  flex_column_div   avia-builder-el-243  el_after_av_one_fifth  el_before_av_one_fifth  \" ><section class=\"av_textblock_section \"  itemscope=\"itemscope\" itemtype=\"https:\/\/schema.org\/CreativeWork\" ><div class='avia_textblock  '   itemprop=\"text\" ><h6 style=\"text-align: center;\"><a href=\"https:\/\/isupekuikui2.co.ao\/ao2\/wp-content\/uploads\/2024\/06\/Boletim-no-29-CSA-ANO-2-Marco-de-2024_Publicado.pdf\" target=\"_blank\" rel=\"noopener\">Boletim n\u00ba 29<\/a><\/h6>\n<\/div><\/section><\/div><div class=\"flex_column av_one_fifth  flex_column_div   avia-builder-el-245  el_after_av_one_fifth  el_before_av_one_fifth  \" ><section class=\"av_textblock_section \"  itemscope=\"itemscope\" itemtype=\"https:\/\/schema.org\/CreativeWork\" ><div class='avia_textblock  '   itemprop=\"text\" ><h6 style=\"text-align: center;\"><a href=\"https:\/\/isupekuikui2.co.ao\/ao2\/wp-content\/uploads\/2024\/06\/Boletim-no-28-CSA-ANO-2-Fevereiro-de-2024_Publicado-28fev.pdf\" target=\"_blank\" rel=\"noopener\">Boletim n\u00ba 28<\/a><\/h6>\n<\/div><\/section><\/div><div class=\"flex_column av_one_fifth  flex_column_div   avia-builder-el-247  el_after_av_one_fifth  el_before_av_one_fifth  \" ><section class=\"av_textblock_section \"  itemscope=\"itemscope\" itemtype=\"https:\/\/schema.org\/CreativeWork\" ><div class='avia_textblock  '   itemprop=\"text\" ><h6 style=\"text-align: center;\"><a href=\"https:\/\/isupekuikui2.co.ao\/ao2\/wp-content\/uploads\/2024\/06\/Boletim-no-27-CSA-ANO-2-Fevereiro-de-2024.pdf\" target=\"_blank\" rel=\"noopener\">Boletim n\u00ba 27<\/a><\/h6>\n<\/div><\/section><\/div><div class=\"flex_column av_one_fifth  flex_column_div   avia-builder-el-249  el_after_av_one_fifth  el_before_av_hr  \" ><section class=\"av_textblock_section \"  itemscope=\"itemscope\" itemtype=\"https:\/\/schema.org\/CreativeWork\" ><div class='avia_textblock  '   itemprop=\"text\" ><h6 style=\"text-align: center;\"><a href=\"https:\/\/isupekuikui2.co.ao\/ao2\/wp-content\/uploads\/2024\/06\/Boletim-no-24-CSA-Dezembro-de-2023.pdf\" target=\"_blank\" rel=\"noopener\">Boletim n\u00ba 24<\/a><\/h6>\n<\/div><\/section><\/div><div  style='height:20px' class='hr hr-invisible   avia-builder-el-251  el_after_av_one_fifth  el_before_av_one_fifth '><span class='hr-inner ' ><span class='hr-inner-style'><\/span><\/span><\/div>\n<div class=\"flex_column av_one_fifth  flex_column_div first  avia-builder-el-252  el_after_av_hr  el_before_av_one_fifth  \" ><section class=\"av_textblock_section \"  itemscope=\"itemscope\" itemtype=\"https:\/\/schema.org\/CreativeWork\" ><div class='avia_textblock  '   itemprop=\"text\" ><h6 style=\"text-align: center;\"><a href=\"https:\/\/isupekuikui2.co.ao\/ao2\/wp-content\/uploads\/2024\/06\/Boletim-no-22-CSA-Novembro-de-2023.pdf\" target=\"_blank\" rel=\"noopener\">Boletim n\u00ba 22<\/a><\/h6>\n<\/div><\/section><\/div><div class=\"flex_column av_one_fifth  flex_column_div   avia-builder-el-254  el_after_av_one_fifth  el_before_av_one_fifth  \" ><section class=\"av_textblock_section \"  itemscope=\"itemscope\" itemtype=\"https:\/\/schema.org\/CreativeWork\" ><div class='avia_textblock  '   itemprop=\"text\" ><h6 style=\"text-align: center;\"><a href=\"https:\/\/isupekuikui2.co.ao\/ao2\/wp-content\/uploads\/2024\/06\/Boletim-no-21-CSA-Novembro-de-2023.pdf\" target=\"_blank\" rel=\"noopener\">Boletim n\u00ba 21<\/a><\/h6>\n<\/div><\/section><\/div><div class=\"flex_column av_one_fifth  flex_column_div   avia-builder-el-256  el_after_av_one_fifth  el_before_av_one_fifth  \" ><section class=\"av_textblock_section \"  itemscope=\"itemscope\" itemtype=\"https:\/\/schema.org\/CreativeWork\" ><div class='avia_textblock  '   itemprop=\"text\" ><h6 style=\"text-align: center;\"><a href=\"https:\/\/isupekuikui2.co.ao\/ao2\/wp-content\/uploads\/2024\/06\/Boletim-no-20-CSA-Outubro-de-2023.pdf\" target=\"_blank\" rel=\"noopener\">Boletim n\u00ba 20<\/a><\/h6>\n<\/div><\/section><\/div><div class=\"flex_column av_one_fifth  flex_column_div   avia-builder-el-258  el_after_av_one_fifth  el_before_av_one_fifth  \" ><section class=\"av_textblock_section \"  itemscope=\"itemscope\" itemtype=\"https:\/\/schema.org\/CreativeWork\" ><div class='avia_textblock  '   itemprop=\"text\" ><h6 style=\"text-align: center;\"><a href=\"https:\/\/isupekuikui2.co.ao\/ao2\/wp-content\/uploads\/2024\/06\/Boletim-no-19-CSA-_Outubro-de-2023.pdf\" target=\"_blank\" rel=\"noopener\">Boletim n\u00ba 19<\/a><\/h6>\n<\/div><\/section><\/div><div class=\"flex_column av_one_fifth  flex_column_div   avia-builder-el-260  el_after_av_one_fifth  el_before_av_hr  \" ><section class=\"av_textblock_section \"  itemscope=\"itemscope\" itemtype=\"https:\/\/schema.org\/CreativeWork\" ><div class='avia_textblock  '   itemprop=\"text\" ><h6 style=\"text-align: center;\"><a href=\"https:\/\/isupekuikui2.co.ao\/ao2\/wp-content\/uploads\/2024\/06\/Boletim-no-18-CSA-Setembro-2023_Publicado_29set.pdf\" target=\"_blank\" rel=\"noopener\">Boletim n\u00ba 18<\/a><\/h6>\n<\/div><\/section><\/div><div  style='height:20px' class='hr hr-invisible   avia-builder-el-262  el_after_av_one_fifth  el_before_av_one_fifth '><span class='hr-inner ' ><span class='hr-inner-style'><\/span><\/span><\/div>\n<div class=\"flex_column av_one_fifth  flex_column_div first  avia-builder-el-263  el_after_av_hr  el_before_av_one_fifth  \" ><section class=\"av_textblock_section \"  itemscope=\"itemscope\" itemtype=\"https:\/\/schema.org\/CreativeWork\" ><div class='avia_textblock  '   itemprop=\"text\" ><h6 style=\"text-align: center;\"><a href=\"https:\/\/isupekuikui2.co.ao\/ao2\/wp-content\/uploads\/2024\/06\/Boletim-no-17-CSA-Setembro-de-2023_publicado.pdf\" target=\"_blank\" rel=\"noopener\">Boletim n\u00ba 17<\/a><\/h6>\n<\/div><\/section><\/div><div class=\"flex_column av_one_fifth  flex_column_div   avia-builder-el-265  el_after_av_one_fifth  el_before_av_one_fifth  \" ><section class=\"av_textblock_section \"  itemscope=\"itemscope\" itemtype=\"https:\/\/schema.org\/CreativeWork\" ><div class='avia_textblock  '   itemprop=\"text\" ><h6 style=\"text-align: center;\"><a href=\"https:\/\/isupekuikui2.co.ao\/ao2\/wp-content\/uploads\/2024\/06\/Boletim-no-16-CSA-Agosto-de-2023_publicado.pdf\" target=\"_blank\" rel=\"noopener\">Boletim n\u00ba 16<\/a><\/h6>\n<\/div><\/section><\/div><div class=\"flex_column av_one_fifth  flex_column_div   avia-builder-el-267  el_after_av_one_fifth  el_before_av_one_fifth  \" ><section class=\"av_textblock_section \"  itemscope=\"itemscope\" itemtype=\"https:\/\/schema.org\/CreativeWork\" ><div class='avia_textblock  '   itemprop=\"text\" ><h6 style=\"text-align: center;\"><a href=\"https:\/\/isupekuikui2.co.ao\/ao2\/wp-content\/uploads\/2024\/06\/Boletim-no-15-CSA-Agosto-de-2023.pdf\" target=\"_blank\" rel=\"noopener\">Boletim n\u00ba 15<\/a><\/h6>\n<\/div><\/section><\/div><div class=\"flex_column av_one_fifth  flex_column_div   avia-builder-el-269  el_after_av_one_fifth  el_before_av_one_fifth  \" ><section class=\"av_textblock_section \"  itemscope=\"itemscope\" itemtype=\"https:\/\/schema.org\/CreativeWork\" ><div class='avia_textblock  '   itemprop=\"text\" ><h6 style=\"text-align: center;\"><a href=\"https:\/\/isupekuikui2.co.ao\/ao2\/wp-content\/uploads\/2024\/06\/Boletim-no-14-CSA-Julho-de-2023_publicado.pdf\" target=\"_blank\" rel=\"noopener\">Boletim n\u00ba 14<\/a><\/h6>\n<\/div><\/section><\/div><div class=\"flex_column av_one_fifth  flex_column_div   avia-builder-el-271  el_after_av_one_fifth  el_before_av_hr  \" ><section class=\"av_textblock_section \"  itemscope=\"itemscope\" itemtype=\"https:\/\/schema.org\/CreativeWork\" ><div class='avia_textblock  '   itemprop=\"text\" ><h6 style=\"text-align: center;\"><a href=\"https:\/\/isupekuikui2.co.ao\/ao2\/wp-content\/uploads\/2024\/06\/Boletim-no-13-CSA-Junho-de-2023_publicado-14jul.pdf\" target=\"_blank\" rel=\"noopener\">Boletim n\u00ba 13<\/a><\/h6>\n<\/div><\/section><\/div><div  style='height:20px' class='hr hr-invisible   avia-builder-el-273  el_after_av_one_fifth  el_before_av_one_fifth '><span class='hr-inner ' ><span class='hr-inner-style'><\/span><\/span><\/div>\n<div class=\"flex_column av_one_fifth  flex_column_div first  avia-builder-el-274  el_after_av_hr  el_before_av_one_fifth  \" ><section class=\"av_textblock_section \"  itemscope=\"itemscope\" itemtype=\"https:\/\/schema.org\/CreativeWork\" ><div class='avia_textblock  '   itemprop=\"text\" ><h6 style=\"text-align: center;\"><a href=\"https:\/\/isupekuikui2.co.ao\/ao2\/wp-content\/uploads\/2024\/06\/Boletim-no-12-CSA-Junho-de-2023_publicado.pdf\" target=\"_blank\" rel=\"noopener\">Boletim n\u00ba 12<\/a><\/h6>\n<\/div><\/section><\/div><div class=\"flex_column av_one_fifth  flex_column_div   avia-builder-el-276  el_after_av_one_fifth  el_before_av_one_fifth  \" ><section class=\"av_textblock_section \"  itemscope=\"itemscope\" itemtype=\"https:\/\/schema.org\/CreativeWork\" ><div class='avia_textblock  '   itemprop=\"text\" ><h6 style=\"text-align: center;\"><a href=\"https:\/\/isupekuikui2.co.ao\/ao2\/wp-content\/uploads\/2024\/06\/Boletim-no-11-CSA-Junho-2023.pdf\" target=\"_blank\" rel=\"noopener\">Boletim n\u00ba 11<\/a><\/h6>\n<\/div><\/section><\/div><div class=\"flex_column av_one_fifth  flex_column_div   avia-builder-el-278  el_after_av_one_fifth  el_before_av_one_fifth  \" ><section class=\"av_textblock_section \"  itemscope=\"itemscope\" itemtype=\"https:\/\/schema.org\/CreativeWork\" ><div class='avia_textblock  '   itemprop=\"text\" ><h6 style=\"text-align: center;\"><a href=\"https:\/\/isupekuikui2.co.ao\/ao2\/wp-content\/uploads\/2024\/06\/Boletim-no-10-CSA-Maio-de-2023_Publicado.pdf\" target=\"_blank\" rel=\"noopener\">Boletim n\u00ba 10<\/a><\/h6>\n<\/div><\/section><\/div><div class=\"flex_column av_one_fifth  flex_column_div   avia-builder-el-280  el_after_av_one_fifth  el_before_av_one_fifth  \" ><section class=\"av_textblock_section \"  itemscope=\"itemscope\" itemtype=\"https:\/\/schema.org\/CreativeWork\" ><div class='avia_textblock  '   itemprop=\"text\" ><h6 style=\"text-align: center;\"><a href=\"https:\/\/isupekuikui2.co.ao\/ao2\/wp-content\/uploads\/2024\/06\/Boletim-no-09-CSA-Maio-2023.pdf\" target=\"_blank\" rel=\"noopener\">Boletim n\u00ba 9<\/a><\/h6>\n<\/div><\/section><\/div><div class=\"flex_column av_one_fifth  flex_column_div   avia-builder-el-282  el_after_av_one_fifth  el_before_av_hr  \" ><section class=\"av_textblock_section \"  itemscope=\"itemscope\" itemtype=\"https:\/\/schema.org\/CreativeWork\" ><div class='avia_textblock  '   itemprop=\"text\" ><h6 style=\"text-align: center;\"><a href=\"https:\/\/isupekuikui2.co.ao\/ao2\/wp-content\/uploads\/2024\/06\/Boletim-no-08-CSA-Abril-de-2023_publicado.pdf\" target=\"_blank\" rel=\"noopener\">Boletim n\u00ba 8<\/a><\/h6>\n<\/div><\/section><\/div><div  style='height:20px' class='hr hr-invisible   avia-builder-el-284  el_after_av_one_fifth  el_before_av_one_fifth '><span class='hr-inner ' ><span class='hr-inner-style'><\/span><\/span><\/div>\n<div class=\"flex_column av_one_fifth  flex_column_div first  avia-builder-el-285  el_after_av_hr  el_before_av_one_fifth  \" ><section class=\"av_textblock_section \"  itemscope=\"itemscope\" itemtype=\"https:\/\/schema.org\/CreativeWork\" ><div class='avia_textblock  '   itemprop=\"text\" ><h6 style=\"text-align: center;\"><a href=\"https:\/\/isupekuikui2.co.ao\/ao2\/wp-content\/uploads\/2024\/06\/Boletim-no-07-CSA-_Abril-2023_publicado.pdf\" target=\"_blank\" rel=\"noopener\">Boletim n\u00ba 7<\/a><\/h6>\n<\/div><\/section><\/div><div class=\"flex_column av_one_fifth  flex_column_div   avia-builder-el-287  el_after_av_one_fifth  el_before_av_one_fifth  \" ><section class=\"av_textblock_section \"  itemscope=\"itemscope\" itemtype=\"https:\/\/schema.org\/CreativeWork\" ><div class='avia_textblock  '   itemprop=\"text\" ><h6 style=\"text-align: center;\"><a href=\"https:\/\/isupekuikui2.co.ao\/ao2\/wp-content\/uploads\/2024\/06\/Boletim-no-06-CSA-Marco-de-2023_Publicado.pdf\" target=\"_blank\" rel=\"noopener\">Boletim n\u00ba 6<\/a><\/h6>\n<\/div><\/section><\/div><div class=\"flex_column av_one_fifth  flex_column_div   avia-builder-el-289  el_after_av_one_fifth  el_before_av_one_fifth  \" ><section class=\"av_textblock_section \"  itemscope=\"itemscope\" itemtype=\"https:\/\/schema.org\/CreativeWork\" ><div class='avia_textblock  '   itemprop=\"text\" ><h6 style=\"text-align: center;\"><a href=\"https:\/\/isupekuikui2.co.ao\/ao2\/wp-content\/uploads\/2024\/06\/Boletim-no-05-CSA-Marco-de-2023-publicado.pdf\" target=\"_blank\" rel=\"noopener\">Boletim n\u00ba 5<\/a><\/h6>\n<\/div><\/section><\/div><div class=\"flex_column av_one_fifth  flex_column_div   avia-builder-el-291  el_after_av_one_fifth  el_before_av_one_fifth  \" ><section class=\"av_textblock_section \"  itemscope=\"itemscope\" itemtype=\"https:\/\/schema.org\/CreativeWork\" ><div class='avia_textblock  '   itemprop=\"text\" ><h6 style=\"text-align: center;\"><a href=\"https:\/\/isupekuikui2.co.ao\/ao2\/wp-content\/uploads\/2024\/06\/Boletim-no-04-_Publicado.pdf\" target=\"_blank\" rel=\"noopener\">Boletim n\u00ba 4<\/a><\/h6>\n<\/div><\/section><\/div><div class=\"flex_column av_one_fifth  flex_column_div   avia-builder-el-293  el_after_av_one_fifth  el_before_av_hr  \" ><section class=\"av_textblock_section \"  itemscope=\"itemscope\" itemtype=\"https:\/\/schema.org\/CreativeWork\" ><div class='avia_textblock  '   itemprop=\"text\" ><h6 style=\"text-align: center;\"><a href=\"https:\/\/isupekuikui2.co.ao\/ao2\/wp-content\/uploads\/2024\/06\/Boletim-no-03-CSA-Fevereiro-de-2023_Publicado.pdf\" target=\"_blank\" rel=\"noopener\">Boletim n\u00ba 3<\/a><\/h6>\n<\/div><\/section><\/div><div  style='height:20px' class='hr hr-invisible   avia-builder-el-295  el_after_av_one_fifth  el_before_av_one_fifth '><span class='hr-inner ' ><span class='hr-inner-style'><\/span><\/span><\/div>\n<div class=\"flex_column av_one_fifth  flex_column_div first  avia-builder-el-296  el_after_av_hr  el_before_av_one_fifth  \" ><section class=\"av_textblock_section \"  itemscope=\"itemscope\" itemtype=\"https:\/\/schema.org\/CreativeWork\" ><div class='avia_textblock  '   itemprop=\"text\" ><h6 style=\"text-align: center;\"><a href=\"https:\/\/isupekuikui2.co.ao\/ao2\/wp-content\/uploads\/2024\/06\/Boletim-no-02-CSA-Janeiro-de-2023_.pdf\" target=\"_blank\" rel=\"noopener\">Boletim n\u00ba 2<\/a><\/h6>\n<\/div><\/section><\/div><div class=\"flex_column av_one_fifth  flex_column_div   avia-builder-el-298  el_after_av_one_fifth  el_before_av_hr  \" ><section class=\"av_textblock_section \"  itemscope=\"itemscope\" itemtype=\"https:\/\/schema.org\/CreativeWork\" ><div class='avia_textblock  '   itemprop=\"text\" ><h6 style=\"text-align: center;\"><a href=\"https:\/\/isupekuikui2.co.ao\/ao2\/wp-content\/uploads\/2024\/06\/Boletim-no-01-2023_CSA_19-Janeiro.pdf\" target=\"_blank\" rel=\"noopener\">Boletim n\u00ba 1<\/a><\/h6>\n<\/div><\/section><\/div><div  style='height:40px' class='hr hr-invisible   avia-builder-el-300  el_after_av_one_fifth  el_before_av_heading '><span class='hr-inner ' ><span class='hr-inner-style'><\/span><\/span><\/div>\n<div  style='padding-bottom:25px; color:#b02b2c;' class='av-special-heading av-special-heading-h2 custom-color-heading blockquote modern-quote modern-centered  avia-builder-el-301  el_after_av_hr  el_before_av_heading  '><h2 class='av-special-heading-tag '  itemprop=\"headline\"  >Portugal<\/h2><div class='special-heading-border'><div class='special-heading-inner-border' style='border-color:#b02b2c'><\/div><\/div><\/div>\n<div  style='padding-bottom:25px; color:#b02b2c;' class='av-special-heading av-special-heading-h3 custom-color-heading blockquote modern-quote modern-centered  avia-builder-el-302  el_after_av_heading  el_before_av_one_third  '><h3 class='av-special-heading-tag '  itemprop=\"headline\"  >ENSINO SUPERIOR<\/h3><div class='special-heading-border'><div class='special-heading-inner-border' style='border-color:#b02b2c'><\/div><\/div><\/div>\n<div class=\"flex_column av_one_third  flex_column_div first  avia-builder-el-303  el_after_av_heading  el_before_av_one_third  \" ><p><div  class='avia-image-container  av-styling-    avia-builder-el-304  el_before_av_textblock  avia-builder-el-first  avia-align-center '  itemprop=\"image\" itemscope=\"itemscope\" itemtype=\"https:\/\/schema.org\/ImageObject\"  ><div class='avia-image-container-inner'><div class='avia-image-overlay-wrap'><img class='wp-image-559 avia-img-lazy-loading-not-559 avia_image' src=\"https:\/\/isupekuikui2.co.ao\/ao2\/wp-content\/uploads\/2018\/08\/ulusofona-300x176.png\" alt='' title='ulusofona' height=\"176\" width=\"300\"  itemprop=\"thumbnailUrl\" srcset=\"https:\/\/isupekuikui2.co.ao\/ao2\/wp-content\/uploads\/2018\/08\/ulusofona-300x176.png 300w, https:\/\/isupekuikui2.co.ao\/ao2\/wp-content\/uploads\/2018\/08\/ulusofona-450x264.png 450w, https:\/\/isupekuikui2.co.ao\/ao2\/wp-content\/uploads\/2018\/08\/ulusofona.png 554w\" sizes=\"(max-width: 300px) 100vw, 300px\" \/><\/div><\/div><\/div><br \/>\n<section class=\"av_textblock_section \"  itemscope=\"itemscope\" itemtype=\"https:\/\/schema.org\/CreativeWork\" ><div class='avia_textblock  '   itemprop=\"text\" ><h3>ULHT<\/h3>\n<h4>Universidade Lus\u00f3fona de Humanidades e Tecnologias<\/h4>\n<p>Campo Grande, 376,<br \/>\n1749-024 Lisboa<br \/>\nTel.: + 351 217 515 500<br \/>\nFax.: + 351 217 577 006<br \/>\nTelem\u00f3veis: + 351 969 281 547 \/ + 351 969 281 567 \/ + 351 969 281 570<\/p>\n<p>EMAIL \u00a0<a href=\"mailto:info@ulusofona.pt\">info@ulusofona.pt<\/a><\/p>\n<p>SITE <a href=\"http:\/\/www.ulusofona.pt\/\">www.ulusofona.pt<\/a><\/p>\n<\/div><\/section><\/p><\/div><div class=\"flex_column av_one_third  flex_column_div av-zero-column-padding   avia-builder-el-306  el_after_av_one_third  el_before_av_one_third  \" style='border-radius:0px; '><p><div  class='avia-image-container  av-styling-    avia-builder-el-307  el_before_av_textblock  avia-builder-el-first  avia-align-center '  itemprop=\"image\" itemscope=\"itemscope\" itemtype=\"https:\/\/schema.org\/ImageObject\"  ><div class='avia-image-container-inner'><div class='avia-image-overlay-wrap'><img class='wp-image-560 avia-img-lazy-loading-not-560 avia_image' src=\"https:\/\/isupekuikui2.co.ao\/ao2\/wp-content\/uploads\/2018\/08\/ulp-300x176.png\" alt='' title='ulp' height=\"176\" width=\"300\"  itemprop=\"thumbnailUrl\" srcset=\"https:\/\/isupekuikui2.co.ao\/ao2\/wp-content\/uploads\/2018\/08\/ulp-300x176.png 300w, https:\/\/isupekuikui2.co.ao\/ao2\/wp-content\/uploads\/2018\/08\/ulp-450x264.png 450w, https:\/\/isupekuikui2.co.ao\/ao2\/wp-content\/uploads\/2018\/08\/ulp.png 554w\" sizes=\"(max-width: 300px) 100vw, 300px\" \/><\/div><\/div><\/div><br \/>\n<section class=\"av_textblock_section \"  itemscope=\"itemscope\" itemtype=\"https:\/\/schema.org\/CreativeWork\" ><div class='avia_textblock  '   itemprop=\"text\" ><h3>ULP<\/h3>\n<h4>Universidade Lus\u00f3fona do Porto<\/h4>\n<p>Rua Augusto Rosa, n\u00ba 24,<br \/>\n4000-098 Porto<br \/>\nTel.: 222 073 230<br \/>\nFax.: 222 026 939<\/p>\n<p>EMAIL \u00a0<a href=\"mailto:info@ulp.pt\">info@ulp.pt<\/a><\/p>\n<p>SITE <a href=\"http:\/\/www.ulp.pt\">www.ulp.pt<\/a><\/p>\n<\/div><\/section><\/p><\/div><div class=\"flex_column av_one_third  flex_column_div av-zero-column-padding   avia-builder-el-309  el_after_av_one_third  el_before_av_one_third  \" style='border-radius:0px; '><p><div  class='avia-image-container  av-styling-    avia-builder-el-310  el_before_av_textblock  avia-builder-el-first  avia-align-center '  itemprop=\"image\" itemscope=\"itemscope\" itemtype=\"https:\/\/schema.org\/ImageObject\"  ><div class='avia-image-container-inner'><div class='avia-image-overlay-wrap'><img class='wp-image-563 avia-img-lazy-loading-not-563 avia_image' src=\"https:\/\/isupekuikui2.co.ao\/ao2\/wp-content\/uploads\/2018\/08\/bes-isg-300x174.png\" alt='' title='bes-isg' height=\"174\" width=\"300\"  itemprop=\"thumbnailUrl\" srcset=\"https:\/\/isupekuikui2.co.ao\/ao2\/wp-content\/uploads\/2018\/08\/bes-isg-300x174.png 300w, https:\/\/isupekuikui2.co.ao\/ao2\/wp-content\/uploads\/2018\/08\/bes-isg.png 375w\" sizes=\"(max-width: 300px) 100vw, 300px\" \/><\/div><\/div><\/div><br \/>\n<section class=\"av_textblock_section \"  itemscope=\"itemscope\" itemtype=\"https:\/\/schema.org\/CreativeWork\" ><div class='avia_textblock  '   itemprop=\"text\" ><h3>ISG<\/h3>\n<h4>Escola de Gest\u00e3o<\/h4>\n<p>Av. Marechal Craveiro Lopes, n.\u00ba2 A<br \/>\n1700-284 Lisboa<\/p>\n<p>PORTUGAL<br \/>\nTel.: + 351 21 751 37 00<br \/>\nFax: + 351 21 757 39 66<\/p>\n<p>EMAIL \u00a0<a href=\"mailto:info@isg.pt\">info@isg.pt<\/a><\/p>\n<p>SITE <a href=\"http:\/\/www.isg.pt\">www.isg.pt<\/a><\/p>\n<\/div><\/section><\/p><\/div><div class=\"flex_column av_one_third  flex_column_div av-zero-column-padding first  avia-builder-el-312  el_after_av_one_third  el_before_av_one_third  column-top-margin\" style='border-radius:0px; '><p><div  class='avia-image-container  av-styling-    avia-builder-el-313  el_before_av_textblock  avia-builder-el-first  avia-align-center '  itemprop=\"image\" itemscope=\"itemscope\" itemtype=\"https:\/\/schema.org\/ImageObject\"  ><div class='avia-image-container-inner'><div class='avia-image-overlay-wrap'><img class='wp-image-561 avia-img-lazy-loading-not-561 avia_image' src=\"https:\/\/isupekuikui2.co.ao\/ao2\/wp-content\/uploads\/2018\/08\/essrs-300x176.png\" alt='' title='essrs' height=\"176\" width=\"300\"  itemprop=\"thumbnailUrl\" srcset=\"https:\/\/isupekuikui2.co.ao\/ao2\/wp-content\/uploads\/2018\/08\/essrs-300x176.png 300w, https:\/\/isupekuikui2.co.ao\/ao2\/wp-content\/uploads\/2018\/08\/essrs.png 449w\" sizes=\"(max-width: 300px) 100vw, 300px\" \/><\/div><\/div><\/div><br \/>\n<section class=\"av_textblock_section \"  itemscope=\"itemscope\" itemtype=\"https:\/\/schema.org\/CreativeWork\" ><div class='avia_textblock  '   itemprop=\"text\" ><h3>ERISA<\/h3>\n<h4>Escola Superior de Sa\u00fade Ribeiro Sanches<\/h4>\n<p>Rua Fernando Palha, 69<br \/>\n1900 \u2013 693 Lisboa<\/p>\n<p>PORTUGAL<br \/>\nTel.: + 351 218 621 060<br \/>\nFax:\u00a0 + 351 218 621 061<\/p>\n<p>EMAIL \u00a0<a href=\"mailto:info@erisa.pt\">info@erisa.pt<\/a><\/p>\n<p>SITE <a href=\"http:\/\/www.erisa.pt\">www.erisa.pt<\/a><\/p>\n<\/div><\/section><\/p><\/div><div class=\"flex_column av_one_third  flex_column_div av-zero-column-padding   avia-builder-el-315  el_after_av_one_third  el_before_av_one_third  column-top-margin\" style='border-radius:0px; '><p><div  class='avia-image-container  av-styling-    avia-builder-el-316  el_before_av_textblock  avia-builder-el-first  avia-align-center '  itemprop=\"image\" itemscope=\"itemscope\" itemtype=\"https:\/\/schema.org\/ImageObject\"  ><div class='avia-image-container-inner'><div class='avia-image-overlay-wrap'><img class='wp-image-564 avia-img-lazy-loading-not-564 avia_image' src=\"https:\/\/isupekuikui2.co.ao\/ao2\/wp-content\/uploads\/2018\/08\/iscad-300x176.png\" alt='' title='iscad' height=\"176\" width=\"300\"  itemprop=\"thumbnailUrl\" srcset=\"https:\/\/isupekuikui2.co.ao\/ao2\/wp-content\/uploads\/2018\/08\/iscad-300x176.png 300w, https:\/\/isupekuikui2.co.ao\/ao2\/wp-content\/uploads\/2018\/08\/iscad.png 410w\" sizes=\"(max-width: 300px) 100vw, 300px\" \/><\/div><\/div><\/div><br \/>\n<section class=\"av_textblock_section \"  itemscope=\"itemscope\" itemtype=\"https:\/\/schema.org\/CreativeWork\" ><div class='avia_textblock  '   itemprop=\"text\" ><h3>ISCAD<\/h3>\n<h4>Instituto Superior de Ci\u00eancias da Administra\u00e7\u00e3o<\/h4>\n<p>Rua de S. Paulo, n\u00ba 89<br \/>\n1200-427 Lisboa<\/p>\n<p>PORTUGAL<br \/>\nTel.: + 351 213 261 440 \/ + 351 213 261 440<br \/>\nFax.: + 351 213 261 447<\/p>\n<p>EMAIL \u00a0<a href=\"mailto:info@iscad.pt\">info@iscad.pt<\/a><\/p>\n<p>SITE <a href=\"http:\/\/www.iscad.pt\">www.iscad.pt<\/a><\/p>\n<\/div><\/section><\/p><\/div><div class=\"flex_column av_one_third  flex_column_div av-zero-column-padding   avia-builder-el-318  el_after_av_one_third  el_before_av_one_third  column-top-margin\" style='border-radius:0px; '><p><div  class='avia-image-container  av-styling-    avia-builder-el-319  el_before_av_textblock  avia-builder-el-first  avia-align-center '  itemprop=\"image\" itemscope=\"itemscope\" itemtype=\"https:\/\/schema.org\/ImageObject\"  ><div class='avia-image-container-inner'><div class='avia-image-overlay-wrap'><img class='wp-image-565 avia-img-lazy-loading-not-565 avia_image' src=\"https:\/\/isupekuikui2.co.ao\/ao2\/wp-content\/uploads\/2018\/08\/eseag-300x176.png\" alt='' title='eseag' height=\"176\" width=\"300\"  itemprop=\"thumbnailUrl\" srcset=\"https:\/\/isupekuikui2.co.ao\/ao2\/wp-content\/uploads\/2018\/08\/eseag-300x176.png 300w, https:\/\/isupekuikui2.co.ao\/ao2\/wp-content\/uploads\/2018\/08\/eseag.png 429w\" sizes=\"(max-width: 300px) 100vw, 300px\" \/><\/div><\/div><\/div><br \/>\n<section class=\"av_textblock_section \"  itemscope=\"itemscope\" itemtype=\"https:\/\/schema.org\/CreativeWork\" ><div class='avia_textblock  '   itemprop=\"text\" ><h3>ESEAG<\/h3>\n<h4>Escola Superior de Educa\u00e7\u00e3o Almeida Garrett<\/h4>\n<p>Rua de S. Paulo, n\u00ba 89<br \/>\n1200-427 Lisboa<br \/>\nTel.: 213 261 440 \/ 213 261 440<br \/>\nFax.: 213 261 447<\/p>\n<p>EMAIL \u00a0<a href=\"mailto:info@eseag.pt\">info@eseag.pt<\/a><\/p>\n<p>SITE <a href=\"http:\/\/www.eseag.pt\">www.eseag.pt<\/a><\/p>\n<\/div><\/section><\/p><\/div><div class=\"flex_column av_one_third  flex_column_div av-zero-column-padding first  avia-builder-el-321  el_after_av_one_third  el_before_av_one_third  column-top-margin\" style='border-radius:0px; '><p><div  class='avia-image-container  av-styling-    avia-builder-el-322  el_before_av_textblock  avia-builder-el-first  avia-align-center '  itemprop=\"image\" itemscope=\"itemscope\" itemtype=\"https:\/\/schema.org\/ImageObject\"  ><div class='avia-image-container-inner'><div class='avia-image-overlay-wrap'><img class='wp-image-566 avia-img-lazy-loading-not-566 avia_image' src=\"https:\/\/isupekuikui2.co.ao\/ao2\/wp-content\/uploads\/2018\/08\/ismat-300x177.png\" alt='' title='ismat' height=\"177\" width=\"300\"  itemprop=\"thumbnailUrl\" srcset=\"https:\/\/isupekuikui2.co.ao\/ao2\/wp-content\/uploads\/2018\/08\/ismat-300x177.png 300w, https:\/\/isupekuikui2.co.ao\/ao2\/wp-content\/uploads\/2018\/08\/ismat-450x265.png 450w, https:\/\/isupekuikui2.co.ao\/ao2\/wp-content\/uploads\/2018\/08\/ismat.png 477w\" sizes=\"(max-width: 300px) 100vw, 300px\" \/><\/div><\/div><\/div><br \/>\n<section class=\"av_textblock_section \"  itemscope=\"itemscope\" itemtype=\"https:\/\/schema.org\/CreativeWork\" ><div class='avia_textblock  '   itemprop=\"text\" ><h3>ISMAT<\/h3>\n<h4>Instituto Superior Manuel Teixeira Gomes<\/h4>\n<p>Av. Miguel Bombarda, n\u00ba15<br \/>\n8500 \u2013 508 Portim\u00e3o<br \/>\nTelefone: 282 450 430 \/ 282 450 430<br \/>\nFax: 282 450 439<\/p>\n<p>EMAIL \u00a0<a href=\"mailto:info@ismat.pt\">info@ismat.pt<\/a><\/p>\n<p>SITE <a href=\"http:\/\/www.ismat.pt\">www.ismat.pt<\/a><\/p>\n<\/div><\/section><\/p><\/div><div class=\"flex_column av_one_third  flex_column_div av-zero-column-padding   avia-builder-el-324  el_after_av_one_third  el_before_av_one_third  column-top-margin\" style='border-radius:0px; '><p><div  class='avia-image-container  av-styling-    avia-builder-el-325  el_before_av_textblock  avia-builder-el-first  avia-align-center '  itemprop=\"image\" itemscope=\"itemscope\" itemtype=\"https:\/\/schema.org\/ImageObject\"  ><div class='avia-image-container-inner'><div class='avia-image-overlay-wrap'><img class='wp-image-567 avia-img-lazy-loading-not-567 avia_image' src=\"https:\/\/isupekuikui2.co.ao\/ao2\/wp-content\/uploads\/2018\/08\/ispo-300x177.png\" alt='' title='ispo' height=\"177\" width=\"300\"  itemprop=\"thumbnailUrl\" srcset=\"https:\/\/isupekuikui2.co.ao\/ao2\/wp-content\/uploads\/2018\/08\/ispo-300x177.png 300w, https:\/\/isupekuikui2.co.ao\/ao2\/wp-content\/uploads\/2018\/08\/ispo-450x265.png 450w, https:\/\/isupekuikui2.co.ao\/ao2\/wp-content\/uploads\/2018\/08\/ispo.png 452w\" sizes=\"(max-width: 300px) 100vw, 300px\" \/><\/div><\/div><\/div><br \/>\n<section class=\"av_textblock_section \"  itemscope=\"itemscope\" itemtype=\"https:\/\/schema.org\/CreativeWork\" ><div class='avia_textblock  '   itemprop=\"text\" ><h3>ISPO<\/h3>\n<h4>Instituto Polit\u00e9cnico do Oeste<\/h4>\n<p>Praceta Prof. Jos\u00e9 Carvalho Mesquita, Lt.19-2\u00ba \u2013 Urbaniza\u00e7\u00e3o da Conquinha<br \/>\n2560 Torres Vedras<br \/>\nTel.: 261 316 104 \/ 261 316 104<br \/>\nFax: 261 314 084<\/p>\n<p>EMAIL \u00a0<a href=\"mailto:info@ispo.pt\">info@ispo.pt<\/a><\/p>\n<p>SITE <a href=\"http:\/\/www.ispo.pt\">www.ispo.pt<\/a><\/p>\n<\/div><\/section><\/p><\/div><div class=\"flex_column av_one_third  flex_column_div av-zero-column-padding   avia-builder-el-327  el_after_av_one_third  el_before_av_one_third  column-top-margin\" style='border-radius:0px; '><p><div  class='avia-image-container  av-styling-    avia-builder-el-328  el_before_av_textblock  avia-builder-el-first  avia-align-center '  itemprop=\"image\" itemscope=\"itemscope\" itemtype=\"https:\/\/schema.org\/ImageObject\"  ><div class='avia-image-container-inner'><div class='avia-image-overlay-wrap'><img class='wp-image-569 avia-img-lazy-loading-not-569 avia_image' src=\"https:\/\/isupekuikui2.co.ao\/ao2\/wp-content\/uploads\/2018\/08\/inp-300x176.png\" alt='' title='inp' height=\"176\" width=\"300\"  itemprop=\"thumbnailUrl\" srcset=\"https:\/\/isupekuikui2.co.ao\/ao2\/wp-content\/uploads\/2018\/08\/inp-300x176.png 300w, https:\/\/isupekuikui2.co.ao\/ao2\/wp-content\/uploads\/2018\/08\/inp.png 354w\" sizes=\"(max-width: 300px) 100vw, 300px\" \/><\/div><\/div><\/div><br \/>\n<section class=\"av_textblock_section \"  itemscope=\"itemscope\" itemtype=\"https:\/\/schema.org\/CreativeWork\" ><div class='avia_textblock  '   itemprop=\"text\" ><h3>INP<\/h3>\n<h4>Instituto Superior de Novas Profiss\u00f5es<\/h4>\n<p>Campo Grande, 376<br \/>\n1749-024 Lisboa<br \/>\nTel.: 217 515 500<br \/>\nFax.: 217 577 006<\/p>\n<p>EMAIL \u00a0<a href=\"mailto:info@inp.pt\">info@inp.pt<\/a><\/p>\n<p>SITE <a href=\"http:\/\/www.inp.pt\">www.inp.pt<\/a><\/p>\n<\/div><\/section><\/p><\/div><div class=\"flex_column av_one_third  flex_column_div av-zero-column-padding first  avia-builder-el-330  el_after_av_one_third  el_before_av_one_third  column-top-margin\" style='border-radius:0px; '><p><div  class='avia-image-container  av-styling-    avia-builder-el-331  el_before_av_textblock  avia-builder-el-first  avia-align-center '  itemprop=\"image\" itemscope=\"itemscope\" itemtype=\"https:\/\/schema.org\/ImageObject\"  ><div class='avia-image-container-inner'><div class='avia-image-overlay-wrap'><img class='wp-image-570 avia-img-lazy-loading-not-570 avia_image' src=\"https:\/\/isupekuikui2.co.ao\/ao2\/wp-content\/uploads\/2018\/08\/isdom-300x175.png\" alt='' title='isdom' height=\"175\" width=\"300\"  itemprop=\"thumbnailUrl\" srcset=\"https:\/\/isupekuikui2.co.ao\/ao2\/wp-content\/uploads\/2018\/08\/isdom-300x175.png 300w, https:\/\/isupekuikui2.co.ao\/ao2\/wp-content\/uploads\/2018\/08\/isdom.png 431w\" sizes=\"(max-width: 300px) 100vw, 300px\" \/><\/div><\/div><\/div><br \/>\n<section class=\"av_textblock_section \"  itemscope=\"itemscope\" itemtype=\"https:\/\/schema.org\/CreativeWork\" ><div class='avia_textblock  '   itemprop=\"text\" ><h3>ISDOM<\/h3>\n<h4>Instituto Superior Dom Dinis<\/h4>\n<p>Instituto Superior Dom Dinis<br \/>\n2430 \u2013 211 Marinha Grande<br \/>\nTel.: 244 503 800 \/ 244 503 800<br \/>\nFax: 244 503 840<\/p>\n<p>EMAIL \u00a0<a href=\"mailto:info@isdom.pt\">info@isdom.pt<\/a><\/p>\n<p>SITE <a href=\"http:\/\/www.isdom.pt\">www.isdom.pt<\/a><\/p>\n<\/div><\/section><\/p><\/div><div class=\"flex_column av_one_third  flex_column_div av-zero-column-padding   avia-builder-el-333  el_after_av_one_third  el_before_av_one_third  column-top-margin\" style='border-radius:0px; '><p><div  class='avia-image-container  av-styling-    avia-builder-el-334  el_before_av_textblock  avia-builder-el-first  avia-align-center '  itemprop=\"image\" itemscope=\"itemscope\" itemtype=\"https:\/\/schema.org\/ImageObject\"  ><div class='avia-image-container-inner'><div class='avia-image-overlay-wrap'><img class='wp-image-571 avia-img-lazy-loading-not-571 avia_image' src=\"https:\/\/isupekuikui2.co.ao\/ao2\/wp-content\/uploads\/2018\/08\/islas-300x177.png\" alt='' title='islas' height=\"177\" width=\"300\"  itemprop=\"thumbnailUrl\" srcset=\"https:\/\/isupekuikui2.co.ao\/ao2\/wp-content\/uploads\/2018\/08\/islas-300x177.png 300w, https:\/\/isupekuikui2.co.ao\/ao2\/wp-content\/uploads\/2018\/08\/islas.png 350w\" sizes=\"(max-width: 300px) 100vw, 300px\" \/><\/div><\/div><\/div><br \/>\n<section class=\"av_textblock_section \"  itemscope=\"itemscope\" itemtype=\"https:\/\/schema.org\/CreativeWork\" ><div class='avia_textblock  '   itemprop=\"text\" ><h3>ISLA \u2013 Santar\u00e9m<\/h3>\n<h4>Instituto Superior de Gest\u00e3o e Administra\u00e7\u00e3o de Santar\u00e9m<\/h4>\n<p>Largo C\u00e2ndido dos Reis<br \/>\n(Edif\u00edcio do antigo Hospital)<br \/>\nSantar\u00e9m \u2013 Portugal \u2013 2000-241<br \/>\nTelefone: 243 305 880 \/ 243 305 880<br \/>\nFax.: 243 114 025<\/p>\n<p>EMAIL \u00a0<a href=\"mailto:info.santarem@unisla.pt\">info.santarem@unisla.pt<\/a><\/p>\n<p>SITE <a href=\"http:\/\/www.islasantarem.pt\">www.islasantarem.pt<\/a><\/p>\n<\/div><\/section><\/p><\/div><div class=\"flex_column av_one_third  flex_column_div av-zero-column-padding   avia-builder-el-336  el_after_av_one_third  el_before_av_one_third  column-top-margin\" style='border-radius:0px; '><p><div  class='avia-image-container  av-styling-    avia-builder-el-337  el_before_av_textblock  avia-builder-el-first  avia-align-center '  itemprop=\"image\" itemscope=\"itemscope\" itemtype=\"https:\/\/schema.org\/ImageObject\"  ><div class='avia-image-container-inner'><div class='avia-image-overlay-wrap'><img class='wp-image-572 avia-img-lazy-loading-not-572 avia_image' src=\"https:\/\/isupekuikui2.co.ao\/ao2\/wp-content\/uploads\/2018\/08\/islal-300x176.png\" alt='' title='islal' height=\"176\" width=\"300\"  itemprop=\"thumbnailUrl\" srcset=\"https:\/\/isupekuikui2.co.ao\/ao2\/wp-content\/uploads\/2018\/08\/islal-300x176.png 300w, https:\/\/isupekuikui2.co.ao\/ao2\/wp-content\/uploads\/2018\/08\/islal.png 410w\" sizes=\"(max-width: 300px) 100vw, 300px\" \/><\/div><\/div><\/div><br \/>\n<section class=\"av_textblock_section \"  itemscope=\"itemscope\" itemtype=\"https:\/\/schema.org\/CreativeWork\" ><div class='avia_textblock  '   itemprop=\"text\" ><h3>ISLA \u2013 Leiria<\/h3>\n<h4>Instituto Superior de Gest\u00e3o e Administra\u00e7\u00e3o<\/h4>\n<p>Rua da Cooperativa \u2013 S. Rom\u00e3o<br \/>\nLeiria \u2013 Portugal \u2013 2414-017 L<br \/>\nTelefone: 244 820 650 \/ 244 820 650<br \/>\nFax.: 244 813 021<\/p>\n<p>Email: <a href=\"mailto:info.leiria@unisla.pt\">info.leiria@unisla.pt<\/a><\/p>\n<p>SITE: <a href=\"http:\/\/www.islaleiria.pt\">www.islaleiria.pt<\/a><\/p>\n<\/div><\/section><\/p><\/div><div class=\"flex_column av_one_third  flex_column_div av-zero-column-padding first  avia-builder-el-339  el_after_av_one_third  el_before_av_heading  column-top-margin\" style='border-radius:0px; '><p><div  class='avia-image-container  av-styling-    avia-builder-el-340  el_before_av_textblock  avia-builder-el-first  avia-align-center '  itemprop=\"image\" itemscope=\"itemscope\" itemtype=\"https:\/\/schema.org\/ImageObject\"  ><div class='avia-image-container-inner'><div class='avia-image-overlay-wrap'><img class='wp-image-573 avia-img-lazy-loading-not-573 avia_image' src=\"https:\/\/isupekuikui2.co.ao\/ao2\/wp-content\/uploads\/2018\/08\/islag-300x176.png\" alt='' title='islag' height=\"176\" width=\"300\"  itemprop=\"thumbnailUrl\" srcset=\"https:\/\/isupekuikui2.co.ao\/ao2\/wp-content\/uploads\/2018\/08\/islag-300x176.png 300w, https:\/\/isupekuikui2.co.ao\/ao2\/wp-content\/uploads\/2018\/08\/islag.png 449w\" sizes=\"(max-width: 300px) 100vw, 300px\" \/><\/div><\/div><\/div><br \/>\n<section class=\"av_textblock_section \"  itemscope=\"itemscope\" itemtype=\"https:\/\/schema.org\/CreativeWork\" ><div class='avia_textblock  '   itemprop=\"text\" ><h3>ISLA \u2013 Gaia<\/h3>\n<h4>Instituto Polit\u00e9cnico de Gest\u00e3o e Tecnologia<\/h4>\n<p>Rua Cabo Borges, 55<br \/>\nVila Nova de Gaia \u2013 Portugal \u2013 4430-646<br \/>\nTel.: 223 772 980 \/ 223 772 980<br \/>\nTel.: 223 772 980 \/ 223 772 980<\/p>\n<p>Email: <a href=\"mailto:info.gaia@unisla.pt\">info.gaia@unisla.pt<\/a><\/p>\n<p>SITE: <a href=\"http:\/\/www.islagaia.pt\">www.islagaia.pt<\/a><\/p>\n<\/div><\/section><\/p><\/div><div  style='padding-bottom:25px; ' class='av-special-heading av-special-heading-h3  blockquote modern-quote modern-centered  avia-builder-el-342  el_after_av_one_third  el_before_av_one_third  '><h3 class='av-special-heading-tag '  itemprop=\"headline\"  >Ensino n\u00e3o Superior<\/h3><div class='special-heading-border'><div class='special-heading-inner-border' ><\/div><\/div><\/div>\n<div class=\"flex_column av_one_third  flex_column_div av-zero-column-padding first  avia-builder-el-343  el_after_av_heading  el_before_av_one_third  \" style='border-radius:0px; '><p><div  class='avia-image-container  av-styling-    avia-builder-el-344  el_before_av_textblock  avia-builder-el-first  avia-align-center '  itemprop=\"image\" itemscope=\"itemscope\" itemtype=\"https:\/\/schema.org\/ImageObject\"  ><div class='avia-image-container-inner'><div class='avia-image-overlay-wrap'><img class='wp-image-574 avia-img-lazy-loading-not-574 avia_image' src=\"https:\/\/isupekuikui2.co.ao\/ao2\/wp-content\/uploads\/2018\/08\/rcp-300x163.png\" alt='' title='rcp' height=\"163\" width=\"300\"  itemprop=\"thumbnailUrl\" srcset=\"https:\/\/isupekuikui2.co.ao\/ao2\/wp-content\/uploads\/2018\/08\/rcp-300x163.png 300w, https:\/\/isupekuikui2.co.ao\/ao2\/wp-content\/uploads\/2018\/08\/rcp.png 412w\" sizes=\"(max-width: 300px) 100vw, 300px\" \/><\/div><\/div><\/div><br \/>\n<section class=\"av_textblock_section \"  itemscope=\"itemscope\" itemtype=\"https:\/\/schema.org\/CreativeWork\" ><div class='avia_textblock  '   itemprop=\"text\" ><h3>RCP<\/h3>\n<h4>Real Col\u00e9gio de Portugal<\/h4>\n<p>Rua Direita ao Pa\u00e7o do Lumiar, n\u00ba 9<br \/>\n1600-455 Lisboa<br \/>\nTel.: 217 571 957<br \/>\nFax.: 217 571 957<\/p>\n<p>Email: <a href=\"mailto:informa\u00e7\u00f5es@realcolegio.pt\">informa\u00e7\u00f5es@realcolegio.pt<\/a><\/p>\n<p>SITE: <a href=\"http:\/\/www.realcolegio.pt\">www.realcolegio.pt<\/a><\/p>\n<\/div><\/section><\/p><\/div><div class=\"flex_column av_one_third  flex_column_div av-zero-column-padding   avia-builder-el-346  el_after_av_one_third  el_before_av_one_third  \" style='border-radius:0px; '><p><div  class='avia-image-container  av-styling-    avia-builder-el-347  el_before_av_textblock  avia-builder-el-first  avia-align-center '  itemprop=\"image\" itemscope=\"itemscope\" itemtype=\"https:\/\/schema.org\/ImageObject\"  ><div class='avia-image-container-inner'><div class='avia-image-overlay-wrap'><img class='wp-image-575 avia-img-lazy-loading-not-575 avia_image' src=\"https:\/\/isupekuikui2.co.ao\/ao2\/wp-content\/uploads\/2018\/08\/ca-300x163.png\" alt='' title='ca' height=\"163\" width=\"300\"  itemprop=\"thumbnailUrl\" srcset=\"https:\/\/isupekuikui2.co.ao\/ao2\/wp-content\/uploads\/2018\/08\/ca-300x163.png 300w, https:\/\/isupekuikui2.co.ao\/ao2\/wp-content\/uploads\/2018\/08\/ca.png 412w\" sizes=\"(max-width: 300px) 100vw, 300px\" \/><\/div><\/div><\/div><br \/>\n<section class=\"av_textblock_section \"  itemscope=\"itemscope\" itemtype=\"https:\/\/schema.org\/CreativeWork\" ><div class='avia_textblock  '   itemprop=\"text\" ><h3>CA<\/h3>\n<h4>Col\u00e9gio de Alfragide<\/h4>\n<p>Rua Ribeiro de Vasconcelos, Alfragide<br \/>\n2720-506 Amadora<br \/>\nTel.: 214 715 795<br \/>\nFax.: 214 714 961<\/p>\n<p>EMAIL: <a href=\"mailto:ext-alfragide@mail.telepac.pt\">ext-alfragide@mail.telepac.pt<\/a><\/p>\n<p>SITE: <a href=\"http:\/\/www.colegioalfragide.grupolusofona.pt\">www.colegioalfragide.grupolusofona.pt<\/a><\/p>\n<\/div><\/section><\/p><\/div><div class=\"flex_column av_one_third  flex_column_div av-zero-column-padding   avia-builder-el-349  el_after_av_one_third  el_before_av_one_third  \" style='border-radius:0px; '><p><div  class='avia-image-container  av-styling-    avia-builder-el-350  el_before_av_textblock  avia-builder-el-first  avia-align-center '  itemprop=\"image\" itemscope=\"itemscope\" itemtype=\"https:\/\/schema.org\/ImageObject\"  ><div class='avia-image-container-inner'><div class='avia-image-overlay-wrap'><img class='wp-image-576 avia-img-lazy-loading-not-576 avia_image' src=\"https:\/\/isupekuikui2.co.ao\/ao2\/wp-content\/uploads\/2018\/08\/eac-300x163.png\" alt='' title='eac' height=\"163\" width=\"300\"  itemprop=\"thumbnailUrl\" srcset=\"https:\/\/isupekuikui2.co.ao\/ao2\/wp-content\/uploads\/2018\/08\/eac-300x163.png 300w, https:\/\/isupekuikui2.co.ao\/ao2\/wp-content\/uploads\/2018\/08\/eac.png 412w\" sizes=\"(max-width: 300px) 100vw, 300px\" \/><\/div><\/div><\/div><br \/>\n<section class=\"av_textblock_section \"  itemscope=\"itemscope\" itemtype=\"https:\/\/schema.org\/CreativeWork\" ><div class='avia_textblock  '   itemprop=\"text\" ><h3>EAC<\/h3>\n<h4>Externato \u00c1lvares Cabral<\/h4>\n<p>Estrada Benfica 628<br \/>\n1500-108 Lisboa<br \/>\nTel.: 217 609 287\/88 \u2013 218 168 095\/96<br \/>\nFax.: 217 606 975<\/p>\n<p>Email: <a href=\"mailto:extrenatoalvarescabral@sapo.pt\">extrenatoalvarescabral@sapo.pt<\/a><\/p>\n<p>SITE: <a href=\"http:\/\/www.externatoalvarescabral.pt\">www.externatoalvarescabral.pt<\/a><\/p>\n<\/div><\/section><\/p><\/div><div class=\"flex_column av_one_third  flex_column_div av-zero-column-padding first  avia-builder-el-352  el_after_av_one_third  el_before_av_one_third  column-top-margin\" style='border-radius:0px; '><p><div  class='avia-image-container  av-styling-    avia-builder-el-353  el_before_av_textblock  avia-builder-el-first  avia-align-center '  itemprop=\"image\" itemscope=\"itemscope\" itemtype=\"https:\/\/schema.org\/ImageObject\"  ><div class='avia-image-container-inner'><div class='avia-image-overlay-wrap'><img class='wp-image-577 avia-img-lazy-loading-not-577 avia_image' src=\"https:\/\/isupekuikui2.co.ao\/ao2\/wp-content\/uploads\/2018\/08\/ecl-300x163.png\" alt='' title='ecl' height=\"163\" width=\"300\"  itemprop=\"thumbnailUrl\" srcset=\"https:\/\/isupekuikui2.co.ao\/ao2\/wp-content\/uploads\/2018\/08\/ecl-300x163.png 300w, https:\/\/isupekuikui2.co.ao\/ao2\/wp-content\/uploads\/2018\/08\/ecl.png 412w\" sizes=\"(max-width: 300px) 100vw, 300px\" \/><\/div><\/div><\/div><br \/>\n<section class=\"av_textblock_section \"  itemscope=\"itemscope\" itemtype=\"https:\/\/schema.org\/CreativeWork\" ><div class='avia_textblock  '   itemprop=\"text\" ><h3>ECL<\/h3>\n<h4>Escola de Com\u00e9rcio de Lisboa<\/h4>\n<p>Rua Vice-Almirante Augusto Castro Guedes, 51<br \/>\n1800-341 Lisboa<br \/>\nTel.: 218 540 240<br \/>\nFax.: 218 534 843<\/p>\n<p>Email: <a href=\"mailto:geral@escolacomerciolisboa.pt\">geral@escolacomerciolisboa.pt<\/a><\/p>\n<p>SITE: <a href=\"http:\/\/www.escolacomerciolisboa.pt\">www.escolacomerciolisboa.pt<\/a><\/p>\n<\/div><\/section><\/p><\/div><div class=\"flex_column av_one_third  flex_column_div av-zero-column-padding   avia-builder-el-355  el_after_av_one_third  el_before_av_one_third  column-top-margin\" style='border-radius:0px; '><p><div  class='avia-image-container  av-styling-    avia-builder-el-356  el_before_av_textblock  avia-builder-el-first  avia-align-center '  itemprop=\"image\" itemscope=\"itemscope\" itemtype=\"https:\/\/schema.org\/ImageObject\"  ><div class='avia-image-container-inner'><div class='avia-image-overlay-wrap'><img class='wp-image-578 avia-img-lazy-loading-not-578 avia_image' src=\"https:\/\/isupekuikui2.co.ao\/ao2\/wp-content\/uploads\/2018\/08\/ecp-300x163.png\" alt='' title='ecp' height=\"163\" width=\"300\"  itemprop=\"thumbnailUrl\" srcset=\"https:\/\/isupekuikui2.co.ao\/ao2\/wp-content\/uploads\/2018\/08\/ecp-300x163.png 300w, https:\/\/isupekuikui2.co.ao\/ao2\/wp-content\/uploads\/2018\/08\/ecp.png 412w\" sizes=\"(max-width: 300px) 100vw, 300px\" \/><\/div><\/div><\/div><br \/>\n<section class=\"av_textblock_section \"  itemscope=\"itemscope\" itemtype=\"https:\/\/schema.org\/CreativeWork\" ><div class='avia_textblock  '   itemprop=\"text\" ><h3>ECP<\/h3>\n<h4>Escola de Com\u00e9rcio do Porto<\/h4>\n<p>Rua do Ros\u00e1rio, 174-176<br \/>\n1800-341 Porto<br \/>\nTel.: 222 071 530<br \/>\nFax.: 222 087 293<\/p>\n<p>Email: \u00a0<a href=\"mailto:luisapinto.ecp@mail.telepac.pt\">luisapinto.ecp@mail.telepac.pt<\/a><\/p>\n<p>SITE: \u00a0<a href=\"http:\/\/www.ecpescolacomercioporto.pt\">www.ecpescolacomercioporto.pt<\/a><\/p>\n<\/div><\/section><\/p><\/div><div class=\"flex_column av_one_third  flex_column_div av-zero-column-padding   avia-builder-el-358  el_after_av_one_third  el_before_av_one_third  column-top-margin\" style='border-radius:0px; '><p><div  class='avia-image-container  av-styling-    avia-builder-el-359  el_before_av_textblock  avia-builder-el-first  avia-align-center '  itemprop=\"image\" itemscope=\"itemscope\" itemtype=\"https:\/\/schema.org\/ImageObject\"  ><div class='avia-image-container-inner'><div class='avia-image-overlay-wrap'><img class='wp-image-579 avia-img-lazy-loading-not-579 avia_image' src=\"https:\/\/isupekuikui2.co.ao\/ao2\/wp-content\/uploads\/2018\/08\/emp-300x163.png\" alt='' title='emp' height=\"163\" width=\"300\"  itemprop=\"thumbnailUrl\" srcset=\"https:\/\/isupekuikui2.co.ao\/ao2\/wp-content\/uploads\/2018\/08\/emp-300x163.png 300w, https:\/\/isupekuikui2.co.ao\/ao2\/wp-content\/uploads\/2018\/08\/emp.png 412w\" sizes=\"(max-width: 300px) 100vw, 300px\" \/><\/div><\/div><\/div><br \/>\n<section class=\"av_textblock_section \"  itemscope=\"itemscope\" itemtype=\"https:\/\/schema.org\/CreativeWork\" ><div class='avia_textblock  '   itemprop=\"text\" ><h3>EMP<\/h3>\n<h4>Externato Marqu\u00eas de Pombal<\/h4>\n<p>Rua Morais Soares, 93<br \/>\n1900-342 Lisboa<br \/>\nTel.: 218 168 080\/81\/2<br \/>\nFax.: 217 606 975<\/p>\n<p>Email: <a href=\"mailto:ext.maquespombal@mail.telepac.pt\">ext.maquespombal@mail.telepac.pt<\/a><\/p>\n<p>SITE: <a href=\"http:\/\/www.externatomarquespombal.pt\">www.externatomarquespombal.pt<\/a><\/p>\n<\/div><\/section><\/p><\/div><div class=\"flex_column av_one_third  flex_column_div av-zero-column-padding first  avia-builder-el-361  el_after_av_one_third  el_before_av_one_third  column-top-margin\" style='border-radius:0px; '><p><div  class='avia-image-container  av-styling-    avia-builder-el-362  el_before_av_textblock  avia-builder-el-first  avia-align-center '  itemprop=\"image\" itemscope=\"itemscope\" itemtype=\"https:\/\/schema.org\/ImageObject\"  ><div class='avia-image-container-inner'><div class='avia-image-overlay-wrap'><img class='wp-image-580 avia-img-lazy-loading-not-580 avia_image' src=\"https:\/\/isupekuikui2.co.ao\/ao2\/wp-content\/uploads\/2018\/08\/epet-300x165.png\" alt='' title='epet' height=\"165\" width=\"300\"  itemprop=\"thumbnailUrl\" srcset=\"https:\/\/isupekuikui2.co.ao\/ao2\/wp-content\/uploads\/2018\/08\/epet-300x165.png 300w, https:\/\/isupekuikui2.co.ao\/ao2\/wp-content\/uploads\/2018\/08\/epet.png 375w\" sizes=\"(max-width: 300px) 100vw, 300px\" \/><\/div><\/div><\/div><br \/>\n<section class=\"av_textblock_section \"  itemscope=\"itemscope\" itemtype=\"https:\/\/schema.org\/CreativeWork\" ><div class='avia_textblock  '   itemprop=\"text\" ><h3>EPET<\/h3>\n<h4>Escola Profissional de Estudos T\u00e9cnicos<\/h4>\n<p>Estrada de Benfica, 628<br \/>\n(junto \u00e0 Igreja de Benfica)<br \/>\nTel.: 213 110 991\/92<\/p>\n<p>Email: <a href=\"mailto:informacoes@epet.pt\">informacoes@epet.pt<\/a><\/p>\n<p>SITE:\u00a0<a href=\"http:\/\/www.epet.pt\">www.epet.pt<\/a><\/p>\n<\/div><\/section><\/p><\/div><div class=\"flex_column av_one_third  flex_column_div av-zero-column-padding   avia-builder-el-364  el_after_av_one_third  el_before_av_one_third  column-top-margin\" style='border-radius:0px; '><p><div  class='avia-image-container  av-styling-    avia-builder-el-365  el_before_av_textblock  avia-builder-el-first  avia-align-center '  itemprop=\"image\" itemscope=\"itemscope\" itemtype=\"https:\/\/schema.org\/ImageObject\"  ><div class='avia-image-container-inner'><div class='avia-image-overlay-wrap'><img class='wp-image-581 avia-img-lazy-loading-not-581 avia_image' src=\"https:\/\/isupekuikui2.co.ao\/ao2\/wp-content\/uploads\/2018\/08\/inae-300x166.png\" alt='' title='inae' height=\"166\" width=\"300\"  itemprop=\"thumbnailUrl\" srcset=\"https:\/\/isupekuikui2.co.ao\/ao2\/wp-content\/uploads\/2018\/08\/inae-300x166.png 300w, https:\/\/isupekuikui2.co.ao\/ao2\/wp-content\/uploads\/2018\/08\/inae.png 316w\" sizes=\"(max-width: 300px) 100vw, 300px\" \/><\/div><\/div><\/div><br \/>\n<section class=\"av_textblock_section \"  itemscope=\"itemscope\" itemtype=\"https:\/\/schema.org\/CreativeWork\" ><div class='avia_textblock  '   itemprop=\"text\" ><h3>INAE<\/h3>\n<h4>Instituto de Aprendizagem e Ensino<\/h4>\n<p>Estrada de Benfica, 628<br \/>\n1500 \u2013 108 Lisboa<br \/>\nTel.: 21 764 76 06<\/p>\n<p>Email: <a href=\"mailto:inaegeral@gmail.com\">inaegeral@gmail.com<\/a><\/p>\n<p>SITE: <a href=\"http:\/\/www.inae.pt\">www.inae.pt<\/a><\/p>\n<\/div><\/section><\/p><\/div><div class=\"flex_column av_one_third  flex_column_div av-zero-column-padding   avia-builder-el-367  el_after_av_one_third  el_before_av_heading  column-top-margin\" style='border-radius:0px; '><p><div  class='avia-image-container  av-styling-    avia-builder-el-368  el_before_av_textblock  avia-builder-el-first  avia-align-center '  itemprop=\"image\" itemscope=\"itemscope\" itemtype=\"https:\/\/schema.org\/ImageObject\"  ><div class='avia-image-container-inner'><div class='avia-image-overlay-wrap'><img class='wp-image-582 avia-img-lazy-loading-not-582 avia_image' src=\"https:\/\/isupekuikui2.co.ao\/ao2\/wp-content\/uploads\/2018\/08\/inete.png\" alt='' title='inete' height=\"141\" width=\"258\"  itemprop=\"thumbnailUrl\"  \/><\/div><\/div><\/div><br \/>\n<section class=\"av_textblock_section \"  itemscope=\"itemscope\" itemtype=\"https:\/\/schema.org\/CreativeWork\" ><div class='avia_textblock  '   itemprop=\"text\" ><h2>INETE<\/h2>\n<h4>Instituto de Educa\u00e7\u00e3o T\u00e9cnica<\/h4>\n<p>Travessa da Escola Ara\u00fajo n\u00ba15<br \/>\n1150-141 Lisboa<br \/>\nTel.: 213 110 991\/92<\/p>\n<p>Email:\u00a0<a href=\"mailto:rumo@inete.pt\">rumo@inete.pt<\/a><\/p>\n<h3>SITE:\u00a0<a href=\"http:\/\/www.inete.pt\">www.inete.pt<\/a><\/h3>\n<\/div><\/section><\/p><\/div><div  style='padding-bottom:25px; ' class='av-special-heading av-special-heading-h3  blockquote modern-quote modern-centered  avia-builder-el-370  el_after_av_one_third  el_before_av_one_third  av-thin-font '><h3 class='av-special-heading-tag '  itemprop=\"headline\"  ><strong>Internacional<\/strong><\/h3><div class='special-heading-border'><div class='special-heading-inner-border' ><\/div><\/div><\/div>\n<div class=\"flex_column av_one_third  flex_column_div av-zero-column-padding first  avia-builder-el-371  el_after_av_heading  el_before_av_one_third  \" style='border-radius:0px; '><p><div  class='avia-image-container  av-styling-    avia-builder-el-372  el_before_av_textblock  avia-builder-el-first  avia-align-center '  itemprop=\"image\" itemscope=\"itemscope\" itemtype=\"https:\/\/schema.org\/ImageObject\"  ><div class='avia-image-container-inner'><div class='avia-image-overlay-wrap'><img class='wp-image-583 avia-img-lazy-loading-not-583 avia_image' src=\"https:\/\/isupekuikui2.co.ao\/ao2\/wp-content\/uploads\/2018\/08\/ulcv-300x142.png\" alt='' title='ulcv' height=\"142\" width=\"300\"  itemprop=\"thumbnailUrl\" srcset=\"https:\/\/isupekuikui2.co.ao\/ao2\/wp-content\/uploads\/2018\/08\/ulcv-300x142.png 300w, https:\/\/isupekuikui2.co.ao\/ao2\/wp-content\/uploads\/2018\/08\/ulcv.png 416w\" sizes=\"(max-width: 300px) 100vw, 300px\" \/><\/div><\/div><\/div><br \/>\n<section class=\"av_textblock_section \"  itemscope=\"itemscope\" itemtype=\"https:\/\/schema.org\/CreativeWork\" ><div class='avia_textblock  '   itemprop=\"text\" ><h3>ULCV<\/h3>\n<h4>Universidade Lus\u00f3fona de Cabo Verde<\/h4>\n<p>Ch\u00e3 de Cricket, Ex-Zona Militar,<br \/>\nMindelo, Cabo Verde<br \/>\nTelef.: 00238 2315015<\/p>\n<p>Email: <a href=\"mailto:info@ulusofona.edu.cv\">info@ulusofona.edu.cv<\/a><\/p>\n<p>SITE: <a href=\"http:\/\/www.ulusofona.edu.cv\">www.ulusofona.edu.cv<\/a><\/p>\n<\/div><\/section><\/p><\/div><div class=\"flex_column av_one_third  flex_column_div av-zero-column-padding   avia-builder-el-374  el_after_av_one_third  el_before_av_one_third  \" style='border-radius:0px; '><p><div  class='avia-image-container  av-styling-    avia-builder-el-375  el_before_av_textblock  avia-builder-el-first  avia-align-center '  itemprop=\"image\" itemscope=\"itemscope\" itemtype=\"https:\/\/schema.org\/ImageObject\"  ><div class='avia-image-container-inner'><div class='avia-image-overlay-wrap'><img class='wp-image-584 avia-img-lazy-loading-not-584 avia_image' src=\"https:\/\/isupekuikui2.co.ao\/ao2\/wp-content\/uploads\/2018\/08\/iegm-300x142.png\" alt='' title='iegm' height=\"142\" width=\"300\"  itemprop=\"thumbnailUrl\" srcset=\"https:\/\/isupekuikui2.co.ao\/ao2\/wp-content\/uploads\/2018\/08\/iegm-300x142.png 300w, https:\/\/isupekuikui2.co.ao\/ao2\/wp-content\/uploads\/2018\/08\/iegm.png 416w\" sizes=\"(max-width: 300px) 100vw, 300px\" \/><\/div><\/div><\/div><br \/>\n<section class=\"av_textblock_section \"  itemscope=\"itemscope\" itemtype=\"https:\/\/schema.org\/CreativeWork\" ><div class='avia_textblock  '   itemprop=\"text\" ><h3>IEG<\/h3>\n<h4>Instituto de Educa\u00e7\u00e3o em Gest\u00e3o Maputo<\/h4>\n<p>Av. Mao Tse Tung n\u00ba 1137 a 1159<br \/>\nTelef.: 823 014 919 \/ 846 596 272 \/ 214 304 66<\/p>\n<p>Email: <a href=\"mailto:ieg.sdg@gmail.com\">ieg.sdg@gmail.com<\/a><\/p>\n<p>SITE: <a href=\"http:\/\/www.ieg.co.mz\/\">www.ieg.co.mz\/<\/a><\/p>\n<\/div><\/section><\/p><\/div><div class=\"flex_column av_one_third  flex_column_div av-zero-column-padding   avia-builder-el-377  el_after_av_one_third  el_before_av_one_third  \" style='border-radius:0px; '><p><div  class='avia-image-container  av-styling-    avia-builder-el-378  el_before_av_textblock  avia-builder-el-first  avia-align-center '  itemprop=\"image\" itemscope=\"itemscope\" itemtype=\"https:\/\/schema.org\/ImageObject\"  ><div class='avia-image-container-inner'><div class='avia-image-overlay-wrap'><img class='wp-image-585 avia-img-lazy-loading-not-585 avia_image' src=\"https:\/\/isupekuikui2.co.ao\/ao2\/wp-content\/uploads\/2018\/08\/ulg-300x142.png\" alt='' title='ulg' height=\"142\" width=\"300\"  itemprop=\"thumbnailUrl\" srcset=\"https:\/\/isupekuikui2.co.ao\/ao2\/wp-content\/uploads\/2018\/08\/ulg-300x142.png 300w, https:\/\/isupekuikui2.co.ao\/ao2\/wp-content\/uploads\/2018\/08\/ulg.png 416w\" sizes=\"(max-width: 300px) 100vw, 300px\" \/><\/div><\/div><\/div><br \/>\n<section class=\"av_textblock_section \"  itemscope=\"itemscope\" itemtype=\"https:\/\/schema.org\/CreativeWork\" ><div class='avia_textblock  '   itemprop=\"text\" ><h3>ULG<\/h3>\n<h4>Universidade Lus\u00f3fona da Guin\u00e9<\/h4>\n<\/div><\/section><\/p><\/div><div class=\"flex_column av_one_third  flex_column_div av-zero-column-padding first  avia-builder-el-380  el_after_av_one_third  el_before_av_one_third  column-top-margin\" style='border-radius:0px; '><p><div  class='avia-image-container  av-styling-    avia-builder-el-381  el_before_av_textblock  avia-builder-el-first  avia-align-center '  itemprop=\"image\" itemscope=\"itemscope\" itemtype=\"https:\/\/schema.org\/ImageObject\"  ><div class='avia-image-container-inner'><div class='avia-image-overlay-wrap'><img class='wp-image-586 avia-img-lazy-loading-not-586 avia_image' src=\"https:\/\/isupekuikui2.co.ao\/ao2\/wp-content\/uploads\/2018\/08\/fpb-300x142.png\" alt='' title='fpb' height=\"142\" width=\"300\"  itemprop=\"thumbnailUrl\" srcset=\"https:\/\/isupekuikui2.co.ao\/ao2\/wp-content\/uploads\/2018\/08\/fpb-300x142.png 300w, https:\/\/isupekuikui2.co.ao\/ao2\/wp-content\/uploads\/2018\/08\/fpb.png 416w\" sizes=\"(max-width: 300px) 100vw, 300px\" \/><\/div><\/div><\/div><br \/>\n<section class=\"av_textblock_section \"  itemscope=\"itemscope\" itemtype=\"https:\/\/schema.org\/CreativeWork\" ><div class='avia_textblock  '   itemprop=\"text\" ><h3>FAP<\/h3>\n<h4>Faculdade Para\u00edso<\/h4>\n<p>Rua Visconde de Ita\u00fana<br \/>\n2671 \u2013 Para\u00edso \u2013 S\u00e3o Gon\u00e7alo \u2013 RJ<br \/>\nFone:(21) 2604-5666<\/p>\n<p>EMAIL: <a href=\"mailto:informacoes@faculdadeparaiso.edu.br\">informacoes@faculdadeparaiso.edu.br<\/a><\/p>\n<p>SITE: <a href=\"http:\/\/www.faculdadeparaiso.edu.br\">www.faculdadeparaiso.edu.br<\/a><\/p>\n<\/div><\/section><\/p><\/div><div class=\"flex_column av_one_third  flex_column_div av-zero-column-padding   avia-builder-el-383  el_after_av_one_third  el_before_av_one_third  column-top-margin\" style='border-radius:0px; '><p><div  class='avia-image-container  av-styling-    avia-builder-el-384  el_before_av_textblock  avia-builder-el-first  avia-align-center '  itemprop=\"image\" itemscope=\"itemscope\" itemtype=\"https:\/\/schema.org\/ImageObject\"  ><div class='avia-image-container-inner'><div class='avia-image-overlay-wrap'><img class='wp-image-587 avia-img-lazy-loading-not-587 avia_image' src=\"https:\/\/isupekuikui2.co.ao\/ao2\/wp-content\/uploads\/2018\/08\/fmsb-300x142.png\" alt='' title='fmsb' height=\"142\" width=\"300\"  itemprop=\"thumbnailUrl\" srcset=\"https:\/\/isupekuikui2.co.ao\/ao2\/wp-content\/uploads\/2018\/08\/fmsb-300x142.png 300w, https:\/\/isupekuikui2.co.ao\/ao2\/wp-content\/uploads\/2018\/08\/fmsb.png 416w\" sizes=\"(max-width: 300px) 100vw, 300px\" \/><\/div><\/div><\/div><br \/>\n<section class=\"av_textblock_section \"  itemscope=\"itemscope\" itemtype=\"https:\/\/schema.org\/CreativeWork\" ><div class='avia_textblock  '   itemprop=\"text\" ><h3>FMS<\/h3>\n<h4>Faculdade M\u00e1rio Schenberg<\/h4>\n<p>Estrada Municipal do Espig\u00e3o, 1413<br \/>\nKm 21 Raposo Tavares \u2013 Granja Viana \u2013<br \/>\nCotia \u2013 S\u00e3o Paulo<br \/>\nFone: 4613-6200<\/p>\n<p>EMAIL: <a href=\"mailto:informacoes@fms.edu.br\">informacoes@fms.edu.br<\/a><\/p>\n<p>SITE: <a href=\"http:\/\/www.fms.edu.br\">www.fms.edu.br<\/a><\/p>\n<\/div><\/section><\/p><\/div><div class=\"flex_column av_one_third  flex_column_div av-zero-column-padding   avia-builder-el-386  el_after_av_one_third  el_before_av_hr  column-top-margin\" style='border-radius:0px; '><p><div  class='avia-image-container  av-styling-    avia-builder-el-387  el_before_av_textblock  avia-builder-el-first  avia-align-center '  itemprop=\"image\" itemscope=\"itemscope\" itemtype=\"https:\/\/schema.org\/ImageObject\"  ><div class='avia-image-container-inner'><div class='avia-image-overlay-wrap'><img class='wp-image-588 avia-img-lazy-loading-not-588 avia_image' src=\"https:\/\/isupekuikui2.co.ao\/ao2\/wp-content\/uploads\/2018\/08\/cms-300x142.png\" alt='' title='cms' height=\"142\" width=\"300\"  itemprop=\"thumbnailUrl\" srcset=\"https:\/\/isupekuikui2.co.ao\/ao2\/wp-content\/uploads\/2018\/08\/cms-300x142.png 300w, https:\/\/isupekuikui2.co.ao\/ao2\/wp-content\/uploads\/2018\/08\/cms.png 416w\" sizes=\"(max-width: 300px) 100vw, 300px\" \/><\/div><\/div><\/div><br \/>\n<section class=\"av_textblock_section \"  itemscope=\"itemscope\" itemtype=\"https:\/\/schema.org\/CreativeWork\" ><div class='avia_textblock  '   itemprop=\"text\" ><h3>CMS<\/h3>\n<h4>Col\u00e9gio M\u00e1rio Schenberg Brasil<\/h4>\n<p>Estrada Municipal do Espig\u00e3o, 1413<br \/>\nKm 21 Raposo Tavares<br \/>\nGranja Viana \u2013 Cotia \u2013 S\u00e3o Paulo<br \/>\nFone: 4613-6200<\/p>\n<p>Email: <a href=\"mailto:informacoes@marioschenberg.com.br\">informacoes@marioschenberg.com.br<\/a><\/p>\n<p>SITE: <a href=\"http:\/\/www.marioschenberg.com.br\">www.marioschenberg.com.br<\/a><\/p>\n<\/div><\/section><\/p><\/div><div  style='height:50px' class='hr hr-invisible   avia-builder-el-389  el_after_av_one_third  avia-builder-el-last '><span class='hr-inner ' ><span class='hr-inner-style'><\/span><\/span><\/div>\n\n<\/div><\/div><\/div><!-- close content main div --><\/div><\/div><div id='contacto'  class='avia-section main_color avia-section-large avia-no-border-styling  avia-full-stretch av-parallax-section avia-bg-style-parallax  avia-builder-el-390  el_after_av_section  el_before_av_section   container_wrap sidebar_right' style=' '  data-section-bg-repeat='stretch'><div class='av-parallax' data-avia-parallax-ratio='0.3' ><div class='av-parallax-inner main_color  avia-full-stretch' style = 'background-repeat: no-repeat; background-image: url(https:\/\/isupekuikui2.co.ao\/ao2\/wp-content\/uploads\/2018\/08\/Instalacoes-secretaria1.jpg);background-attachment: scroll; background-position: center center; ' ><\/div><\/div><div class='container' ><div class='template-page content  av-content-small alpha units'><div class='post-entry post-entry-type-page post-entry-367'><div class='entry-content-wrapper clearfix'>\n<div  style='padding-bottom:0px; color:#ffffff;font-size:60px;' class='av-special-heading av-special-heading-h2 custom-color-heading blockquote modern-quote modern-centered  avia-builder-el-391  avia-builder-el-no-sibling  av-inherit-size '><h2 class='av-special-heading-tag '  itemprop=\"headline\"  >Contactos<\/h2><div class='special-heading-border'><div class='special-heading-inner-border' style='border-color:#ffffff'><\/div><\/div><\/div>\n\n<\/div><\/div><\/div><!-- close content main div --><\/div><\/div><div id='av_section_15'  class='avia-section header_color avia-section-default avia-no-border-styling  avia-bg-style-scroll  avia-builder-el-392  el_after_av_section  el_before_av_section   container_wrap sidebar_right' style=' '  ><div class='container' ><div class='template-page content  av-content-small alpha units'><div class='post-entry post-entry-type-page post-entry-367'><div class='entry-content-wrapper clearfix'>\n<div class=\"flex_column av_one_fourth  flex_column_div first  avia-builder-el-393  el_before_av_three_fourth  avia-builder-el-first  \" ><article  class=\"iconbox iconbox_left    avia-builder-el-394  avia-builder-el-no-sibling  \"  itemscope=\"itemscope\" itemtype=\"https:\/\/schema.org\/CreativeWork\" ><div class=\"iconbox_content\"><header class=\"entry-content-header\"><div class=\"iconbox_icon heading-color\" aria-hidden='true' data-av_icon='\ue8c9' data-av_iconfont='entypo-fontello'  ><\/div><h3 class='iconbox_content_title  '  itemprop=\"headline\"  >ISUPE - Instituto Superior Polit\u00e9cnico de Humanidades e Tecnologias - Ekuikui II<\/h3><\/header><div class='iconbox_content_container  '  itemprop=\"text\"  ><div>\n<div><span style=\"color: #000000;\">Av. Rei Ngeleo\u00a0<\/span>(rua do Hospital Central)<\/div>\n<div>Bairro de F\u00e1tima<\/div>\n<div>Huambo, Angola<\/div>\n<\/div>\n<p>(+244) 937 635 968<\/p>\n<p>(+244) 926 808 946 (WhatsApp)<\/p>\n<p><span class=\"\" dir=\"ltr\"><a class=\"\" href=\"mailto:isupe.ekuikui2.sacademicos@gmail.com\">isupe.ekuikui2.sacademicos@gmail.com<\/a><\/span><\/p>\n<\/div><\/div><footer class=\"entry-footer\"><\/footer><\/article><\/div><div class=\"flex_column av_three_fourth  flex_column_div av-zero-column-padding   avia-builder-el-395  el_after_av_one_fourth  avia-builder-el-last  \" style='border-radius:0px; '><p><div  style='padding-bottom:10px; ' class='av-special-heading av-special-heading-h3    avia-builder-el-396  el_before_av_google_map  avia-builder-el-no-sibling  '><h3 class='av-special-heading-tag '  itemprop=\"headline\"  >Localiza\u00e7\u00e3o<\/h3><div class='special-heading-border'><div class='special-heading-inner-border' ><\/div><\/div><\/div><br \/>\n<div  class='av_gmaps_sc_main_wrap av_gmaps_main_wrap '><div id='av_gmap_0' class='avia-google-map-container avia-google-map-sc av_gmaps_show_unconditionally av-no-fallback-img ' data-mapid='av_gmap_0'  style='height: 200px;'><a class=\"av_gmaps_browser_disabled av_text_confirm_link av_text_confirm_link_visible\" href=\"https:\/\/www.google.com\/maps\/search\/?api=1&#038;query=-12.7795562,15.7485795\" target=\"_blank\" rel=\"noopener\">Maps were disabled by the visitor on this site. Click to open the map in a new window.<\/a><\/div><\/div><\/p><\/div>\n\n<\/div><\/div><\/div><!-- close content main div --><\/div><\/div><div id='pedinfo'  class='avia-section main_color avia-section-large avia-no-border-styling  avia-full-stretch av-parallax-section avia-bg-style-parallax  avia-builder-el-398  el_after_av_section  el_before_av_section   container_wrap sidebar_right' style=' '  data-section-bg-repeat='stretch'><div class='av-parallax' data-avia-parallax-ratio='0.3' ><div class='av-parallax-inner main_color  avia-full-stretch' style = 'background-repeat: no-repeat; background-image: url(https:\/\/isupekuikui2.co.ao\/ao2\/wp-content\/uploads\/2018\/08\/Instalacoes-secretaria2.jpg);background-attachment: scroll; background-position: center center; ' ><\/div><\/div><div class='container' ><div class='template-page content  av-content-small alpha units'><div class='post-entry post-entry-type-page post-entry-367'><div class='entry-content-wrapper clearfix'>\n<div  style='padding-bottom:0px; color:#ffffff;font-size:60px;' class='av-special-heading av-special-heading-h2 custom-color-heading blockquote modern-quote modern-centered  avia-builder-el-399  avia-builder-el-no-sibling  av-inherit-size '><h2 class='av-special-heading-tag '  itemprop=\"headline\"  >Pedido de Informa\u00e7\u00e3o<\/h2><div class='special-heading-border'><div class='special-heading-inner-border' style='border-color:#ffffff'><\/div><\/div><\/div>\n\n<\/div><\/div><\/div><!-- close content main div --><\/div><\/div><div id='av_section_17'  class='avia-section main_color avia-section-large avia-no-border-styling  avia-bg-style-scroll  avia-builder-el-400  el_after_av_section  avia-builder-el-last   container_wrap sidebar_right' style=' '  ><div class='container' ><div class='template-page content  av-content-small alpha units'><div class='post-entry post-entry-type-page post-entry-367'><div class='entry-content-wrapper clearfix'>\n\n<\/div><\/div><\/div><!-- close content main div --><\/div><\/div><div id='after_section_17'  class='main_color av_default_container_wrap container_wrap sidebar_right' style=' '  ><div class='container' ><div class='template-page content  av-content-small alpha units'><div class='post-entry post-entry-type-page post-entry-367'><div class='entry-content-wrapper clearfix'>\n","protected":false},"excerpt":{"rendered":"","protected":false},"author":1,"featured_media":0,"parent":0,"menu_order":0,"comment_status":"open","ping_status":"open","template":"","meta":[],"_links":{"self":[{"href":"https:\/\/isupekuikui2.co.ao\/ao2\/wp-json\/wp\/v2\/pages\/367"}],"collection":[{"href":"https:\/\/isupekuikui2.co.ao\/ao2\/wp-json\/wp\/v2\/pages"}],"about":[{"href":"https:\/\/isupekuikui2.co.ao\/ao2\/wp-json\/wp\/v2\/types\/page"}],"author":[{"embeddable":true,"href":"https:\/\/isupekuikui2.co.ao\/ao2\/wp-json\/wp\/v2\/users\/1"}],"replies":[{"embeddable":true,"href":"https:\/\/isupekuikui2.co.ao\/ao2\/wp-json\/wp\/v2\/comments?post=367"}],"version-history":[{"count":334,"href":"https:\/\/isupekuikui2.co.ao\/ao2\/wp-json\/wp\/v2\/pages\/367\/revisions"}],"predecessor-version":[{"id":1748,"href":"https:\/\/isupekuikui2.co.ao\/ao2\/wp-json\/wp\/v2\/pages\/367\/revisions\/1748"}],"wp:attachment":[{"href":"https:\/\/isupekuikui2.co.ao\/ao2\/wp-json\/wp\/v2\/media?parent=367"}],"curies":[{"name":"wp","href":"https:\/\/api.w.org\/{rel}","templated":true}]}}